{"id":291,"date":"2021-03-09T17:03:40","date_gmt":"2021-03-09T16:03:40","guid":{"rendered":"https:\/\/wirtualnemuzeum.skgd.pl\/wydarzenie\/"},"modified":"2021-03-27T10:28:50","modified_gmt":"2021-03-27T09:28:50","slug":"veranstaltung","status":"publish","type":"page","link":"https:\/\/wirtualnemuzeum.skgd.pl\/de\/veranstaltung\/","title":{"rendered":"Veranstaltung"},"content":{"rendered":"\n<p class=\"has-text-align-center info has-medium-font-size\">Wir pr\u00e4sentieren eine Zeitleiste mit <strong>Bildern von Ereignissen,<\/strong> die mit der deutschen Minderheit verbunden sind:<\/p>\n\n\n\t\t\t<!-- Cool Timeline PRO V4.8.8 -->\r\n\t\t\t<div class=\"ctl-wrapper\" role=\"region\" aria-label=\"Timeline\">\r\n\t\t\t\t\t\t\t\t<div id=\"cool_timeline_1\" class=\"cool-timeline-wrapper ctl-both-sided ctl-vertical-wrapper ctl-design-2\" data-nav=\"show\" data-line-filling=\"false\" data-nav-pos=\"right\" data-nav-style=\"style-1\">\r\n\t\t\t\t\t<div class=\"ctl-start\"><\/div>\r\n\t\t\t\t\t<!-- Timeline Container -->\r\n\t\t\t\t\t<div class=\"ctl-timeline ctl-timeline-container\" data-animation=\"none\" aria-live=\"polite\">\r\n\t\t\t\t\t\t<!-- Center Line -->\r\n\t\t\t\t\t\t<div class=\"ctl-inner-line\" role=\"presentation\"><\/div>\r\n\t\t\t\t\t\t<!-- Post Year Section --><div data-cls=\"sc-nv-light vertical\" class=\"timeline-year scrollable-section ctl-year ctl-year-container light-year\" data-section-title=\"2021\" id=\"year-2021\"><div class=\"ctl-year-label ctl-year-text\"><span>2021<\/span><\/div><\/div><!-- Timeline Content --><div  id=\"ctl-post-1405\" class=\"ctl-story ctl-story-icon ctl-story-right odd\"  data-story-index=\"1\" role=\"article\"><!-- Post Label --><div class=\"ctl-labels\"><div class=\"ctl-label-big story-date\">23. M\u00e4rz , 2021<\/div><\/div><!-- Post Icon --><div class=\"ctl-icon\"><svg xmlns=\"http:\/\/www.w3.org\/2000\/svg\" height=\"1em\" viewBox=\"0 0 512 512\">\r\n\t\t\t\t<path d=\"M256 8C119 8 8 119 8 256s111 248 248 248 248-111 248-248S393 8 256 8zm0 448c-110.5 0-200-89.5-200-200S145.5 56 256 56s200 89.5 200 200-89.5 200-200 200zm61.8-104.4l-84.9-61.7c-3.1-2.3-4.9-5.9-4.9-9.7V116c0-6.6 5.4-12 12-12h32c6.6 0 12 5.4 12 12v141.7l66.8 48.6c5.4 3.9 6.5 11.4 2.6 16.8L334.6 349c-3.9 5.3-11.4 6.5-16.8 2.6z\"\/>\r\n\t\t\t\t<\/svg><\/div> <!-- Post Arrow --><div class=\"ctl-arrow\"><\/div>\r\n\t\t\t<!-- Post Content --><div class=\"ctl-content\"><!-- Post Title --><div class=\"ctl-title story-1405\" aria-label=\"Online-Treffen der SKGD-Strukturen\"><a target=\"_self\" title=\"Online-Treffen der SKGD-Strukturen\" href=\"https:\/\/wirtualnemuzeum.skgd.pl\/de\/online-treffen-der-skgd-strukturen\/\" class=\"story-link\">Online-Treffen der SKGD-Strukturen<\/a><\/div><!-- Post Media --><div class=\"ctl-media full\"><a data-glightbox=\"Online-Treffen der SKGD-Strukturen\" href=\"https:\/\/wirtualnemuzeum.skgd.pl\/wp-content\/uploads\/2021\/03\/strukturs.jpg\" class=\"ctl_glightbox\"><img loading=\"lazy\" decoding=\"async\" width=\"1024\" height=\"632\" src=\"https:\/\/wirtualnemuzeum.skgd.pl\/wp-content\/uploads\/2021\/03\/strukturs-1024x632.jpg\" class=\"story-img wp-post-image\" alt=\"Online-Treffen der SKGD-Strukturen\" srcset=\"https:\/\/wirtualnemuzeum.skgd.pl\/wp-content\/uploads\/2021\/03\/strukturs-1024x632.jpg 1024w, https:\/\/wirtualnemuzeum.skgd.pl\/wp-content\/uploads\/2021\/03\/strukturs-300x185.jpg 300w, https:\/\/wirtualnemuzeum.skgd.pl\/wp-content\/uploads\/2021\/03\/strukturs-768x474.jpg 768w, https:\/\/wirtualnemuzeum.skgd.pl\/wp-content\/uploads\/2021\/03\/strukturs.jpg 1449w\" sizes=\"auto, (max-width: 1024px) 100vw, 1024px\" \/><\/a><\/div><\/div><\/div><!-- Post Year Section --><div data-cls=\"sc-nv-light vertical\" class=\"timeline-year scrollable-section ctl-year ctl-year-container light-year\" data-section-title=\"2020\" id=\"year-2020\"><div class=\"ctl-year-label ctl-year-text\"><span>2020<\/span><\/div><\/div><!-- Timeline Content --><div  id=\"ctl-post-959\" class=\"ctl-story ctl-story-icon ctl-story-left even\"  data-story-index=\"2\" role=\"article\"><!-- Post Label --><div class=\"ctl-labels\"><div class=\"ctl-label-big story-date\">10. August , 2020<\/div><\/div><!-- Post Icon --><div class=\"ctl-icon\"><svg xmlns=\"http:\/\/www.w3.org\/2000\/svg\" height=\"1em\" viewBox=\"0 0 512 512\">\r\n\t\t\t\t<path d=\"M256 8C119 8 8 119 8 256s111 248 248 248 248-111 248-248S393 8 256 8zm0 448c-110.5 0-200-89.5-200-200S145.5 56 256 56s200 89.5 200 200-89.5 200-200 200zm61.8-104.4l-84.9-61.7c-3.1-2.3-4.9-5.9-4.9-9.7V116c0-6.6 5.4-12 12-12h32c6.6 0 12 5.4 12 12v141.7l66.8 48.6c5.4 3.9 6.5 11.4 2.6 16.8L334.6 349c-3.9 5.3-11.4 6.5-16.8 2.6z\"\/>\r\n\t\t\t\t<\/svg><\/div> <!-- Post Arrow --><div class=\"ctl-arrow\"><\/div>\r\n\t\t\t<!-- Post Content --><div class=\"ctl-content\"><!-- Post Title --><div class=\"ctl-title story-959\" aria-label=\"Die neusten Publikationen der SKGD\"><a target=\"_self\" title=\"Die neusten Publikationen der SKGD\" href=\"https:\/\/wirtualnemuzeum.skgd.pl\/de\/die-neusten-publikationen-der-skgd\/\" class=\"story-link\">Die neusten Publikationen der SKGD<\/a><\/div><!-- Post Media --><div class=\"ctl-media full\"><a data-glightbox=\"Die neusten Publikationen der SKGD\" href=\"https:\/\/wirtualnemuzeum.skgd.pl\/wp-content\/uploads\/2021\/03\/117_Publikacje-scaled.jpg\" class=\"ctl_glightbox\"><img loading=\"lazy\" decoding=\"async\" width=\"1024\" height=\"678\" src=\"https:\/\/wirtualnemuzeum.skgd.pl\/wp-content\/uploads\/2021\/03\/117_Publikacje-1024x678.jpg\" class=\"story-img wp-post-image\" alt=\"Die neusten Publikationen der SKGD\" srcset=\"https:\/\/wirtualnemuzeum.skgd.pl\/wp-content\/uploads\/2021\/03\/117_Publikacje-1024x678.jpg 1024w, https:\/\/wirtualnemuzeum.skgd.pl\/wp-content\/uploads\/2021\/03\/117_Publikacje-300x199.jpg 300w, https:\/\/wirtualnemuzeum.skgd.pl\/wp-content\/uploads\/2021\/03\/117_Publikacje-768x509.jpg 768w, https:\/\/wirtualnemuzeum.skgd.pl\/wp-content\/uploads\/2021\/03\/117_Publikacje-1536x1017.jpg 1536w, https:\/\/wirtualnemuzeum.skgd.pl\/wp-content\/uploads\/2021\/03\/117_Publikacje-2048x1356.jpg 2048w\" sizes=\"auto, (max-width: 1024px) 100vw, 1024px\" \/><\/a><\/div><\/div><\/div><!-- Timeline Content --><div  id=\"ctl-post-397\" class=\"ctl-story ctl-story-icon ctl-story-right odd\"  data-story-index=\"3\" role=\"article\"><!-- Post Label --><div class=\"ctl-labels\"><div class=\"ctl-label-big story-date\">7. August , 2020<\/div><\/div><!-- Post Icon --><div class=\"ctl-icon\"><svg xmlns=\"http:\/\/www.w3.org\/2000\/svg\" height=\"1em\" viewBox=\"0 0 512 512\">\r\n\t\t\t\t<path d=\"M256 8C119 8 8 119 8 256s111 248 248 248 248-111 248-248S393 8 256 8zm0 448c-110.5 0-200-89.5-200-200S145.5 56 256 56s200 89.5 200 200-89.5 200-200 200zm61.8-104.4l-84.9-61.7c-3.1-2.3-4.9-5.9-4.9-9.7V116c0-6.6 5.4-12 12-12h32c6.6 0 12 5.4 12 12v141.7l66.8 48.6c5.4 3.9 6.5 11.4 2.6 16.8L334.6 349c-3.9 5.3-11.4 6.5-16.8 2.6z\"\/>\r\n\t\t\t\t<\/svg><\/div> <!-- Post Arrow --><div class=\"ctl-arrow\"><\/div>\r\n\t\t\t<!-- Post Content --><div class=\"ctl-content\"><!-- Post Title --><div class=\"ctl-title story-397\" aria-label=\"Denkmal der Gefallenen im Ersten und Zweiten Weltkrieg in Pietna\"><a target=\"_self\" title=\"Denkmal der Gefallenen im Ersten und Zweiten Weltkrieg in Pietna\" href=\"https:\/\/wirtualnemuzeum.skgd.pl\/de\/denkmal-der-gefallenen-im-ersten-und-zweiten-weltkrieg-in-pietna\/\" class=\"story-link\">Denkmal der Gefallenen im Ersten und Zweiten Weltkrieg in Pietna<\/a><\/div><!-- Post Media --><div class=\"ctl-media full\"><a data-glightbox=\"Denkmal der Gefallenen im Ersten und Zweiten Weltkrieg in Pietna\" href=\"https:\/\/wirtualnemuzeum.skgd.pl\/wp-content\/uploads\/2021\/03\/Podpis_26-scaled.jpg\" class=\"ctl_glightbox\"><img loading=\"lazy\" decoding=\"async\" width=\"1024\" height=\"717\" src=\"https:\/\/wirtualnemuzeum.skgd.pl\/wp-content\/uploads\/2021\/03\/Podpis_26-1024x717.jpg\" class=\"story-img wp-post-image\" alt=\"Denkmal der Gefallenen im Ersten und Zweiten Weltkrieg in Pietna\" srcset=\"https:\/\/wirtualnemuzeum.skgd.pl\/wp-content\/uploads\/2021\/03\/Podpis_26-1024x717.jpg 1024w, https:\/\/wirtualnemuzeum.skgd.pl\/wp-content\/uploads\/2021\/03\/Podpis_26-300x210.jpg 300w, https:\/\/wirtualnemuzeum.skgd.pl\/wp-content\/uploads\/2021\/03\/Podpis_26-768x538.jpg 768w, https:\/\/wirtualnemuzeum.skgd.pl\/wp-content\/uploads\/2021\/03\/Podpis_26-1536x1076.jpg 1536w, https:\/\/wirtualnemuzeum.skgd.pl\/wp-content\/uploads\/2021\/03\/Podpis_26-2048x1434.jpg 2048w\" sizes=\"auto, (max-width: 1024px) 100vw, 1024px\" \/><\/a><\/div><\/div><\/div><!-- Timeline Content --><div  id=\"ctl-post-786\" class=\"ctl-story ctl-story-icon ctl-story-left even\"  data-story-index=\"4\" role=\"article\"><!-- Post Label --><div class=\"ctl-labels\"><div class=\"ctl-label-big story-date\">20. Februar , 2020<\/div><\/div><!-- Post Icon --><div class=\"ctl-icon\"><svg xmlns=\"http:\/\/www.w3.org\/2000\/svg\" height=\"1em\" viewBox=\"0 0 512 512\">\r\n\t\t\t\t<path d=\"M256 8C119 8 8 119 8 256s111 248 248 248 248-111 248-248S393 8 256 8zm0 448c-110.5 0-200-89.5-200-200S145.5 56 256 56s200 89.5 200 200-89.5 200-200 200zm61.8-104.4l-84.9-61.7c-3.1-2.3-4.9-5.9-4.9-9.7V116c0-6.6 5.4-12 12-12h32c6.6 0 12 5.4 12 12v141.7l66.8 48.6c5.4 3.9 6.5 11.4 2.6 16.8L334.6 349c-3.9 5.3-11.4 6.5-16.8 2.6z\"\/>\r\n\t\t\t\t<\/svg><\/div> <!-- Post Arrow --><div class=\"ctl-arrow\"><\/div>\r\n\t\t\t<!-- Post Content --><div class=\"ctl-content\"><!-- Post Title --><div class=\"ctl-title story-786\" aria-label=\"Rosenberg. Er\u00f6ffnung der Jubil\u00e4umsfeierlichkeiten anl\u00e4sslich des 30-j\u00e4hrigen Jubil\u00e4ums der SKGD im Oppelner Schlesien\"><a target=\"_self\" title=\"Rosenberg. Er\u00f6ffnung der Jubil\u00e4umsfeierlichkeiten anl\u00e4sslich des 30-j\u00e4hrigen Jubil\u00e4ums der SKGD im Oppelner Schlesien\" href=\"https:\/\/wirtualnemuzeum.skgd.pl\/de\/rosenberg-eroffnung-der-jubilaumsfeierlichkeiten-anlasslich-des-30-jahrigen-jubilaums-der-skgd-im-oppelner-schlesien-2\/\" class=\"story-link\">Rosenberg. Er\u00f6ffnung der Jubil\u00e4umsfeierlichkeiten anl\u00e4sslich des 30-j\u00e4hrigen Jubil\u00e4ums der SKGD im Oppelner Schlesien<\/a><\/div><!-- Post Media --><div class=\"ctl-media full\"><a data-glightbox=\"Rosenberg. Er\u00f6ffnung der Jubil\u00e4umsfeierlichkeiten anl\u00e4sslich des 30-j\u00e4hrigen Jubil\u00e4ums der SKGD im Oppelner Schlesien\" href=\"https:\/\/wirtualnemuzeum.skgd.pl\/wp-content\/uploads\/2021\/03\/Podpis_88-scaled.jpg\" class=\"ctl_glightbox\"><img loading=\"lazy\" decoding=\"async\" width=\"1024\" height=\"681\" src=\"https:\/\/wirtualnemuzeum.skgd.pl\/wp-content\/uploads\/2021\/03\/Podpis_88-1024x681.jpg\" class=\"story-img wp-post-image\" alt=\"Rosenberg. Er\u00f6ffnung der Jubil\u00e4umsfeierlichkeiten anl\u00e4sslich des 30-j\u00e4hrigen Jubil\u00e4ums der SKGD im Oppelner Schlesien\" srcset=\"https:\/\/wirtualnemuzeum.skgd.pl\/wp-content\/uploads\/2021\/03\/Podpis_88-1024x681.jpg 1024w, https:\/\/wirtualnemuzeum.skgd.pl\/wp-content\/uploads\/2021\/03\/Podpis_88-300x200.jpg 300w, https:\/\/wirtualnemuzeum.skgd.pl\/wp-content\/uploads\/2021\/03\/Podpis_88-768x511.jpg 768w, https:\/\/wirtualnemuzeum.skgd.pl\/wp-content\/uploads\/2021\/03\/Podpis_88-1536x1022.jpg 1536w, https:\/\/wirtualnemuzeum.skgd.pl\/wp-content\/uploads\/2021\/03\/Podpis_88-2048x1363.jpg 2048w\" sizes=\"auto, (max-width: 1024px) 100vw, 1024px\" \/><\/a><\/div><\/div><\/div><!-- Timeline Content --><div  id=\"ctl-post-609\" class=\"ctl-story ctl-story-icon ctl-story-right odd\"  data-story-index=\"5\" role=\"article\"><!-- Post Label --><div class=\"ctl-labels\"><div class=\"ctl-label-big story-date\">20. Februar , 2020<\/div><\/div><!-- Post Icon --><div class=\"ctl-icon\"><svg xmlns=\"http:\/\/www.w3.org\/2000\/svg\" height=\"1em\" viewBox=\"0 0 512 512\">\r\n\t\t\t\t<path d=\"M256 8C119 8 8 119 8 256s111 248 248 248 248-111 248-248S393 8 256 8zm0 448c-110.5 0-200-89.5-200-200S145.5 56 256 56s200 89.5 200 200-89.5 200-200 200zm61.8-104.4l-84.9-61.7c-3.1-2.3-4.9-5.9-4.9-9.7V116c0-6.6 5.4-12 12-12h32c6.6 0 12 5.4 12 12v141.7l66.8 48.6c5.4 3.9 6.5 11.4 2.6 16.8L334.6 349c-3.9 5.3-11.4 6.5-16.8 2.6z\"\/>\r\n\t\t\t\t<\/svg><\/div> <!-- Post Arrow --><div class=\"ctl-arrow\"><\/div>\r\n\t\t\t<!-- Post Content --><div class=\"ctl-content\"><!-- Post Title --><div class=\"ctl-title story-609\" aria-label=\"Rosenberg. Er\u00f6ffnung der Jubil\u00e4umsfeierlichkeiten anl\u00e4sslich des 30-j\u00e4hrigen Jubil\u00e4ums der SKGD\"><a target=\"_self\" title=\"Rosenberg. Er\u00f6ffnung der Jubil\u00e4umsfeierlichkeiten anl\u00e4sslich des 30-j\u00e4hrigen Jubil\u00e4ums der SKGD\" href=\"https:\/\/wirtualnemuzeum.skgd.pl\/de\/rosenberg-eroffnung-der-jubilaumsfeierlichkeiten-anlasslich-des-30-jahrigen-jubilaums-der-skgd-2\/\" class=\"story-link\">Rosenberg. Er\u00f6ffnung der Jubil\u00e4umsfeierlichkeiten anl\u00e4sslich des 30-j\u00e4hrigen Jubil\u00e4ums der SKGD<\/a><\/div><!-- Post Media --><div class=\"ctl-media full\"><a data-glightbox=\"Rosenberg. Er\u00f6ffnung der Jubil\u00e4umsfeierlichkeiten anl\u00e4sslich des 30-j\u00e4hrigen Jubil\u00e4ums der SKGD\" href=\"https:\/\/wirtualnemuzeum.skgd.pl\/wp-content\/uploads\/2021\/03\/Podpis_59-scaled.jpg\" class=\"ctl_glightbox\"><img loading=\"lazy\" decoding=\"async\" width=\"1024\" height=\"681\" src=\"https:\/\/wirtualnemuzeum.skgd.pl\/wp-content\/uploads\/2021\/03\/Podpis_59-1024x681.jpg\" class=\"story-img wp-post-image\" alt=\"Rosenberg. Er\u00f6ffnung der Jubil\u00e4umsfeierlichkeiten anl\u00e4sslich des 30-j\u00e4hrigen Jubil\u00e4ums der SKGD\" srcset=\"https:\/\/wirtualnemuzeum.skgd.pl\/wp-content\/uploads\/2021\/03\/Podpis_59-1024x681.jpg 1024w, https:\/\/wirtualnemuzeum.skgd.pl\/wp-content\/uploads\/2021\/03\/Podpis_59-300x200.jpg 300w, https:\/\/wirtualnemuzeum.skgd.pl\/wp-content\/uploads\/2021\/03\/Podpis_59-768x511.jpg 768w, https:\/\/wirtualnemuzeum.skgd.pl\/wp-content\/uploads\/2021\/03\/Podpis_59-1536x1022.jpg 1536w, https:\/\/wirtualnemuzeum.skgd.pl\/wp-content\/uploads\/2021\/03\/Podpis_59-2048x1363.jpg 2048w\" sizes=\"auto, (max-width: 1024px) 100vw, 1024px\" \/><\/a><\/div><\/div><\/div><!-- Timeline Content --><div  id=\"ctl-post-603\" class=\"ctl-story ctl-story-icon ctl-story-left even\"  data-story-index=\"6\" role=\"article\"><!-- Post Label --><div class=\"ctl-labels\"><div class=\"ctl-label-big story-date\">20. Februar , 2020<\/div><\/div><!-- Post Icon --><div class=\"ctl-icon\"><svg xmlns=\"http:\/\/www.w3.org\/2000\/svg\" height=\"1em\" viewBox=\"0 0 512 512\">\r\n\t\t\t\t<path d=\"M256 8C119 8 8 119 8 256s111 248 248 248 248-111 248-248S393 8 256 8zm0 448c-110.5 0-200-89.5-200-200S145.5 56 256 56s200 89.5 200 200-89.5 200-200 200zm61.8-104.4l-84.9-61.7c-3.1-2.3-4.9-5.9-4.9-9.7V116c0-6.6 5.4-12 12-12h32c6.6 0 12 5.4 12 12v141.7l66.8 48.6c5.4 3.9 6.5 11.4 2.6 16.8L334.6 349c-3.9 5.3-11.4 6.5-16.8 2.6z\"\/>\r\n\t\t\t\t<\/svg><\/div> <!-- Post Arrow --><div class=\"ctl-arrow\"><\/div>\r\n\t\t\t<!-- Post Content --><div class=\"ctl-content\"><!-- Post Title --><div class=\"ctl-title story-603\" aria-label=\"Rosenberg. Er\u00f6ffnung der Jubil\u00e4umsfeierlichkeiten anl\u00e4sslich des 30-j\u00e4hrigen Jubil\u00e4ums der SKGD\"><a target=\"_self\" title=\"Rosenberg. Er\u00f6ffnung der Jubil\u00e4umsfeierlichkeiten anl\u00e4sslich des 30-j\u00e4hrigen Jubil\u00e4ums der SKGD\" href=\"https:\/\/wirtualnemuzeum.skgd.pl\/de\/rosenberg-eroffnung-der-jubilaumsfeierlichkeiten-anlasslich-des-30-jahrigen-jubilaums-der-skgd\/\" class=\"story-link\">Rosenberg. Er\u00f6ffnung der Jubil\u00e4umsfeierlichkeiten anl\u00e4sslich des 30-j\u00e4hrigen Jubil\u00e4ums der SKGD<\/a><\/div><!-- Post Media --><div class=\"ctl-media full\"><a data-glightbox=\"Rosenberg. Er\u00f6ffnung der Jubil\u00e4umsfeierlichkeiten anl\u00e4sslich des 30-j\u00e4hrigen Jubil\u00e4ums der SKGD\" href=\"https:\/\/wirtualnemuzeum.skgd.pl\/wp-content\/uploads\/2021\/03\/Podpis_58-scaled.jpg\" class=\"ctl_glightbox\"><img loading=\"lazy\" decoding=\"async\" width=\"1024\" height=\"681\" src=\"https:\/\/wirtualnemuzeum.skgd.pl\/wp-content\/uploads\/2021\/03\/Podpis_58-1024x681.jpg\" class=\"story-img wp-post-image\" alt=\"Rosenberg. Er\u00f6ffnung der Jubil\u00e4umsfeierlichkeiten anl\u00e4sslich des 30-j\u00e4hrigen Jubil\u00e4ums der SKGD\" srcset=\"https:\/\/wirtualnemuzeum.skgd.pl\/wp-content\/uploads\/2021\/03\/Podpis_58-1024x681.jpg 1024w, https:\/\/wirtualnemuzeum.skgd.pl\/wp-content\/uploads\/2021\/03\/Podpis_58-300x200.jpg 300w, https:\/\/wirtualnemuzeum.skgd.pl\/wp-content\/uploads\/2021\/03\/Podpis_58-768x511.jpg 768w, https:\/\/wirtualnemuzeum.skgd.pl\/wp-content\/uploads\/2021\/03\/Podpis_58-1536x1022.jpg 1536w, https:\/\/wirtualnemuzeum.skgd.pl\/wp-content\/uploads\/2021\/03\/Podpis_58-2048x1363.jpg 2048w\" sizes=\"auto, (max-width: 1024px) 100vw, 1024px\" \/><\/a><\/div><\/div><\/div><!-- Timeline Content --><div  id=\"ctl-post-428\" class=\"ctl-story ctl-story-icon ctl-story-right odd\"  data-story-index=\"7\" role=\"article\"><!-- Post Label --><div class=\"ctl-labels\"><div class=\"ctl-label-big story-date\">20. Februar , 2020<\/div><\/div><!-- Post Icon --><div class=\"ctl-icon\"><svg xmlns=\"http:\/\/www.w3.org\/2000\/svg\" height=\"1em\" viewBox=\"0 0 512 512\">\r\n\t\t\t\t<path d=\"M256 8C119 8 8 119 8 256s111 248 248 248 248-111 248-248S393 8 256 8zm0 448c-110.5 0-200-89.5-200-200S145.5 56 256 56s200 89.5 200 200-89.5 200-200 200zm61.8-104.4l-84.9-61.7c-3.1-2.3-4.9-5.9-4.9-9.7V116c0-6.6 5.4-12 12-12h32c6.6 0 12 5.4 12 12v141.7l66.8 48.6c5.4 3.9 6.5 11.4 2.6 16.8L334.6 349c-3.9 5.3-11.4 6.5-16.8 2.6z\"\/>\r\n\t\t\t\t<\/svg><\/div> <!-- Post Arrow --><div class=\"ctl-arrow\"><\/div>\r\n\t\t\t<!-- Post Content --><div class=\"ctl-content\"><!-- Post Title --><div class=\"ctl-title story-428\" aria-label=\"Rosenberg. Er\u00f6ffnung der Jubil\u00e4umsfeierlichkeiten anl\u00e4sslich des 30-j\u00e4hrigen Jubil\u00e4ums der SKGD im Oppelner Schlesien\"><a target=\"_self\" title=\"Rosenberg. Er\u00f6ffnung der Jubil\u00e4umsfeierlichkeiten anl\u00e4sslich des 30-j\u00e4hrigen Jubil\u00e4ums der SKGD im Oppelner Schlesien\" href=\"https:\/\/wirtualnemuzeum.skgd.pl\/de\/rosenberg-eroffnung-der-jubilaumsfeierlichkeiten-anlasslich-des-30-jahrigen-jubilaums-der-skgd-im-oppelner-schlesien\/\" class=\"story-link\">Rosenberg. Er\u00f6ffnung der Jubil\u00e4umsfeierlichkeiten anl\u00e4sslich des 30-j\u00e4hrigen Jubil\u00e4ums der SKGD im Oppelner Schlesien<\/a><\/div><!-- Post Media --><div class=\"ctl-media full\"><a data-glightbox=\"Rosenberg. Er\u00f6ffnung der Jubil\u00e4umsfeierlichkeiten anl\u00e4sslich des 30-j\u00e4hrigen Jubil\u00e4ums der SKGD im Oppelner Schlesien\" href=\"https:\/\/wirtualnemuzeum.skgd.pl\/wp-content\/uploads\/2021\/03\/Podpis_31-scaled.jpg\" class=\"ctl_glightbox\"><img loading=\"lazy\" decoding=\"async\" width=\"1024\" height=\"681\" src=\"https:\/\/wirtualnemuzeum.skgd.pl\/wp-content\/uploads\/2021\/03\/Podpis_31-1024x681.jpg\" class=\"story-img wp-post-image\" alt=\"Rosenberg. Er\u00f6ffnung der Jubil\u00e4umsfeierlichkeiten anl\u00e4sslich des 30-j\u00e4hrigen Jubil\u00e4ums der SKGD im Oppelner Schlesien\" srcset=\"https:\/\/wirtualnemuzeum.skgd.pl\/wp-content\/uploads\/2021\/03\/Podpis_31-1024x681.jpg 1024w, https:\/\/wirtualnemuzeum.skgd.pl\/wp-content\/uploads\/2021\/03\/Podpis_31-300x200.jpg 300w, https:\/\/wirtualnemuzeum.skgd.pl\/wp-content\/uploads\/2021\/03\/Podpis_31-768x511.jpg 768w, https:\/\/wirtualnemuzeum.skgd.pl\/wp-content\/uploads\/2021\/03\/Podpis_31-1536x1022.jpg 1536w, https:\/\/wirtualnemuzeum.skgd.pl\/wp-content\/uploads\/2021\/03\/Podpis_31-2048x1363.jpg 2048w\" sizes=\"auto, (max-width: 1024px) 100vw, 1024px\" \/><\/a><\/div><\/div><\/div><!-- Timeline Content --><div  id=\"ctl-post-653\" class=\"ctl-story ctl-story-icon ctl-story-left even\"  data-story-index=\"8\" role=\"article\"><!-- Post Label --><div class=\"ctl-labels\"><div class=\"ctl-label-big story-date\">16. Januar , 2020<\/div><\/div><!-- Post Icon --><div class=\"ctl-icon\"><svg xmlns=\"http:\/\/www.w3.org\/2000\/svg\" height=\"1em\" viewBox=\"0 0 512 512\">\r\n\t\t\t\t<path d=\"M256 8C119 8 8 119 8 256s111 248 248 248 248-111 248-248S393 8 256 8zm0 448c-110.5 0-200-89.5-200-200S145.5 56 256 56s200 89.5 200 200-89.5 200-200 200zm61.8-104.4l-84.9-61.7c-3.1-2.3-4.9-5.9-4.9-9.7V116c0-6.6 5.4-12 12-12h32c6.6 0 12 5.4 12 12v141.7l66.8 48.6c5.4 3.9 6.5 11.4 2.6 16.8L334.6 349c-3.9 5.3-11.4 6.5-16.8 2.6z\"\/>\r\n\t\t\t\t<\/svg><\/div> <!-- Post Arrow --><div class=\"ctl-arrow\"><\/div>\r\n\t\t\t<!-- Post Content --><div class=\"ctl-content\"><!-- Post Title --><div class=\"ctl-title story-653\" aria-label=\"Vorstellung der Publikation \u201eOppeln &#8211; Spazierg\u00e4nge durch die Stadt, die es nicht mehr gibt\u201d\"><a target=\"_self\" title=\"Vorstellung der Publikation \u201eOppeln &#8211; Spazierg\u00e4nge durch die Stadt, die es nicht mehr gibt\u201d\" href=\"https:\/\/wirtualnemuzeum.skgd.pl\/de\/vorstellung-der-publikation-oppeln-spaziergange-durch-die-stadt-die-es-nicht-mehr-gibt-2\/\" class=\"story-link\">Vorstellung der Publikation \u201eOppeln &#8211; Spazierg\u00e4nge durch die Stadt, die es nicht mehr gibt\u201d<\/a><\/div><!-- Post Media --><div class=\"ctl-media full\"><a data-glightbox=\"Vorstellung der Publikation \u201eOppeln &#8211; Spazierg\u00e4nge durch die Stadt, die es nicht mehr gibt\u201d\" href=\"https:\/\/wirtualnemuzeum.skgd.pl\/wp-content\/uploads\/2021\/03\/Podpis_66-scaled.jpg\" class=\"ctl_glightbox\"><img loading=\"lazy\" decoding=\"async\" width=\"1024\" height=\"683\" src=\"https:\/\/wirtualnemuzeum.skgd.pl\/wp-content\/uploads\/2021\/03\/Podpis_66-1024x683.jpg\" class=\"story-img wp-post-image\" alt=\"Vorstellung der Publikation \u201eOppeln &#8211; Spazierg\u00e4nge durch die Stadt, die es nicht mehr gibt\u201d\" srcset=\"https:\/\/wirtualnemuzeum.skgd.pl\/wp-content\/uploads\/2021\/03\/Podpis_66-1024x683.jpg 1024w, https:\/\/wirtualnemuzeum.skgd.pl\/wp-content\/uploads\/2021\/03\/Podpis_66-300x200.jpg 300w, https:\/\/wirtualnemuzeum.skgd.pl\/wp-content\/uploads\/2021\/03\/Podpis_66-768x512.jpg 768w, https:\/\/wirtualnemuzeum.skgd.pl\/wp-content\/uploads\/2021\/03\/Podpis_66-1536x1024.jpg 1536w, https:\/\/wirtualnemuzeum.skgd.pl\/wp-content\/uploads\/2021\/03\/Podpis_66-2048x1365.jpg 2048w\" sizes=\"auto, (max-width: 1024px) 100vw, 1024px\" \/><\/a><\/div><\/div><\/div><!-- Timeline Content --><div  id=\"ctl-post-647\" class=\"ctl-story ctl-story-icon ctl-story-right odd\"  data-story-index=\"9\" role=\"article\"><!-- Post Label --><div class=\"ctl-labels\"><div class=\"ctl-label-big story-date\">16. Januar , 2020<\/div><\/div><!-- Post Icon --><div class=\"ctl-icon\"><svg xmlns=\"http:\/\/www.w3.org\/2000\/svg\" height=\"1em\" viewBox=\"0 0 512 512\">\r\n\t\t\t\t<path d=\"M256 8C119 8 8 119 8 256s111 248 248 248 248-111 248-248S393 8 256 8zm0 448c-110.5 0-200-89.5-200-200S145.5 56 256 56s200 89.5 200 200-89.5 200-200 200zm61.8-104.4l-84.9-61.7c-3.1-2.3-4.9-5.9-4.9-9.7V116c0-6.6 5.4-12 12-12h32c6.6 0 12 5.4 12 12v141.7l66.8 48.6c5.4 3.9 6.5 11.4 2.6 16.8L334.6 349c-3.9 5.3-11.4 6.5-16.8 2.6z\"\/>\r\n\t\t\t\t<\/svg><\/div> <!-- Post Arrow --><div class=\"ctl-arrow\"><\/div>\r\n\t\t\t<!-- Post Content --><div class=\"ctl-content\"><!-- Post Title --><div class=\"ctl-title story-647\" aria-label=\"Vorstellung der Publikation \u201eOppeln &#8211; Spazierg\u00e4nge durch die Stadt, die es nicht mehr gibt\u201d\"><a target=\"_self\" title=\"Vorstellung der Publikation \u201eOppeln &#8211; Spazierg\u00e4nge durch die Stadt, die es nicht mehr gibt\u201d\" href=\"https:\/\/wirtualnemuzeum.skgd.pl\/de\/vorstellung-der-publikation-oppeln-spaziergange-durch-die-stadt-die-es-nicht-mehr-gibt\/\" class=\"story-link\">Vorstellung der Publikation \u201eOppeln &#8211; Spazierg\u00e4nge durch die Stadt, die es nicht mehr gibt\u201d<\/a><\/div><!-- Post Media --><div class=\"ctl-media full\"><a data-glightbox=\"Vorstellung der Publikation \u201eOppeln &#8211; Spazierg\u00e4nge durch die Stadt, die es nicht mehr gibt\u201d\" href=\"https:\/\/wirtualnemuzeum.skgd.pl\/wp-content\/uploads\/2021\/03\/Podpis_65-scaled.jpg\" class=\"ctl_glightbox\"><img loading=\"lazy\" decoding=\"async\" width=\"1024\" height=\"683\" src=\"https:\/\/wirtualnemuzeum.skgd.pl\/wp-content\/uploads\/2021\/03\/Podpis_65-1024x683.jpg\" class=\"story-img wp-post-image\" alt=\"Vorstellung der Publikation \u201eOppeln &#8211; Spazierg\u00e4nge durch die Stadt, die es nicht mehr gibt\u201d\" srcset=\"https:\/\/wirtualnemuzeum.skgd.pl\/wp-content\/uploads\/2021\/03\/Podpis_65-1024x683.jpg 1024w, https:\/\/wirtualnemuzeum.skgd.pl\/wp-content\/uploads\/2021\/03\/Podpis_65-300x200.jpg 300w, https:\/\/wirtualnemuzeum.skgd.pl\/wp-content\/uploads\/2021\/03\/Podpis_65-768x512.jpg 768w, https:\/\/wirtualnemuzeum.skgd.pl\/wp-content\/uploads\/2021\/03\/Podpis_65-1536x1024.jpg 1536w, https:\/\/wirtualnemuzeum.skgd.pl\/wp-content\/uploads\/2021\/03\/Podpis_65-2048x1365.jpg 2048w\" sizes=\"auto, (max-width: 1024px) 100vw, 1024px\" \/><\/a><\/div><\/div><\/div><!-- Post Year Section --><div data-cls=\"sc-nv-light vertical\" class=\"timeline-year scrollable-section ctl-year ctl-year-container light-year\" data-section-title=\"2019\" id=\"year-2019\"><div class=\"ctl-year-label ctl-year-text\"><span>2019<\/span><\/div><\/div><!-- Timeline Content --><div  id=\"ctl-post-641\" class=\"ctl-story ctl-story-icon ctl-story-left even\"  data-story-index=\"10\" role=\"article\"><!-- Post Label --><div class=\"ctl-labels\"><div class=\"ctl-label-big story-date\">7. Dezember , 2019<\/div><\/div><!-- Post Icon --><div class=\"ctl-icon\"><svg xmlns=\"http:\/\/www.w3.org\/2000\/svg\" height=\"1em\" viewBox=\"0 0 512 512\">\r\n\t\t\t\t<path d=\"M256 8C119 8 8 119 8 256s111 248 248 248 248-111 248-248S393 8 256 8zm0 448c-110.5 0-200-89.5-200-200S145.5 56 256 56s200 89.5 200 200-89.5 200-200 200zm61.8-104.4l-84.9-61.7c-3.1-2.3-4.9-5.9-4.9-9.7V116c0-6.6 5.4-12 12-12h32c6.6 0 12 5.4 12 12v141.7l66.8 48.6c5.4 3.9 6.5 11.4 2.6 16.8L334.6 349c-3.9 5.3-11.4 6.5-16.8 2.6z\"\/>\r\n\t\t\t\t<\/svg><\/div> <!-- Post Arrow --><div class=\"ctl-arrow\"><\/div>\r\n\t\t\t<!-- Post Content --><div class=\"ctl-content\"><!-- Post Title --><div class=\"ctl-title story-641\" aria-label=\"Die erste Auff\u00fchrung des Weihnachtsmusicals \u201eWenn Engel singen\u201c\"><a target=\"_self\" title=\"Die erste Auff\u00fchrung des Weihnachtsmusicals \u201eWenn Engel singen\u201c\" href=\"https:\/\/wirtualnemuzeum.skgd.pl\/de\/die-erste-auffuhrung-des-weihnachtsmusicals-wenn-engel-singen\/\" class=\"story-link\">Die erste Auff\u00fchrung des Weihnachtsmusicals \u201eWenn Engel singen\u201c<\/a><\/div><!-- Post Media --><div class=\"ctl-media full\"><a data-glightbox=\"Die erste Auff\u00fchrung des Weihnachtsmusicals \u201eWenn Engel singen\u201c\" href=\"https:\/\/wirtualnemuzeum.skgd.pl\/wp-content\/uploads\/2021\/03\/Podpis_64-scaled.jpg\" class=\"ctl_glightbox\"><img loading=\"lazy\" decoding=\"async\" width=\"1024\" height=\"683\" src=\"https:\/\/wirtualnemuzeum.skgd.pl\/wp-content\/uploads\/2021\/03\/Podpis_64-1024x683.jpg\" class=\"story-img wp-post-image\" alt=\"Die erste Auff\u00fchrung des Weihnachtsmusicals \u201eWenn Engel singen\u201c\" srcset=\"https:\/\/wirtualnemuzeum.skgd.pl\/wp-content\/uploads\/2021\/03\/Podpis_64-1024x683.jpg 1024w, https:\/\/wirtualnemuzeum.skgd.pl\/wp-content\/uploads\/2021\/03\/Podpis_64-300x200.jpg 300w, https:\/\/wirtualnemuzeum.skgd.pl\/wp-content\/uploads\/2021\/03\/Podpis_64-768x512.jpg 768w, https:\/\/wirtualnemuzeum.skgd.pl\/wp-content\/uploads\/2021\/03\/Podpis_64-1536x1024.jpg 1536w, https:\/\/wirtualnemuzeum.skgd.pl\/wp-content\/uploads\/2021\/03\/Podpis_64-2048x1365.jpg 2048w\" sizes=\"auto, (max-width: 1024px) 100vw, 1024px\" \/><\/a><\/div><\/div><\/div><!-- Timeline Content --><div  id=\"ctl-post-633\" class=\"ctl-story ctl-story-icon ctl-story-right odd\"  data-story-index=\"11\" role=\"article\"><!-- Post Label --><div class=\"ctl-labels\"><div class=\"ctl-label-big story-date\">7. Dezember , 2019<\/div><\/div><!-- Post Icon --><div class=\"ctl-icon\"><svg xmlns=\"http:\/\/www.w3.org\/2000\/svg\" height=\"1em\" viewBox=\"0 0 512 512\">\r\n\t\t\t\t<path d=\"M256 8C119 8 8 119 8 256s111 248 248 248 248-111 248-248S393 8 256 8zm0 448c-110.5 0-200-89.5-200-200S145.5 56 256 56s200 89.5 200 200-89.5 200-200 200zm61.8-104.4l-84.9-61.7c-3.1-2.3-4.9-5.9-4.9-9.7V116c0-6.6 5.4-12 12-12h32c6.6 0 12 5.4 12 12v141.7l66.8 48.6c5.4 3.9 6.5 11.4 2.6 16.8L334.6 349c-3.9 5.3-11.4 6.5-16.8 2.6z\"\/>\r\n\t\t\t\t<\/svg><\/div> <!-- Post Arrow --><div class=\"ctl-arrow\"><\/div>\r\n\t\t\t<!-- Post Content --><div class=\"ctl-content\"><!-- Post Title --><div class=\"ctl-title story-633\" aria-label=\"Das Finale des literarischen Wettbewerbs \u201eIn der Sprache des Herzens\u201c\"><a target=\"_self\" title=\"Das Finale des literarischen Wettbewerbs \u201eIn der Sprache des Herzens\u201c\" href=\"https:\/\/wirtualnemuzeum.skgd.pl\/de\/das-finale-des-literarischen-wettbewerbs-in-der-sprache-des-herzens\/\" class=\"story-link\">Das Finale des literarischen Wettbewerbs \u201eIn der Sprache des Herzens\u201c<\/a><\/div><!-- Post Media --><div class=\"ctl-media full\"><a data-glightbox=\"Das Finale des literarischen Wettbewerbs \u201eIn der Sprache des Herzens\u201c\" href=\"https:\/\/wirtualnemuzeum.skgd.pl\/wp-content\/uploads\/2021\/03\/Podpis_63-scaled.jpg\" class=\"ctl_glightbox\"><img loading=\"lazy\" decoding=\"async\" width=\"1024\" height=\"683\" src=\"https:\/\/wirtualnemuzeum.skgd.pl\/wp-content\/uploads\/2021\/03\/Podpis_63-1024x683.jpg\" class=\"story-img wp-post-image\" alt=\"Das Finale des literarischen Wettbewerbs \u201eIn der Sprache des Herzens\u201c\" srcset=\"https:\/\/wirtualnemuzeum.skgd.pl\/wp-content\/uploads\/2021\/03\/Podpis_63-1024x683.jpg 1024w, https:\/\/wirtualnemuzeum.skgd.pl\/wp-content\/uploads\/2021\/03\/Podpis_63-300x200.jpg 300w, https:\/\/wirtualnemuzeum.skgd.pl\/wp-content\/uploads\/2021\/03\/Podpis_63-768x512.jpg 768w, https:\/\/wirtualnemuzeum.skgd.pl\/wp-content\/uploads\/2021\/03\/Podpis_63-1536x1025.jpg 1536w, https:\/\/wirtualnemuzeum.skgd.pl\/wp-content\/uploads\/2021\/03\/Podpis_63-2048x1366.jpg 2048w\" sizes=\"auto, (max-width: 1024px) 100vw, 1024px\" \/><\/a><\/div><\/div><\/div><!-- Timeline Content --><div  id=\"ctl-post-275\" class=\"ctl-story ctl-story-icon ctl-story-left even\"  data-story-index=\"12\" role=\"article\"><!-- Post Label --><div class=\"ctl-labels\"><div class=\"ctl-label-big story-date\">30. November , 2019<\/div><\/div><!-- Post Icon --><div class=\"ctl-icon\"><svg xmlns=\"http:\/\/www.w3.org\/2000\/svg\" height=\"1em\" viewBox=\"0 0 512 512\">\r\n\t\t\t\t<path d=\"M256 8C119 8 8 119 8 256s111 248 248 248 248-111 248-248S393 8 256 8zm0 448c-110.5 0-200-89.5-200-200S145.5 56 256 56s200 89.5 200 200-89.5 200-200 200zm61.8-104.4l-84.9-61.7c-3.1-2.3-4.9-5.9-4.9-9.7V116c0-6.6 5.4-12 12-12h32c6.6 0 12 5.4 12 12v141.7l66.8 48.6c5.4 3.9 6.5 11.4 2.6 16.8L334.6 349c-3.9 5.3-11.4 6.5-16.8 2.6z\"\/>\r\n\t\t\t\t<\/svg><\/div> <!-- Post Arrow --><div class=\"ctl-arrow\"><\/div>\r\n\t\t\t<!-- Post Content --><div class=\"ctl-content\"><!-- Post Title --><div class=\"ctl-title story-275\" aria-label=\"Kinder- und Jugendworkshop ,,Die Deutschen in Polen&#8220;\"><a target=\"_self\" title=\"Kinder- und Jugendworkshop ,,Die Deutschen in Polen&#8220;\" href=\"https:\/\/wirtualnemuzeum.skgd.pl\/de\/kinder-und-jugendworkshop-die-deutschen-in-polen\/\" class=\"story-link\">Kinder- und Jugendworkshop ,,Die Deutschen in Polen&#8220;<\/a><\/div><!-- Post Media --><div class=\"ctl-media full\"><a data-glightbox=\"Kinder- und Jugendworkshop ,,Die Deutschen in Polen&#8220;\" href=\"https:\/\/wirtualnemuzeum.skgd.pl\/wp-content\/uploads\/2021\/03\/Podpis_7-scaled.jpg\" class=\"ctl_glightbox\"><img loading=\"lazy\" decoding=\"async\" width=\"1024\" height=\"683\" src=\"https:\/\/wirtualnemuzeum.skgd.pl\/wp-content\/uploads\/2021\/03\/Podpis_7-1024x683.jpg\" class=\"story-img wp-post-image\" alt=\"Kinder- und Jugendworkshop ,,Die Deutschen in Polen&#8220;\" srcset=\"https:\/\/wirtualnemuzeum.skgd.pl\/wp-content\/uploads\/2021\/03\/Podpis_7-1024x683.jpg 1024w, https:\/\/wirtualnemuzeum.skgd.pl\/wp-content\/uploads\/2021\/03\/Podpis_7-300x200.jpg 300w, https:\/\/wirtualnemuzeum.skgd.pl\/wp-content\/uploads\/2021\/03\/Podpis_7-768x512.jpg 768w, https:\/\/wirtualnemuzeum.skgd.pl\/wp-content\/uploads\/2021\/03\/Podpis_7-1536x1024.jpg 1536w, https:\/\/wirtualnemuzeum.skgd.pl\/wp-content\/uploads\/2021\/03\/Podpis_7-2048x1365.jpg 2048w\" sizes=\"auto, (max-width: 1024px) 100vw, 1024px\" \/><\/a><\/div><\/div><\/div><!-- Timeline Content --><div  id=\"ctl-post-774\" class=\"ctl-story ctl-story-icon ctl-story-right odd\"  data-story-index=\"13\" role=\"article\"><!-- Post Label --><div class=\"ctl-labels\"><div class=\"ctl-label-big story-date\">10. November , 2019<\/div><\/div><!-- Post Icon --><div class=\"ctl-icon\"><svg xmlns=\"http:\/\/www.w3.org\/2000\/svg\" height=\"1em\" viewBox=\"0 0 512 512\">\r\n\t\t\t\t<path d=\"M256 8C119 8 8 119 8 256s111 248 248 248 248-111 248-248S393 8 256 8zm0 448c-110.5 0-200-89.5-200-200S145.5 56 256 56s200 89.5 200 200-89.5 200-200 200zm61.8-104.4l-84.9-61.7c-3.1-2.3-4.9-5.9-4.9-9.7V116c0-6.6 5.4-12 12-12h32c6.6 0 12 5.4 12 12v141.7l66.8 48.6c5.4 3.9 6.5 11.4 2.6 16.8L334.6 349c-3.9 5.3-11.4 6.5-16.8 2.6z\"\/>\r\n\t\t\t\t<\/svg><\/div> <!-- Post Arrow --><div class=\"ctl-arrow\"><\/div>\r\n\t\t\t<!-- Post Content --><div class=\"ctl-content\"><!-- Post Title --><div class=\"ctl-title story-774\" aria-label=\"Es startet die Informationskampagne \u201eDeutsche Minderheit hat Wert\u201c\"><a target=\"_self\" title=\"Es startet die Informationskampagne \u201eDeutsche Minderheit hat Wert\u201c\" href=\"https:\/\/wirtualnemuzeum.skgd.pl\/de\/es-startet-die-informationskampagne-deutsche-minderheit-hat-wert\/\" class=\"story-link\">Es startet die Informationskampagne \u201eDeutsche Minderheit hat Wert\u201c<\/a><\/div><!-- Post Media --><div class=\"ctl-media full\"><a data-glightbox=\"Es startet die Informationskampagne \u201eDeutsche Minderheit hat Wert\u201c\" href=\"https:\/\/wirtualnemuzeum.skgd.pl\/wp-content\/uploads\/2021\/03\/Podpis_86.jpg\" class=\"ctl_glightbox\"><img loading=\"lazy\" decoding=\"async\" width=\"1024\" height=\"683\" src=\"https:\/\/wirtualnemuzeum.skgd.pl\/wp-content\/uploads\/2021\/03\/Podpis_86-1024x683.jpg\" class=\"story-img wp-post-image\" alt=\"Es startet die Informationskampagne \u201eDeutsche Minderheit hat Wert\u201c\" srcset=\"https:\/\/wirtualnemuzeum.skgd.pl\/wp-content\/uploads\/2021\/03\/Podpis_86-1024x683.jpg 1024w, https:\/\/wirtualnemuzeum.skgd.pl\/wp-content\/uploads\/2021\/03\/Podpis_86-300x200.jpg 300w, https:\/\/wirtualnemuzeum.skgd.pl\/wp-content\/uploads\/2021\/03\/Podpis_86-768x512.jpg 768w, https:\/\/wirtualnemuzeum.skgd.pl\/wp-content\/uploads\/2021\/03\/Podpis_86-1536x1024.jpg 1536w, https:\/\/wirtualnemuzeum.skgd.pl\/wp-content\/uploads\/2021\/03\/Podpis_86-2048x1366.jpg 2048w\" sizes=\"auto, (max-width: 1024px) 100vw, 1024px\" \/><\/a><\/div><\/div><\/div><!-- Timeline Content --><div  id=\"ctl-post-627\" class=\"ctl-story ctl-story-icon ctl-story-left even\"  data-story-index=\"14\" role=\"article\"><!-- Post Label --><div class=\"ctl-labels\"><div class=\"ctl-label-big story-date\">19. Oktober , 2019<\/div><\/div><!-- Post Icon --><div class=\"ctl-icon\"><svg xmlns=\"http:\/\/www.w3.org\/2000\/svg\" height=\"1em\" viewBox=\"0 0 512 512\">\r\n\t\t\t\t<path d=\"M256 8C119 8 8 119 8 256s111 248 248 248 248-111 248-248S393 8 256 8zm0 448c-110.5 0-200-89.5-200-200S145.5 56 256 56s200 89.5 200 200-89.5 200-200 200zm61.8-104.4l-84.9-61.7c-3.1-2.3-4.9-5.9-4.9-9.7V116c0-6.6 5.4-12 12-12h32c6.6 0 12 5.4 12 12v141.7l66.8 48.6c5.4 3.9 6.5 11.4 2.6 16.8L334.6 349c-3.9 5.3-11.4 6.5-16.8 2.6z\"\/>\r\n\t\t\t\t<\/svg><\/div> <!-- Post Arrow --><div class=\"ctl-arrow\"><\/div>\r\n\t\t\t<!-- Post Content --><div class=\"ctl-content\"><!-- Post Title --><div class=\"ctl-title story-627\" aria-label=\"Das Finale des deutschen Liederwettbewerbs \u201eSUPERSTAR&#8220;\"><a target=\"_self\" title=\"Das Finale des deutschen Liederwettbewerbs \u201eSUPERSTAR&#8220;\" href=\"https:\/\/wirtualnemuzeum.skgd.pl\/de\/das-finale-des-deutschen-liederwettbewerbs-superstar\/\" class=\"story-link\">Das Finale des deutschen Liederwettbewerbs \u201eSUPERSTAR&#8220;<\/a><\/div><!-- Post Media --><div class=\"ctl-media full\"><a data-glightbox=\"Das Finale des deutschen Liederwettbewerbs \u201eSUPERSTAR&#8220;\" href=\"https:\/\/wirtualnemuzeum.skgd.pl\/wp-content\/uploads\/2021\/03\/Podpis_62-scaled.jpg\" class=\"ctl_glightbox\"><img loading=\"lazy\" decoding=\"async\" width=\"1024\" height=\"683\" src=\"https:\/\/wirtualnemuzeum.skgd.pl\/wp-content\/uploads\/2021\/03\/Podpis_62-1024x683.jpg\" class=\"story-img wp-post-image\" alt=\"Das Finale des deutschen Liederwettbewerbs \u201eSUPERSTAR&#8220;\" srcset=\"https:\/\/wirtualnemuzeum.skgd.pl\/wp-content\/uploads\/2021\/03\/Podpis_62-1024x683.jpg 1024w, https:\/\/wirtualnemuzeum.skgd.pl\/wp-content\/uploads\/2021\/03\/Podpis_62-300x200.jpg 300w, https:\/\/wirtualnemuzeum.skgd.pl\/wp-content\/uploads\/2021\/03\/Podpis_62-768x512.jpg 768w, https:\/\/wirtualnemuzeum.skgd.pl\/wp-content\/uploads\/2021\/03\/Podpis_62-1536x1024.jpg 1536w, https:\/\/wirtualnemuzeum.skgd.pl\/wp-content\/uploads\/2021\/03\/Podpis_62-2048x1365.jpg 2048w\" sizes=\"auto, (max-width: 1024px) 100vw, 1024px\" \/><\/a><\/div><\/div><\/div><!-- Timeline Content --><div  id=\"ctl-post-953\" class=\"ctl-story ctl-story-icon ctl-story-right odd\"  data-story-index=\"15\" role=\"article\"><!-- Post Label --><div class=\"ctl-labels\"><div class=\"ctl-label-big story-date\">7. September , 2019<\/div><\/div><!-- Post Icon --><div class=\"ctl-icon\"><svg xmlns=\"http:\/\/www.w3.org\/2000\/svg\" height=\"1em\" viewBox=\"0 0 512 512\">\r\n\t\t\t\t<path d=\"M256 8C119 8 8 119 8 256s111 248 248 248 248-111 248-248S393 8 256 8zm0 448c-110.5 0-200-89.5-200-200S145.5 56 256 56s200 89.5 200 200-89.5 200-200 200zm61.8-104.4l-84.9-61.7c-3.1-2.3-4.9-5.9-4.9-9.7V116c0-6.6 5.4-12 12-12h32c6.6 0 12 5.4 12 12v141.7l66.8 48.6c5.4 3.9 6.5 11.4 2.6 16.8L334.6 349c-3.9 5.3-11.4 6.5-16.8 2.6z\"\/>\r\n\t\t\t\t<\/svg><\/div> <!-- Post Arrow --><div class=\"ctl-arrow\"><\/div>\r\n\t\t\t<!-- Post Content --><div class=\"ctl-content\"><!-- Post Title --><div class=\"ctl-title story-953\" aria-label=\"SKGD Moderatorenschulung\"><a target=\"_self\" title=\"SKGD Moderatorenschulung\" href=\"https:\/\/wirtualnemuzeum.skgd.pl\/de\/skgd-moderatorenschulung\/\" class=\"story-link\">SKGD Moderatorenschulung<\/a><\/div><!-- Post Media --><div class=\"ctl-media full\"><a data-glightbox=\"SKGD Moderatorenschulung\" href=\"https:\/\/wirtualnemuzeum.skgd.pl\/wp-content\/uploads\/2021\/03\/116_Moderatorenschulung-scaled.jpg\" class=\"ctl_glightbox\"><img loading=\"lazy\" decoding=\"async\" width=\"1024\" height=\"683\" src=\"https:\/\/wirtualnemuzeum.skgd.pl\/wp-content\/uploads\/2021\/03\/116_Moderatorenschulung-1024x683.jpg\" class=\"story-img wp-post-image\" alt=\"SKGD Moderatorenschulung\" srcset=\"https:\/\/wirtualnemuzeum.skgd.pl\/wp-content\/uploads\/2021\/03\/116_Moderatorenschulung-1024x683.jpg 1024w, https:\/\/wirtualnemuzeum.skgd.pl\/wp-content\/uploads\/2021\/03\/116_Moderatorenschulung-300x200.jpg 300w, https:\/\/wirtualnemuzeum.skgd.pl\/wp-content\/uploads\/2021\/03\/116_Moderatorenschulung-768x512.jpg 768w, https:\/\/wirtualnemuzeum.skgd.pl\/wp-content\/uploads\/2021\/03\/116_Moderatorenschulung-1536x1024.jpg 1536w, https:\/\/wirtualnemuzeum.skgd.pl\/wp-content\/uploads\/2021\/03\/116_Moderatorenschulung-2048x1365.jpg 2048w\" sizes=\"auto, (max-width: 1024px) 100vw, 1024px\" \/><\/a><\/div><\/div><\/div><!-- Timeline Content --><div  id=\"ctl-post-297\" class=\"ctl-story ctl-story-icon ctl-story-left even\"  data-story-index=\"16\" role=\"article\"><!-- Post Label --><div class=\"ctl-labels\"><div class=\"ctl-label-big story-date\">15. August , 2019<\/div><\/div><!-- Post Icon --><div class=\"ctl-icon\"><svg xmlns=\"http:\/\/www.w3.org\/2000\/svg\" height=\"1em\" viewBox=\"0 0 512 512\">\r\n\t\t\t\t<path d=\"M256 8C119 8 8 119 8 256s111 248 248 248 248-111 248-248S393 8 256 8zm0 448c-110.5 0-200-89.5-200-200S145.5 56 256 56s200 89.5 200 200-89.5 200-200 200zm61.8-104.4l-84.9-61.7c-3.1-2.3-4.9-5.9-4.9-9.7V116c0-6.6 5.4-12 12-12h32c6.6 0 12 5.4 12 12v141.7l66.8 48.6c5.4 3.9 6.5 11.4 2.6 16.8L334.6 349c-3.9 5.3-11.4 6.5-16.8 2.6z\"\/>\r\n\t\t\t\t<\/svg><\/div> <!-- Post Arrow --><div class=\"ctl-arrow\"><\/div>\r\n\t\t\t<!-- Post Content --><div class=\"ctl-content\"><!-- Post Title --><div class=\"ctl-title story-297\" aria-label=\"Bildungsreise der SKGD Vertreter nach Berlin\"><a target=\"_self\" title=\"Bildungsreise der SKGD Vertreter nach Berlin\" href=\"https:\/\/wirtualnemuzeum.skgd.pl\/de\/bildungsreise-der-skgd-vertreter-nach-berlin\/\" class=\"story-link\">Bildungsreise der SKGD Vertreter nach Berlin<\/a><\/div><!-- Post Media --><div class=\"ctl-media full\"><a data-glightbox=\"Bildungsreise der SKGD Vertreter nach Berlin\" href=\"https:\/\/wirtualnemuzeum.skgd.pl\/wp-content\/uploads\/2021\/03\/Podpis_10-scaled.jpg\" class=\"ctl_glightbox\"><img loading=\"lazy\" decoding=\"async\" width=\"1024\" height=\"678\" src=\"https:\/\/wirtualnemuzeum.skgd.pl\/wp-content\/uploads\/2021\/03\/Podpis_10-1024x678.jpg\" class=\"story-img wp-post-image\" alt=\"Bildungsreise der SKGD Vertreter nach Berlin\" srcset=\"https:\/\/wirtualnemuzeum.skgd.pl\/wp-content\/uploads\/2021\/03\/Podpis_10-1024x678.jpg 1024w, https:\/\/wirtualnemuzeum.skgd.pl\/wp-content\/uploads\/2021\/03\/Podpis_10-300x199.jpg 300w, https:\/\/wirtualnemuzeum.skgd.pl\/wp-content\/uploads\/2021\/03\/Podpis_10-768x509.jpg 768w, https:\/\/wirtualnemuzeum.skgd.pl\/wp-content\/uploads\/2021\/03\/Podpis_10-1536x1017.jpg 1536w, https:\/\/wirtualnemuzeum.skgd.pl\/wp-content\/uploads\/2021\/03\/Podpis_10-2048x1356.jpg 2048w\" sizes=\"auto, (max-width: 1024px) 100vw, 1024px\" \/><\/a><\/div><\/div><\/div><!-- Timeline Content --><div  id=\"ctl-post-767\" class=\"ctl-story ctl-story-icon ctl-story-right odd\"  data-story-index=\"17\" role=\"article\"><!-- Post Label --><div class=\"ctl-labels\"><div class=\"ctl-label-big story-date\">16. Juli , 2019<\/div><\/div><!-- Post Icon --><div class=\"ctl-icon\"><svg xmlns=\"http:\/\/www.w3.org\/2000\/svg\" height=\"1em\" viewBox=\"0 0 512 512\">\r\n\t\t\t\t<path d=\"M256 8C119 8 8 119 8 256s111 248 248 248 248-111 248-248S393 8 256 8zm0 448c-110.5 0-200-89.5-200-200S145.5 56 256 56s200 89.5 200 200-89.5 200-200 200zm61.8-104.4l-84.9-61.7c-3.1-2.3-4.9-5.9-4.9-9.7V116c0-6.6 5.4-12 12-12h32c6.6 0 12 5.4 12 12v141.7l66.8 48.6c5.4 3.9 6.5 11.4 2.6 16.8L334.6 349c-3.9 5.3-11.4 6.5-16.8 2.6z\"\/>\r\n\t\t\t\t<\/svg><\/div> <!-- Post Arrow --><div class=\"ctl-arrow\"><\/div>\r\n\t\t\t<!-- Post Content --><div class=\"ctl-content\"><!-- Post Title --><div class=\"ctl-title story-767\" aria-label=\"Es startet das Projekt &#8222;Oppelner Senior &#8211; Versicherung der Unterst\u00fctzung f\u00fcr pflegebed\u00fcrftige Personen und ihre Betreuer\u201c\"><a target=\"_self\" title=\"Es startet das Projekt &#8222;Oppelner Senior &#8211; Versicherung der Unterst\u00fctzung f\u00fcr pflegebed\u00fcrftige Personen und ihre Betreuer\u201c\" href=\"https:\/\/wirtualnemuzeum.skgd.pl\/de\/es-startet-das-projekt-oppelner-senior-versicherung-der-unterstutzung-fur-pflegebedurftige-personen-und-ihre-betreuer-2\/\" class=\"story-link\">Es startet das Projekt &#8222;Oppelner Senior &#8211; Versicherung der Unterst\u00fctzung f\u00fcr pflegebed\u00fcrftige Personen und ihre Betreuer\u201c<\/a><\/div><!-- Post Media --><div class=\"ctl-media full\"><a data-glightbox=\"Es startet das Projekt &#8222;Oppelner Senior &#8211; Versicherung der Unterst\u00fctzung f\u00fcr pflegebed\u00fcrftige Personen und ihre Betreuer\u201c\" href=\"https:\/\/wirtualnemuzeum.skgd.pl\/wp-content\/uploads\/2021\/03\/Podpis_85.jpg\" class=\"ctl_glightbox\"><img loading=\"lazy\" decoding=\"async\" width=\"1024\" height=\"768\" src=\"https:\/\/wirtualnemuzeum.skgd.pl\/wp-content\/uploads\/2021\/03\/Podpis_85-1024x768.jpg\" class=\"story-img wp-post-image\" alt=\"Es startet das Projekt &#8222;Oppelner Senior &#8211; Versicherung der Unterst\u00fctzung f\u00fcr pflegebed\u00fcrftige Personen und ihre Betreuer\u201c\" srcset=\"https:\/\/wirtualnemuzeum.skgd.pl\/wp-content\/uploads\/2021\/03\/Podpis_85-1024x768.jpg 1024w, https:\/\/wirtualnemuzeum.skgd.pl\/wp-content\/uploads\/2021\/03\/Podpis_85-300x225.jpg 300w, https:\/\/wirtualnemuzeum.skgd.pl\/wp-content\/uploads\/2021\/03\/Podpis_85-768x576.jpg 768w, https:\/\/wirtualnemuzeum.skgd.pl\/wp-content\/uploads\/2021\/03\/Podpis_85-1536x1152.jpg 1536w, https:\/\/wirtualnemuzeum.skgd.pl\/wp-content\/uploads\/2021\/03\/Podpis_85.jpg 1600w\" sizes=\"auto, (max-width: 1024px) 100vw, 1024px\" \/><\/a><\/div><\/div><\/div><!-- Timeline Content --><div  id=\"ctl-post-342\" class=\"ctl-story ctl-story-icon ctl-story-left even\"  data-story-index=\"18\" role=\"article\"><!-- Post Label --><div class=\"ctl-labels\"><div class=\"ctl-label-big story-date\">16. Juli , 2019<\/div><\/div><!-- Post Icon --><div class=\"ctl-icon\"><svg xmlns=\"http:\/\/www.w3.org\/2000\/svg\" height=\"1em\" viewBox=\"0 0 512 512\">\r\n\t\t\t\t<path d=\"M256 8C119 8 8 119 8 256s111 248 248 248 248-111 248-248S393 8 256 8zm0 448c-110.5 0-200-89.5-200-200S145.5 56 256 56s200 89.5 200 200-89.5 200-200 200zm61.8-104.4l-84.9-61.7c-3.1-2.3-4.9-5.9-4.9-9.7V116c0-6.6 5.4-12 12-12h32c6.6 0 12 5.4 12 12v141.7l66.8 48.6c5.4 3.9 6.5 11.4 2.6 16.8L334.6 349c-3.9 5.3-11.4 6.5-16.8 2.6z\"\/>\r\n\t\t\t\t<\/svg><\/div> <!-- Post Arrow --><div class=\"ctl-arrow\"><\/div>\r\n\t\t\t<!-- Post Content --><div class=\"ctl-content\"><!-- Post Title --><div class=\"ctl-title story-342\" aria-label=\"Es startet das Projekt \u201eOppelner Senior &#8211; Versicherung der Unterst\u00fctzung f\u00fcr pflegebed\u00fcrftige Personen und ihre Betreuer\u201c\"><a target=\"_self\" title=\"Es startet das Projekt \u201eOppelner Senior &#8211; Versicherung der Unterst\u00fctzung f\u00fcr pflegebed\u00fcrftige Personen und ihre Betreuer\u201c\" href=\"https:\/\/wirtualnemuzeum.skgd.pl\/de\/es-startet-das-projekt-oppelner-senior-versicherung-der-unterstutzung-fur-pflegebedurftige-personen-und-ihre-betreuer\/\" class=\"story-link\">Es startet das Projekt \u201eOppelner Senior &#8211; Versicherung der Unterst\u00fctzung f\u00fcr pflegebed\u00fcrftige Personen und ihre Betreuer\u201c<\/a><\/div><!-- Post Media --><div class=\"ctl-media full\"><a data-glightbox=\"Es startet das Projekt \u201eOppelner Senior &#8211; Versicherung der Unterst\u00fctzung f\u00fcr pflegebed\u00fcrftige Personen und ihre Betreuer\u201c\" href=\"https:\/\/wirtualnemuzeum.skgd.pl\/wp-content\/uploads\/2021\/03\/Podpis_17.jpeg\" class=\"ctl_glightbox\"><img loading=\"lazy\" decoding=\"async\" width=\"1024\" height=\"607\" src=\"https:\/\/wirtualnemuzeum.skgd.pl\/wp-content\/uploads\/2021\/03\/Podpis_17-1024x607.jpeg\" class=\"story-img wp-post-image\" alt=\"Es startet das Projekt \u201eOppelner Senior &#8211; Versicherung der Unterst\u00fctzung f\u00fcr pflegebed\u00fcrftige Personen und ihre Betreuer\u201c\" srcset=\"https:\/\/wirtualnemuzeum.skgd.pl\/wp-content\/uploads\/2021\/03\/Podpis_17-1024x607.jpeg 1024w, https:\/\/wirtualnemuzeum.skgd.pl\/wp-content\/uploads\/2021\/03\/Podpis_17-300x178.jpeg 300w, https:\/\/wirtualnemuzeum.skgd.pl\/wp-content\/uploads\/2021\/03\/Podpis_17-768x456.jpeg 768w, https:\/\/wirtualnemuzeum.skgd.pl\/wp-content\/uploads\/2021\/03\/Podpis_17.jpeg 1170w\" sizes=\"auto, (max-width: 1024px) 100vw, 1024px\" \/><\/a><\/div><\/div><\/div><!-- Timeline Content --><div  id=\"ctl-post-440\" class=\"ctl-story ctl-story-icon ctl-story-right odd\"  data-story-index=\"19\" role=\"article\"><!-- Post Label --><div class=\"ctl-labels\"><div class=\"ctl-label-big story-date\">2. Juni , 2019<\/div><\/div><!-- Post Icon --><div class=\"ctl-icon\"><svg xmlns=\"http:\/\/www.w3.org\/2000\/svg\" height=\"1em\" viewBox=\"0 0 512 512\">\r\n\t\t\t\t<path d=\"M256 8C119 8 8 119 8 256s111 248 248 248 248-111 248-248S393 8 256 8zm0 448c-110.5 0-200-89.5-200-200S145.5 56 256 56s200 89.5 200 200-89.5 200-200 200zm61.8-104.4l-84.9-61.7c-3.1-2.3-4.9-5.9-4.9-9.7V116c0-6.6 5.4-12 12-12h32c6.6 0 12 5.4 12 12v141.7l66.8 48.6c5.4 3.9 6.5 11.4 2.6 16.8L334.6 349c-3.9 5.3-11.4 6.5-16.8 2.6z\"\/>\r\n\t\t\t\t<\/svg><\/div> <!-- Post Arrow --><div class=\"ctl-arrow\"><\/div>\r\n\t\t\t<!-- Post Content --><div class=\"ctl-content\"><!-- Post Title --><div class=\"ctl-title story-440\" aria-label=\"Wallfahrt der nationalen und ethnischen Minderheiten zum Sankt Annaberg\"><a target=\"_self\" title=\"Wallfahrt der nationalen und ethnischen Minderheiten zum Sankt Annaberg\" href=\"https:\/\/wirtualnemuzeum.skgd.pl\/de\/wallfahrt-der-nationalen-und-ethnischen-minderheiten-zum-sankt-annaberg\/\" class=\"story-link\">Wallfahrt der nationalen und ethnischen Minderheiten zum Sankt Annaberg<\/a><\/div><!-- Post Media --><div class=\"ctl-media full\"><a data-glightbox=\"Wallfahrt der nationalen und ethnischen Minderheiten zum Sankt Annaberg\" href=\"https:\/\/wirtualnemuzeum.skgd.pl\/wp-content\/uploads\/2021\/03\/Podpis_33-scaled.jpg\" class=\"ctl_glightbox\"><img loading=\"lazy\" decoding=\"async\" width=\"1024\" height=\"683\" src=\"https:\/\/wirtualnemuzeum.skgd.pl\/wp-content\/uploads\/2021\/03\/Podpis_33-1024x683.jpg\" class=\"story-img wp-post-image\" alt=\"Wallfahrt der nationalen und ethnischen Minderheiten zum Sankt Annaberg\" srcset=\"https:\/\/wirtualnemuzeum.skgd.pl\/wp-content\/uploads\/2021\/03\/Podpis_33-1024x683.jpg 1024w, https:\/\/wirtualnemuzeum.skgd.pl\/wp-content\/uploads\/2021\/03\/Podpis_33-300x200.jpg 300w, https:\/\/wirtualnemuzeum.skgd.pl\/wp-content\/uploads\/2021\/03\/Podpis_33-768x512.jpg 768w, https:\/\/wirtualnemuzeum.skgd.pl\/wp-content\/uploads\/2021\/03\/Podpis_33-1536x1024.jpg 1536w, https:\/\/wirtualnemuzeum.skgd.pl\/wp-content\/uploads\/2021\/03\/Podpis_33-2048x1365.jpg 2048w\" sizes=\"auto, (max-width: 1024px) 100vw, 1024px\" \/><\/a><\/div><\/div><\/div><!-- Timeline Content --><div  id=\"ctl-post-881\" class=\"ctl-story ctl-story-icon ctl-story-left even\"  data-story-index=\"20\" role=\"article\"><!-- Post Label --><div class=\"ctl-labels\"><div class=\"ctl-label-big story-date\">7. Mai , 2019<\/div><\/div><!-- Post Icon --><div class=\"ctl-icon\"><svg xmlns=\"http:\/\/www.w3.org\/2000\/svg\" height=\"1em\" viewBox=\"0 0 512 512\">\r\n\t\t\t\t<path d=\"M256 8C119 8 8 119 8 256s111 248 248 248 248-111 248-248S393 8 256 8zm0 448c-110.5 0-200-89.5-200-200S145.5 56 256 56s200 89.5 200 200-89.5 200-200 200zm61.8-104.4l-84.9-61.7c-3.1-2.3-4.9-5.9-4.9-9.7V116c0-6.6 5.4-12 12-12h32c6.6 0 12 5.4 12 12v141.7l66.8 48.6c5.4 3.9 6.5 11.4 2.6 16.8L334.6 349c-3.9 5.3-11.4 6.5-16.8 2.6z\"\/>\r\n\t\t\t\t<\/svg><\/div> <!-- Post Arrow --><div class=\"ctl-arrow\"><\/div>\r\n\t\t\t<!-- Post Content --><div class=\"ctl-content\"><!-- Post Title --><div class=\"ctl-title story-881\" aria-label=\"Treffen des Schlesischen Selbstverwaltungverbandes in Brosch\u00fctz\"><a target=\"_self\" title=\"Treffen des Schlesischen Selbstverwaltungverbandes in Brosch\u00fctz\" href=\"https:\/\/wirtualnemuzeum.skgd.pl\/de\/treffen-des-schlesischen-selbstverwaltungverbandes-in-broschutz\/\" class=\"story-link\">Treffen des Schlesischen Selbstverwaltungverbandes in Brosch\u00fctz<\/a><\/div><!-- Post Media --><div class=\"ctl-media full\"><a data-glightbox=\"Treffen des Schlesischen Selbstverwaltungverbandes in Brosch\u00fctz\" href=\"https:\/\/wirtualnemuzeum.skgd.pl\/wp-content\/uploads\/2021\/03\/Podpis_104-scaled.jpg\" class=\"ctl_glightbox\"><img loading=\"lazy\" decoding=\"async\" width=\"1024\" height=\"681\" src=\"https:\/\/wirtualnemuzeum.skgd.pl\/wp-content\/uploads\/2021\/03\/Podpis_104-1024x681.jpg\" class=\"story-img wp-post-image\" alt=\"Treffen des Schlesischen Selbstverwaltungverbandes in Brosch\u00fctz\" srcset=\"https:\/\/wirtualnemuzeum.skgd.pl\/wp-content\/uploads\/2021\/03\/Podpis_104-1024x681.jpg 1024w, https:\/\/wirtualnemuzeum.skgd.pl\/wp-content\/uploads\/2021\/03\/Podpis_104-300x200.jpg 300w, https:\/\/wirtualnemuzeum.skgd.pl\/wp-content\/uploads\/2021\/03\/Podpis_104-768x511.jpg 768w, https:\/\/wirtualnemuzeum.skgd.pl\/wp-content\/uploads\/2021\/03\/Podpis_104-1536x1022.jpg 1536w, https:\/\/wirtualnemuzeum.skgd.pl\/wp-content\/uploads\/2021\/03\/Podpis_104-2048x1363.jpg 2048w\" sizes=\"auto, (max-width: 1024px) 100vw, 1024px\" \/><\/a><\/div><\/div><\/div><!-- Timeline Content --><div  id=\"ctl-post-719\" class=\"ctl-story ctl-story-icon ctl-story-right odd\"  data-story-index=\"21\" role=\"article\"><!-- Post Label --><div class=\"ctl-labels\"><div class=\"ctl-label-big story-date\">16. M\u00e4rz , 2019<\/div><\/div><!-- Post Icon --><div class=\"ctl-icon\"><svg xmlns=\"http:\/\/www.w3.org\/2000\/svg\" height=\"1em\" viewBox=\"0 0 512 512\">\r\n\t\t\t\t<path d=\"M256 8C119 8 8 119 8 256s111 248 248 248 248-111 248-248S393 8 256 8zm0 448c-110.5 0-200-89.5-200-200S145.5 56 256 56s200 89.5 200 200-89.5 200-200 200zm61.8-104.4l-84.9-61.7c-3.1-2.3-4.9-5.9-4.9-9.7V116c0-6.6 5.4-12 12-12h32c6.6 0 12 5.4 12 12v141.7l66.8 48.6c5.4 3.9 6.5 11.4 2.6 16.8L334.6 349c-3.9 5.3-11.4 6.5-16.8 2.6z\"\/>\r\n\t\t\t\t<\/svg><\/div> <!-- Post Arrow --><div class=\"ctl-arrow\"><\/div>\r\n\t\t\t<!-- Post Content --><div class=\"ctl-content\"><!-- Post Title --><div class=\"ctl-title story-719\" aria-label=\"Turnier der Miro Deutschen Fu\u00dfballschuhen um das Pokal des B\u00fcrgermeisters von Turawa\"><a target=\"_self\" title=\"Turnier der Miro Deutschen Fu\u00dfballschuhen um das Pokal des B\u00fcrgermeisters von Turawa\" href=\"https:\/\/wirtualnemuzeum.skgd.pl\/de\/turnier-der-miro-deutschen-fussballschuhen-um-das-pokal-des-burgermeisters-von-turawa\/\" class=\"story-link\">Turnier der Miro Deutschen Fu\u00dfballschuhen um das Pokal des B\u00fcrgermeisters von Turawa<\/a><\/div><!-- Post Media --><div class=\"ctl-media full\"><a data-glightbox=\"Turnier der Miro Deutschen Fu\u00dfballschuhen um das Pokal des B\u00fcrgermeisters von Turawa\" href=\"https:\/\/wirtualnemuzeum.skgd.pl\/wp-content\/uploads\/2021\/03\/Podpis_77-scaled.jpg\" class=\"ctl_glightbox\"><img loading=\"lazy\" decoding=\"async\" width=\"1024\" height=\"683\" src=\"https:\/\/wirtualnemuzeum.skgd.pl\/wp-content\/uploads\/2021\/03\/Podpis_77-1024x683.jpg\" class=\"story-img wp-post-image\" alt=\"Turnier der Miro Deutschen Fu\u00dfballschuhen um das Pokal des B\u00fcrgermeisters von Turawa\" srcset=\"https:\/\/wirtualnemuzeum.skgd.pl\/wp-content\/uploads\/2021\/03\/Podpis_77-1024x683.jpg 1024w, https:\/\/wirtualnemuzeum.skgd.pl\/wp-content\/uploads\/2021\/03\/Podpis_77-300x200.jpg 300w, https:\/\/wirtualnemuzeum.skgd.pl\/wp-content\/uploads\/2021\/03\/Podpis_77-768x512.jpg 768w, https:\/\/wirtualnemuzeum.skgd.pl\/wp-content\/uploads\/2021\/03\/Podpis_77-1536x1024.jpg 1536w, https:\/\/wirtualnemuzeum.skgd.pl\/wp-content\/uploads\/2021\/03\/Podpis_77-2048x1365.jpg 2048w\" sizes=\"auto, (max-width: 1024px) 100vw, 1024px\" \/><\/a><\/div><\/div><\/div><!-- Timeline Content --><div  id=\"ctl-post-591\" class=\"ctl-story ctl-story-icon ctl-story-left even\"  data-story-index=\"22\" role=\"article\"><!-- Post Label --><div class=\"ctl-labels\"><div class=\"ctl-label-big story-date\">11. M\u00e4rz , 2019<\/div><\/div><!-- Post Icon --><div class=\"ctl-icon\"><svg xmlns=\"http:\/\/www.w3.org\/2000\/svg\" height=\"1em\" viewBox=\"0 0 512 512\">\r\n\t\t\t\t<path d=\"M256 8C119 8 8 119 8 256s111 248 248 248 248-111 248-248S393 8 256 8zm0 448c-110.5 0-200-89.5-200-200S145.5 56 256 56s200 89.5 200 200-89.5 200-200 200zm61.8-104.4l-84.9-61.7c-3.1-2.3-4.9-5.9-4.9-9.7V116c0-6.6 5.4-12 12-12h32c6.6 0 12 5.4 12 12v141.7l66.8 48.6c5.4 3.9 6.5 11.4 2.6 16.8L334.6 349c-3.9 5.3-11.4 6.5-16.8 2.6z\"\/>\r\n\t\t\t\t<\/svg><\/div> <!-- Post Arrow --><div class=\"ctl-arrow\"><\/div>\r\n\t\t\t<!-- Post Content --><div class=\"ctl-content\"><!-- Post Title --><div class=\"ctl-title story-591\" aria-label=\"Dem Herrn Helmut Paisdzior, Abgeordneter der deutschen Minderheit in den Jahren 1991 &#8211; 2005, wird das Bundesverdienstkreuz am Bande verliehen\"><a target=\"_self\" title=\"Dem Herrn Helmut Paisdzior, Abgeordneter der deutschen Minderheit in den Jahren 1991 &#8211; 2005, wird das Bundesverdienstkreuz am Bande verliehen\" href=\"https:\/\/wirtualnemuzeum.skgd.pl\/de\/dem-herrn-helmut-paisdzior-abgeordneter-der-deutschen-minderheit-in-den-jahren-1991-2005-wird-das-bundesverdienstkreuz-am-bande-verliehen\/\" class=\"story-link\">Dem Herrn Helmut Paisdzior, Abgeordneter der deutschen Minderheit in den Jahren 1991 &#8211; 2005, wird das Bundesverdienstkreuz am Bande verliehen<\/a><\/div><!-- Post Media --><div class=\"ctl-media full\"><a data-glightbox=\"Dem Herrn Helmut Paisdzior, Abgeordneter der deutschen Minderheit in den Jahren 1991 &#8211; 2005, wird das Bundesverdienstkreuz am Bande verliehen\" href=\"https:\/\/wirtualnemuzeum.skgd.pl\/wp-content\/uploads\/2021\/03\/Podpis_56-scaled.jpg\" class=\"ctl_glightbox\"><img loading=\"lazy\" decoding=\"async\" width=\"1024\" height=\"683\" src=\"https:\/\/wirtualnemuzeum.skgd.pl\/wp-content\/uploads\/2021\/03\/Podpis_56-1024x683.jpg\" class=\"story-img wp-post-image\" alt=\"Dem Herrn Helmut Paisdzior, Abgeordneter der deutschen Minderheit in den Jahren 1991 &#8211; 2005, wird das Bundesverdienstkreuz am Bande verliehen\" srcset=\"https:\/\/wirtualnemuzeum.skgd.pl\/wp-content\/uploads\/2021\/03\/Podpis_56-1024x683.jpg 1024w, https:\/\/wirtualnemuzeum.skgd.pl\/wp-content\/uploads\/2021\/03\/Podpis_56-300x200.jpg 300w, https:\/\/wirtualnemuzeum.skgd.pl\/wp-content\/uploads\/2021\/03\/Podpis_56-768x512.jpg 768w, https:\/\/wirtualnemuzeum.skgd.pl\/wp-content\/uploads\/2021\/03\/Podpis_56-1536x1024.jpg 1536w, https:\/\/wirtualnemuzeum.skgd.pl\/wp-content\/uploads\/2021\/03\/Podpis_56-2048x1365.jpg 2048w\" sizes=\"auto, (max-width: 1024px) 100vw, 1024px\" \/><\/a><\/div><\/div><\/div><!-- Timeline Content --><div  id=\"ctl-post-434\" class=\"ctl-story ctl-story-icon ctl-story-right odd\"  data-story-index=\"23\" role=\"article\"><!-- Post Label --><div class=\"ctl-labels\"><div class=\"ctl-label-big story-date\">26. Januar , 2019<\/div><\/div><!-- Post Icon --><div class=\"ctl-icon\"><svg xmlns=\"http:\/\/www.w3.org\/2000\/svg\" height=\"1em\" viewBox=\"0 0 512 512\">\r\n\t\t\t\t<path d=\"M256 8C119 8 8 119 8 256s111 248 248 248 248-111 248-248S393 8 256 8zm0 448c-110.5 0-200-89.5-200-200S145.5 56 256 56s200 89.5 200 200-89.5 200-200 200zm61.8-104.4l-84.9-61.7c-3.1-2.3-4.9-5.9-4.9-9.7V116c0-6.6 5.4-12 12-12h32c6.6 0 12 5.4 12 12v141.7l66.8 48.6c5.4 3.9 6.5 11.4 2.6 16.8L334.6 349c-3.9 5.3-11.4 6.5-16.8 2.6z\"\/>\r\n\t\t\t\t<\/svg><\/div> <!-- Post Arrow --><div class=\"ctl-arrow\"><\/div>\r\n\t\t\t<!-- Post Content --><div class=\"ctl-content\"><!-- Post Title --><div class=\"ctl-title story-434\" aria-label=\"In Lamsdorf wurde an den 75. Jahrestag des Kriegsendes und die Nachkriegstrag\u00f6die der Deutschen in Polen erinnert\"><a target=\"_self\" title=\"In Lamsdorf wurde an den 75. Jahrestag des Kriegsendes und die Nachkriegstrag\u00f6die der Deutschen in Polen erinnert\" href=\"https:\/\/wirtualnemuzeum.skgd.pl\/de\/in-lamsdorf-wurde-an-den-75-jahrestag-des-kriegsendes-und-die-nachkriegstragodie-der-deutschen-in-polen-erinnert\/\" class=\"story-link\">In Lamsdorf wurde an den 75. Jahrestag des Kriegsendes und die Nachkriegstrag\u00f6die der Deutschen in Polen erinnert<\/a><\/div><!-- Post Media --><div class=\"ctl-media full\"><a data-glightbox=\"In Lamsdorf wurde an den 75. Jahrestag des Kriegsendes und die Nachkriegstrag\u00f6die der Deutschen in Polen erinnert\" href=\"https:\/\/wirtualnemuzeum.skgd.pl\/wp-content\/uploads\/2021\/03\/Podpis_32.jpg\" class=\"ctl_glightbox\"><img loading=\"lazy\" decoding=\"async\" width=\"1024\" height=\"683\" src=\"https:\/\/wirtualnemuzeum.skgd.pl\/wp-content\/uploads\/2021\/03\/Podpis_32-1024x683.jpg\" class=\"story-img wp-post-image\" alt=\"In Lamsdorf wurde an den 75. Jahrestag des Kriegsendes und die Nachkriegstrag\u00f6die der Deutschen in Polen erinnert\" srcset=\"https:\/\/wirtualnemuzeum.skgd.pl\/wp-content\/uploads\/2021\/03\/Podpis_32-1024x683.jpg 1024w, https:\/\/wirtualnemuzeum.skgd.pl\/wp-content\/uploads\/2021\/03\/Podpis_32-300x200.jpg 300w, https:\/\/wirtualnemuzeum.skgd.pl\/wp-content\/uploads\/2021\/03\/Podpis_32-768x512.jpg 768w, https:\/\/wirtualnemuzeum.skgd.pl\/wp-content\/uploads\/2021\/03\/Podpis_32-1536x1024.jpg 1536w, https:\/\/wirtualnemuzeum.skgd.pl\/wp-content\/uploads\/2021\/03\/Podpis_32-2048x1365.jpg 2048w\" sizes=\"auto, (max-width: 1024px) 100vw, 1024px\" \/><\/a><\/div><\/div><\/div><!-- Timeline Content --><div  id=\"ctl-post-947\" class=\"ctl-story ctl-story-icon ctl-story-left even\"  data-story-index=\"24\" role=\"article\"><!-- Post Label --><div class=\"ctl-labels\"><div class=\"ctl-label-big story-date\">20. Januar , 2019<\/div><\/div><!-- Post Icon --><div class=\"ctl-icon\"><svg xmlns=\"http:\/\/www.w3.org\/2000\/svg\" height=\"1em\" viewBox=\"0 0 512 512\">\r\n\t\t\t\t<path d=\"M256 8C119 8 8 119 8 256s111 248 248 248 248-111 248-248S393 8 256 8zm0 448c-110.5 0-200-89.5-200-200S145.5 56 256 56s200 89.5 200 200-89.5 200-200 200zm61.8-104.4l-84.9-61.7c-3.1-2.3-4.9-5.9-4.9-9.7V116c0-6.6 5.4-12 12-12h32c6.6 0 12 5.4 12 12v141.7l66.8 48.6c5.4 3.9 6.5 11.4 2.6 16.8L334.6 349c-3.9 5.3-11.4 6.5-16.8 2.6z\"\/>\r\n\t\t\t\t<\/svg><\/div> <!-- Post Arrow --><div class=\"ctl-arrow\"><\/div>\r\n\t\t\t<!-- Post Content --><div class=\"ctl-content\"><!-- Post Title --><div class=\"ctl-title story-947\" aria-label=\"Das Finale des Woiwodschaftswettbewerbs der deutschen Sprache\"><a target=\"_self\" title=\"Das Finale des Woiwodschaftswettbewerbs der deutschen Sprache\" href=\"https:\/\/wirtualnemuzeum.skgd.pl\/de\/das-finale-des-woiwodschaftswettbewerbs-der-deutschen-sprache\/\" class=\"story-link\">Das Finale des Woiwodschaftswettbewerbs der deutschen Sprache<\/a><\/div><!-- Post Media --><div class=\"ctl-media full\"><a data-glightbox=\"Das Finale des Woiwodschaftswettbewerbs der deutschen Sprache\" href=\"https:\/\/wirtualnemuzeum.skgd.pl\/wp-content\/uploads\/2021\/03\/115_Olimpiada-scaled.jpg\" class=\"ctl_glightbox\"><img loading=\"lazy\" decoding=\"async\" width=\"1024\" height=\"678\" src=\"https:\/\/wirtualnemuzeum.skgd.pl\/wp-content\/uploads\/2021\/03\/115_Olimpiada-1024x678.jpg\" class=\"story-img wp-post-image\" alt=\"Das Finale des Woiwodschaftswettbewerbs der deutschen Sprache\" srcset=\"https:\/\/wirtualnemuzeum.skgd.pl\/wp-content\/uploads\/2021\/03\/115_Olimpiada-1024x678.jpg 1024w, https:\/\/wirtualnemuzeum.skgd.pl\/wp-content\/uploads\/2021\/03\/115_Olimpiada-300x199.jpg 300w, https:\/\/wirtualnemuzeum.skgd.pl\/wp-content\/uploads\/2021\/03\/115_Olimpiada-768x509.jpg 768w, https:\/\/wirtualnemuzeum.skgd.pl\/wp-content\/uploads\/2021\/03\/115_Olimpiada-1536x1017.jpg 1536w, https:\/\/wirtualnemuzeum.skgd.pl\/wp-content\/uploads\/2021\/03\/115_Olimpiada-2048x1356.jpg 2048w\" sizes=\"auto, (max-width: 1024px) 100vw, 1024px\" \/><\/a><\/div><\/div><\/div><!-- Post Year Section --><div data-cls=\"sc-nv-light vertical\" class=\"timeline-year scrollable-section ctl-year ctl-year-container light-year\" data-section-title=\"2018\" id=\"year-2018\"><div class=\"ctl-year-label ctl-year-text\"><span>2018<\/span><\/div><\/div><!-- Timeline Content --><div  id=\"ctl-post-847\" class=\"ctl-story ctl-story-icon ctl-story-right odd\"  data-story-index=\"25\" role=\"article\"><!-- Post Label --><div class=\"ctl-labels\"><div class=\"ctl-label-big story-date\">15. November , 2018<\/div><\/div><!-- Post Icon --><div class=\"ctl-icon\"><svg xmlns=\"http:\/\/www.w3.org\/2000\/svg\" height=\"1em\" viewBox=\"0 0 512 512\">\r\n\t\t\t\t<path d=\"M256 8C119 8 8 119 8 256s111 248 248 248 248-111 248-248S393 8 256 8zm0 448c-110.5 0-200-89.5-200-200S145.5 56 256 56s200 89.5 200 200-89.5 200-200 200zm61.8-104.4l-84.9-61.7c-3.1-2.3-4.9-5.9-4.9-9.7V116c0-6.6 5.4-12 12-12h32c6.6 0 12 5.4 12 12v141.7l66.8 48.6c5.4 3.9 6.5 11.4 2.6 16.8L334.6 349c-3.9 5.3-11.4 6.5-16.8 2.6z\"\/>\r\n\t\t\t\t<\/svg><\/div> <!-- Post Arrow --><div class=\"ctl-arrow\"><\/div>\r\n\t\t\t<!-- Post Content --><div class=\"ctl-content\"><!-- Post Title --><div class=\"ctl-title story-847\" aria-label=\"Unterzeichnung des Koalitionsvertrags f\u00fcr die Amtszeit 2018-2023\"><a target=\"_self\" title=\"Unterzeichnung des Koalitionsvertrags f\u00fcr die Amtszeit 2018-2023\" href=\"https:\/\/wirtualnemuzeum.skgd.pl\/de\/unterzeichnung-des-koalitionsvertrags-fur-die-amtszeit-2018-2023\/\" class=\"story-link\">Unterzeichnung des Koalitionsvertrags f\u00fcr die Amtszeit 2018-2023<\/a><\/div><!-- Post Media --><div class=\"ctl-media full\"><a data-glightbox=\"Unterzeichnung des Koalitionsvertrags f\u00fcr die Amtszeit 2018-2023\" href=\"https:\/\/wirtualnemuzeum.skgd.pl\/wp-content\/uploads\/2021\/03\/Podpis_98-scaled.jpg\" class=\"ctl_glightbox\"><img loading=\"lazy\" decoding=\"async\" width=\"1024\" height=\"683\" src=\"https:\/\/wirtualnemuzeum.skgd.pl\/wp-content\/uploads\/2021\/03\/Podpis_98-1024x683.jpg\" class=\"story-img wp-post-image\" alt=\"Unterzeichnung des Koalitionsvertrags f\u00fcr die Amtszeit 2018-2023\" srcset=\"https:\/\/wirtualnemuzeum.skgd.pl\/wp-content\/uploads\/2021\/03\/Podpis_98-1024x683.jpg 1024w, https:\/\/wirtualnemuzeum.skgd.pl\/wp-content\/uploads\/2021\/03\/Podpis_98-300x200.jpg 300w, https:\/\/wirtualnemuzeum.skgd.pl\/wp-content\/uploads\/2021\/03\/Podpis_98-768x512.jpg 768w, https:\/\/wirtualnemuzeum.skgd.pl\/wp-content\/uploads\/2021\/03\/Podpis_98-1536x1024.jpg 1536w, https:\/\/wirtualnemuzeum.skgd.pl\/wp-content\/uploads\/2021\/03\/Podpis_98-2048x1365.jpg 2048w\" sizes=\"auto, (max-width: 1024px) 100vw, 1024px\" \/><\/a><\/div><\/div><\/div><!-- Timeline Content --><div  id=\"ctl-post-671\" class=\"ctl-story ctl-story-icon ctl-story-left even\"  data-story-index=\"26\" role=\"article\"><!-- Post Label --><div class=\"ctl-labels\"><div class=\"ctl-label-big story-date\">6. Oktober , 2018<\/div><\/div><!-- Post Icon --><div class=\"ctl-icon\"><svg xmlns=\"http:\/\/www.w3.org\/2000\/svg\" height=\"1em\" viewBox=\"0 0 512 512\">\r\n\t\t\t\t<path d=\"M256 8C119 8 8 119 8 256s111 248 248 248 248-111 248-248S393 8 256 8zm0 448c-110.5 0-200-89.5-200-200S145.5 56 256 56s200 89.5 200 200-89.5 200-200 200zm61.8-104.4l-84.9-61.7c-3.1-2.3-4.9-5.9-4.9-9.7V116c0-6.6 5.4-12 12-12h32c6.6 0 12 5.4 12 12v141.7l66.8 48.6c5.4 3.9 6.5 11.4 2.6 16.8L334.6 349c-3.9 5.3-11.4 6.5-16.8 2.6z\"\/>\r\n\t\t\t\t<\/svg><\/div> <!-- Post Arrow --><div class=\"ctl-arrow\"><\/div>\r\n\t\t\t<!-- Post Content --><div class=\"ctl-content\"><!-- Post Title --><div class=\"ctl-title story-671\" aria-label=\"Oktoberfest in Krappitz\"><a target=\"_self\" title=\"Oktoberfest in Krappitz\" href=\"https:\/\/wirtualnemuzeum.skgd.pl\/de\/oktoberfest-in-krappitz\/\" class=\"story-link\">Oktoberfest in Krappitz<\/a><\/div><!-- Post Media --><div class=\"ctl-media full\"><a data-glightbox=\"Oktoberfest in Krappitz\" href=\"https:\/\/wirtualnemuzeum.skgd.pl\/wp-content\/uploads\/2021\/03\/Podpis_69-scaled.jpg\" class=\"ctl_glightbox\"><img loading=\"lazy\" decoding=\"async\" width=\"1024\" height=\"683\" src=\"https:\/\/wirtualnemuzeum.skgd.pl\/wp-content\/uploads\/2021\/03\/Podpis_69-1024x683.jpg\" class=\"story-img wp-post-image\" alt=\"Oktoberfest in Krappitz\" srcset=\"https:\/\/wirtualnemuzeum.skgd.pl\/wp-content\/uploads\/2021\/03\/Podpis_69-1024x683.jpg 1024w, https:\/\/wirtualnemuzeum.skgd.pl\/wp-content\/uploads\/2021\/03\/Podpis_69-300x200.jpg 300w, https:\/\/wirtualnemuzeum.skgd.pl\/wp-content\/uploads\/2021\/03\/Podpis_69-768x512.jpg 768w, https:\/\/wirtualnemuzeum.skgd.pl\/wp-content\/uploads\/2021\/03\/Podpis_69-1536x1024.jpg 1536w, https:\/\/wirtualnemuzeum.skgd.pl\/wp-content\/uploads\/2021\/03\/Podpis_69-2048x1365.jpg 2048w\" sizes=\"auto, (max-width: 1024px) 100vw, 1024px\" \/><\/a><\/div><\/div><\/div><!-- Timeline Content --><div  id=\"ctl-post-841\" class=\"ctl-story ctl-story-icon ctl-story-right odd\"  data-story-index=\"27\" role=\"article\"><!-- Post Label --><div class=\"ctl-labels\"><div class=\"ctl-label-big story-date\">18. September , 2018<\/div><\/div><!-- Post Icon --><div class=\"ctl-icon\"><svg xmlns=\"http:\/\/www.w3.org\/2000\/svg\" height=\"1em\" viewBox=\"0 0 512 512\">\r\n\t\t\t\t<path d=\"M256 8C119 8 8 119 8 256s111 248 248 248 248-111 248-248S393 8 256 8zm0 448c-110.5 0-200-89.5-200-200S145.5 56 256 56s200 89.5 200 200-89.5 200-200 200zm61.8-104.4l-84.9-61.7c-3.1-2.3-4.9-5.9-4.9-9.7V116c0-6.6 5.4-12 12-12h32c6.6 0 12 5.4 12 12v141.7l66.8 48.6c5.4 3.9 6.5 11.4 2.6 16.8L334.6 349c-3.9 5.3-11.4 6.5-16.8 2.6z\"\/>\r\n\t\t\t\t<\/svg><\/div> <!-- Post Arrow --><div class=\"ctl-arrow\"><\/div>\r\n\t\t\t<!-- Post Content --><div class=\"ctl-content\"><!-- Post Title --><div class=\"ctl-title story-841\" aria-label=\"Konvention des Wahlkomitees der W\u00e4hler der Deutschen Minderheit\"><a target=\"_self\" title=\"Konvention des Wahlkomitees der W\u00e4hler der Deutschen Minderheit\" href=\"https:\/\/wirtualnemuzeum.skgd.pl\/de\/konvention-des-wahlkomitees-der-wahler-der-deutschen-minderheit\/\" class=\"story-link\">Konvention des Wahlkomitees der W\u00e4hler der Deutschen Minderheit<\/a><\/div><!-- Post Media --><div class=\"ctl-media full\"><a data-glightbox=\"Konvention des Wahlkomitees der W\u00e4hler der Deutschen Minderheit\" href=\"https:\/\/wirtualnemuzeum.skgd.pl\/wp-content\/uploads\/2021\/03\/Podpis_97.jpg\" class=\"ctl_glightbox\"><img loading=\"lazy\" decoding=\"async\" width=\"1024\" height=\"576\" src=\"https:\/\/wirtualnemuzeum.skgd.pl\/wp-content\/uploads\/2021\/03\/Podpis_97-1024x576.jpg\" class=\"story-img wp-post-image\" alt=\"Konvention des Wahlkomitees der W\u00e4hler der Deutschen Minderheit\" srcset=\"https:\/\/wirtualnemuzeum.skgd.pl\/wp-content\/uploads\/2021\/03\/Podpis_97-1024x576.jpg 1024w, https:\/\/wirtualnemuzeum.skgd.pl\/wp-content\/uploads\/2021\/03\/Podpis_97-300x169.jpg 300w, https:\/\/wirtualnemuzeum.skgd.pl\/wp-content\/uploads\/2021\/03\/Podpis_97-768x432.jpg 768w, https:\/\/wirtualnemuzeum.skgd.pl\/wp-content\/uploads\/2021\/03\/Podpis_97-1536x864.jpg 1536w, https:\/\/wirtualnemuzeum.skgd.pl\/wp-content\/uploads\/2021\/03\/Podpis_97.jpg 1885w\" sizes=\"auto, (max-width: 1024px) 100vw, 1024px\" \/><\/a><\/div><\/div><\/div><!-- Timeline Content --><div  id=\"ctl-post-701\" class=\"ctl-story ctl-story-icon ctl-story-left even\"  data-story-index=\"28\" role=\"article\"><!-- Post Label --><div class=\"ctl-labels\"><div class=\"ctl-label-big story-date\">10. September , 2018<\/div><\/div><!-- Post Icon --><div class=\"ctl-icon\"><svg xmlns=\"http:\/\/www.w3.org\/2000\/svg\" height=\"1em\" viewBox=\"0 0 512 512\">\r\n\t\t\t\t<path d=\"M256 8C119 8 8 119 8 256s111 248 248 248 248-111 248-248S393 8 256 8zm0 448c-110.5 0-200-89.5-200-200S145.5 56 256 56s200 89.5 200 200-89.5 200-200 200zm61.8-104.4l-84.9-61.7c-3.1-2.3-4.9-5.9-4.9-9.7V116c0-6.6 5.4-12 12-12h32c6.6 0 12 5.4 12 12v141.7l66.8 48.6c5.4 3.9 6.5 11.4 2.6 16.8L334.6 349c-3.9 5.3-11.4 6.5-16.8 2.6z\"\/>\r\n\t\t\t\t<\/svg><\/div> <!-- Post Arrow --><div class=\"ctl-arrow\"><\/div>\r\n\t\t\t<!-- Post Content --><div class=\"ctl-content\"><!-- Post Title --><div class=\"ctl-title story-701\" aria-label=\"Karlsbrunn: Integrationsausfl\u00fcge f\u00fcr Mitglieder der deutschen Minderheit\"><a target=\"_self\" title=\"Karlsbrunn: Integrationsausfl\u00fcge f\u00fcr Mitglieder der deutschen Minderheit\" href=\"https:\/\/wirtualnemuzeum.skgd.pl\/de\/karlsbrunn-integrationsausfluge-fur-mitglieder-der-deutschen-minderheit\/\" class=\"story-link\">Karlsbrunn: Integrationsausfl\u00fcge f\u00fcr Mitglieder der deutschen Minderheit<\/a><\/div><!-- Post Media --><div class=\"ctl-media full\"><a data-glightbox=\"Karlsbrunn: Integrationsausfl\u00fcge f\u00fcr Mitglieder der deutschen Minderheit\" href=\"https:\/\/wirtualnemuzeum.skgd.pl\/wp-content\/uploads\/2021\/03\/Podpis_74-scaled.jpg\" class=\"ctl_glightbox\"><img loading=\"lazy\" decoding=\"async\" width=\"1024\" height=\"768\" src=\"https:\/\/wirtualnemuzeum.skgd.pl\/wp-content\/uploads\/2021\/03\/Podpis_74-1024x768.jpg\" class=\"story-img wp-post-image\" alt=\"Karlsbrunn: Integrationsausfl\u00fcge f\u00fcr Mitglieder der deutschen Minderheit\" srcset=\"https:\/\/wirtualnemuzeum.skgd.pl\/wp-content\/uploads\/2021\/03\/Podpis_74-1024x768.jpg 1024w, https:\/\/wirtualnemuzeum.skgd.pl\/wp-content\/uploads\/2021\/03\/Podpis_74-300x225.jpg 300w, https:\/\/wirtualnemuzeum.skgd.pl\/wp-content\/uploads\/2021\/03\/Podpis_74-768x576.jpg 768w, https:\/\/wirtualnemuzeum.skgd.pl\/wp-content\/uploads\/2021\/03\/Podpis_74-1536x1152.jpg 1536w, https:\/\/wirtualnemuzeum.skgd.pl\/wp-content\/uploads\/2021\/03\/Podpis_74-2048x1536.jpg 2048w\" sizes=\"auto, (max-width: 1024px) 100vw, 1024px\" \/><\/a><\/div><\/div><\/div><!-- Timeline Content --><div  id=\"ctl-post-585\" class=\"ctl-story ctl-story-icon ctl-story-right odd\"  data-story-index=\"29\" role=\"article\"><!-- Post Label --><div class=\"ctl-labels\"><div class=\"ctl-label-big story-date\">4. Juli , 2018<\/div><\/div><!-- Post Icon --><div class=\"ctl-icon\"><svg xmlns=\"http:\/\/www.w3.org\/2000\/svg\" height=\"1em\" viewBox=\"0 0 512 512\">\r\n\t\t\t\t<path d=\"M256 8C119 8 8 119 8 256s111 248 248 248 248-111 248-248S393 8 256 8zm0 448c-110.5 0-200-89.5-200-200S145.5 56 256 56s200 89.5 200 200-89.5 200-200 200zm61.8-104.4l-84.9-61.7c-3.1-2.3-4.9-5.9-4.9-9.7V116c0-6.6 5.4-12 12-12h32c6.6 0 12 5.4 12 12v141.7l66.8 48.6c5.4 3.9 6.5 11.4 2.6 16.8L334.6 349c-3.9 5.3-11.4 6.5-16.8 2.6z\"\/>\r\n\t\t\t\t<\/svg><\/div> <!-- Post Arrow --><div class=\"ctl-arrow\"><\/div>\r\n\t\t\t<!-- Post Content --><div class=\"ctl-content\"><!-- Post Title --><div class=\"ctl-title story-585\" aria-label=\"Frau R\u00f3\u017ca Kerner wurde das Bundesverdienstkreuz am Bande verliehen\"><a target=\"_self\" title=\"Frau R\u00f3\u017ca Kerner wurde das Bundesverdienstkreuz am Bande verliehen\" href=\"https:\/\/wirtualnemuzeum.skgd.pl\/de\/frau-roza-kerner-wurde-das-bundesverdienstkreuz-am-bande-verliehen\/\" class=\"story-link\">Frau R\u00f3\u017ca Kerner wurde das Bundesverdienstkreuz am Bande verliehen<\/a><\/div><!-- Post Media --><div class=\"ctl-media full\"><a data-glightbox=\"Frau R\u00f3\u017ca Kerner wurde das Bundesverdienstkreuz am Bande verliehen\" href=\"https:\/\/wirtualnemuzeum.skgd.pl\/wp-content\/uploads\/2021\/03\/Podpis_55-scaled.jpg\" class=\"ctl_glightbox\"><img loading=\"lazy\" decoding=\"async\" width=\"1024\" height=\"683\" src=\"https:\/\/wirtualnemuzeum.skgd.pl\/wp-content\/uploads\/2021\/03\/Podpis_55-1024x683.jpg\" class=\"story-img wp-post-image\" alt=\"Frau R\u00f3\u017ca Kerner wurde das Bundesverdienstkreuz am Bande verliehen\" srcset=\"https:\/\/wirtualnemuzeum.skgd.pl\/wp-content\/uploads\/2021\/03\/Podpis_55-1024x683.jpg 1024w, https:\/\/wirtualnemuzeum.skgd.pl\/wp-content\/uploads\/2021\/03\/Podpis_55-300x200.jpg 300w, https:\/\/wirtualnemuzeum.skgd.pl\/wp-content\/uploads\/2021\/03\/Podpis_55-768x512.jpg 768w, https:\/\/wirtualnemuzeum.skgd.pl\/wp-content\/uploads\/2021\/03\/Podpis_55-1536x1024.jpg 1536w, https:\/\/wirtualnemuzeum.skgd.pl\/wp-content\/uploads\/2021\/03\/Podpis_55-2048x1365.jpg 2048w\" sizes=\"auto, (max-width: 1024px) 100vw, 1024px\" \/><\/a><\/div><\/div><\/div><!-- Timeline Content --><div  id=\"ctl-post-780\" class=\"ctl-story ctl-story-icon ctl-story-left even\"  data-story-index=\"30\" role=\"article\"><!-- Post Label --><div class=\"ctl-labels\"><div class=\"ctl-label-big story-date\">30. Juni , 2018<\/div><\/div><!-- Post Icon --><div class=\"ctl-icon\"><svg xmlns=\"http:\/\/www.w3.org\/2000\/svg\" height=\"1em\" viewBox=\"0 0 512 512\">\r\n\t\t\t\t<path d=\"M256 8C119 8 8 119 8 256s111 248 248 248 248-111 248-248S393 8 256 8zm0 448c-110.5 0-200-89.5-200-200S145.5 56 256 56s200 89.5 200 200-89.5 200-200 200zm61.8-104.4l-84.9-61.7c-3.1-2.3-4.9-5.9-4.9-9.7V116c0-6.6 5.4-12 12-12h32c6.6 0 12 5.4 12 12v141.7l66.8 48.6c5.4 3.9 6.5 11.4 2.6 16.8L334.6 349c-3.9 5.3-11.4 6.5-16.8 2.6z\"\/>\r\n\t\t\t\t<\/svg><\/div> <!-- Post Arrow --><div class=\"ctl-arrow\"><\/div>\r\n\t\t\t<!-- Post Content --><div class=\"ctl-content\"><!-- Post Title --><div class=\"ctl-title story-780\" aria-label=\"Feierlichkeiten zum 100. Geburtstag von Johann Kroll\"><a target=\"_self\" title=\"Feierlichkeiten zum 100. Geburtstag von Johann Kroll\" href=\"https:\/\/wirtualnemuzeum.skgd.pl\/de\/feierlichkeiten-zum-100-geburtstag-von-johann-kroll\/\" class=\"story-link\">Feierlichkeiten zum 100. Geburtstag von Johann Kroll<\/a><\/div><!-- Post Media --><div class=\"ctl-media full\"><a data-glightbox=\"Feierlichkeiten zum 100. Geburtstag von Johann Kroll\" href=\"https:\/\/wirtualnemuzeum.skgd.pl\/wp-content\/uploads\/2021\/03\/Podpis_87-scaled.jpg\" class=\"ctl_glightbox\"><img loading=\"lazy\" decoding=\"async\" width=\"1024\" height=\"683\" src=\"https:\/\/wirtualnemuzeum.skgd.pl\/wp-content\/uploads\/2021\/03\/Podpis_87-1024x683.jpg\" class=\"story-img wp-post-image\" alt=\"Feierlichkeiten zum 100. Geburtstag von Johann Kroll\" srcset=\"https:\/\/wirtualnemuzeum.skgd.pl\/wp-content\/uploads\/2021\/03\/Podpis_87-1024x683.jpg 1024w, https:\/\/wirtualnemuzeum.skgd.pl\/wp-content\/uploads\/2021\/03\/Podpis_87-300x200.jpg 300w, https:\/\/wirtualnemuzeum.skgd.pl\/wp-content\/uploads\/2021\/03\/Podpis_87-768x512.jpg 768w, https:\/\/wirtualnemuzeum.skgd.pl\/wp-content\/uploads\/2021\/03\/Podpis_87-1536x1024.jpg 1536w, https:\/\/wirtualnemuzeum.skgd.pl\/wp-content\/uploads\/2021\/03\/Podpis_87-2048x1365.jpg 2048w\" sizes=\"auto, (max-width: 1024px) 100vw, 1024px\" \/><\/a><\/div><\/div><\/div><!-- Timeline Content --><div  id=\"ctl-post-941\" class=\"ctl-story ctl-story-icon ctl-story-right odd\"  data-story-index=\"31\" role=\"article\"><!-- Post Label --><div class=\"ctl-labels\"><div class=\"ctl-label-big story-date\">16. Juni , 2018<\/div><\/div><!-- Post Icon --><div class=\"ctl-icon\"><svg xmlns=\"http:\/\/www.w3.org\/2000\/svg\" height=\"1em\" viewBox=\"0 0 512 512\">\r\n\t\t\t\t<path d=\"M256 8C119 8 8 119 8 256s111 248 248 248 248-111 248-248S393 8 256 8zm0 448c-110.5 0-200-89.5-200-200S145.5 56 256 56s200 89.5 200 200-89.5 200-200 200zm61.8-104.4l-84.9-61.7c-3.1-2.3-4.9-5.9-4.9-9.7V116c0-6.6 5.4-12 12-12h32c6.6 0 12 5.4 12 12v141.7l66.8 48.6c5.4 3.9 6.5 11.4 2.6 16.8L334.6 349c-3.9 5.3-11.4 6.5-16.8 2.6z\"\/>\r\n\t\t\t\t<\/svg><\/div> <!-- Post Arrow --><div class=\"ctl-arrow\"><\/div>\r\n\t\t\t<!-- Post Content --><div class=\"ctl-content\"><!-- Post Title --><div class=\"ctl-title story-941\" aria-label=\"Das Finale des deutschen Liederwettbewerbs \u201eSUPERSTAR&#8220;\"><a target=\"_self\" title=\"Das Finale des deutschen Liederwettbewerbs \u201eSUPERSTAR&#8220;\" href=\"https:\/\/wirtualnemuzeum.skgd.pl\/de\/das-finale-des-deutschen-liederwettbewerbs-superstar-2\/\" class=\"story-link\">Das Finale des deutschen Liederwettbewerbs \u201eSUPERSTAR&#8220;<\/a><\/div><!-- Post Media --><div class=\"ctl-media full\"><a data-glightbox=\"Das Finale des deutschen Liederwettbewerbs \u201eSUPERSTAR&#8220;\" href=\"https:\/\/wirtualnemuzeum.skgd.pl\/wp-content\/uploads\/2021\/03\/114_Superstar.jpg\" class=\"ctl_glightbox\"><img loading=\"lazy\" decoding=\"async\" width=\"1024\" height=\"683\" src=\"https:\/\/wirtualnemuzeum.skgd.pl\/wp-content\/uploads\/2021\/03\/114_Superstar-1024x683.jpg\" class=\"story-img wp-post-image\" alt=\"Das Finale des deutschen Liederwettbewerbs \u201eSUPERSTAR&#8220;\" srcset=\"https:\/\/wirtualnemuzeum.skgd.pl\/wp-content\/uploads\/2021\/03\/114_Superstar-1024x683.jpg 1024w, https:\/\/wirtualnemuzeum.skgd.pl\/wp-content\/uploads\/2021\/03\/114_Superstar-300x200.jpg 300w, https:\/\/wirtualnemuzeum.skgd.pl\/wp-content\/uploads\/2021\/03\/114_Superstar-768x512.jpg 768w, https:\/\/wirtualnemuzeum.skgd.pl\/wp-content\/uploads\/2021\/03\/114_Superstar-1536x1024.jpg 1536w, https:\/\/wirtualnemuzeum.skgd.pl\/wp-content\/uploads\/2021\/03\/114_Superstar-2048x1365.jpg 2048w\" sizes=\"auto, (max-width: 1024px) 100vw, 1024px\" \/><\/a><\/div><\/div><\/div><!-- Timeline Content --><div  id=\"ctl-post-863\" class=\"ctl-story ctl-story-icon ctl-story-left even\"  data-story-index=\"32\" role=\"article\"><!-- Post Label --><div class=\"ctl-labels\"><div class=\"ctl-label-big story-date\">6. Juni , 2018<\/div><\/div><!-- Post Icon --><div class=\"ctl-icon\"><svg xmlns=\"http:\/\/www.w3.org\/2000\/svg\" height=\"1em\" viewBox=\"0 0 512 512\">\r\n\t\t\t\t<path d=\"M256 8C119 8 8 119 8 256s111 248 248 248 248-111 248-248S393 8 256 8zm0 448c-110.5 0-200-89.5-200-200S145.5 56 256 56s200 89.5 200 200-89.5 200-200 200zm61.8-104.4l-84.9-61.7c-3.1-2.3-4.9-5.9-4.9-9.7V116c0-6.6 5.4-12 12-12h32c6.6 0 12 5.4 12 12v141.7l66.8 48.6c5.4 3.9 6.5 11.4 2.6 16.8L334.6 349c-3.9 5.3-11.4 6.5-16.8 2.6z\"\/>\r\n\t\t\t\t<\/svg><\/div> <!-- Post Arrow --><div class=\"ctl-arrow\"><\/div>\r\n\t\t\t<!-- Post Content --><div class=\"ctl-content\"><!-- Post Title --><div class=\"ctl-title story-863\" aria-label=\"Vertreter der deutschen Minderheit in Polen trafen sich in Warschau mit dem deutschen Bundespr\u00e4sidenten Frank-Walter Steinmeier\"><a target=\"_self\" title=\"Vertreter der deutschen Minderheit in Polen trafen sich in Warschau mit dem deutschen Bundespr\u00e4sidenten Frank-Walter Steinmeier\" href=\"https:\/\/wirtualnemuzeum.skgd.pl\/de\/vertreter-der-deutschen-minderheit-in-polen-trafen-sich-in-warschau-mit-dem-deutschen-bundesprasidenten-frank-walter-steinmeier\/\" class=\"story-link\">Vertreter der deutschen Minderheit in Polen trafen sich in Warschau mit dem deutschen Bundespr\u00e4sidenten Frank-Walter Steinmeier<\/a><\/div><!-- Post Media --><div class=\"ctl-media full\"><a data-glightbox=\"Vertreter der deutschen Minderheit in Polen trafen sich in Warschau mit dem deutschen Bundespr\u00e4sidenten Frank-Walter Steinmeier\" href=\"https:\/\/wirtualnemuzeum.skgd.pl\/wp-content\/uploads\/2021\/03\/Podpis_101.jpg\" class=\"ctl_glightbox\"><img loading=\"lazy\" decoding=\"async\" width=\"1024\" height=\"683\" src=\"https:\/\/wirtualnemuzeum.skgd.pl\/wp-content\/uploads\/2021\/03\/Podpis_101-1024x683.jpg\" class=\"story-img wp-post-image\" alt=\"Vertreter der deutschen Minderheit in Polen trafen sich in Warschau mit dem deutschen Bundespr\u00e4sidenten Frank-Walter Steinmeier\" srcset=\"https:\/\/wirtualnemuzeum.skgd.pl\/wp-content\/uploads\/2021\/03\/Podpis_101-1024x683.jpg 1024w, https:\/\/wirtualnemuzeum.skgd.pl\/wp-content\/uploads\/2021\/03\/Podpis_101-300x200.jpg 300w, https:\/\/wirtualnemuzeum.skgd.pl\/wp-content\/uploads\/2021\/03\/Podpis_101-768x512.jpg 768w, https:\/\/wirtualnemuzeum.skgd.pl\/wp-content\/uploads\/2021\/03\/Podpis_101.jpg 1200w\" sizes=\"auto, (max-width: 1024px) 100vw, 1024px\" \/><\/a><\/div><\/div><\/div><!-- Timeline Content --><div  id=\"ctl-post-665\" class=\"ctl-story ctl-story-icon ctl-story-right odd\"  data-story-index=\"33\" role=\"article\"><!-- Post Label --><div class=\"ctl-labels\"><div class=\"ctl-label-big story-date\">13. Mai , 2018<\/div><\/div><!-- Post Icon --><div class=\"ctl-icon\"><svg xmlns=\"http:\/\/www.w3.org\/2000\/svg\" height=\"1em\" viewBox=\"0 0 512 512\">\r\n\t\t\t\t<path d=\"M256 8C119 8 8 119 8 256s111 248 248 248 248-111 248-248S393 8 256 8zm0 448c-110.5 0-200-89.5-200-200S145.5 56 256 56s200 89.5 200 200-89.5 200-200 200zm61.8-104.4l-84.9-61.7c-3.1-2.3-4.9-5.9-4.9-9.7V116c0-6.6 5.4-12 12-12h32c6.6 0 12 5.4 12 12v141.7l66.8 48.6c5.4 3.9 6.5 11.4 2.6 16.8L334.6 349c-3.9 5.3-11.4 6.5-16.8 2.6z\"\/>\r\n\t\t\t\t<\/svg><\/div> <!-- Post Arrow --><div class=\"ctl-arrow\"><\/div>\r\n\t\t\t<!-- Post Content --><div class=\"ctl-content\"><!-- Post Title --><div class=\"ctl-title story-665\" aria-label=\"Kreiskonzert in Lonschnik\"><a target=\"_self\" title=\"Kreiskonzert in Lonschnik\" href=\"https:\/\/wirtualnemuzeum.skgd.pl\/de\/kreiskonzert-in-lonschnik\/\" class=\"story-link\">Kreiskonzert in Lonschnik<\/a><\/div><!-- Post Media --><div class=\"ctl-media full\"><a data-glightbox=\"Kreiskonzert in Lonschnik\" href=\"https:\/\/wirtualnemuzeum.skgd.pl\/wp-content\/uploads\/2021\/03\/Podpis_68-scaled.jpg\" class=\"ctl_glightbox\"><img loading=\"lazy\" decoding=\"async\" width=\"1024\" height=\"683\" src=\"https:\/\/wirtualnemuzeum.skgd.pl\/wp-content\/uploads\/2021\/03\/Podpis_68-1024x683.jpg\" class=\"story-img wp-post-image\" alt=\"Kreiskonzert in Lonschnik\" srcset=\"https:\/\/wirtualnemuzeum.skgd.pl\/wp-content\/uploads\/2021\/03\/Podpis_68-1024x683.jpg 1024w, https:\/\/wirtualnemuzeum.skgd.pl\/wp-content\/uploads\/2021\/03\/Podpis_68-300x200.jpg 300w, https:\/\/wirtualnemuzeum.skgd.pl\/wp-content\/uploads\/2021\/03\/Podpis_68-768x512.jpg 768w, https:\/\/wirtualnemuzeum.skgd.pl\/wp-content\/uploads\/2021\/03\/Podpis_68-1536x1024.jpg 1536w, https:\/\/wirtualnemuzeum.skgd.pl\/wp-content\/uploads\/2021\/03\/Podpis_68-2048x1365.jpg 2048w\" sizes=\"auto, (max-width: 1024px) 100vw, 1024px\" \/><\/a><\/div><\/div><\/div><!-- Timeline Content --><div  id=\"ctl-post-923\" class=\"ctl-story ctl-story-icon ctl-story-left even\"  data-story-index=\"34\" role=\"article\"><!-- Post Label --><div class=\"ctl-labels\"><div class=\"ctl-label-big story-date\">8. Mai , 2018<\/div><\/div><!-- Post Icon --><div class=\"ctl-icon\"><svg xmlns=\"http:\/\/www.w3.org\/2000\/svg\" height=\"1em\" viewBox=\"0 0 512 512\">\r\n\t\t\t\t<path d=\"M256 8C119 8 8 119 8 256s111 248 248 248 248-111 248-248S393 8 256 8zm0 448c-110.5 0-200-89.5-200-200S145.5 56 256 56s200 89.5 200 200-89.5 200-200 200zm61.8-104.4l-84.9-61.7c-3.1-2.3-4.9-5.9-4.9-9.7V116c0-6.6 5.4-12 12-12h32c6.6 0 12 5.4 12 12v141.7l66.8 48.6c5.4 3.9 6.5 11.4 2.6 16.8L334.6 349c-3.9 5.3-11.4 6.5-16.8 2.6z\"\/>\r\n\t\t\t\t<\/svg><\/div> <!-- Post Arrow --><div class=\"ctl-arrow\"><\/div>\r\n\t\t\t<!-- Post Content --><div class=\"ctl-content\"><!-- Post Title --><div class=\"ctl-title story-923\" aria-label=\"\u00dcbergabe der Unterschriften im Rahmen der Initiative Minority Safe Pack an das polnische Ministerium f\u00fcr Digitalisierung\"><a target=\"_self\" title=\"\u00dcbergabe der Unterschriften im Rahmen der Initiative Minority Safe Pack an das polnische Ministerium f\u00fcr Digitalisierung\" href=\"https:\/\/wirtualnemuzeum.skgd.pl\/de\/ubergabe-der-unterschriften-im-rahmen-der-initiative-minority-safe-pack-an-das-polnische-ministerium-fur-digitalisierung\/\" class=\"story-link\">\u00dcbergabe der Unterschriften im Rahmen der Initiative Minority Safe Pack an das polnische Ministerium f\u00fcr Digitalisierung<\/a><\/div><!-- Post Media --><div class=\"ctl-media full\"><a data-glightbox=\"\u00dcbergabe der Unterschriften im Rahmen der Initiative Minority Safe Pack an das polnische Ministerium f\u00fcr Digitalisierung\" href=\"https:\/\/wirtualnemuzeum.skgd.pl\/wp-content\/uploads\/2021\/03\/Podpis_111-scaled.jpg\" class=\"ctl_glightbox\"><img loading=\"lazy\" decoding=\"async\" width=\"1024\" height=\"683\" src=\"https:\/\/wirtualnemuzeum.skgd.pl\/wp-content\/uploads\/2021\/03\/Podpis_111-1024x683.jpg\" class=\"story-img wp-post-image\" alt=\"\u00dcbergabe der Unterschriften im Rahmen der Initiative Minority Safe Pack an das polnische Ministerium f\u00fcr Digitalisierung\" srcset=\"https:\/\/wirtualnemuzeum.skgd.pl\/wp-content\/uploads\/2021\/03\/Podpis_111-1024x683.jpg 1024w, https:\/\/wirtualnemuzeum.skgd.pl\/wp-content\/uploads\/2021\/03\/Podpis_111-300x200.jpg 300w, https:\/\/wirtualnemuzeum.skgd.pl\/wp-content\/uploads\/2021\/03\/Podpis_111-768x512.jpg 768w, https:\/\/wirtualnemuzeum.skgd.pl\/wp-content\/uploads\/2021\/03\/Podpis_111-1536x1025.jpg 1536w, https:\/\/wirtualnemuzeum.skgd.pl\/wp-content\/uploads\/2021\/03\/Podpis_111-2048x1367.jpg 2048w\" sizes=\"auto, (max-width: 1024px) 100vw, 1024px\" \/><\/a><\/div><\/div><\/div><!-- Timeline Content --><div  id=\"ctl-post-281\" class=\"ctl-story ctl-story-icon ctl-story-right odd\"  data-story-index=\"35\" role=\"article\"><!-- Post Label --><div class=\"ctl-labels\"><div class=\"ctl-label-big story-date\">10. M\u00e4rz , 2018<\/div><\/div><!-- Post Icon --><div class=\"ctl-icon\"><svg xmlns=\"http:\/\/www.w3.org\/2000\/svg\" height=\"1em\" viewBox=\"0 0 512 512\">\r\n\t\t\t\t<path d=\"M256 8C119 8 8 119 8 256s111 248 248 248 248-111 248-248S393 8 256 8zm0 448c-110.5 0-200-89.5-200-200S145.5 56 256 56s200 89.5 200 200-89.5 200-200 200zm61.8-104.4l-84.9-61.7c-3.1-2.3-4.9-5.9-4.9-9.7V116c0-6.6 5.4-12 12-12h32c6.6 0 12 5.4 12 12v141.7l66.8 48.6c5.4 3.9 6.5 11.4 2.6 16.8L334.6 349c-3.9 5.3-11.4 6.5-16.8 2.6z\"\/>\r\n\t\t\t\t<\/svg><\/div> <!-- Post Arrow --><div class=\"ctl-arrow\"><\/div>\r\n\t\t\t<!-- Post Content --><div class=\"ctl-content\"><!-- Post Title --><div class=\"ctl-title story-281\" aria-label=\"Das Johann-Kroll-Stipendium der Stiftung f\u00fcr die Entwicklung Schlesiens wird ins Leben berufen\"><a target=\"_self\" title=\"Das Johann-Kroll-Stipendium der Stiftung f\u00fcr die Entwicklung Schlesiens wird ins Leben berufen\" href=\"https:\/\/wirtualnemuzeum.skgd.pl\/de\/das-johann-kroll-stipendium-der-stiftung-fur-die-entwicklung-schlesiens-wird-ins-leben-berufen\/\" class=\"story-link\">Das Johann-Kroll-Stipendium der Stiftung f\u00fcr die Entwicklung Schlesiens wird ins Leben berufen<\/a><\/div><!-- Post Media --><div class=\"ctl-media full\"><a data-glightbox=\"Das Johann-Kroll-Stipendium der Stiftung f\u00fcr die Entwicklung Schlesiens wird ins Leben berufen\" href=\"https:\/\/wirtualnemuzeum.skgd.pl\/wp-content\/uploads\/2021\/03\/Podpis_8-scaled.jpg\" class=\"ctl_glightbox\"><img loading=\"lazy\" decoding=\"async\" width=\"1024\" height=\"683\" src=\"https:\/\/wirtualnemuzeum.skgd.pl\/wp-content\/uploads\/2021\/03\/Podpis_8-1024x683.jpg\" class=\"story-img wp-post-image\" alt=\"Das Johann-Kroll-Stipendium der Stiftung f\u00fcr die Entwicklung Schlesiens wird ins Leben berufen\" srcset=\"https:\/\/wirtualnemuzeum.skgd.pl\/wp-content\/uploads\/2021\/03\/Podpis_8-1024x683.jpg 1024w, https:\/\/wirtualnemuzeum.skgd.pl\/wp-content\/uploads\/2021\/03\/Podpis_8-300x200.jpg 300w, https:\/\/wirtualnemuzeum.skgd.pl\/wp-content\/uploads\/2021\/03\/Podpis_8-768x512.jpg 768w, https:\/\/wirtualnemuzeum.skgd.pl\/wp-content\/uploads\/2021\/03\/Podpis_8-1536x1024.jpg 1536w, https:\/\/wirtualnemuzeum.skgd.pl\/wp-content\/uploads\/2021\/03\/Podpis_8-2048x1365.jpg 2048w\" sizes=\"auto, (max-width: 1024px) 100vw, 1024px\" \/><\/a><\/div><\/div><\/div><!-- Timeline Content --><div  id=\"ctl-post-597\" class=\"ctl-story ctl-story-icon ctl-story-left even\"  data-story-index=\"36\" role=\"article\"><!-- Post Label --><div class=\"ctl-labels\"><div class=\"ctl-label-big story-date\">28. Februar , 2018<\/div><\/div><!-- Post Icon --><div class=\"ctl-icon\"><svg xmlns=\"http:\/\/www.w3.org\/2000\/svg\" height=\"1em\" viewBox=\"0 0 512 512\">\r\n\t\t\t\t<path d=\"M256 8C119 8 8 119 8 256s111 248 248 248 248-111 248-248S393 8 256 8zm0 448c-110.5 0-200-89.5-200-200S145.5 56 256 56s200 89.5 200 200-89.5 200-200 200zm61.8-104.4l-84.9-61.7c-3.1-2.3-4.9-5.9-4.9-9.7V116c0-6.6 5.4-12 12-12h32c6.6 0 12 5.4 12 12v141.7l66.8 48.6c5.4 3.9 6.5 11.4 2.6 16.8L334.6 349c-3.9 5.3-11.4 6.5-16.8 2.6z\"\/>\r\n\t\t\t\t<\/svg><\/div> <!-- Post Arrow --><div class=\"ctl-arrow\"><\/div>\r\n\t\t\t<!-- Post Content --><div class=\"ctl-content\"><!-- Post Title --><div class=\"ctl-title story-597\" aria-label=\"Miroslav Klose besuchte Oppeln und Chronstau\"><a target=\"_self\" title=\"Miroslav Klose besuchte Oppeln und Chronstau\" href=\"https:\/\/wirtualnemuzeum.skgd.pl\/de\/miroslav-klose-besuchte-oppeln-und-chronstau\/\" class=\"story-link\">Miroslav Klose besuchte Oppeln und Chronstau<\/a><\/div><!-- Post Media --><div class=\"ctl-media full\"><a data-glightbox=\"Miroslav Klose besuchte Oppeln und Chronstau\" href=\"https:\/\/wirtualnemuzeum.skgd.pl\/wp-content\/uploads\/2021\/03\/Podpis_57-scaled.jpg\" class=\"ctl_glightbox\"><img loading=\"lazy\" decoding=\"async\" width=\"1024\" height=\"683\" src=\"https:\/\/wirtualnemuzeum.skgd.pl\/wp-content\/uploads\/2021\/03\/Podpis_57-1024x683.jpg\" class=\"story-img wp-post-image\" alt=\"Miroslav Klose besuchte Oppeln und Chronstau\" srcset=\"https:\/\/wirtualnemuzeum.skgd.pl\/wp-content\/uploads\/2021\/03\/Podpis_57-1024x683.jpg 1024w, https:\/\/wirtualnemuzeum.skgd.pl\/wp-content\/uploads\/2021\/03\/Podpis_57-300x200.jpg 300w, https:\/\/wirtualnemuzeum.skgd.pl\/wp-content\/uploads\/2021\/03\/Podpis_57-768x512.jpg 768w, https:\/\/wirtualnemuzeum.skgd.pl\/wp-content\/uploads\/2021\/03\/Podpis_57-1536x1024.jpg 1536w, https:\/\/wirtualnemuzeum.skgd.pl\/wp-content\/uploads\/2021\/03\/Podpis_57-2048x1365.jpg 2048w\" sizes=\"auto, (max-width: 1024px) 100vw, 1024px\" \/><\/a><\/div><\/div><\/div><!-- Post Year Section --><div data-cls=\"sc-nv-light vertical\" class=\"timeline-year scrollable-section ctl-year ctl-year-container light-year\" data-section-title=\"2017\" id=\"year-2017\"><div class=\"ctl-year-label ctl-year-text\"><span>2017<\/span><\/div><\/div><!-- Timeline Content --><div  id=\"ctl-post-578\" class=\"ctl-story ctl-story-icon ctl-story-right odd\"  data-story-index=\"37\" role=\"article\"><!-- Post Label --><div class=\"ctl-labels\"><div class=\"ctl-label-big story-date\">28. Dezember , 2017<\/div><\/div><!-- Post Icon --><div class=\"ctl-icon\"><svg xmlns=\"http:\/\/www.w3.org\/2000\/svg\" height=\"1em\" viewBox=\"0 0 512 512\">\r\n\t\t\t\t<path d=\"M256 8C119 8 8 119 8 256s111 248 248 248 248-111 248-248S393 8 256 8zm0 448c-110.5 0-200-89.5-200-200S145.5 56 256 56s200 89.5 200 200-89.5 200-200 200zm61.8-104.4l-84.9-61.7c-3.1-2.3-4.9-5.9-4.9-9.7V116c0-6.6 5.4-12 12-12h32c6.6 0 12 5.4 12 12v141.7l66.8 48.6c5.4 3.9 6.5 11.4 2.6 16.8L334.6 349c-3.9 5.3-11.4 6.5-16.8 2.6z\"\/>\r\n\t\t\t\t<\/svg><\/div> <!-- Post Arrow --><div class=\"ctl-arrow\"><\/div>\r\n\t\t\t<!-- Post Content --><div class=\"ctl-content\"><!-- Post Title --><div class=\"ctl-title story-578\" aria-label=\"Die erste Auff\u00fchrung des Dokumentarfilms \u00fcber das Leben in Oppeln in der Vorkriegszeit unter dem Titel \u201eGruss aus Oppeln\u201c\"><a target=\"_self\" title=\"Die erste Auff\u00fchrung des Dokumentarfilms \u00fcber das Leben in Oppeln in der Vorkriegszeit unter dem Titel \u201eGruss aus Oppeln\u201c\" href=\"https:\/\/wirtualnemuzeum.skgd.pl\/de\/die-erste-auffuhrung-des-dokumentarfilms-uber-das-leben-in-oppeln-in-der-vorkriegszeit-unter-dem-titel-gruss-aus-oppeln\/\" class=\"story-link\">Die erste Auff\u00fchrung des Dokumentarfilms \u00fcber das Leben in Oppeln in der Vorkriegszeit unter dem Titel \u201eGruss aus Oppeln\u201c<\/a><\/div><!-- Post Media --><div class=\"ctl-media full\"><a data-glightbox=\"Die erste Auff\u00fchrung des Dokumentarfilms \u00fcber das Leben in Oppeln in der Vorkriegszeit unter dem Titel \u201eGruss aus Oppeln\u201c\" href=\"https:\/\/wirtualnemuzeum.skgd.pl\/wp-content\/uploads\/2021\/03\/Podpis_54-scaled.jpg\" class=\"ctl_glightbox\"><img loading=\"lazy\" decoding=\"async\" width=\"1024\" height=\"683\" src=\"https:\/\/wirtualnemuzeum.skgd.pl\/wp-content\/uploads\/2021\/03\/Podpis_54-1024x683.jpg\" class=\"story-img wp-post-image\" alt=\"Die erste Auff\u00fchrung des Dokumentarfilms \u00fcber das Leben in Oppeln in der Vorkriegszeit unter dem Titel \u201eGruss aus Oppeln\u201c\" srcset=\"https:\/\/wirtualnemuzeum.skgd.pl\/wp-content\/uploads\/2021\/03\/Podpis_54-1024x683.jpg 1024w, https:\/\/wirtualnemuzeum.skgd.pl\/wp-content\/uploads\/2021\/03\/Podpis_54-300x200.jpg 300w, https:\/\/wirtualnemuzeum.skgd.pl\/wp-content\/uploads\/2021\/03\/Podpis_54-768x512.jpg 768w, https:\/\/wirtualnemuzeum.skgd.pl\/wp-content\/uploads\/2021\/03\/Podpis_54-1536x1024.jpg 1536w, https:\/\/wirtualnemuzeum.skgd.pl\/wp-content\/uploads\/2021\/03\/Podpis_54-2048x1365.jpg 2048w\" sizes=\"auto, (max-width: 1024px) 100vw, 1024px\" \/><\/a><\/div><\/div><\/div><!-- Timeline Content --><div  id=\"ctl-post-621\" class=\"ctl-story ctl-story-icon ctl-story-left even\"  data-story-index=\"38\" role=\"article\"><!-- Post Label --><div class=\"ctl-labels\"><div class=\"ctl-label-big story-date\">11. Dezember , 2017<\/div><\/div><!-- Post Icon --><div class=\"ctl-icon\"><svg xmlns=\"http:\/\/www.w3.org\/2000\/svg\" height=\"1em\" viewBox=\"0 0 512 512\">\r\n\t\t\t\t<path d=\"M256 8C119 8 8 119 8 256s111 248 248 248 248-111 248-248S393 8 256 8zm0 448c-110.5 0-200-89.5-200-200S145.5 56 256 56s200 89.5 200 200-89.5 200-200 200zm61.8-104.4l-84.9-61.7c-3.1-2.3-4.9-5.9-4.9-9.7V116c0-6.6 5.4-12 12-12h32c6.6 0 12 5.4 12 12v141.7l66.8 48.6c5.4 3.9 6.5 11.4 2.6 16.8L334.6 349c-3.9 5.3-11.4 6.5-16.8 2.6z\"\/>\r\n\t\t\t\t<\/svg><\/div> <!-- Post Arrow --><div class=\"ctl-arrow\"><\/div>\r\n\t\t\t<!-- Post Content --><div class=\"ctl-content\"><!-- Post Title --><div class=\"ctl-title story-621\" aria-label=\"Adventskonzert der SKGD im Oppelner Schlesien in der Oppelner Philharmonie\"><a target=\"_self\" title=\"Adventskonzert der SKGD im Oppelner Schlesien in der Oppelner Philharmonie\" href=\"https:\/\/wirtualnemuzeum.skgd.pl\/de\/adventskonzert-der-skgd-im-oppelner-schlesien-in-der-oppelner-philharmonie\/\" class=\"story-link\">Adventskonzert der SKGD im Oppelner Schlesien in der Oppelner Philharmonie<\/a><\/div><!-- Post Media --><div class=\"ctl-media full\"><a data-glightbox=\"Adventskonzert der SKGD im Oppelner Schlesien in der Oppelner Philharmonie\" href=\"https:\/\/wirtualnemuzeum.skgd.pl\/wp-content\/uploads\/2021\/03\/Podpis_61-scaled.jpg\" class=\"ctl_glightbox\"><img loading=\"lazy\" decoding=\"async\" width=\"1024\" height=\"683\" src=\"https:\/\/wirtualnemuzeum.skgd.pl\/wp-content\/uploads\/2021\/03\/Podpis_61-1024x683.jpg\" class=\"story-img wp-post-image\" alt=\"Adventskonzert der SKGD im Oppelner Schlesien in der Oppelner Philharmonie\" srcset=\"https:\/\/wirtualnemuzeum.skgd.pl\/wp-content\/uploads\/2021\/03\/Podpis_61-1024x683.jpg 1024w, https:\/\/wirtualnemuzeum.skgd.pl\/wp-content\/uploads\/2021\/03\/Podpis_61-300x200.jpg 300w, https:\/\/wirtualnemuzeum.skgd.pl\/wp-content\/uploads\/2021\/03\/Podpis_61-768x512.jpg 768w, https:\/\/wirtualnemuzeum.skgd.pl\/wp-content\/uploads\/2021\/03\/Podpis_61-1536x1024.jpg 1536w, https:\/\/wirtualnemuzeum.skgd.pl\/wp-content\/uploads\/2021\/03\/Podpis_61-2048x1365.jpg 2048w\" sizes=\"auto, (max-width: 1024px) 100vw, 1024px\" \/><\/a><\/div><\/div><\/div><!-- Timeline Content --><div  id=\"ctl-post-354\" class=\"ctl-story ctl-story-icon ctl-story-right odd\"  data-story-index=\"39\" role=\"article\"><!-- Post Label --><div class=\"ctl-labels\"><div class=\"ctl-label-big story-date\">10. November , 2017<\/div><\/div><!-- Post Icon --><div class=\"ctl-icon\"><svg xmlns=\"http:\/\/www.w3.org\/2000\/svg\" height=\"1em\" viewBox=\"0 0 512 512\">\r\n\t\t\t\t<path d=\"M256 8C119 8 8 119 8 256s111 248 248 248 248-111 248-248S393 8 256 8zm0 448c-110.5 0-200-89.5-200-200S145.5 56 256 56s200 89.5 200 200-89.5 200-200 200zm61.8-104.4l-84.9-61.7c-3.1-2.3-4.9-5.9-4.9-9.7V116c0-6.6 5.4-12 12-12h32c6.6 0 12 5.4 12 12v141.7l66.8 48.6c5.4 3.9 6.5 11.4 2.6 16.8L334.6 349c-3.9 5.3-11.4 6.5-16.8 2.6z\"\/>\r\n\t\t\t\t<\/svg><\/div> <!-- Post Arrow --><div class=\"ctl-arrow\"><\/div>\r\n\t\t\t<!-- Post Content --><div class=\"ctl-content\"><!-- Post Title --><div class=\"ctl-title story-354\" aria-label=\"Martinstag in Gro\u00df Strehlitz\"><a target=\"_self\" title=\"Martinstag in Gro\u00df Strehlitz\" href=\"https:\/\/wirtualnemuzeum.skgd.pl\/de\/martinstag-in-gross-strehlitz\/\" class=\"story-link\">Martinstag in Gro\u00df Strehlitz<\/a><\/div><!-- Post Media --><div class=\"ctl-media full\"><a data-glightbox=\"Martinstag in Gro\u00df Strehlitz\" href=\"https:\/\/wirtualnemuzeum.skgd.pl\/wp-content\/uploads\/2021\/03\/Podpis_19-scaled.jpg\" class=\"ctl_glightbox\"><img loading=\"lazy\" decoding=\"async\" width=\"1024\" height=\"683\" src=\"https:\/\/wirtualnemuzeum.skgd.pl\/wp-content\/uploads\/2021\/03\/Podpis_19-1024x683.jpg\" class=\"story-img wp-post-image\" alt=\"Martinstag in Gro\u00df Strehlitz\" srcset=\"https:\/\/wirtualnemuzeum.skgd.pl\/wp-content\/uploads\/2021\/03\/Podpis_19-1024x683.jpg 1024w, https:\/\/wirtualnemuzeum.skgd.pl\/wp-content\/uploads\/2021\/03\/Podpis_19-300x200.jpg 300w, https:\/\/wirtualnemuzeum.skgd.pl\/wp-content\/uploads\/2021\/03\/Podpis_19-768x512.jpg 768w, https:\/\/wirtualnemuzeum.skgd.pl\/wp-content\/uploads\/2021\/03\/Podpis_19-1536x1024.jpg 1536w, https:\/\/wirtualnemuzeum.skgd.pl\/wp-content\/uploads\/2021\/03\/Podpis_19-2048x1366.jpg 2048w\" sizes=\"auto, (max-width: 1024px) 100vw, 1024px\" \/><\/a><\/div><\/div><\/div><!-- Timeline Content --><div  id=\"ctl-post-695\" class=\"ctl-story ctl-story-icon ctl-story-left even\"  data-story-index=\"40\" role=\"article\"><!-- Post Label --><div class=\"ctl-labels\"><div class=\"ctl-label-big story-date\">17. Oktober , 2017<\/div><\/div><!-- Post Icon --><div class=\"ctl-icon\"><svg xmlns=\"http:\/\/www.w3.org\/2000\/svg\" height=\"1em\" viewBox=\"0 0 512 512\">\r\n\t\t\t\t<path d=\"M256 8C119 8 8 119 8 256s111 248 248 248 248-111 248-248S393 8 256 8zm0 448c-110.5 0-200-89.5-200-200S145.5 56 256 56s200 89.5 200 200-89.5 200-200 200zm61.8-104.4l-84.9-61.7c-3.1-2.3-4.9-5.9-4.9-9.7V116c0-6.6 5.4-12 12-12h32c6.6 0 12 5.4 12 12v141.7l66.8 48.6c5.4 3.9 6.5 11.4 2.6 16.8L334.6 349c-3.9 5.3-11.4 6.5-16.8 2.6z\"\/>\r\n\t\t\t\t<\/svg><\/div> <!-- Post Arrow --><div class=\"ctl-arrow\"><\/div>\r\n\t\t\t<!-- Post Content --><div class=\"ctl-content\"><!-- Post Title --><div class=\"ctl-title story-695\" aria-label=\"Oktoberfest in Krappitz\"><a target=\"_self\" title=\"Oktoberfest in Krappitz\" href=\"https:\/\/wirtualnemuzeum.skgd.pl\/de\/oktoberfest-in-krappitz-2\/\" class=\"story-link\">Oktoberfest in Krappitz<\/a><\/div><!-- Post Media --><div class=\"ctl-media full\"><a data-glightbox=\"Oktoberfest in Krappitz\" href=\"https:\/\/wirtualnemuzeum.skgd.pl\/wp-content\/uploads\/2021\/03\/Podpis_73-scaled.jpg\" class=\"ctl_glightbox\"><img loading=\"lazy\" decoding=\"async\" width=\"1024\" height=\"682\" src=\"https:\/\/wirtualnemuzeum.skgd.pl\/wp-content\/uploads\/2021\/03\/Podpis_73-1024x682.jpg\" class=\"story-img wp-post-image\" alt=\"Oktoberfest in Krappitz\" srcset=\"https:\/\/wirtualnemuzeum.skgd.pl\/wp-content\/uploads\/2021\/03\/Podpis_73-1024x682.jpg 1024w, https:\/\/wirtualnemuzeum.skgd.pl\/wp-content\/uploads\/2021\/03\/Podpis_73-300x200.jpg 300w, https:\/\/wirtualnemuzeum.skgd.pl\/wp-content\/uploads\/2021\/03\/Podpis_73-768x512.jpg 768w, https:\/\/wirtualnemuzeum.skgd.pl\/wp-content\/uploads\/2021\/03\/Podpis_73-1536x1024.jpg 1536w, https:\/\/wirtualnemuzeum.skgd.pl\/wp-content\/uploads\/2021\/03\/Podpis_73-2048x1365.jpg 2048w\" sizes=\"auto, (max-width: 1024px) 100vw, 1024px\" \/><\/a><\/div><\/div><\/div><!-- Timeline Content --><div  id=\"ctl-post-659\" class=\"ctl-story ctl-story-icon ctl-story-right odd\"  data-story-index=\"41\" role=\"article\"><!-- Post Label --><div class=\"ctl-labels\"><div class=\"ctl-label-big story-date\">8. Oktober , 2017<\/div><\/div><!-- Post Icon --><div class=\"ctl-icon\"><svg xmlns=\"http:\/\/www.w3.org\/2000\/svg\" height=\"1em\" viewBox=\"0 0 512 512\">\r\n\t\t\t\t<path d=\"M256 8C119 8 8 119 8 256s111 248 248 248 248-111 248-248S393 8 256 8zm0 448c-110.5 0-200-89.5-200-200S145.5 56 256 56s200 89.5 200 200-89.5 200-200 200zm61.8-104.4l-84.9-61.7c-3.1-2.3-4.9-5.9-4.9-9.7V116c0-6.6 5.4-12 12-12h32c6.6 0 12 5.4 12 12v141.7l66.8 48.6c5.4 3.9 6.5 11.4 2.6 16.8L334.6 349c-3.9 5.3-11.4 6.5-16.8 2.6z\"\/>\r\n\t\t\t\t<\/svg><\/div> <!-- Post Arrow --><div class=\"ctl-arrow\"><\/div>\r\n\t\t\t<!-- Post Content --><div class=\"ctl-content\"><!-- Post Title --><div class=\"ctl-title story-659\" aria-label=\"Festival der SKGD-Kulturgruppen in Krappitz\"><a target=\"_self\" title=\"Festival der SKGD-Kulturgruppen in Krappitz\" href=\"https:\/\/wirtualnemuzeum.skgd.pl\/de\/festival-der-skgd-kulturgruppen-in-krappitz\/\" class=\"story-link\">Festival der SKGD-Kulturgruppen in Krappitz<\/a><\/div><!-- Post Media --><div class=\"ctl-media full\"><a data-glightbox=\"Festival der SKGD-Kulturgruppen in Krappitz\" href=\"https:\/\/wirtualnemuzeum.skgd.pl\/wp-content\/uploads\/2021\/03\/Podpis_67-scaled.jpg\" class=\"ctl_glightbox\"><img loading=\"lazy\" decoding=\"async\" width=\"1024\" height=\"683\" src=\"https:\/\/wirtualnemuzeum.skgd.pl\/wp-content\/uploads\/2021\/03\/Podpis_67-1024x683.jpg\" class=\"story-img wp-post-image\" alt=\"Festival der SKGD-Kulturgruppen in Krappitz\" srcset=\"https:\/\/wirtualnemuzeum.skgd.pl\/wp-content\/uploads\/2021\/03\/Podpis_67-1024x683.jpg 1024w, https:\/\/wirtualnemuzeum.skgd.pl\/wp-content\/uploads\/2021\/03\/Podpis_67-300x200.jpg 300w, https:\/\/wirtualnemuzeum.skgd.pl\/wp-content\/uploads\/2021\/03\/Podpis_67-768x512.jpg 768w, https:\/\/wirtualnemuzeum.skgd.pl\/wp-content\/uploads\/2021\/03\/Podpis_67-1536x1024.jpg 1536w, https:\/\/wirtualnemuzeum.skgd.pl\/wp-content\/uploads\/2021\/03\/Podpis_67-2048x1365.jpg 2048w\" sizes=\"auto, (max-width: 1024px) 100vw, 1024px\" \/><\/a><\/div><\/div><\/div><!-- Timeline Content --><div  id=\"ctl-post-677\" class=\"ctl-story ctl-story-icon ctl-story-left even\"  data-story-index=\"42\" role=\"article\"><!-- Post Label --><div class=\"ctl-labels\"><div class=\"ctl-label-big story-date\">8. Juni , 2017<\/div><\/div><!-- Post Icon --><div class=\"ctl-icon\"><svg xmlns=\"http:\/\/www.w3.org\/2000\/svg\" height=\"1em\" viewBox=\"0 0 512 512\">\r\n\t\t\t\t<path d=\"M256 8C119 8 8 119 8 256s111 248 248 248 248-111 248-248S393 8 256 8zm0 448c-110.5 0-200-89.5-200-200S145.5 56 256 56s200 89.5 200 200-89.5 200-200 200zm61.8-104.4l-84.9-61.7c-3.1-2.3-4.9-5.9-4.9-9.7V116c0-6.6 5.4-12 12-12h32c6.6 0 12 5.4 12 12v141.7l66.8 48.6c5.4 3.9 6.5 11.4 2.6 16.8L334.6 349c-3.9 5.3-11.4 6.5-16.8 2.6z\"\/>\r\n\t\t\t\t<\/svg><\/div> <!-- Post Arrow --><div class=\"ctl-arrow\"><\/div>\r\n\t\t\t<!-- Post Content --><div class=\"ctl-content\"><!-- Post Title --><div class=\"ctl-title story-677\" aria-label=\"Finale des Rezitationswettbewerbs in deutscher Sprache \u201eJugend tr\u00e4gt Gedichte vor\u201c\"><a target=\"_self\" title=\"Finale des Rezitationswettbewerbs in deutscher Sprache \u201eJugend tr\u00e4gt Gedichte vor\u201c\" href=\"https:\/\/wirtualnemuzeum.skgd.pl\/de\/finale-des-rezitationswettbewerbs-in-deutscher-sprache-jugend-tragt-gedichte-vor\/\" class=\"story-link\">Finale des Rezitationswettbewerbs in deutscher Sprache \u201eJugend tr\u00e4gt Gedichte vor\u201c<\/a><\/div><!-- Post Media --><div class=\"ctl-media full\"><a data-glightbox=\"Finale des Rezitationswettbewerbs in deutscher Sprache \u201eJugend tr\u00e4gt Gedichte vor\u201c\" href=\"https:\/\/wirtualnemuzeum.skgd.pl\/wp-content\/uploads\/2021\/03\/Podpis_70-scaled.jpg\" class=\"ctl_glightbox\"><img loading=\"lazy\" decoding=\"async\" width=\"1024\" height=\"683\" src=\"https:\/\/wirtualnemuzeum.skgd.pl\/wp-content\/uploads\/2021\/03\/Podpis_70-1024x683.jpg\" class=\"story-img wp-post-image\" alt=\"Finale des Rezitationswettbewerbs in deutscher Sprache \u201eJugend tr\u00e4gt Gedichte vor\u201c\" srcset=\"https:\/\/wirtualnemuzeum.skgd.pl\/wp-content\/uploads\/2021\/03\/Podpis_70-1024x683.jpg 1024w, https:\/\/wirtualnemuzeum.skgd.pl\/wp-content\/uploads\/2021\/03\/Podpis_70-300x200.jpg 300w, https:\/\/wirtualnemuzeum.skgd.pl\/wp-content\/uploads\/2021\/03\/Podpis_70-768x512.jpg 768w, https:\/\/wirtualnemuzeum.skgd.pl\/wp-content\/uploads\/2021\/03\/Podpis_70-1536x1024.jpg 1536w, https:\/\/wirtualnemuzeum.skgd.pl\/wp-content\/uploads\/2021\/03\/Podpis_70-2048x1365.jpg 2048w\" sizes=\"auto, (max-width: 1024px) 100vw, 1024px\" \/><\/a><\/div><\/div><\/div><!-- Timeline Content --><div  id=\"ctl-post-683\" class=\"ctl-story ctl-story-icon ctl-story-right odd\"  data-story-index=\"43\" role=\"article\"><!-- Post Label --><div class=\"ctl-labels\"><div class=\"ctl-label-big story-date\">10. M\u00e4rz , 2017<\/div><\/div><!-- Post Icon --><div class=\"ctl-icon\"><svg xmlns=\"http:\/\/www.w3.org\/2000\/svg\" height=\"1em\" viewBox=\"0 0 512 512\">\r\n\t\t\t\t<path d=\"M256 8C119 8 8 119 8 256s111 248 248 248 248-111 248-248S393 8 256 8zm0 448c-110.5 0-200-89.5-200-200S145.5 56 256 56s200 89.5 200 200-89.5 200-200 200zm61.8-104.4l-84.9-61.7c-3.1-2.3-4.9-5.9-4.9-9.7V116c0-6.6 5.4-12 12-12h32c6.6 0 12 5.4 12 12v141.7l66.8 48.6c5.4 3.9 6.5 11.4 2.6 16.8L334.6 349c-3.9 5.3-11.4 6.5-16.8 2.6z\"\/>\r\n\t\t\t\t<\/svg><\/div> <!-- Post Arrow --><div class=\"ctl-arrow\"><\/div>\r\n\t\t\t<!-- Post Content --><div class=\"ctl-content\"><!-- Post Title --><div class=\"ctl-title story-683\" aria-label=\"Kreiskonzert in Sakrau, Kreis Kandrzin Cosel\"><a target=\"_self\" title=\"Kreiskonzert in Sakrau, Kreis Kandrzin Cosel\" href=\"https:\/\/wirtualnemuzeum.skgd.pl\/de\/kreiskonzert-in-sakrau-kreis-kandrzin-cosel\/\" class=\"story-link\">Kreiskonzert in Sakrau, Kreis Kandrzin Cosel<\/a><\/div><!-- Post Media --><div class=\"ctl-media full\"><a data-glightbox=\"Kreiskonzert in Sakrau, Kreis Kandrzin Cosel\" href=\"https:\/\/wirtualnemuzeum.skgd.pl\/wp-content\/uploads\/2021\/03\/Podpis_71-scaled.jpg\" class=\"ctl_glightbox\"><img loading=\"lazy\" decoding=\"async\" width=\"1024\" height=\"683\" src=\"https:\/\/wirtualnemuzeum.skgd.pl\/wp-content\/uploads\/2021\/03\/Podpis_71-1024x683.jpg\" class=\"story-img wp-post-image\" alt=\"Kreiskonzert in Sakrau, Kreis Kandrzin Cosel\" srcset=\"https:\/\/wirtualnemuzeum.skgd.pl\/wp-content\/uploads\/2021\/03\/Podpis_71-1024x683.jpg 1024w, https:\/\/wirtualnemuzeum.skgd.pl\/wp-content\/uploads\/2021\/03\/Podpis_71-300x200.jpg 300w, https:\/\/wirtualnemuzeum.skgd.pl\/wp-content\/uploads\/2021\/03\/Podpis_71-768x512.jpg 768w, https:\/\/wirtualnemuzeum.skgd.pl\/wp-content\/uploads\/2021\/03\/Podpis_71-1536x1024.jpg 1536w, https:\/\/wirtualnemuzeum.skgd.pl\/wp-content\/uploads\/2021\/03\/Podpis_71-2048x1365.jpg 2048w\" sizes=\"auto, (max-width: 1024px) 100vw, 1024px\" \/><\/a><\/div><\/div><\/div><!-- Timeline Content --><div  id=\"ctl-post-875\" class=\"ctl-story ctl-story-icon ctl-story-left even\"  data-story-index=\"44\" role=\"article\"><!-- Post Label --><div class=\"ctl-labels\"><div class=\"ctl-label-big story-date\">7. Februar , 2017<\/div><\/div><!-- Post Icon --><div class=\"ctl-icon\"><svg xmlns=\"http:\/\/www.w3.org\/2000\/svg\" height=\"1em\" viewBox=\"0 0 512 512\">\r\n\t\t\t\t<path d=\"M256 8C119 8 8 119 8 256s111 248 248 248 248-111 248-248S393 8 256 8zm0 448c-110.5 0-200-89.5-200-200S145.5 56 256 56s200 89.5 200 200-89.5 200-200 200zm61.8-104.4l-84.9-61.7c-3.1-2.3-4.9-5.9-4.9-9.7V116c0-6.6 5.4-12 12-12h32c6.6 0 12 5.4 12 12v141.7l66.8 48.6c5.4 3.9 6.5 11.4 2.6 16.8L334.6 349c-3.9 5.3-11.4 6.5-16.8 2.6z\"\/>\r\n\t\t\t\t<\/svg><\/div> <!-- Post Arrow --><div class=\"ctl-arrow\"><\/div>\r\n\t\t\t<!-- Post Content --><div class=\"ctl-content\"><!-- Post Title --><div class=\"ctl-title story-875\" aria-label=\"Treffen der Bundeskanzlerin Angela Merkel mit den Vertretern der deutschen Minderheit in Polen\"><a target=\"_self\" title=\"Treffen der Bundeskanzlerin Angela Merkel mit den Vertretern der deutschen Minderheit in Polen\" href=\"https:\/\/wirtualnemuzeum.skgd.pl\/de\/treffen-der-bundeskanzlerin-angela-merkel-mit-den-vertretern-der-deutschen-minderheit-in-polen\/\" class=\"story-link\">Treffen der Bundeskanzlerin Angela Merkel mit den Vertretern der deutschen Minderheit in Polen<\/a><\/div><!-- Post Media --><div class=\"ctl-media full\"><a data-glightbox=\"Treffen der Bundeskanzlerin Angela Merkel mit den Vertretern der deutschen Minderheit in Polen\" href=\"https:\/\/wirtualnemuzeum.skgd.pl\/wp-content\/uploads\/2021\/03\/Podpis_103-scaled.jpg\" class=\"ctl_glightbox\"><img loading=\"lazy\" decoding=\"async\" width=\"1024\" height=\"683\" src=\"https:\/\/wirtualnemuzeum.skgd.pl\/wp-content\/uploads\/2021\/03\/Podpis_103-1024x683.jpg\" class=\"story-img wp-post-image\" alt=\"Treffen der Bundeskanzlerin Angela Merkel mit den Vertretern der deutschen Minderheit in Polen\" srcset=\"https:\/\/wirtualnemuzeum.skgd.pl\/wp-content\/uploads\/2021\/03\/Podpis_103-1024x683.jpg 1024w, https:\/\/wirtualnemuzeum.skgd.pl\/wp-content\/uploads\/2021\/03\/Podpis_103-300x200.jpg 300w, https:\/\/wirtualnemuzeum.skgd.pl\/wp-content\/uploads\/2021\/03\/Podpis_103-768x512.jpg 768w, https:\/\/wirtualnemuzeum.skgd.pl\/wp-content\/uploads\/2021\/03\/Podpis_103-1536x1025.jpg 1536w, https:\/\/wirtualnemuzeum.skgd.pl\/wp-content\/uploads\/2021\/03\/Podpis_103-2048x1367.jpg 2048w\" sizes=\"auto, (max-width: 1024px) 100vw, 1024px\" \/><\/a><\/div><\/div><\/div><!-- Timeline Content --><div  id=\"ctl-post-917\" class=\"ctl-story ctl-story-icon ctl-story-right odd\"  data-story-index=\"45\" role=\"article\"><!-- Post Label --><div class=\"ctl-labels\"><div class=\"ctl-label-big story-date\">19. Januar , 2017<\/div><\/div><!-- Post Icon --><div class=\"ctl-icon\"><svg xmlns=\"http:\/\/www.w3.org\/2000\/svg\" height=\"1em\" viewBox=\"0 0 512 512\">\r\n\t\t\t\t<path d=\"M256 8C119 8 8 119 8 256s111 248 248 248 248-111 248-248S393 8 256 8zm0 448c-110.5 0-200-89.5-200-200S145.5 56 256 56s200 89.5 200 200-89.5 200-200 200zm61.8-104.4l-84.9-61.7c-3.1-2.3-4.9-5.9-4.9-9.7V116c0-6.6 5.4-12 12-12h32c6.6 0 12 5.4 12 12v141.7l66.8 48.6c5.4 3.9 6.5 11.4 2.6 16.8L334.6 349c-3.9 5.3-11.4 6.5-16.8 2.6z\"\/>\r\n\t\t\t\t<\/svg><\/div> <!-- Post Arrow --><div class=\"ctl-arrow\"><\/div>\r\n\t\t\t<!-- Post Content --><div class=\"ctl-content\"><!-- Post Title --><div class=\"ctl-title story-917\" aria-label=\"Stra\u00dfburg: Sitzung der Intergruppe des Europ\u00e4ischen Parlament f\u00fcr traditionelle, nationale und sprachliche Minderheiten bez\u00fcglich der Vergr\u00f6\u00dferung der Stadt Oppeln\"><a target=\"_self\" title=\"Stra\u00dfburg: Sitzung der Intergruppe des Europ\u00e4ischen Parlament f\u00fcr traditionelle, nationale und sprachliche Minderheiten bez\u00fcglich der Vergr\u00f6\u00dferung der Stadt Oppeln\" href=\"https:\/\/wirtualnemuzeum.skgd.pl\/de\/strassburg-sitzung-der-intergruppe-des-europaischen-parlament-fur-traditionelle-nationale-und-sprachliche-minderheiten-bezuglich-der-vergrosserung-der-stadt-oppeln\/\" class=\"story-link\">Stra\u00dfburg: Sitzung der Intergruppe des Europ\u00e4ischen Parlament f\u00fcr traditionelle, nationale und sprachliche Minderheiten bez\u00fcglich der Vergr\u00f6\u00dferung der Stadt Oppeln<\/a><\/div><!-- Post Media --><div class=\"ctl-media full\"><a data-glightbox=\"Stra\u00dfburg: Sitzung der Intergruppe des Europ\u00e4ischen Parlament f\u00fcr traditionelle, nationale und sprachliche Minderheiten bez\u00fcglich der Vergr\u00f6\u00dferung der Stadt Oppeln\" href=\"https:\/\/wirtualnemuzeum.skgd.pl\/wp-content\/uploads\/2021\/03\/Podpis_110.jpg\" class=\"ctl_glightbox\"><img loading=\"lazy\" decoding=\"async\" width=\"1024\" height=\"576\" src=\"https:\/\/wirtualnemuzeum.skgd.pl\/wp-content\/uploads\/2021\/03\/Podpis_110-1024x576.jpg\" class=\"story-img wp-post-image\" alt=\"Stra\u00dfburg: Sitzung der Intergruppe des Europ\u00e4ischen Parlament f\u00fcr traditionelle, nationale und sprachliche Minderheiten bez\u00fcglich der Vergr\u00f6\u00dferung der Stadt Oppeln\" srcset=\"https:\/\/wirtualnemuzeum.skgd.pl\/wp-content\/uploads\/2021\/03\/Podpis_110-1024x576.jpg 1024w, https:\/\/wirtualnemuzeum.skgd.pl\/wp-content\/uploads\/2021\/03\/Podpis_110-300x169.jpg 300w, https:\/\/wirtualnemuzeum.skgd.pl\/wp-content\/uploads\/2021\/03\/Podpis_110-768x432.jpg 768w, https:\/\/wirtualnemuzeum.skgd.pl\/wp-content\/uploads\/2021\/03\/Podpis_110-1536x864.jpg 1536w, https:\/\/wirtualnemuzeum.skgd.pl\/wp-content\/uploads\/2021\/03\/Podpis_110.jpg 1600w\" sizes=\"auto, (max-width: 1024px) 100vw, 1024px\" \/><\/a><\/div><\/div><\/div><!-- Post Year Section --><div data-cls=\"sc-nv-light vertical\" class=\"timeline-year scrollable-section ctl-year ctl-year-container light-year\" data-section-title=\"2016\" id=\"year-2016\"><div class=\"ctl-year-label ctl-year-text\"><span>2016<\/span><\/div><\/div><!-- Timeline Content --><div  id=\"ctl-post-761\" class=\"ctl-story ctl-story-icon ctl-story-left even\"  data-story-index=\"46\" role=\"article\"><!-- Post Label --><div class=\"ctl-labels\"><div class=\"ctl-label-big story-date\">10. November , 2016<\/div><\/div><!-- Post Icon --><div class=\"ctl-icon\"><svg xmlns=\"http:\/\/www.w3.org\/2000\/svg\" height=\"1em\" viewBox=\"0 0 512 512\">\r\n\t\t\t\t<path d=\"M256 8C119 8 8 119 8 256s111 248 248 248 248-111 248-248S393 8 256 8zm0 448c-110.5 0-200-89.5-200-200S145.5 56 256 56s200 89.5 200 200-89.5 200-200 200zm61.8-104.4l-84.9-61.7c-3.1-2.3-4.9-5.9-4.9-9.7V116c0-6.6 5.4-12 12-12h32c6.6 0 12 5.4 12 12v141.7l66.8 48.6c5.4 3.9 6.5 11.4 2.6 16.8L334.6 349c-3.9 5.3-11.4 6.5-16.8 2.6z\"\/>\r\n\t\t\t\t<\/svg><\/div> <!-- Post Arrow --><div class=\"ctl-arrow\"><\/div>\r\n\t\t\t<!-- Post Content --><div class=\"ctl-content\"><!-- Post Title --><div class=\"ctl-title story-761\" aria-label=\"Sprechstunden des SKGD-Vorsitzenden in der Gemeinde Gro\u00df D\u00f6bern\"><a target=\"_self\" title=\"Sprechstunden des SKGD-Vorsitzenden in der Gemeinde Gro\u00df D\u00f6bern\" href=\"https:\/\/wirtualnemuzeum.skgd.pl\/de\/sprechstunden-des-skgd-vorsitzenden-in-der-gemeinde-gross-dobern\/\" class=\"story-link\">Sprechstunden des SKGD-Vorsitzenden in der Gemeinde Gro\u00df D\u00f6bern<\/a><\/div><!-- Post Media --><div class=\"ctl-media full\"><a data-glightbox=\"Sprechstunden des SKGD-Vorsitzenden in der Gemeinde Gro\u00df D\u00f6bern\" href=\"https:\/\/wirtualnemuzeum.skgd.pl\/wp-content\/uploads\/2021\/03\/Podpis_84-scaled.jpg\" class=\"ctl_glightbox\"><img loading=\"lazy\" decoding=\"async\" width=\"1024\" height=\"683\" src=\"https:\/\/wirtualnemuzeum.skgd.pl\/wp-content\/uploads\/2021\/03\/Podpis_84-1024x683.jpg\" class=\"story-img wp-post-image\" alt=\"Sprechstunden des SKGD-Vorsitzenden in der Gemeinde Gro\u00df D\u00f6bern\" srcset=\"https:\/\/wirtualnemuzeum.skgd.pl\/wp-content\/uploads\/2021\/03\/Podpis_84-1024x683.jpg 1024w, https:\/\/wirtualnemuzeum.skgd.pl\/wp-content\/uploads\/2021\/03\/Podpis_84-300x200.jpg 300w, https:\/\/wirtualnemuzeum.skgd.pl\/wp-content\/uploads\/2021\/03\/Podpis_84-768x512.jpg 768w, https:\/\/wirtualnemuzeum.skgd.pl\/wp-content\/uploads\/2021\/03\/Podpis_84-1536x1024.jpg 1536w, https:\/\/wirtualnemuzeum.skgd.pl\/wp-content\/uploads\/2021\/03\/Podpis_84-2048x1365.jpg 2048w\" sizes=\"auto, (max-width: 1024px) 100vw, 1024px\" \/><\/a><\/div><\/div><\/div><!-- Timeline Content --><div  id=\"ctl-post-743\" class=\"ctl-story ctl-story-icon ctl-story-right odd\"  data-story-index=\"47\" role=\"article\"><!-- Post Label --><div class=\"ctl-labels\"><div class=\"ctl-label-big story-date\">10. November , 2016<\/div><\/div><!-- Post Icon --><div class=\"ctl-icon\"><svg xmlns=\"http:\/\/www.w3.org\/2000\/svg\" height=\"1em\" viewBox=\"0 0 512 512\">\r\n\t\t\t\t<path d=\"M256 8C119 8 8 119 8 256s111 248 248 248 248-111 248-248S393 8 256 8zm0 448c-110.5 0-200-89.5-200-200S145.5 56 256 56s200 89.5 200 200-89.5 200-200 200zm61.8-104.4l-84.9-61.7c-3.1-2.3-4.9-5.9-4.9-9.7V116c0-6.6 5.4-12 12-12h32c6.6 0 12 5.4 12 12v141.7l66.8 48.6c5.4 3.9 6.5 11.4 2.6 16.8L334.6 349c-3.9 5.3-11.4 6.5-16.8 2.6z\"\/>\r\n\t\t\t\t<\/svg><\/div> <!-- Post Arrow --><div class=\"ctl-arrow\"><\/div>\r\n\t\t\t<!-- Post Content --><div class=\"ctl-content\"><!-- Post Title --><div class=\"ctl-title story-743\" aria-label=\"Proteste seitens der Einwohner und Mitglieder der deutschen Minderheit in den Ortschaften, die von den Erweiterungspl\u00e4nen der Stadt Oppeln betroffen waren\"><a target=\"_self\" title=\"Proteste seitens der Einwohner und Mitglieder der deutschen Minderheit in den Ortschaften, die von den Erweiterungspl\u00e4nen der Stadt Oppeln betroffen waren\" href=\"https:\/\/wirtualnemuzeum.skgd.pl\/de\/proteste-seitens-der-einwohner-und-mitglieder-der-deutschen-minderheit-in-den-ortschaften-die-von-den-erweiterungsplanen-der-stadt-oppeln-betroffen-waren\/\" class=\"story-link\">Proteste seitens der Einwohner und Mitglieder der deutschen Minderheit in den Ortschaften, die von den Erweiterungspl\u00e4nen der Stadt Oppeln betroffen waren<\/a><\/div><!-- Post Media --><div class=\"ctl-media full\"><a data-glightbox=\"Proteste seitens der Einwohner und Mitglieder der deutschen Minderheit in den Ortschaften, die von den Erweiterungspl\u00e4nen der Stadt Oppeln betroffen waren\" href=\"https:\/\/wirtualnemuzeum.skgd.pl\/wp-content\/uploads\/2021\/03\/Podpis_81-scaled.jpg\" class=\"ctl_glightbox\"><img loading=\"lazy\" decoding=\"async\" width=\"1024\" height=\"683\" src=\"https:\/\/wirtualnemuzeum.skgd.pl\/wp-content\/uploads\/2021\/03\/Podpis_81-1024x683.jpg\" class=\"story-img wp-post-image\" alt=\"Proteste seitens der Einwohner und Mitglieder der deutschen Minderheit in den Ortschaften, die von den Erweiterungspl\u00e4nen der Stadt Oppeln betroffen waren\" srcset=\"https:\/\/wirtualnemuzeum.skgd.pl\/wp-content\/uploads\/2021\/03\/Podpis_81-1024x683.jpg 1024w, https:\/\/wirtualnemuzeum.skgd.pl\/wp-content\/uploads\/2021\/03\/Podpis_81-300x200.jpg 300w, https:\/\/wirtualnemuzeum.skgd.pl\/wp-content\/uploads\/2021\/03\/Podpis_81-768x512.jpg 768w, https:\/\/wirtualnemuzeum.skgd.pl\/wp-content\/uploads\/2021\/03\/Podpis_81-1536x1024.jpg 1536w, https:\/\/wirtualnemuzeum.skgd.pl\/wp-content\/uploads\/2021\/03\/Podpis_81-2048x1365.jpg 2048w\" sizes=\"auto, (max-width: 1024px) 100vw, 1024px\" \/><\/a><\/div><\/div><\/div><!-- Timeline Content --><div  id=\"ctl-post-310\" class=\"ctl-story ctl-story-icon ctl-story-left even\"  data-story-index=\"48\" role=\"article\"><!-- Post Label --><div class=\"ctl-labels\"><div class=\"ctl-label-big story-date\">10. September , 2016<\/div><\/div><!-- Post Icon --><div class=\"ctl-icon\"><svg xmlns=\"http:\/\/www.w3.org\/2000\/svg\" height=\"1em\" viewBox=\"0 0 512 512\">\r\n\t\t\t\t<path d=\"M256 8C119 8 8 119 8 256s111 248 248 248 248-111 248-248S393 8 256 8zm0 448c-110.5 0-200-89.5-200-200S145.5 56 256 56s200 89.5 200 200-89.5 200-200 200zm61.8-104.4l-84.9-61.7c-3.1-2.3-4.9-5.9-4.9-9.7V116c0-6.6 5.4-12 12-12h32c6.6 0 12 5.4 12 12v141.7l66.8 48.6c5.4 3.9 6.5 11.4 2.6 16.8L334.6 349c-3.9 5.3-11.4 6.5-16.8 2.6z\"\/>\r\n\t\t\t\t<\/svg><\/div> <!-- Post Arrow --><div class=\"ctl-arrow\"><\/div>\r\n\t\t\t<!-- Post Content --><div class=\"ctl-content\"><!-- Post Title --><div class=\"ctl-title story-310\" aria-label=\"Integrationsausfl\u00fcge f\u00fcr Mitglieder der deutschen Minderheit in den schlesischen Teil der Tschechischen Republik\"><a target=\"_self\" title=\"Integrationsausfl\u00fcge f\u00fcr Mitglieder der deutschen Minderheit in den schlesischen Teil der Tschechischen Republik\" href=\"https:\/\/wirtualnemuzeum.skgd.pl\/de\/integrationsausfluge-fur-mitglieder-der-deutschen-minderheit-in-den-schlesischen-teil-der-tschechischen-republik\/\" class=\"story-link\">Integrationsausfl\u00fcge f\u00fcr Mitglieder der deutschen Minderheit in den schlesischen Teil der Tschechischen Republik<\/a><\/div><!-- Post Media --><div class=\"ctl-media full\"><a data-glightbox=\"Integrationsausfl\u00fcge f\u00fcr Mitglieder der deutschen Minderheit in den schlesischen Teil der Tschechischen Republik\" href=\"https:\/\/wirtualnemuzeum.skgd.pl\/wp-content\/uploads\/2021\/03\/Podpis_12.jpg\" class=\"ctl_glightbox\"><img loading=\"lazy\" decoding=\"async\" width=\"1024\" height=\"768\" src=\"https:\/\/wirtualnemuzeum.skgd.pl\/wp-content\/uploads\/2021\/03\/Podpis_12-1024x768.jpg\" class=\"story-img wp-post-image\" alt=\"Integrationsausfl\u00fcge f\u00fcr Mitglieder der deutschen Minderheit in den schlesischen Teil der Tschechischen Republik\" srcset=\"https:\/\/wirtualnemuzeum.skgd.pl\/wp-content\/uploads\/2021\/03\/Podpis_12-1024x768.jpg 1024w, https:\/\/wirtualnemuzeum.skgd.pl\/wp-content\/uploads\/2021\/03\/Podpis_12-300x225.jpg 300w, https:\/\/wirtualnemuzeum.skgd.pl\/wp-content\/uploads\/2021\/03\/Podpis_12-768x576.jpg 768w, https:\/\/wirtualnemuzeum.skgd.pl\/wp-content\/uploads\/2021\/03\/Podpis_12-1536x1152.jpg 1536w, https:\/\/wirtualnemuzeum.skgd.pl\/wp-content\/uploads\/2021\/03\/Podpis_12-2048x1536.jpg 2048w\" sizes=\"auto, (max-width: 1024px) 100vw, 1024px\" \/><\/a><\/div><\/div><\/div><!-- Timeline Content --><div  id=\"ctl-post-316\" class=\"ctl-story ctl-story-icon ctl-story-right odd\"  data-story-index=\"49\" role=\"article\"><!-- Post Label --><div class=\"ctl-labels\"><div class=\"ctl-label-big story-date\">27. August , 2016<\/div><\/div><!-- Post Icon --><div class=\"ctl-icon\"><svg xmlns=\"http:\/\/www.w3.org\/2000\/svg\" height=\"1em\" viewBox=\"0 0 512 512\">\r\n\t\t\t\t<path d=\"M256 8C119 8 8 119 8 256s111 248 248 248 248-111 248-248S393 8 256 8zm0 448c-110.5 0-200-89.5-200-200S145.5 56 256 56s200 89.5 200 200-89.5 200-200 200zm61.8-104.4l-84.9-61.7c-3.1-2.3-4.9-5.9-4.9-9.7V116c0-6.6 5.4-12 12-12h32c6.6 0 12 5.4 12 12v141.7l66.8 48.6c5.4 3.9 6.5 11.4 2.6 16.8L334.6 349c-3.9 5.3-11.4 6.5-16.8 2.6z\"\/>\r\n\t\t\t\t<\/svg><\/div> <!-- Post Arrow --><div class=\"ctl-arrow\"><\/div>\r\n\t\t\t<!-- Post Content --><div class=\"ctl-content\"><!-- Post Title --><div class=\"ctl-title story-316\" aria-label=\"Kulturgruppen der SKGD\"><a target=\"_self\" title=\"Kulturgruppen der SKGD\" href=\"https:\/\/wirtualnemuzeum.skgd.pl\/de\/kulturgruppen-der-skgd\/\" class=\"story-link\">Kulturgruppen der SKGD<\/a><\/div><!-- Post Media --><div class=\"ctl-media full\"><a data-glightbox=\"Kulturgruppen der SKGD\" href=\"https:\/\/wirtualnemuzeum.skgd.pl\/wp-content\/uploads\/2021\/03\/Podpis_13-scaled.jpg\" class=\"ctl_glightbox\"><img loading=\"lazy\" decoding=\"async\" width=\"1024\" height=\"683\" src=\"https:\/\/wirtualnemuzeum.skgd.pl\/wp-content\/uploads\/2021\/03\/Podpis_13-1024x683.jpg\" class=\"story-img wp-post-image\" alt=\"Kulturgruppen der SKGD\" srcset=\"https:\/\/wirtualnemuzeum.skgd.pl\/wp-content\/uploads\/2021\/03\/Podpis_13-1024x683.jpg 1024w, https:\/\/wirtualnemuzeum.skgd.pl\/wp-content\/uploads\/2021\/03\/Podpis_13-300x200.jpg 300w, https:\/\/wirtualnemuzeum.skgd.pl\/wp-content\/uploads\/2021\/03\/Podpis_13-768x512.jpg 768w, https:\/\/wirtualnemuzeum.skgd.pl\/wp-content\/uploads\/2021\/03\/Podpis_13-1536x1024.jpg 1536w, https:\/\/wirtualnemuzeum.skgd.pl\/wp-content\/uploads\/2021\/03\/Podpis_13-2048x1365.jpg 2048w\" sizes=\"auto, (max-width: 1024px) 100vw, 1024px\" \/><\/a><\/div><\/div><\/div><!-- Timeline Content --><div  id=\"ctl-post-373\" class=\"ctl-story ctl-story-icon ctl-story-left even\"  data-story-index=\"50\" role=\"article\"><!-- Post Label --><div class=\"ctl-labels\"><div class=\"ctl-label-big story-date\">5. Juni , 2016<\/div><\/div><!-- Post Icon --><div class=\"ctl-icon\"><svg xmlns=\"http:\/\/www.w3.org\/2000\/svg\" height=\"1em\" viewBox=\"0 0 512 512\">\r\n\t\t\t\t<path d=\"M256 8C119 8 8 119 8 256s111 248 248 248 248-111 248-248S393 8 256 8zm0 448c-110.5 0-200-89.5-200-200S145.5 56 256 56s200 89.5 200 200-89.5 200-200 200zm61.8-104.4l-84.9-61.7c-3.1-2.3-4.9-5.9-4.9-9.7V116c0-6.6 5.4-12 12-12h32c6.6 0 12 5.4 12 12v141.7l66.8 48.6c5.4 3.9 6.5 11.4 2.6 16.8L334.6 349c-3.9 5.3-11.4 6.5-16.8 2.6z\"\/>\r\n\t\t\t\t<\/svg><\/div> <!-- Post Arrow --><div class=\"ctl-arrow\"><\/div>\r\n\t\t\t<!-- Post Content --><div class=\"ctl-content\"><!-- Post Title --><div class=\"ctl-title story-373\" aria-label=\"25. Wettbewerb der Kinder und Jugendgruppen der Deutschen Minderheit  auf dem St. Annaberg\"><a target=\"_self\" title=\"25. Wettbewerb der Kinder und Jugendgruppen der Deutschen Minderheit  auf dem St. Annaberg\" href=\"https:\/\/wirtualnemuzeum.skgd.pl\/de\/25-wettbewerb-der-kinder-und-jugendgruppen-der-deutschen-minderheit-auf-dem-st-annaberg-2\/\" class=\"story-link\">25. Wettbewerb der Kinder und Jugendgruppen der Deutschen Minderheit  auf dem St. Annaberg<\/a><\/div><!-- Post Media --><div class=\"ctl-media full\"><a data-glightbox=\"25. Wettbewerb der Kinder und Jugendgruppen der Deutschen Minderheit  auf dem St. Annaberg\" href=\"https:\/\/wirtualnemuzeum.skgd.pl\/wp-content\/uploads\/2021\/03\/Podpis_22-scaled.jpg\" class=\"ctl_glightbox\"><img loading=\"lazy\" decoding=\"async\" width=\"1024\" height=\"683\" src=\"https:\/\/wirtualnemuzeum.skgd.pl\/wp-content\/uploads\/2021\/03\/Podpis_22-1024x683.jpg\" class=\"story-img wp-post-image\" alt=\"25. Wettbewerb der Kinder und Jugendgruppen der Deutschen Minderheit  auf dem St. Annaberg\" srcset=\"https:\/\/wirtualnemuzeum.skgd.pl\/wp-content\/uploads\/2021\/03\/Podpis_22-1024x683.jpg 1024w, https:\/\/wirtualnemuzeum.skgd.pl\/wp-content\/uploads\/2021\/03\/Podpis_22-300x200.jpg 300w, https:\/\/wirtualnemuzeum.skgd.pl\/wp-content\/uploads\/2021\/03\/Podpis_22-768x512.jpg 768w, https:\/\/wirtualnemuzeum.skgd.pl\/wp-content\/uploads\/2021\/03\/Podpis_22-1536x1024.jpg 1536w, https:\/\/wirtualnemuzeum.skgd.pl\/wp-content\/uploads\/2021\/03\/Podpis_22-2048x1365.jpg 2048w\" sizes=\"auto, (max-width: 1024px) 100vw, 1024px\" \/><\/a><\/div><\/div><\/div><!-- Timeline Content --><div  id=\"ctl-post-360\" class=\"ctl-story ctl-story-icon ctl-story-right odd\"  data-story-index=\"51\" role=\"article\"><!-- Post Label --><div class=\"ctl-labels\"><div class=\"ctl-label-big story-date\">5. Juni , 2016<\/div><\/div><!-- Post Icon --><div class=\"ctl-icon\"><svg xmlns=\"http:\/\/www.w3.org\/2000\/svg\" height=\"1em\" viewBox=\"0 0 512 512\">\r\n\t\t\t\t<path d=\"M256 8C119 8 8 119 8 256s111 248 248 248 248-111 248-248S393 8 256 8zm0 448c-110.5 0-200-89.5-200-200S145.5 56 256 56s200 89.5 200 200-89.5 200-200 200zm61.8-104.4l-84.9-61.7c-3.1-2.3-4.9-5.9-4.9-9.7V116c0-6.6 5.4-12 12-12h32c6.6 0 12 5.4 12 12v141.7l66.8 48.6c5.4 3.9 6.5 11.4 2.6 16.8L334.6 349c-3.9 5.3-11.4 6.5-16.8 2.6z\"\/>\r\n\t\t\t\t<\/svg><\/div> <!-- Post Arrow --><div class=\"ctl-arrow\"><\/div>\r\n\t\t\t<!-- Post Content --><div class=\"ctl-content\"><!-- Post Title --><div class=\"ctl-title story-360\" aria-label=\"25. Wettbewerb der Kinder- und Jugendgruppen der Deutschen Minderheit  auf dem St. Annaberg\"><a target=\"_self\" title=\"25. Wettbewerb der Kinder- und Jugendgruppen der Deutschen Minderheit  auf dem St. Annaberg\" href=\"https:\/\/wirtualnemuzeum.skgd.pl\/de\/25-wettbewerb-der-kinder-und-jugendgruppen-der-deutschen-minderheit-auf-dem-st-annaberg\/\" class=\"story-link\">25. Wettbewerb der Kinder- und Jugendgruppen der Deutschen Minderheit  auf dem St. Annaberg<\/a><\/div><!-- Post Media --><div class=\"ctl-media full\"><a data-glightbox=\"25. Wettbewerb der Kinder- und Jugendgruppen der Deutschen Minderheit  auf dem St. Annaberg\" href=\"https:\/\/wirtualnemuzeum.skgd.pl\/wp-content\/uploads\/2021\/03\/Podpis_20-scaled.jpg\" class=\"ctl_glightbox\"><img loading=\"lazy\" decoding=\"async\" width=\"1024\" height=\"683\" src=\"https:\/\/wirtualnemuzeum.skgd.pl\/wp-content\/uploads\/2021\/03\/Podpis_20-1024x683.jpg\" class=\"story-img wp-post-image\" alt=\"25. Wettbewerb der Kinder- und Jugendgruppen der Deutschen Minderheit  auf dem St. Annaberg\" srcset=\"https:\/\/wirtualnemuzeum.skgd.pl\/wp-content\/uploads\/2021\/03\/Podpis_20-1024x683.jpg 1024w, https:\/\/wirtualnemuzeum.skgd.pl\/wp-content\/uploads\/2021\/03\/Podpis_20-300x200.jpg 300w, https:\/\/wirtualnemuzeum.skgd.pl\/wp-content\/uploads\/2021\/03\/Podpis_20-768x512.jpg 768w, https:\/\/wirtualnemuzeum.skgd.pl\/wp-content\/uploads\/2021\/03\/Podpis_20-1536x1024.jpg 1536w, https:\/\/wirtualnemuzeum.skgd.pl\/wp-content\/uploads\/2021\/03\/Podpis_20-2048x1365.jpg 2048w\" sizes=\"auto, (max-width: 1024px) 100vw, 1024px\" \/><\/a><\/div><\/div><\/div><!-- Timeline Content --><div  id=\"ctl-post-251\" class=\"ctl-story ctl-story-icon ctl-story-left even\"  data-story-index=\"52\" role=\"article\"><!-- Post Label --><div class=\"ctl-labels\"><div class=\"ctl-label-big story-date\">5. Juni , 2016<\/div><\/div><!-- Post Icon --><div class=\"ctl-icon\"><svg xmlns=\"http:\/\/www.w3.org\/2000\/svg\" height=\"1em\" viewBox=\"0 0 512 512\">\r\n\t\t\t\t<path d=\"M256 8C119 8 8 119 8 256s111 248 248 248 248-111 248-248S393 8 256 8zm0 448c-110.5 0-200-89.5-200-200S145.5 56 256 56s200 89.5 200 200-89.5 200-200 200zm61.8-104.4l-84.9-61.7c-3.1-2.3-4.9-5.9-4.9-9.7V116c0-6.6 5.4-12 12-12h32c6.6 0 12 5.4 12 12v141.7l66.8 48.6c5.4 3.9 6.5 11.4 2.6 16.8L334.6 349c-3.9 5.3-11.4 6.5-16.8 2.6z\"\/>\r\n\t\t\t\t<\/svg><\/div> <!-- Post Arrow --><div class=\"ctl-arrow\"><\/div>\r\n\t\t\t<!-- Post Content --><div class=\"ctl-content\"><!-- Post Title --><div class=\"ctl-title story-251\" aria-label=\"25. Wettbewerb der Kinder- und Jugendgruppen der Deutschen Minderheit am St. Annaberg\"><a target=\"_self\" title=\"25. Wettbewerb der Kinder- und Jugendgruppen der Deutschen Minderheit am St. Annaberg\" href=\"https:\/\/wirtualnemuzeum.skgd.pl\/de\/25-wettbewerb-der-kinder-und-jugendgruppen-der-deutschen-minderheit-am-st-annaberg\/\" class=\"story-link\">25. Wettbewerb der Kinder- und Jugendgruppen der Deutschen Minderheit am St. Annaberg<\/a><\/div><!-- Post Media --><div class=\"ctl-media full\"><a data-glightbox=\"25. Wettbewerb der Kinder- und Jugendgruppen der Deutschen Minderheit am St. Annaberg\" href=\"https:\/\/wirtualnemuzeum.skgd.pl\/wp-content\/uploads\/2021\/03\/Podpis_4-scaled.jpg\" class=\"ctl_glightbox\"><img loading=\"lazy\" decoding=\"async\" width=\"1024\" height=\"683\" src=\"https:\/\/wirtualnemuzeum.skgd.pl\/wp-content\/uploads\/2021\/03\/Podpis_4-1024x683.jpg\" class=\"story-img wp-post-image\" alt=\"25. Wettbewerb der Kinder- und Jugendgruppen der Deutschen Minderheit am St. Annaberg\" srcset=\"https:\/\/wirtualnemuzeum.skgd.pl\/wp-content\/uploads\/2021\/03\/Podpis_4-1024x683.jpg 1024w, https:\/\/wirtualnemuzeum.skgd.pl\/wp-content\/uploads\/2021\/03\/Podpis_4-300x200.jpg 300w, https:\/\/wirtualnemuzeum.skgd.pl\/wp-content\/uploads\/2021\/03\/Podpis_4-768x512.jpg 768w, https:\/\/wirtualnemuzeum.skgd.pl\/wp-content\/uploads\/2021\/03\/Podpis_4-1536x1024.jpg 1536w, https:\/\/wirtualnemuzeum.skgd.pl\/wp-content\/uploads\/2021\/03\/Podpis_4-2048x1365.jpg 2048w\" sizes=\"auto, (max-width: 1024px) 100vw, 1024px\" \/><\/a><\/div><\/div><\/div><!-- Timeline Content --><div  id=\"ctl-post-929\" class=\"ctl-story ctl-story-icon ctl-story-right odd\"  data-story-index=\"53\" role=\"article\"><!-- Post Label --><div class=\"ctl-labels\"><div class=\"ctl-label-big story-date\">18. Mai , 2016<\/div><\/div><!-- Post Icon --><div class=\"ctl-icon\"><svg xmlns=\"http:\/\/www.w3.org\/2000\/svg\" height=\"1em\" viewBox=\"0 0 512 512\">\r\n\t\t\t\t<path d=\"M256 8C119 8 8 119 8 256s111 248 248 248 248-111 248-248S393 8 256 8zm0 448c-110.5 0-200-89.5-200-200S145.5 56 256 56s200 89.5 200 200-89.5 200-200 200zm61.8-104.4l-84.9-61.7c-3.1-2.3-4.9-5.9-4.9-9.7V116c0-6.6 5.4-12 12-12h32c6.6 0 12 5.4 12 12v141.7l66.8 48.6c5.4 3.9 6.5 11.4 2.6 16.8L334.6 349c-3.9 5.3-11.4 6.5-16.8 2.6z\"\/>\r\n\t\t\t\t<\/svg><\/div> <!-- Post Arrow --><div class=\"ctl-arrow\"><\/div>\r\n\t\t\t<!-- Post Content --><div class=\"ctl-content\"><!-- Post Title --><div class=\"ctl-title story-929\" aria-label=\"Bernard Gaida, Vorsitzender des Verbandes der deutschen Sozial-Kulturellen Gesellschaften in Polen\"><a target=\"_self\" title=\"Bernard Gaida, Vorsitzender des Verbandes der deutschen Sozial-Kulturellen Gesellschaften in Polen\" href=\"https:\/\/wirtualnemuzeum.skgd.pl\/de\/bernard-gaida-vorsitzender-des-verbandes-der-deutschen-sozial-kulturellen-gesellschaften-in-polen\/\" class=\"story-link\">Bernard Gaida, Vorsitzender des Verbandes der deutschen Sozial-Kulturellen Gesellschaften in Polen<\/a><\/div><!-- Post Media --><div class=\"ctl-media full\"><a data-glightbox=\"Bernard Gaida, Vorsitzender des Verbandes der deutschen Sozial-Kulturellen Gesellschaften in Polen\" href=\"https:\/\/wirtualnemuzeum.skgd.pl\/wp-content\/uploads\/2021\/03\/Podpis_112-scaled.jpg\" class=\"ctl_glightbox\"><img loading=\"lazy\" decoding=\"async\" width=\"1024\" height=\"683\" src=\"https:\/\/wirtualnemuzeum.skgd.pl\/wp-content\/uploads\/2021\/03\/Podpis_112-1024x683.jpg\" class=\"story-img wp-post-image\" alt=\"Bernard Gaida, Vorsitzender des Verbandes der deutschen Sozial-Kulturellen Gesellschaften in Polen\" srcset=\"https:\/\/wirtualnemuzeum.skgd.pl\/wp-content\/uploads\/2021\/03\/Podpis_112-1024x683.jpg 1024w, https:\/\/wirtualnemuzeum.skgd.pl\/wp-content\/uploads\/2021\/03\/Podpis_112-300x200.jpg 300w, https:\/\/wirtualnemuzeum.skgd.pl\/wp-content\/uploads\/2021\/03\/Podpis_112-768x512.jpg 768w, https:\/\/wirtualnemuzeum.skgd.pl\/wp-content\/uploads\/2021\/03\/Podpis_112-1536x1024.jpg 1536w, https:\/\/wirtualnemuzeum.skgd.pl\/wp-content\/uploads\/2021\/03\/Podpis_112-2048x1365.jpg 2048w\" sizes=\"auto, (max-width: 1024px) 100vw, 1024px\" \/><\/a><\/div><\/div><\/div><!-- Post Year Section --><div data-cls=\"sc-nv-light vertical\" class=\"timeline-year scrollable-section ctl-year ctl-year-container light-year\" data-section-title=\"2015\" id=\"year-2015\"><div class=\"ctl-year-label ctl-year-text\"><span>2015<\/span><\/div><\/div><!-- Timeline Content --><div  id=\"ctl-post-415\" class=\"ctl-story ctl-story-icon ctl-story-left even\"  data-story-index=\"54\" role=\"article\"><!-- Post Label --><div class=\"ctl-labels\"><div class=\"ctl-label-big story-date\">15. November , 2015<\/div><\/div><!-- Post Icon --><div class=\"ctl-icon\"><svg xmlns=\"http:\/\/www.w3.org\/2000\/svg\" height=\"1em\" viewBox=\"0 0 512 512\">\r\n\t\t\t\t<path d=\"M256 8C119 8 8 119 8 256s111 248 248 248 248-111 248-248S393 8 256 8zm0 448c-110.5 0-200-89.5-200-200S145.5 56 256 56s200 89.5 200 200-89.5 200-200 200zm61.8-104.4l-84.9-61.7c-3.1-2.3-4.9-5.9-4.9-9.7V116c0-6.6 5.4-12 12-12h32c6.6 0 12 5.4 12 12v141.7l66.8 48.6c5.4 3.9 6.5 11.4 2.6 16.8L334.6 349c-3.9 5.3-11.4 6.5-16.8 2.6z\"\/>\r\n\t\t\t\t<\/svg><\/div> <!-- Post Arrow --><div class=\"ctl-arrow\"><\/div>\r\n\t\t\t<!-- Post Content --><div class=\"ctl-content\"><!-- Post Title --><div class=\"ctl-title story-415\" aria-label=\"In der Oppelner Kathedrale wurde eine Gedenktafel f\u00fcr die Opfer der Oberschlesischen Trag\u00f6die eingeweiht\"><a target=\"_self\" title=\"In der Oppelner Kathedrale wurde eine Gedenktafel f\u00fcr die Opfer der Oberschlesischen Trag\u00f6die eingeweiht\" href=\"https:\/\/wirtualnemuzeum.skgd.pl\/de\/in-der-oppelner-kathedrale-wurde-eine-gedenktafel-fur-die-opfer-der-oberschlesischen-tragodie-eingeweiht\/\" class=\"story-link\">In der Oppelner Kathedrale wurde eine Gedenktafel f\u00fcr die Opfer der Oberschlesischen Trag\u00f6die eingeweiht<\/a><\/div><!-- Post Media --><div class=\"ctl-media full\"><a data-glightbox=\"In der Oppelner Kathedrale wurde eine Gedenktafel f\u00fcr die Opfer der Oberschlesischen Trag\u00f6die eingeweiht\" href=\"https:\/\/wirtualnemuzeum.skgd.pl\/wp-content\/uploads\/2021\/03\/Podpis_29-scaled.jpg\" class=\"ctl_glightbox\"><img loading=\"lazy\" decoding=\"async\" width=\"1024\" height=\"683\" src=\"https:\/\/wirtualnemuzeum.skgd.pl\/wp-content\/uploads\/2021\/03\/Podpis_29-1024x683.jpg\" class=\"story-img wp-post-image\" alt=\"In der Oppelner Kathedrale wurde eine Gedenktafel f\u00fcr die Opfer der Oberschlesischen Trag\u00f6die eingeweiht\" srcset=\"https:\/\/wirtualnemuzeum.skgd.pl\/wp-content\/uploads\/2021\/03\/Podpis_29-1024x683.jpg 1024w, https:\/\/wirtualnemuzeum.skgd.pl\/wp-content\/uploads\/2021\/03\/Podpis_29-300x200.jpg 300w, https:\/\/wirtualnemuzeum.skgd.pl\/wp-content\/uploads\/2021\/03\/Podpis_29-768x512.jpg 768w, https:\/\/wirtualnemuzeum.skgd.pl\/wp-content\/uploads\/2021\/03\/Podpis_29-1536x1024.jpg 1536w, https:\/\/wirtualnemuzeum.skgd.pl\/wp-content\/uploads\/2021\/03\/Podpis_29-2048x1365.jpg 2048w\" sizes=\"auto, (max-width: 1024px) 100vw, 1024px\" \/><\/a><\/div><\/div><\/div><!-- Timeline Content --><div  id=\"ctl-post-911\" class=\"ctl-story ctl-story-icon ctl-story-right odd\"  data-story-index=\"55\" role=\"article\"><!-- Post Label --><div class=\"ctl-labels\"><div class=\"ctl-label-big story-date\">14. Oktober , 2015<\/div><\/div><!-- Post Icon --><div class=\"ctl-icon\"><svg xmlns=\"http:\/\/www.w3.org\/2000\/svg\" height=\"1em\" viewBox=\"0 0 512 512\">\r\n\t\t\t\t<path d=\"M256 8C119 8 8 119 8 256s111 248 248 248 248-111 248-248S393 8 256 8zm0 448c-110.5 0-200-89.5-200-200S145.5 56 256 56s200 89.5 200 200-89.5 200-200 200zm61.8-104.4l-84.9-61.7c-3.1-2.3-4.9-5.9-4.9-9.7V116c0-6.6 5.4-12 12-12h32c6.6 0 12 5.4 12 12v141.7l66.8 48.6c5.4 3.9 6.5 11.4 2.6 16.8L334.6 349c-3.9 5.3-11.4 6.5-16.8 2.6z\"\/>\r\n\t\t\t\t<\/svg><\/div> <!-- Post Arrow --><div class=\"ctl-arrow\"><\/div>\r\n\t\t\t<!-- Post Content --><div class=\"ctl-content\"><!-- Post Title --><div class=\"ctl-title story-911\" aria-label=\"Berlin: Ttreffen der Arbeitsgemeinschaft der deutschen Minderheiten inerhalb der FUEV\"><a target=\"_self\" title=\"Berlin: Ttreffen der Arbeitsgemeinschaft der deutschen Minderheiten inerhalb der FUEV\" href=\"https:\/\/wirtualnemuzeum.skgd.pl\/de\/berlin-ttreffen-der-arbeitsgemeinschaft-der-deutschen-minderheiten-inerhalb-der-fuev\/\" class=\"story-link\">Berlin: Ttreffen der Arbeitsgemeinschaft der deutschen Minderheiten inerhalb der FUEV<\/a><\/div><!-- Post Media --><div class=\"ctl-media full\"><a data-glightbox=\"Berlin: Ttreffen der Arbeitsgemeinschaft der deutschen Minderheiten inerhalb der FUEV\" href=\"https:\/\/wirtualnemuzeum.skgd.pl\/wp-content\/uploads\/2021\/03\/Podpis_109-scaled.jpg\" class=\"ctl_glightbox\"><img loading=\"lazy\" decoding=\"async\" width=\"1024\" height=\"678\" src=\"https:\/\/wirtualnemuzeum.skgd.pl\/wp-content\/uploads\/2021\/03\/Podpis_109-1024x678.jpg\" class=\"story-img wp-post-image\" alt=\"Berlin: Ttreffen der Arbeitsgemeinschaft der deutschen Minderheiten inerhalb der FUEV\" srcset=\"https:\/\/wirtualnemuzeum.skgd.pl\/wp-content\/uploads\/2021\/03\/Podpis_109-1024x678.jpg 1024w, https:\/\/wirtualnemuzeum.skgd.pl\/wp-content\/uploads\/2021\/03\/Podpis_109-300x199.jpg 300w, https:\/\/wirtualnemuzeum.skgd.pl\/wp-content\/uploads\/2021\/03\/Podpis_109-768x509.jpg 768w, https:\/\/wirtualnemuzeum.skgd.pl\/wp-content\/uploads\/2021\/03\/Podpis_109-1536x1017.jpg 1536w, https:\/\/wirtualnemuzeum.skgd.pl\/wp-content\/uploads\/2021\/03\/Podpis_109-2048x1356.jpg 2048w\" sizes=\"auto, (max-width: 1024px) 100vw, 1024px\" \/><\/a><\/div><\/div><\/div><!-- Timeline Content --><div  id=\"ctl-post-749\" class=\"ctl-story ctl-story-icon ctl-story-left even\"  data-story-index=\"56\" role=\"article\"><!-- Post Label --><div class=\"ctl-labels\"><div class=\"ctl-label-big story-date\">23. Mai , 2015<\/div><\/div><!-- Post Icon --><div class=\"ctl-icon\"><svg xmlns=\"http:\/\/www.w3.org\/2000\/svg\" height=\"1em\" viewBox=\"0 0 512 512\">\r\n\t\t\t\t<path d=\"M256 8C119 8 8 119 8 256s111 248 248 248 248-111 248-248S393 8 256 8zm0 448c-110.5 0-200-89.5-200-200S145.5 56 256 56s200 89.5 200 200-89.5 200-200 200zm61.8-104.4l-84.9-61.7c-3.1-2.3-4.9-5.9-4.9-9.7V116c0-6.6 5.4-12 12-12h32c6.6 0 12 5.4 12 12v141.7l66.8 48.6c5.4 3.9 6.5 11.4 2.6 16.8L334.6 349c-3.9 5.3-11.4 6.5-16.8 2.6z\"\/>\r\n\t\t\t\t<\/svg><\/div> <!-- Post Arrow --><div class=\"ctl-arrow\"><\/div>\r\n\t\t\t<!-- Post Content --><div class=\"ctl-content\"><!-- Post Title --><div class=\"ctl-title story-749\" aria-label=\"Rafa\u0142 Bartek wird zum neuen Vorsitzenden der SKGD gew\u00e4hlt.\"><a target=\"_self\" title=\"Rafa\u0142 Bartek wird zum neuen Vorsitzenden der SKGD gew\u00e4hlt.\" href=\"https:\/\/wirtualnemuzeum.skgd.pl\/de\/rafal-bartek-wird-zum-neuen-vorsitzenden-der-skgd-gewahlt\/\" class=\"story-link\">Rafa\u0142 Bartek wird zum neuen Vorsitzenden der SKGD gew\u00e4hlt.<\/a><\/div><!-- Post Media --><div class=\"ctl-media full\"><a data-glightbox=\"Rafa\u0142 Bartek wird zum neuen Vorsitzenden der SKGD gew\u00e4hlt.\" href=\"https:\/\/wirtualnemuzeum.skgd.pl\/wp-content\/uploads\/2021\/03\/Podpis_82.jpg\" class=\"ctl_glightbox\"><img loading=\"lazy\" decoding=\"async\" width=\"1024\" height=\"682\" src=\"https:\/\/wirtualnemuzeum.skgd.pl\/wp-content\/uploads\/2021\/03\/Podpis_82-1024x682.jpg\" class=\"story-img wp-post-image\" alt=\"Rafa\u0142 Bartek wird zum neuen Vorsitzenden der SKGD gew\u00e4hlt.\" srcset=\"https:\/\/wirtualnemuzeum.skgd.pl\/wp-content\/uploads\/2021\/03\/Podpis_82-1024x682.jpg 1024w, https:\/\/wirtualnemuzeum.skgd.pl\/wp-content\/uploads\/2021\/03\/Podpis_82-300x200.jpg 300w, https:\/\/wirtualnemuzeum.skgd.pl\/wp-content\/uploads\/2021\/03\/Podpis_82-768x512.jpg 768w, https:\/\/wirtualnemuzeum.skgd.pl\/wp-content\/uploads\/2021\/03\/Podpis_82-1536x1024.jpg 1536w, https:\/\/wirtualnemuzeum.skgd.pl\/wp-content\/uploads\/2021\/03\/Podpis_82.jpg 2000w\" sizes=\"auto, (max-width: 1024px) 100vw, 1024px\" \/><\/a><\/div><\/div><\/div><!-- Timeline Content --><div  id=\"ctl-post-566\" class=\"ctl-story ctl-story-icon ctl-story-right odd\"  data-story-index=\"57\" role=\"article\"><!-- Post Label --><div class=\"ctl-labels\"><div class=\"ctl-label-big story-date\">23. Mai , 2015<\/div><\/div><!-- Post Icon --><div class=\"ctl-icon\"><svg xmlns=\"http:\/\/www.w3.org\/2000\/svg\" height=\"1em\" viewBox=\"0 0 512 512\">\r\n\t\t\t\t<path d=\"M256 8C119 8 8 119 8 256s111 248 248 248 248-111 248-248S393 8 256 8zm0 448c-110.5 0-200-89.5-200-200S145.5 56 256 56s200 89.5 200 200-89.5 200-200 200zm61.8-104.4l-84.9-61.7c-3.1-2.3-4.9-5.9-4.9-9.7V116c0-6.6 5.4-12 12-12h32c6.6 0 12 5.4 12 12v141.7l66.8 48.6c5.4 3.9 6.5 11.4 2.6 16.8L334.6 349c-3.9 5.3-11.4 6.5-16.8 2.6z\"\/>\r\n\t\t\t\t<\/svg><\/div> <!-- Post Arrow --><div class=\"ctl-arrow\"><\/div>\r\n\t\t\t<!-- Post Content --><div class=\"ctl-content\"><!-- Post Title --><div class=\"ctl-title story-566\" aria-label=\"Jahres- und Wahlversammlung in Sakrau\"><a target=\"_self\" title=\"Jahres- und Wahlversammlung in Sakrau\" href=\"https:\/\/wirtualnemuzeum.skgd.pl\/de\/jahres-und-wahlversammlung-in-sakrau\/\" class=\"story-link\">Jahres- und Wahlversammlung in Sakrau<\/a><\/div><!-- Post Media --><div class=\"ctl-media full\"><a data-glightbox=\"Jahres- und Wahlversammlung in Sakrau\" href=\"https:\/\/wirtualnemuzeum.skgd.pl\/wp-content\/uploads\/2021\/03\/Podpis_52.jpg\" class=\"ctl_glightbox\"><img loading=\"lazy\" decoding=\"async\" width=\"1024\" height=\"682\" src=\"https:\/\/wirtualnemuzeum.skgd.pl\/wp-content\/uploads\/2021\/03\/Podpis_52-1024x682.jpg\" class=\"story-img wp-post-image\" alt=\"Jahres- und Wahlversammlung in Sakrau\" srcset=\"https:\/\/wirtualnemuzeum.skgd.pl\/wp-content\/uploads\/2021\/03\/Podpis_52-1024x682.jpg 1024w, https:\/\/wirtualnemuzeum.skgd.pl\/wp-content\/uploads\/2021\/03\/Podpis_52-300x200.jpg 300w, https:\/\/wirtualnemuzeum.skgd.pl\/wp-content\/uploads\/2021\/03\/Podpis_52-768x512.jpg 768w, https:\/\/wirtualnemuzeum.skgd.pl\/wp-content\/uploads\/2021\/03\/Podpis_52-1536x1024.jpg 1536w, https:\/\/wirtualnemuzeum.skgd.pl\/wp-content\/uploads\/2021\/03\/Podpis_52.jpg 2000w\" sizes=\"auto, (max-width: 1024px) 100vw, 1024px\" \/><\/a><\/div><\/div><\/div><!-- Timeline Content --><div  id=\"ctl-post-615\" class=\"ctl-story ctl-story-icon ctl-story-left even\"  data-story-index=\"58\" role=\"article\"><!-- Post Label --><div class=\"ctl-labels\"><div class=\"ctl-label-big story-date\">15. Februar , 2015<\/div><\/div><!-- Post Icon --><div class=\"ctl-icon\"><svg xmlns=\"http:\/\/www.w3.org\/2000\/svg\" height=\"1em\" viewBox=\"0 0 512 512\">\r\n\t\t\t\t<path d=\"M256 8C119 8 8 119 8 256s111 248 248 248 248-111 248-248S393 8 256 8zm0 448c-110.5 0-200-89.5-200-200S145.5 56 256 56s200 89.5 200 200-89.5 200-200 200zm61.8-104.4l-84.9-61.7c-3.1-2.3-4.9-5.9-4.9-9.7V116c0-6.6 5.4-12 12-12h32c6.6 0 12 5.4 12 12v141.7l66.8 48.6c5.4 3.9 6.5 11.4 2.6 16.8L334.6 349c-3.9 5.3-11.4 6.5-16.8 2.6z\"\/>\r\n\t\t\t\t<\/svg><\/div> <!-- Post Arrow --><div class=\"ctl-arrow\"><\/div>\r\n\t\t\t<!-- Post Content --><div class=\"ctl-content\"><!-- Post Title --><div class=\"ctl-title story-615\" aria-label=\"Feierlichkeiten anl\u00e4sslich des 25-j\u00e4hrigen Jubil\u00e4ums der SKGD\"><a target=\"_self\" title=\"Feierlichkeiten anl\u00e4sslich des 25-j\u00e4hrigen Jubil\u00e4ums der SKGD\" href=\"https:\/\/wirtualnemuzeum.skgd.pl\/de\/feierlichkeiten-anlasslich-des-25-jahrigen-jubilaums-der-skgd\/\" class=\"story-link\">Feierlichkeiten anl\u00e4sslich des 25-j\u00e4hrigen Jubil\u00e4ums der SKGD<\/a><\/div><!-- Post Media --><div class=\"ctl-media full\"><a data-glightbox=\"Feierlichkeiten anl\u00e4sslich des 25-j\u00e4hrigen Jubil\u00e4ums der SKGD\" href=\"https:\/\/wirtualnemuzeum.skgd.pl\/wp-content\/uploads\/2021\/03\/Podpis_60-scaled.jpg\" class=\"ctl_glightbox\"><img loading=\"lazy\" decoding=\"async\" width=\"1024\" height=\"683\" src=\"https:\/\/wirtualnemuzeum.skgd.pl\/wp-content\/uploads\/2021\/03\/Podpis_60-1024x683.jpg\" class=\"story-img wp-post-image\" alt=\"Feierlichkeiten anl\u00e4sslich des 25-j\u00e4hrigen Jubil\u00e4ums der SKGD\" srcset=\"https:\/\/wirtualnemuzeum.skgd.pl\/wp-content\/uploads\/2021\/03\/Podpis_60-1024x683.jpg 1024w, https:\/\/wirtualnemuzeum.skgd.pl\/wp-content\/uploads\/2021\/03\/Podpis_60-300x200.jpg 300w, https:\/\/wirtualnemuzeum.skgd.pl\/wp-content\/uploads\/2021\/03\/Podpis_60-768x512.jpg 768w, https:\/\/wirtualnemuzeum.skgd.pl\/wp-content\/uploads\/2021\/03\/Podpis_60-1536x1024.jpg 1536w, https:\/\/wirtualnemuzeum.skgd.pl\/wp-content\/uploads\/2021\/03\/Podpis_60-2048x1365.jpg 2048w\" sizes=\"auto, (max-width: 1024px) 100vw, 1024px\" \/><\/a><\/div><\/div><\/div><!-- Timeline Content --><div  id=\"ctl-post-227\" class=\"ctl-story ctl-story-icon ctl-story-right odd\"  data-story-index=\"59\" role=\"article\"><!-- Post Label --><div class=\"ctl-labels\"><div class=\"ctl-label-big story-date\">7. Februar , 2015<\/div><\/div><!-- Post Icon --><div class=\"ctl-icon\"><svg xmlns=\"http:\/\/www.w3.org\/2000\/svg\" height=\"1em\" viewBox=\"0 0 512 512\">\r\n\t\t\t\t<path d=\"M256 8C119 8 8 119 8 256s111 248 248 248 248-111 248-248S393 8 256 8zm0 448c-110.5 0-200-89.5-200-200S145.5 56 256 56s200 89.5 200 200-89.5 200-200 200zm61.8-104.4l-84.9-61.7c-3.1-2.3-4.9-5.9-4.9-9.7V116c0-6.6 5.4-12 12-12h32c6.6 0 12 5.4 12 12v141.7l66.8 48.6c5.4 3.9 6.5 11.4 2.6 16.8L334.6 349c-3.9 5.3-11.4 6.5-16.8 2.6z\"\/>\r\n\t\t\t\t<\/svg><\/div> <!-- Post Arrow --><div class=\"ctl-arrow\"><\/div>\r\n\t\t\t<!-- Post Content --><div class=\"ctl-content\"><!-- Post Title --><div class=\"ctl-title story-227\" aria-label=\"In Chronstau wird die erste Miro Deutsche Fu\u00dfballschule in Polen gegr\u00fcndet\"><a target=\"_self\" title=\"In Chronstau wird die erste Miro Deutsche Fu\u00dfballschule in Polen gegr\u00fcndet\" href=\"https:\/\/wirtualnemuzeum.skgd.pl\/de\/in-chronstau-wird-die-erste-miro-deutsche-fussballschule-in-polen-gegrundet\/\" class=\"story-link\">In Chronstau wird die erste Miro Deutsche Fu\u00dfballschule in Polen gegr\u00fcndet<\/a><\/div><!-- Post Media --><div class=\"ctl-media full\"><a data-glightbox=\"In Chronstau wird die erste Miro Deutsche Fu\u00dfballschule in Polen gegr\u00fcndet\" href=\"https:\/\/wirtualnemuzeum.skgd.pl\/wp-content\/uploads\/2021\/03\/Podpis_1-scaled.jpg\" class=\"ctl_glightbox\"><img loading=\"lazy\" decoding=\"async\" width=\"1024\" height=\"683\" src=\"https:\/\/wirtualnemuzeum.skgd.pl\/wp-content\/uploads\/2021\/03\/Podpis_1-1024x683.jpg\" class=\"story-img wp-post-image\" alt=\"In Chronstau wird die erste Miro Deutsche Fu\u00dfballschule in Polen gegr\u00fcndet\" srcset=\"https:\/\/wirtualnemuzeum.skgd.pl\/wp-content\/uploads\/2021\/03\/Podpis_1-1024x683.jpg 1024w, https:\/\/wirtualnemuzeum.skgd.pl\/wp-content\/uploads\/2021\/03\/Podpis_1-300x200.jpg 300w, https:\/\/wirtualnemuzeum.skgd.pl\/wp-content\/uploads\/2021\/03\/Podpis_1-768x512.jpg 768w, https:\/\/wirtualnemuzeum.skgd.pl\/wp-content\/uploads\/2021\/03\/Podpis_1-1536x1024.jpg 1536w, https:\/\/wirtualnemuzeum.skgd.pl\/wp-content\/uploads\/2021\/03\/Podpis_1-2048x1365.jpg 2048w\" sizes=\"auto, (max-width: 1024px) 100vw, 1024px\" \/><\/a><\/div><\/div><\/div><!-- Post Year Section --><div data-cls=\"sc-nv-light vertical\" class=\"timeline-year scrollable-section ctl-year ctl-year-container light-year\" data-section-title=\"2014\" id=\"year-2014\"><div class=\"ctl-year-label ctl-year-text\"><span>2014<\/span><\/div><\/div><!-- Timeline Content --><div  id=\"ctl-post-323\" class=\"ctl-story ctl-story-icon ctl-story-left even\"  data-story-index=\"60\" role=\"article\"><!-- Post Label --><div class=\"ctl-labels\"><div class=\"ctl-label-big story-date\">11. Oktober , 2014<\/div><\/div><!-- Post Icon --><div class=\"ctl-icon\"><svg xmlns=\"http:\/\/www.w3.org\/2000\/svg\" height=\"1em\" viewBox=\"0 0 512 512\">\r\n\t\t\t\t<path d=\"M256 8C119 8 8 119 8 256s111 248 248 248 248-111 248-248S393 8 256 8zm0 448c-110.5 0-200-89.5-200-200S145.5 56 256 56s200 89.5 200 200-89.5 200-200 200zm61.8-104.4l-84.9-61.7c-3.1-2.3-4.9-5.9-4.9-9.7V116c0-6.6 5.4-12 12-12h32c6.6 0 12 5.4 12 12v141.7l66.8 48.6c5.4 3.9 6.5 11.4 2.6 16.8L334.6 349c-3.9 5.3-11.4 6.5-16.8 2.6z\"\/>\r\n\t\t\t\t<\/svg><\/div> <!-- Post Arrow --><div class=\"ctl-arrow\"><\/div>\r\n\t\t\t<!-- Post Content --><div class=\"ctl-content\"><!-- Post Title --><div class=\"ctl-title story-323\" aria-label=\"Die Deutsche Minderheit veranstaltet das erste Oktoberfest in Krappitz\"><a target=\"_self\" title=\"Die Deutsche Minderheit veranstaltet das erste Oktoberfest in Krappitz\" href=\"https:\/\/wirtualnemuzeum.skgd.pl\/de\/die-deutsche-minderheit-veranstaltet-das-erste-oktoberfest-in-krappitz\/\" class=\"story-link\">Die Deutsche Minderheit veranstaltet das erste Oktoberfest in Krappitz<\/a><\/div><!-- Post Media --><div class=\"ctl-media full\"><a data-glightbox=\"Die Deutsche Minderheit veranstaltet das erste Oktoberfest in Krappitz\" href=\"https:\/\/wirtualnemuzeum.skgd.pl\/wp-content\/uploads\/2021\/03\/Podpis_14-scaled.jpg\" class=\"ctl_glightbox\"><img loading=\"lazy\" decoding=\"async\" width=\"1024\" height=\"683\" src=\"https:\/\/wirtualnemuzeum.skgd.pl\/wp-content\/uploads\/2021\/03\/Podpis_14-1024x683.jpg\" class=\"story-img wp-post-image\" alt=\"Die Deutsche Minderheit veranstaltet das erste Oktoberfest in Krappitz\" srcset=\"https:\/\/wirtualnemuzeum.skgd.pl\/wp-content\/uploads\/2021\/03\/Podpis_14-1024x683.jpg 1024w, https:\/\/wirtualnemuzeum.skgd.pl\/wp-content\/uploads\/2021\/03\/Podpis_14-300x200.jpg 300w, https:\/\/wirtualnemuzeum.skgd.pl\/wp-content\/uploads\/2021\/03\/Podpis_14-768x512.jpg 768w, https:\/\/wirtualnemuzeum.skgd.pl\/wp-content\/uploads\/2021\/03\/Podpis_14-1536x1024.jpg 1536w, https:\/\/wirtualnemuzeum.skgd.pl\/wp-content\/uploads\/2021\/03\/Podpis_14-2048x1365.jpg 2048w\" sizes=\"auto, (max-width: 1024px) 100vw, 1024px\" \/><\/a><\/div><\/div><\/div><!-- Timeline Content --><div  id=\"ctl-post-725\" class=\"ctl-story ctl-story-icon ctl-story-right odd\"  data-story-index=\"61\" role=\"article\"><!-- Post Label --><div class=\"ctl-labels\"><div class=\"ctl-label-big story-date\">10. Juni , 2014<\/div><\/div><!-- Post Icon --><div class=\"ctl-icon\"><svg xmlns=\"http:\/\/www.w3.org\/2000\/svg\" height=\"1em\" viewBox=\"0 0 512 512\">\r\n\t\t\t\t<path d=\"M256 8C119 8 8 119 8 256s111 248 248 248 248-111 248-248S393 8 256 8zm0 448c-110.5 0-200-89.5-200-200S145.5 56 256 56s200 89.5 200 200-89.5 200-200 200zm61.8-104.4l-84.9-61.7c-3.1-2.3-4.9-5.9-4.9-9.7V116c0-6.6 5.4-12 12-12h32c6.6 0 12 5.4 12 12v141.7l66.8 48.6c5.4 3.9 6.5 11.4 2.6 16.8L334.6 349c-3.9 5.3-11.4 6.5-16.8 2.6z\"\/>\r\n\t\t\t\t<\/svg><\/div> <!-- Post Arrow --><div class=\"ctl-arrow\"><\/div>\r\n\t\t\t<!-- Post Content --><div class=\"ctl-content\"><!-- Post Title --><div class=\"ctl-title story-725\" aria-label=\"Fanmeile w\u00e4hrend der Fu\u00dfballweltmeisterschaft in Chronstau\"><a target=\"_self\" title=\"Fanmeile w\u00e4hrend der Fu\u00dfballweltmeisterschaft in Chronstau\" href=\"https:\/\/wirtualnemuzeum.skgd.pl\/de\/fanmeile-wahrend-der-fussballweltmeisterschaft-in-chronstau\/\" class=\"story-link\">Fanmeile w\u00e4hrend der Fu\u00dfballweltmeisterschaft in Chronstau<\/a><\/div><!-- Post Media --><div class=\"ctl-media full\"><a data-glightbox=\"Fanmeile w\u00e4hrend der Fu\u00dfballweltmeisterschaft in Chronstau\" href=\"https:\/\/wirtualnemuzeum.skgd.pl\/wp-content\/uploads\/2021\/03\/Podpis_78.jpg\" class=\"ctl_glightbox\"><img loading=\"lazy\" decoding=\"async\" width=\"1024\" height=\"603\" src=\"https:\/\/wirtualnemuzeum.skgd.pl\/wp-content\/uploads\/2021\/03\/Podpis_78-1024x603.jpg\" class=\"story-img wp-post-image\" alt=\"Fanmeile w\u00e4hrend der Fu\u00dfballweltmeisterschaft in Chronstau\" srcset=\"https:\/\/wirtualnemuzeum.skgd.pl\/wp-content\/uploads\/2021\/03\/Podpis_78-1024x603.jpg 1024w, https:\/\/wirtualnemuzeum.skgd.pl\/wp-content\/uploads\/2021\/03\/Podpis_78-300x177.jpg 300w, https:\/\/wirtualnemuzeum.skgd.pl\/wp-content\/uploads\/2021\/03\/Podpis_78-768x452.jpg 768w, https:\/\/wirtualnemuzeum.skgd.pl\/wp-content\/uploads\/2021\/03\/Podpis_78.jpg 1500w\" sizes=\"auto, (max-width: 1024px) 100vw, 1024px\" \/><\/a><\/div><\/div><\/div><!-- Timeline Content --><div  id=\"ctl-post-817\" class=\"ctl-story ctl-story-icon ctl-story-left even\"  data-story-index=\"62\" role=\"article\"><!-- Post Label --><div class=\"ctl-labels\"><div class=\"ctl-label-big story-date\">14. Mai , 2014<\/div><\/div><!-- Post Icon --><div class=\"ctl-icon\"><svg xmlns=\"http:\/\/www.w3.org\/2000\/svg\" height=\"1em\" viewBox=\"0 0 512 512\">\r\n\t\t\t\t<path d=\"M256 8C119 8 8 119 8 256s111 248 248 248 248-111 248-248S393 8 256 8zm0 448c-110.5 0-200-89.5-200-200S145.5 56 256 56s200 89.5 200 200-89.5 200-200 200zm61.8-104.4l-84.9-61.7c-3.1-2.3-4.9-5.9-4.9-9.7V116c0-6.6 5.4-12 12-12h32c6.6 0 12 5.4 12 12v141.7l66.8 48.6c5.4 3.9 6.5 11.4 2.6 16.8L334.6 349c-3.9 5.3-11.4 6.5-16.8 2.6z\"\/>\r\n\t\t\t\t<\/svg><\/div> <!-- Post Arrow --><div class=\"ctl-arrow\"><\/div>\r\n\t\t\t<!-- Post Content --><div class=\"ctl-content\"><!-- Post Title --><div class=\"ctl-title story-817\" aria-label=\"Treffen des Pr\u00e4sidenten Bronis\u0142aw Komorowski mit den Vertretern der DMI\"><a target=\"_self\" title=\"Treffen des Pr\u00e4sidenten Bronis\u0142aw Komorowski mit den Vertretern der DMI\" href=\"https:\/\/wirtualnemuzeum.skgd.pl\/de\/treffen-des-prasidenten-bronislaw-komorowski-mit-den-vertretern-der-dmi\/\" class=\"story-link\">Treffen des Pr\u00e4sidenten Bronis\u0142aw Komorowski mit den Vertretern der DMI<\/a><\/div><!-- Post Media --><div class=\"ctl-media full\"><a data-glightbox=\"Treffen des Pr\u00e4sidenten Bronis\u0142aw Komorowski mit den Vertretern der DMI\" href=\"https:\/\/wirtualnemuzeum.skgd.pl\/wp-content\/uploads\/2021\/03\/Podpis_93-scaled.jpg\" class=\"ctl_glightbox\"><img loading=\"lazy\" decoding=\"async\" width=\"1024\" height=\"683\" src=\"https:\/\/wirtualnemuzeum.skgd.pl\/wp-content\/uploads\/2021\/03\/Podpis_93-1024x683.jpg\" class=\"story-img wp-post-image\" alt=\"Treffen des Pr\u00e4sidenten Bronis\u0142aw Komorowski mit den Vertretern der DMI\" srcset=\"https:\/\/wirtualnemuzeum.skgd.pl\/wp-content\/uploads\/2021\/03\/Podpis_93-1024x683.jpg 1024w, https:\/\/wirtualnemuzeum.skgd.pl\/wp-content\/uploads\/2021\/03\/Podpis_93-300x200.jpg 300w, https:\/\/wirtualnemuzeum.skgd.pl\/wp-content\/uploads\/2021\/03\/Podpis_93-768x512.jpg 768w, https:\/\/wirtualnemuzeum.skgd.pl\/wp-content\/uploads\/2021\/03\/Podpis_93-1536x1024.jpg 1536w, https:\/\/wirtualnemuzeum.skgd.pl\/wp-content\/uploads\/2021\/03\/Podpis_93-2048x1365.jpg 2048w\" sizes=\"auto, (max-width: 1024px) 100vw, 1024px\" \/><\/a><\/div><\/div><\/div><!-- Timeline Content --><div  id=\"ctl-post-572\" class=\"ctl-story ctl-story-icon ctl-story-right odd\"  data-story-index=\"63\" role=\"article\"><!-- Post Label --><div class=\"ctl-labels\"><div class=\"ctl-label-big story-date\">18. Februar , 2014<\/div><\/div><!-- Post Icon --><div class=\"ctl-icon\"><svg xmlns=\"http:\/\/www.w3.org\/2000\/svg\" height=\"1em\" viewBox=\"0 0 512 512\">\r\n\t\t\t\t<path d=\"M256 8C119 8 8 119 8 256s111 248 248 248 248-111 248-248S393 8 256 8zm0 448c-110.5 0-200-89.5-200-200S145.5 56 256 56s200 89.5 200 200-89.5 200-200 200zm61.8-104.4l-84.9-61.7c-3.1-2.3-4.9-5.9-4.9-9.7V116c0-6.6 5.4-12 12-12h32c6.6 0 12 5.4 12 12v141.7l66.8 48.6c5.4 3.9 6.5 11.4 2.6 16.8L334.6 349c-3.9 5.3-11.4 6.5-16.8 2.6z\"\/>\r\n\t\t\t\t<\/svg><\/div> <!-- Post Arrow --><div class=\"ctl-arrow\"><\/div>\r\n\t\t\t<!-- Post Content --><div class=\"ctl-content\"><!-- Post Title --><div class=\"ctl-title story-572\" aria-label=\"Der B\u00fcrgermeister von Deschowitz Dieter Przewdzing wurde ermordet\"><a target=\"_self\" title=\"Der B\u00fcrgermeister von Deschowitz Dieter Przewdzing wurde ermordet\" href=\"https:\/\/wirtualnemuzeum.skgd.pl\/de\/der-burgermeister-von-deschowitz-dieter-przewdzing-wurde-ermordet\/\" class=\"story-link\">Der B\u00fcrgermeister von Deschowitz Dieter Przewdzing wurde ermordet<\/a><\/div><!-- Post Media --><div class=\"ctl-media full\"><a data-glightbox=\"Der B\u00fcrgermeister von Deschowitz Dieter Przewdzing wurde ermordet\" href=\"https:\/\/wirtualnemuzeum.skgd.pl\/wp-content\/uploads\/2021\/03\/Podpis_53-scaled.jpg\" class=\"ctl_glightbox\"><img loading=\"lazy\" decoding=\"async\" width=\"1024\" height=\"768\" src=\"https:\/\/wirtualnemuzeum.skgd.pl\/wp-content\/uploads\/2021\/03\/Podpis_53-1024x768.jpg\" class=\"story-img wp-post-image\" alt=\"Der B\u00fcrgermeister von Deschowitz Dieter Przewdzing wurde ermordet\" srcset=\"https:\/\/wirtualnemuzeum.skgd.pl\/wp-content\/uploads\/2021\/03\/Podpis_53-1024x768.jpg 1024w, https:\/\/wirtualnemuzeum.skgd.pl\/wp-content\/uploads\/2021\/03\/Podpis_53-300x225.jpg 300w, https:\/\/wirtualnemuzeum.skgd.pl\/wp-content\/uploads\/2021\/03\/Podpis_53-768x576.jpg 768w, https:\/\/wirtualnemuzeum.skgd.pl\/wp-content\/uploads\/2021\/03\/Podpis_53-1536x1152.jpg 1536w, https:\/\/wirtualnemuzeum.skgd.pl\/wp-content\/uploads\/2021\/03\/Podpis_53-2048x1536.jpg 2048w\" sizes=\"auto, (max-width: 1024px) 100vw, 1024px\" \/><\/a><\/div><\/div><\/div><!-- Post Year Section --><div data-cls=\"sc-nv-light vertical\" class=\"timeline-year scrollable-section ctl-year ctl-year-container light-year\" data-section-title=\"2013\" id=\"year-2013\"><div class=\"ctl-year-label ctl-year-text\"><span>2013<\/span><\/div><\/div><!-- Timeline Content --><div  id=\"ctl-post-737\" class=\"ctl-story ctl-story-icon ctl-story-left even\"  data-story-index=\"64\" role=\"article\"><!-- Post Label --><div class=\"ctl-labels\"><div class=\"ctl-label-big story-date\">27. April , 2013<\/div><\/div><!-- Post Icon --><div class=\"ctl-icon\"><svg xmlns=\"http:\/\/www.w3.org\/2000\/svg\" height=\"1em\" viewBox=\"0 0 512 512\">\r\n\t\t\t\t<path d=\"M256 8C119 8 8 119 8 256s111 248 248 248 248-111 248-248S393 8 256 8zm0 448c-110.5 0-200-89.5-200-200S145.5 56 256 56s200 89.5 200 200-89.5 200-200 200zm61.8-104.4l-84.9-61.7c-3.1-2.3-4.9-5.9-4.9-9.7V116c0-6.6 5.4-12 12-12h32c6.6 0 12 5.4 12 12v141.7l66.8 48.6c5.4 3.9 6.5 11.4 2.6 16.8L334.6 349c-3.9 5.3-11.4 6.5-16.8 2.6z\"\/>\r\n\t\t\t\t<\/svg><\/div> <!-- Post Arrow --><div class=\"ctl-arrow\"><\/div>\r\n\t\t\t<!-- Post Content --><div class=\"ctl-content\"><!-- Post Title --><div class=\"ctl-title story-737\" aria-label=\"Maria Cicho\u0144 und Ingeborg Odelga erhalten den DFK Ehrenkulturpreis\"><a target=\"_self\" title=\"Maria Cicho\u0144 und Ingeborg Odelga erhalten den DFK Ehrenkulturpreis\" href=\"https:\/\/wirtualnemuzeum.skgd.pl\/de\/maria-cichon-und-ingeborg-odelga-erhalten-den-dfk-ehrenkulturpreis\/\" class=\"story-link\">Maria Cicho\u0144 und Ingeborg Odelga erhalten den DFK Ehrenkulturpreis<\/a><\/div><!-- Post Media --><div class=\"ctl-media full\"><a data-glightbox=\"Maria Cicho\u0144 und Ingeborg Odelga erhalten den DFK Ehrenkulturpreis\" href=\"https:\/\/wirtualnemuzeum.skgd.pl\/wp-content\/uploads\/2021\/03\/Podpis_80.jpg\" class=\"ctl_glightbox\"><img loading=\"lazy\" decoding=\"async\" width=\"1024\" height=\"683\" src=\"https:\/\/wirtualnemuzeum.skgd.pl\/wp-content\/uploads\/2021\/03\/Podpis_80-1024x683.jpg\" class=\"story-img wp-post-image\" alt=\"Maria Cicho\u0144 und Ingeborg Odelga erhalten den DFK Ehrenkulturpreis\" srcset=\"https:\/\/wirtualnemuzeum.skgd.pl\/wp-content\/uploads\/2021\/03\/Podpis_80-1024x683.jpg 1024w, https:\/\/wirtualnemuzeum.skgd.pl\/wp-content\/uploads\/2021\/03\/Podpis_80-300x200.jpg 300w, https:\/\/wirtualnemuzeum.skgd.pl\/wp-content\/uploads\/2021\/03\/Podpis_80-768x512.jpg 768w, https:\/\/wirtualnemuzeum.skgd.pl\/wp-content\/uploads\/2021\/03\/Podpis_80.jpg 1200w\" sizes=\"auto, (max-width: 1024px) 100vw, 1024px\" \/><\/a><\/div><\/div><\/div><!-- Timeline Content --><div  id=\"ctl-post-713\" class=\"ctl-story ctl-story-icon ctl-story-right odd\"  data-story-index=\"65\" role=\"article\"><!-- Post Label --><div class=\"ctl-labels\"><div class=\"ctl-label-big story-date\">10. Februar , 2013<\/div><\/div><!-- Post Icon --><div class=\"ctl-icon\"><svg xmlns=\"http:\/\/www.w3.org\/2000\/svg\" height=\"1em\" viewBox=\"0 0 512 512\">\r\n\t\t\t\t<path d=\"M256 8C119 8 8 119 8 256s111 248 248 248 248-111 248-248S393 8 256 8zm0 448c-110.5 0-200-89.5-200-200S145.5 56 256 56s200 89.5 200 200-89.5 200-200 200zm61.8-104.4l-84.9-61.7c-3.1-2.3-4.9-5.9-4.9-9.7V116c0-6.6 5.4-12 12-12h32c6.6 0 12 5.4 12 12v141.7l66.8 48.6c5.4 3.9 6.5 11.4 2.6 16.8L334.6 349c-3.9 5.3-11.4 6.5-16.8 2.6z\"\/>\r\n\t\t\t\t<\/svg><\/div> <!-- Post Arrow --><div class=\"ctl-arrow\"><\/div>\r\n\t\t\t<!-- Post Content --><div class=\"ctl-content\"><!-- Post Title --><div class=\"ctl-title story-713\" aria-label=\"Projekt \u201eTransitarbeitspl\u00e4tze &#8211; Import der Unterst\u00fctzungsmodelle\u201c\"><a target=\"_self\" title=\"Projekt \u201eTransitarbeitspl\u00e4tze &#8211; Import der Unterst\u00fctzungsmodelle\u201c\" href=\"https:\/\/wirtualnemuzeum.skgd.pl\/de\/projekt-transitarbeitsplatze-import-der-unterstutzungsmodelle-2\/\" class=\"story-link\">Projekt \u201eTransitarbeitspl\u00e4tze &#8211; Import der Unterst\u00fctzungsmodelle\u201c<\/a><\/div><!-- Post Media --><div class=\"ctl-media full\"><a data-glightbox=\"Projekt \u201eTransitarbeitspl\u00e4tze &#8211; Import der Unterst\u00fctzungsmodelle\u201c\" href=\"https:\/\/wirtualnemuzeum.skgd.pl\/wp-content\/uploads\/2021\/03\/Podpis_76.jpg\" class=\"ctl_glightbox\"><img loading=\"lazy\" decoding=\"async\" width=\"1024\" height=\"768\" src=\"https:\/\/wirtualnemuzeum.skgd.pl\/wp-content\/uploads\/2021\/03\/Podpis_76-1024x768.jpg\" class=\"story-img wp-post-image\" alt=\"Projekt \u201eTransitarbeitspl\u00e4tze &#8211; Import der Unterst\u00fctzungsmodelle\u201c\" srcset=\"https:\/\/wirtualnemuzeum.skgd.pl\/wp-content\/uploads\/2021\/03\/Podpis_76-1024x768.jpg 1024w, https:\/\/wirtualnemuzeum.skgd.pl\/wp-content\/uploads\/2021\/03\/Podpis_76-300x225.jpg 300w, https:\/\/wirtualnemuzeum.skgd.pl\/wp-content\/uploads\/2021\/03\/Podpis_76-768x576.jpg 768w, https:\/\/wirtualnemuzeum.skgd.pl\/wp-content\/uploads\/2021\/03\/Podpis_76-1536x1152.jpg 1536w, https:\/\/wirtualnemuzeum.skgd.pl\/wp-content\/uploads\/2021\/03\/Podpis_76.jpg 2048w\" sizes=\"auto, (max-width: 1024px) 100vw, 1024px\" \/><\/a><\/div><\/div><\/div><!-- Timeline Content --><div  id=\"ctl-post-707\" class=\"ctl-story ctl-story-icon ctl-story-left even\"  data-story-index=\"66\" role=\"article\"><!-- Post Label --><div class=\"ctl-labels\"><div class=\"ctl-label-big story-date\">10. Februar , 2013<\/div><\/div><!-- Post Icon --><div class=\"ctl-icon\"><svg xmlns=\"http:\/\/www.w3.org\/2000\/svg\" height=\"1em\" viewBox=\"0 0 512 512\">\r\n\t\t\t\t<path d=\"M256 8C119 8 8 119 8 256s111 248 248 248 248-111 248-248S393 8 256 8zm0 448c-110.5 0-200-89.5-200-200S145.5 56 256 56s200 89.5 200 200-89.5 200-200 200zm61.8-104.4l-84.9-61.7c-3.1-2.3-4.9-5.9-4.9-9.7V116c0-6.6 5.4-12 12-12h32c6.6 0 12 5.4 12 12v141.7l66.8 48.6c5.4 3.9 6.5 11.4 2.6 16.8L334.6 349c-3.9 5.3-11.4 6.5-16.8 2.6z\"\/>\r\n\t\t\t\t<\/svg><\/div> <!-- Post Arrow --><div class=\"ctl-arrow\"><\/div>\r\n\t\t\t<!-- Post Content --><div class=\"ctl-content\"><!-- Post Title --><div class=\"ctl-title story-707\" aria-label=\"Projekt \u201eTransitarbeitspl\u00e4tze &#8211; Import der Unterst\u00fctzungsmodelle\u201c\"><a target=\"_self\" title=\"Projekt \u201eTransitarbeitspl\u00e4tze &#8211; Import der Unterst\u00fctzungsmodelle\u201c\" href=\"https:\/\/wirtualnemuzeum.skgd.pl\/de\/projekt-transitarbeitsplatze-import-der-unterstutzungsmodelle\/\" class=\"story-link\">Projekt \u201eTransitarbeitspl\u00e4tze &#8211; Import der Unterst\u00fctzungsmodelle\u201c<\/a><\/div><!-- Post Media --><div class=\"ctl-media full\"><a data-glightbox=\"Projekt \u201eTransitarbeitspl\u00e4tze &#8211; Import der Unterst\u00fctzungsmodelle\u201c\" href=\"https:\/\/wirtualnemuzeum.skgd.pl\/wp-content\/uploads\/2021\/03\/Podpis_75.jpg\" class=\"ctl_glightbox\"><img loading=\"lazy\" decoding=\"async\" width=\"1024\" height=\"682\" src=\"https:\/\/wirtualnemuzeum.skgd.pl\/wp-content\/uploads\/2021\/03\/Podpis_75.jpg\" class=\"story-img wp-post-image\" alt=\"Projekt \u201eTransitarbeitspl\u00e4tze &#8211; Import der Unterst\u00fctzungsmodelle\u201c\" srcset=\"https:\/\/wirtualnemuzeum.skgd.pl\/wp-content\/uploads\/2021\/03\/Podpis_75.jpg 1024w, https:\/\/wirtualnemuzeum.skgd.pl\/wp-content\/uploads\/2021\/03\/Podpis_75-300x200.jpg 300w, https:\/\/wirtualnemuzeum.skgd.pl\/wp-content\/uploads\/2021\/03\/Podpis_75-768x512.jpg 768w\" sizes=\"auto, (max-width: 1024px) 100vw, 1024px\" \/><\/a><\/div><\/div><\/div><!-- Timeline Content --><div  id=\"ctl-post-303\" class=\"ctl-story ctl-story-icon ctl-story-right odd\"  data-story-index=\"67\" role=\"article\"><!-- Post Label --><div class=\"ctl-labels\"><div class=\"ctl-label-big story-date\">10. Februar , 2013<\/div><\/div><!-- Post Icon --><div class=\"ctl-icon\"><svg xmlns=\"http:\/\/www.w3.org\/2000\/svg\" height=\"1em\" viewBox=\"0 0 512 512\">\r\n\t\t\t\t<path d=\"M256 8C119 8 8 119 8 256s111 248 248 248 248-111 248-248S393 8 256 8zm0 448c-110.5 0-200-89.5-200-200S145.5 56 256 56s200 89.5 200 200-89.5 200-200 200zm61.8-104.4l-84.9-61.7c-3.1-2.3-4.9-5.9-4.9-9.7V116c0-6.6 5.4-12 12-12h32c6.6 0 12 5.4 12 12v141.7l66.8 48.6c5.4 3.9 6.5 11.4 2.6 16.8L334.6 349c-3.9 5.3-11.4 6.5-16.8 2.6z\"\/>\r\n\t\t\t\t<\/svg><\/div> <!-- Post Arrow --><div class=\"ctl-arrow\"><\/div>\r\n\t\t\t<!-- Post Content --><div class=\"ctl-content\"><!-- Post Title --><div class=\"ctl-title story-303\" aria-label=\"Es startet das Projekt \u201eTransitarbeitspl\u00e4tze &#8211; Import der Unterst\u00fctzungsmodelle\u201c, dass bis September 2015 lief\"><a target=\"_self\" title=\"Es startet das Projekt \u201eTransitarbeitspl\u00e4tze &#8211; Import der Unterst\u00fctzungsmodelle\u201c, dass bis September 2015 lief\" href=\"https:\/\/wirtualnemuzeum.skgd.pl\/de\/es-startet-das-projekt-transitarbeitsplatze-import-der-unterstutzungsmodelle-dass-bis-september-2015-lief\/\" class=\"story-link\">Es startet das Projekt \u201eTransitarbeitspl\u00e4tze &#8211; Import der Unterst\u00fctzungsmodelle\u201c, dass bis September 2015 lief<\/a><\/div><!-- Post Media --><div class=\"ctl-media full\"><a data-glightbox=\"Es startet das Projekt \u201eTransitarbeitspl\u00e4tze &#8211; Import der Unterst\u00fctzungsmodelle\u201c, dass bis September 2015 lief\" href=\"https:\/\/wirtualnemuzeum.skgd.pl\/wp-content\/uploads\/2021\/03\/Podpis_11.jpg\" class=\"ctl_glightbox\"><img loading=\"lazy\" decoding=\"async\" width=\"1024\" height=\"768\" src=\"https:\/\/wirtualnemuzeum.skgd.pl\/wp-content\/uploads\/2021\/03\/Podpis_11-1024x768.jpg\" class=\"story-img wp-post-image\" alt=\"Es startet das Projekt \u201eTransitarbeitspl\u00e4tze &#8211; Import der Unterst\u00fctzungsmodelle\u201c, dass bis September 2015 lief\" srcset=\"https:\/\/wirtualnemuzeum.skgd.pl\/wp-content\/uploads\/2021\/03\/Podpis_11-1024x768.jpg 1024w, https:\/\/wirtualnemuzeum.skgd.pl\/wp-content\/uploads\/2021\/03\/Podpis_11-300x225.jpg 300w, https:\/\/wirtualnemuzeum.skgd.pl\/wp-content\/uploads\/2021\/03\/Podpis_11-768x576.jpg 768w, https:\/\/wirtualnemuzeum.skgd.pl\/wp-content\/uploads\/2021\/03\/Podpis_11-1536x1152.jpg 1536w, https:\/\/wirtualnemuzeum.skgd.pl\/wp-content\/uploads\/2021\/03\/Podpis_11.jpg 2048w\" sizes=\"auto, (max-width: 1024px) 100vw, 1024px\" \/><\/a><\/div><\/div><\/div><!-- Post Year Section --><div data-cls=\"sc-nv-light vertical\" class=\"timeline-year scrollable-section ctl-year ctl-year-container light-year\" data-section-title=\"2012\" id=\"year-2012\"><div class=\"ctl-year-label ctl-year-text\"><span>2012<\/span><\/div><\/div><!-- Timeline Content --><div  id=\"ctl-post-689\" class=\"ctl-story ctl-story-icon ctl-story-left even\"  data-story-index=\"68\" role=\"article\"><!-- Post Label --><div class=\"ctl-labels\"><div class=\"ctl-label-big story-date\">10. Juni , 2012<\/div><\/div><!-- Post Icon --><div class=\"ctl-icon\"><svg xmlns=\"http:\/\/www.w3.org\/2000\/svg\" height=\"1em\" viewBox=\"0 0 512 512\">\r\n\t\t\t\t<path d=\"M256 8C119 8 8 119 8 256s111 248 248 248 248-111 248-248S393 8 256 8zm0 448c-110.5 0-200-89.5-200-200S145.5 56 256 56s200 89.5 200 200-89.5 200-200 200zm61.8-104.4l-84.9-61.7c-3.1-2.3-4.9-5.9-4.9-9.7V116c0-6.6 5.4-12 12-12h32c6.6 0 12 5.4 12 12v141.7l66.8 48.6c5.4 3.9 6.5 11.4 2.6 16.8L334.6 349c-3.9 5.3-11.4 6.5-16.8 2.6z\"\/>\r\n\t\t\t\t<\/svg><\/div> <!-- Post Arrow --><div class=\"ctl-arrow\"><\/div>\r\n\t\t\t<!-- Post Content --><div class=\"ctl-content\"><!-- Post Title --><div class=\"ctl-title story-689\" aria-label=\"Europeada &#8211; eine Fu\u00dfball-Europameisterschaft der nationalen und ethnischen Minderheiten\"><a target=\"_self\" title=\"Europeada &#8211; eine Fu\u00dfball-Europameisterschaft der nationalen und ethnischen Minderheiten\" href=\"https:\/\/wirtualnemuzeum.skgd.pl\/de\/europeada-eine-fussball-europameisterschaft-der-nationalen-und-ethnischen-minderheiten\/\" class=\"story-link\">Europeada &#8211; eine Fu\u00dfball-Europameisterschaft der nationalen und ethnischen Minderheiten<\/a><\/div><!-- Post Media --><div class=\"ctl-media full\"><a data-glightbox=\"Europeada &#8211; eine Fu\u00dfball-Europameisterschaft der nationalen und ethnischen Minderheiten\" href=\"https:\/\/wirtualnemuzeum.skgd.pl\/wp-content\/uploads\/2021\/03\/Podpis_72-scaled.jpg\" class=\"ctl_glightbox\"><img loading=\"lazy\" decoding=\"async\" width=\"1024\" height=\"683\" src=\"https:\/\/wirtualnemuzeum.skgd.pl\/wp-content\/uploads\/2021\/03\/Podpis_72-1024x683.jpg\" class=\"story-img wp-post-image\" alt=\"Europeada &#8211; eine Fu\u00dfball-Europameisterschaft der nationalen und ethnischen Minderheiten\" srcset=\"https:\/\/wirtualnemuzeum.skgd.pl\/wp-content\/uploads\/2021\/03\/Podpis_72-1024x683.jpg 1024w, https:\/\/wirtualnemuzeum.skgd.pl\/wp-content\/uploads\/2021\/03\/Podpis_72-300x200.jpg 300w, https:\/\/wirtualnemuzeum.skgd.pl\/wp-content\/uploads\/2021\/03\/Podpis_72-768x512.jpg 768w, https:\/\/wirtualnemuzeum.skgd.pl\/wp-content\/uploads\/2021\/03\/Podpis_72-1536x1024.jpg 1536w, https:\/\/wirtualnemuzeum.skgd.pl\/wp-content\/uploads\/2021\/03\/Podpis_72-2048x1365.jpg 2048w\" sizes=\"auto, (max-width: 1024px) 100vw, 1024px\" \/><\/a><\/div><\/div><\/div><!-- Post Year Section --><div data-cls=\"sc-nv-light vertical\" class=\"timeline-year scrollable-section ctl-year ctl-year-container light-year\" data-section-title=\"2011\" id=\"year-2011\"><div class=\"ctl-year-label ctl-year-text\"><span>2011<\/span><\/div><\/div><!-- Timeline Content --><div  id=\"ctl-post-869\" class=\"ctl-story ctl-story-icon ctl-story-right odd\"  data-story-index=\"69\" role=\"article\"><!-- Post Label --><div class=\"ctl-labels\"><div class=\"ctl-label-big story-date\">21. November , 2011<\/div><\/div><!-- Post Icon --><div class=\"ctl-icon\"><svg xmlns=\"http:\/\/www.w3.org\/2000\/svg\" height=\"1em\" viewBox=\"0 0 512 512\">\r\n\t\t\t\t<path d=\"M256 8C119 8 8 119 8 256s111 248 248 248 248-111 248-248S393 8 256 8zm0 448c-110.5 0-200-89.5-200-200S145.5 56 256 56s200 89.5 200 200-89.5 200-200 200zm61.8-104.4l-84.9-61.7c-3.1-2.3-4.9-5.9-4.9-9.7V116c0-6.6 5.4-12 12-12h32c6.6 0 12 5.4 12 12v141.7l66.8 48.6c5.4 3.9 6.5 11.4 2.6 16.8L334.6 349c-3.9 5.3-11.4 6.5-16.8 2.6z\"\/>\r\n\t\t\t\t<\/svg><\/div> <!-- Post Arrow --><div class=\"ctl-arrow\"><\/div>\r\n\t\t\t<!-- Post Content --><div class=\"ctl-content\"><!-- Post Title --><div class=\"ctl-title story-869\" aria-label=\"\u00dcberreichung  des Preises \u201eGoldene Br\u00fccken des Dialogs\u201c an den ehemaligen deutschen Kanzler Helmut Kohl\"><a target=\"_self\" title=\"\u00dcberreichung  des Preises \u201eGoldene Br\u00fccken des Dialogs\u201c an den ehemaligen deutschen Kanzler Helmut Kohl\" href=\"https:\/\/wirtualnemuzeum.skgd.pl\/de\/uberreichung-des-preises-goldene-brucken-des-dialogs-an-den-ehemaligen-deutschen-kanzler-helmut-kohl\/\" class=\"story-link\">\u00dcberreichung  des Preises \u201eGoldene Br\u00fccken des Dialogs\u201c an den ehemaligen deutschen Kanzler Helmut Kohl<\/a><\/div><!-- Post Media --><div class=\"ctl-media full\"><a data-glightbox=\"\u00dcberreichung  des Preises \u201eGoldene Br\u00fccken des Dialogs\u201c an den ehemaligen deutschen Kanzler Helmut Kohl\" href=\"https:\/\/wirtualnemuzeum.skgd.pl\/wp-content\/uploads\/2021\/03\/Podpis_102-scaled.jpg\" class=\"ctl_glightbox\"><img loading=\"lazy\" decoding=\"async\" width=\"1024\" height=\"683\" src=\"https:\/\/wirtualnemuzeum.skgd.pl\/wp-content\/uploads\/2021\/03\/Podpis_102-1024x683.jpg\" class=\"story-img wp-post-image\" alt=\"\u00dcberreichung  des Preises \u201eGoldene Br\u00fccken des Dialogs\u201c an den ehemaligen deutschen Kanzler Helmut Kohl\" srcset=\"https:\/\/wirtualnemuzeum.skgd.pl\/wp-content\/uploads\/2021\/03\/Podpis_102-1024x683.jpg 1024w, https:\/\/wirtualnemuzeum.skgd.pl\/wp-content\/uploads\/2021\/03\/Podpis_102-300x200.jpg 300w, https:\/\/wirtualnemuzeum.skgd.pl\/wp-content\/uploads\/2021\/03\/Podpis_102-768x512.jpg 768w, https:\/\/wirtualnemuzeum.skgd.pl\/wp-content\/uploads\/2021\/03\/Podpis_102-1536x1024.jpg 1536w, https:\/\/wirtualnemuzeum.skgd.pl\/wp-content\/uploads\/2021\/03\/Podpis_102-2048x1365.jpg 2048w\" sizes=\"auto, (max-width: 1024px) 100vw, 1024px\" \/><\/a><\/div><\/div><\/div><!-- Timeline Content --><div  id=\"ctl-post-268\" class=\"ctl-story ctl-story-icon ctl-story-left even\"  data-story-index=\"70\" role=\"article\"><!-- Post Label --><div class=\"ctl-labels\"><div class=\"ctl-label-big story-date\">10. M\u00e4rz , 2011<\/div><\/div><!-- Post Icon --><div class=\"ctl-icon\"><svg xmlns=\"http:\/\/www.w3.org\/2000\/svg\" height=\"1em\" viewBox=\"0 0 512 512\">\r\n\t\t\t\t<path d=\"M256 8C119 8 8 119 8 256s111 248 248 248 248-111 248-248S393 8 256 8zm0 448c-110.5 0-200-89.5-200-200S145.5 56 256 56s200 89.5 200 200-89.5 200-200 200zm61.8-104.4l-84.9-61.7c-3.1-2.3-4.9-5.9-4.9-9.7V116c0-6.6 5.4-12 12-12h32c6.6 0 12 5.4 12 12v141.7l66.8 48.6c5.4 3.9 6.5 11.4 2.6 16.8L334.6 349c-3.9 5.3-11.4 6.5-16.8 2.6z\"\/>\r\n\t\t\t\t<\/svg><\/div> <!-- Post Arrow --><div class=\"ctl-arrow\"><\/div>\r\n\t\t\t<!-- Post Content --><div class=\"ctl-content\"><!-- Post Title --><div class=\"ctl-title story-268\" aria-label=\"Es startet  das Projekt \u201eM\u00e4rchenn\u00e4chte der Gebr\u00fcder Grimm\u201d\"><a target=\"_self\" title=\"Es startet  das Projekt \u201eM\u00e4rchenn\u00e4chte der Gebr\u00fcder Grimm\u201d\" href=\"https:\/\/wirtualnemuzeum.skgd.pl\/de\/es-startet-das-projekt-marchennachte-der-gebruder-grimm\/\" class=\"story-link\">Es startet  das Projekt \u201eM\u00e4rchenn\u00e4chte der Gebr\u00fcder Grimm\u201d<\/a><\/div><!-- Post Media --><div class=\"ctl-media full\"><a data-glightbox=\"Es startet  das Projekt \u201eM\u00e4rchenn\u00e4chte der Gebr\u00fcder Grimm\u201d\" href=\"https:\/\/wirtualnemuzeum.skgd.pl\/wp-content\/uploads\/2021\/03\/Podpis_6-scaled.jpg\" class=\"ctl_glightbox\"><img loading=\"lazy\" decoding=\"async\" width=\"1024\" height=\"683\" src=\"https:\/\/wirtualnemuzeum.skgd.pl\/wp-content\/uploads\/2021\/03\/Podpis_6-1024x683.jpg\" class=\"story-img wp-post-image\" alt=\"Es startet  das Projekt \u201eM\u00e4rchenn\u00e4chte der Gebr\u00fcder Grimm\u201d\" srcset=\"https:\/\/wirtualnemuzeum.skgd.pl\/wp-content\/uploads\/2021\/03\/Podpis_6-1024x683.jpg 1024w, https:\/\/wirtualnemuzeum.skgd.pl\/wp-content\/uploads\/2021\/03\/Podpis_6-300x200.jpg 300w, https:\/\/wirtualnemuzeum.skgd.pl\/wp-content\/uploads\/2021\/03\/Podpis_6-768x512.jpg 768w, https:\/\/wirtualnemuzeum.skgd.pl\/wp-content\/uploads\/2021\/03\/Podpis_6-1536x1024.jpg 1536w, https:\/\/wirtualnemuzeum.skgd.pl\/wp-content\/uploads\/2021\/03\/Podpis_6-2048x1365.jpg 2048w\" sizes=\"auto, (max-width: 1024px) 100vw, 1024px\" \/><\/a><\/div><\/div><\/div><!-- Timeline Content --><div  id=\"ctl-post-731\" class=\"ctl-story ctl-story-icon ctl-story-right odd\"  data-story-index=\"71\" role=\"article\"><!-- Post Label --><div class=\"ctl-labels\"><div class=\"ctl-label-big story-date\">10. Februar , 2011<\/div><\/div><!-- Post Icon --><div class=\"ctl-icon\"><svg xmlns=\"http:\/\/www.w3.org\/2000\/svg\" height=\"1em\" viewBox=\"0 0 512 512\">\r\n\t\t\t\t<path d=\"M256 8C119 8 8 119 8 256s111 248 248 248 248-111 248-248S393 8 256 8zm0 448c-110.5 0-200-89.5-200-200S145.5 56 256 56s200 89.5 200 200-89.5 200-200 200zm61.8-104.4l-84.9-61.7c-3.1-2.3-4.9-5.9-4.9-9.7V116c0-6.6 5.4-12 12-12h32c6.6 0 12 5.4 12 12v141.7l66.8 48.6c5.4 3.9 6.5 11.4 2.6 16.8L334.6 349c-3.9 5.3-11.4 6.5-16.8 2.6z\"\/>\r\n\t\t\t\t<\/svg><\/div> <!-- Post Arrow --><div class=\"ctl-arrow\"><\/div>\r\n\t\t\t<!-- Post Content --><div class=\"ctl-content\"><!-- Post Title --><div class=\"ctl-title story-731\" aria-label=\"Die Deutsche Minderheit organisiert eine Spendenaktion f\u00fcr die polnische Minderheit in der Ukraine\"><a target=\"_self\" title=\"Die Deutsche Minderheit organisiert eine Spendenaktion f\u00fcr die polnische Minderheit in der Ukraine\" href=\"https:\/\/wirtualnemuzeum.skgd.pl\/de\/die-deutsche-minderheit-organisiert-eine-spendenaktion-fur-die-polnische-minderheit-in-der-ukraine\/\" class=\"story-link\">Die Deutsche Minderheit organisiert eine Spendenaktion f\u00fcr die polnische Minderheit in der Ukraine<\/a><\/div><!-- Post Media --><div class=\"ctl-media full\"><a data-glightbox=\"Die Deutsche Minderheit organisiert eine Spendenaktion f\u00fcr die polnische Minderheit in der Ukraine\" href=\"https:\/\/wirtualnemuzeum.skgd.pl\/wp-content\/uploads\/2021\/03\/Podpis_79-scaled.jpg\" class=\"ctl_glightbox\"><img loading=\"lazy\" decoding=\"async\" width=\"1024\" height=\"683\" src=\"https:\/\/wirtualnemuzeum.skgd.pl\/wp-content\/uploads\/2021\/03\/Podpis_79-1024x683.jpg\" class=\"story-img wp-post-image\" alt=\"Die Deutsche Minderheit organisiert eine Spendenaktion f\u00fcr die polnische Minderheit in der Ukraine\" srcset=\"https:\/\/wirtualnemuzeum.skgd.pl\/wp-content\/uploads\/2021\/03\/Podpis_79-1024x683.jpg 1024w, https:\/\/wirtualnemuzeum.skgd.pl\/wp-content\/uploads\/2021\/03\/Podpis_79-300x200.jpg 300w, https:\/\/wirtualnemuzeum.skgd.pl\/wp-content\/uploads\/2021\/03\/Podpis_79-768x512.jpg 768w, https:\/\/wirtualnemuzeum.skgd.pl\/wp-content\/uploads\/2021\/03\/Podpis_79-1536x1024.jpg 1536w, https:\/\/wirtualnemuzeum.skgd.pl\/wp-content\/uploads\/2021\/03\/Podpis_79-2048x1365.jpg 2048w\" sizes=\"auto, (max-width: 1024px) 100vw, 1024px\" \/><\/a><\/div><\/div><\/div><!-- Post Year Section --><div data-cls=\"sc-nv-light vertical\" class=\"timeline-year scrollable-section ctl-year ctl-year-container light-year\" data-section-title=\"2010\" id=\"year-2010\"><div class=\"ctl-year-label ctl-year-text\"><span>2010<\/span><\/div><\/div><!-- Timeline Content --><div  id=\"ctl-post-258\" class=\"ctl-story ctl-story-icon ctl-story-left even\"  data-story-index=\"72\" role=\"article\"><!-- Post Label --><div class=\"ctl-labels\"><div class=\"ctl-label-big story-date\">22. Oktober , 2010<\/div><\/div><!-- Post Icon --><div class=\"ctl-icon\"><svg xmlns=\"http:\/\/www.w3.org\/2000\/svg\" height=\"1em\" viewBox=\"0 0 512 512\">\r\n\t\t\t\t<path d=\"M256 8C119 8 8 119 8 256s111 248 248 248 248-111 248-248S393 8 256 8zm0 448c-110.5 0-200-89.5-200-200S145.5 56 256 56s200 89.5 200 200-89.5 200-200 200zm61.8-104.4l-84.9-61.7c-3.1-2.3-4.9-5.9-4.9-9.7V116c0-6.6 5.4-12 12-12h32c6.6 0 12 5.4 12 12v141.7l66.8 48.6c5.4 3.9 6.5 11.4 2.6 16.8L334.6 349c-3.9 5.3-11.4 6.5-16.8 2.6z\"\/>\r\n\t\t\t\t<\/svg><\/div> <!-- Post Arrow --><div class=\"ctl-arrow\"><\/div>\r\n\t\t\t<!-- Post Content --><div class=\"ctl-content\"><!-- Post Title --><div class=\"ctl-title story-258\" aria-label=\"Das erste Woiwodschaftsfinale des Wissenswettbewerbs \u00fcber die Deutsche Minderheit\"><a target=\"_self\" title=\"Das erste Woiwodschaftsfinale des Wissenswettbewerbs \u00fcber die Deutsche Minderheit\" href=\"https:\/\/wirtualnemuzeum.skgd.pl\/de\/das-erste-woiwodschaftsfinale-des-wissenswettbewerbs-uber-die-deutsche-minderheit\/\" class=\"story-link\">Das erste Woiwodschaftsfinale des Wissenswettbewerbs \u00fcber die Deutsche Minderheit<\/a><\/div><!-- Post Media --><div class=\"ctl-media full\"><a data-glightbox=\"Das erste Woiwodschaftsfinale des Wissenswettbewerbs \u00fcber die Deutsche Minderheit\" href=\"https:\/\/wirtualnemuzeum.skgd.pl\/wp-content\/uploads\/2021\/03\/Podpis_5-scaled.jpg\" class=\"ctl_glightbox\"><img loading=\"lazy\" decoding=\"async\" width=\"1024\" height=\"683\" src=\"https:\/\/wirtualnemuzeum.skgd.pl\/wp-content\/uploads\/2021\/03\/Podpis_5-1024x683.jpg\" class=\"story-img wp-post-image\" alt=\"Das erste Woiwodschaftsfinale des Wissenswettbewerbs \u00fcber die Deutsche Minderheit\" srcset=\"https:\/\/wirtualnemuzeum.skgd.pl\/wp-content\/uploads\/2021\/03\/Podpis_5-1024x683.jpg 1024w, https:\/\/wirtualnemuzeum.skgd.pl\/wp-content\/uploads\/2021\/03\/Podpis_5-300x200.jpg 300w, https:\/\/wirtualnemuzeum.skgd.pl\/wp-content\/uploads\/2021\/03\/Podpis_5-768x512.jpg 768w, https:\/\/wirtualnemuzeum.skgd.pl\/wp-content\/uploads\/2021\/03\/Podpis_5-1536x1024.jpg 1536w, https:\/\/wirtualnemuzeum.skgd.pl\/wp-content\/uploads\/2021\/03\/Podpis_5-2048x1365.jpg 2048w\" sizes=\"auto, (max-width: 1024px) 100vw, 1024px\" \/><\/a><\/div><\/div><\/div><!-- Timeline Content --><div  id=\"ctl-post-899\" class=\"ctl-story ctl-story-icon ctl-story-right odd\"  data-story-index=\"73\" role=\"article\"><!-- Post Label --><div class=\"ctl-labels\"><div class=\"ctl-label-big story-date\">10. M\u00e4rz , 2010<\/div><\/div><!-- Post Icon --><div class=\"ctl-icon\"><svg xmlns=\"http:\/\/www.w3.org\/2000\/svg\" height=\"1em\" viewBox=\"0 0 512 512\">\r\n\t\t\t\t<path d=\"M256 8C119 8 8 119 8 256s111 248 248 248 248-111 248-248S393 8 256 8zm0 448c-110.5 0-200-89.5-200-200S145.5 56 256 56s200 89.5 200 200-89.5 200-200 200zm61.8-104.4l-84.9-61.7c-3.1-2.3-4.9-5.9-4.9-9.7V116c0-6.6 5.4-12 12-12h32c6.6 0 12 5.4 12 12v141.7l66.8 48.6c5.4 3.9 6.5 11.4 2.6 16.8L334.6 349c-3.9 5.3-11.4 6.5-16.8 2.6z\"\/>\r\n\t\t\t\t<\/svg><\/div> <!-- Post Arrow --><div class=\"ctl-arrow\"><\/div>\r\n\t\t\t<!-- Post Content --><div class=\"ctl-content\"><!-- Post Title --><div class=\"ctl-title story-899\" aria-label=\"Ratsmitglieder der vierten Kadenz im Oppelner Sejmik. Von rechts Richard Donitza, Hubert Adamik, Norbert Rasch\"><a target=\"_self\" title=\"Ratsmitglieder der vierten Kadenz im Oppelner Sejmik. Von rechts Richard Donitza, Hubert Adamik, Norbert Rasch\" href=\"https:\/\/wirtualnemuzeum.skgd.pl\/de\/ratsmitglieder-der-vierten-kadenz-im-oppelner-sejmik-von-rechts-richard-donitza-hubert-adamik-norbert-rasch\/\" class=\"story-link\">Ratsmitglieder der vierten Kadenz im Oppelner Sejmik. Von rechts Richard Donitza, Hubert Adamik, Norbert Rasch<\/a><\/div><!-- Post Media --><div class=\"ctl-media full\"><a data-glightbox=\"Ratsmitglieder der vierten Kadenz im Oppelner Sejmik. Von rechts Richard Donitza, Hubert Adamik, Norbert Rasch\" href=\"https:\/\/wirtualnemuzeum.skgd.pl\/wp-content\/uploads\/2021\/03\/Podpis_107-scaled.jpg\" class=\"ctl_glightbox\"><img loading=\"lazy\" decoding=\"async\" width=\"1024\" height=\"683\" src=\"https:\/\/wirtualnemuzeum.skgd.pl\/wp-content\/uploads\/2021\/03\/Podpis_107-1024x683.jpg\" class=\"story-img wp-post-image\" alt=\"Ratsmitglieder der vierten Kadenz im Oppelner Sejmik. Von rechts Richard Donitza, Hubert Adamik, Norbert Rasch\" srcset=\"https:\/\/wirtualnemuzeum.skgd.pl\/wp-content\/uploads\/2021\/03\/Podpis_107-1024x683.jpg 1024w, https:\/\/wirtualnemuzeum.skgd.pl\/wp-content\/uploads\/2021\/03\/Podpis_107-300x200.jpg 300w, https:\/\/wirtualnemuzeum.skgd.pl\/wp-content\/uploads\/2021\/03\/Podpis_107-768x512.jpg 768w, https:\/\/wirtualnemuzeum.skgd.pl\/wp-content\/uploads\/2021\/03\/Podpis_107-1536x1024.jpg 1536w, https:\/\/wirtualnemuzeum.skgd.pl\/wp-content\/uploads\/2021\/03\/Podpis_107-2048x1365.jpg 2048w\" sizes=\"auto, (max-width: 1024px) 100vw, 1024px\" \/><\/a><\/div><\/div><\/div><!-- Timeline Content --><div  id=\"ctl-post-554\" class=\"ctl-story ctl-story-icon ctl-story-left even\"  data-story-index=\"74\" role=\"article\"><!-- Post Label --><div class=\"ctl-labels\"><div class=\"ctl-label-big story-date\">28. Februar , 2010<\/div><\/div><!-- Post Icon --><div class=\"ctl-icon\"><svg xmlns=\"http:\/\/www.w3.org\/2000\/svg\" height=\"1em\" viewBox=\"0 0 512 512\">\r\n\t\t\t\t<path d=\"M256 8C119 8 8 119 8 256s111 248 248 248 248-111 248-248S393 8 256 8zm0 448c-110.5 0-200-89.5-200-200S145.5 56 256 56s200 89.5 200 200-89.5 200-200 200zm61.8-104.4l-84.9-61.7c-3.1-2.3-4.9-5.9-4.9-9.7V116c0-6.6 5.4-12 12-12h32c6.6 0 12 5.4 12 12v141.7l66.8 48.6c5.4 3.9 6.5 11.4 2.6 16.8L334.6 349c-3.9 5.3-11.4 6.5-16.8 2.6z\"\/>\r\n\t\t\t\t<\/svg><\/div> <!-- Post Arrow --><div class=\"ctl-arrow\"><\/div>\r\n\t\t\t<!-- Post Content --><div class=\"ctl-content\"><!-- Post Title --><div class=\"ctl-title story-554\" aria-label=\"20-j\u00e4hriges Jubil\u00e4um der SKGD. Heilige Messe in der Oppelner Kathedrale\"><a target=\"_self\" title=\"20-j\u00e4hriges Jubil\u00e4um der SKGD. Heilige Messe in der Oppelner Kathedrale\" href=\"https:\/\/wirtualnemuzeum.skgd.pl\/de\/20-jahriges-jubilaum-der-skgd-heilige-messe-in-der-oppelner-kathedrale\/\" class=\"story-link\">20-j\u00e4hriges Jubil\u00e4um der SKGD. Heilige Messe in der Oppelner Kathedrale<\/a><\/div><!-- Post Media --><div class=\"ctl-media full\"><a data-glightbox=\"20-j\u00e4hriges Jubil\u00e4um der SKGD. Heilige Messe in der Oppelner Kathedrale\" href=\"https:\/\/wirtualnemuzeum.skgd.pl\/wp-content\/uploads\/2021\/03\/Podpis_50.jpg\" class=\"ctl_glightbox\"><img loading=\"lazy\" decoding=\"async\" width=\"1024\" height=\"682\" src=\"https:\/\/wirtualnemuzeum.skgd.pl\/wp-content\/uploads\/2021\/03\/Podpis_50-1024x682.jpg\" class=\"story-img wp-post-image\" alt=\"20-j\u00e4hriges Jubil\u00e4um der SKGD. Heilige Messe in der Oppelner Kathedrale\" srcset=\"https:\/\/wirtualnemuzeum.skgd.pl\/wp-content\/uploads\/2021\/03\/Podpis_50-1024x682.jpg 1024w, https:\/\/wirtualnemuzeum.skgd.pl\/wp-content\/uploads\/2021\/03\/Podpis_50-300x200.jpg 300w, https:\/\/wirtualnemuzeum.skgd.pl\/wp-content\/uploads\/2021\/03\/Podpis_50-768x512.jpg 768w, https:\/\/wirtualnemuzeum.skgd.pl\/wp-content\/uploads\/2021\/03\/Podpis_50.jpg 1400w\" sizes=\"auto, (max-width: 1024px) 100vw, 1024px\" \/><\/a><\/div><\/div><\/div><!-- Timeline Content --><div  id=\"ctl-post-560\" class=\"ctl-story ctl-story-icon ctl-story-right odd\"  data-story-index=\"75\" role=\"article\"><!-- Post Label --><div class=\"ctl-labels\"><div class=\"ctl-label-big story-date\">10. Januar , 2010<\/div><\/div><!-- Post Icon --><div class=\"ctl-icon\"><svg xmlns=\"http:\/\/www.w3.org\/2000\/svg\" height=\"1em\" viewBox=\"0 0 512 512\">\r\n\t\t\t\t<path d=\"M256 8C119 8 8 119 8 256s111 248 248 248 248-111 248-248S393 8 256 8zm0 448c-110.5 0-200-89.5-200-200S145.5 56 256 56s200 89.5 200 200-89.5 200-200 200zm61.8-104.4l-84.9-61.7c-3.1-2.3-4.9-5.9-4.9-9.7V116c0-6.6 5.4-12 12-12h32c6.6 0 12 5.4 12 12v141.7l66.8 48.6c5.4 3.9 6.5 11.4 2.6 16.8L334.6 349c-3.9 5.3-11.4 6.5-16.8 2.6z\"\/>\r\n\t\t\t\t<\/svg><\/div> <!-- Post Arrow --><div class=\"ctl-arrow\"><\/div>\r\n\t\t\t<!-- Post Content --><div class=\"ctl-content\"><!-- Post Title --><div class=\"ctl-title story-560\" aria-label=\"Lamsdorf: Beginn der offiziellen Feierlichkeiten zur Erinnerung an die Oberschlesische Trag\u00f6die\"><a target=\"_self\" title=\"Lamsdorf: Beginn der offiziellen Feierlichkeiten zur Erinnerung an die Oberschlesische Trag\u00f6die\" href=\"https:\/\/wirtualnemuzeum.skgd.pl\/de\/lamsdorf-beginn-der-offiziellen-feierlichkeiten-zur-erinnerung-an-die-oberschlesische-tragodie\/\" class=\"story-link\">Lamsdorf: Beginn der offiziellen Feierlichkeiten zur Erinnerung an die Oberschlesische Trag\u00f6die<\/a><\/div><!-- Post Media --><div class=\"ctl-media full\"><a data-glightbox=\"Lamsdorf: Beginn der offiziellen Feierlichkeiten zur Erinnerung an die Oberschlesische Trag\u00f6die\" href=\"https:\/\/wirtualnemuzeum.skgd.pl\/wp-content\/uploads\/2021\/03\/Podpis_51.jpg\" class=\"ctl_glightbox\"><img loading=\"lazy\" decoding=\"async\" width=\"600\" height=\"450\" src=\"https:\/\/wirtualnemuzeum.skgd.pl\/wp-content\/uploads\/2021\/03\/Podpis_51.jpg\" class=\"story-img wp-post-image\" alt=\"Lamsdorf: Beginn der offiziellen Feierlichkeiten zur Erinnerung an die Oberschlesische Trag\u00f6die\" srcset=\"https:\/\/wirtualnemuzeum.skgd.pl\/wp-content\/uploads\/2021\/03\/Podpis_51.jpg 600w, https:\/\/wirtualnemuzeum.skgd.pl\/wp-content\/uploads\/2021\/03\/Podpis_51-300x225.jpg 300w\" sizes=\"auto, (max-width: 600px) 100vw, 600px\" \/><\/a><\/div><\/div><\/div><!-- Post Year Section --><div data-cls=\"sc-nv-light vertical\" class=\"timeline-year scrollable-section ctl-year ctl-year-container light-year\" data-section-title=\"2009\" id=\"year-2009\"><div class=\"ctl-year-label ctl-year-text\"><span>2009<\/span><\/div><\/div><!-- Timeline Content --><div  id=\"ctl-post-242\" class=\"ctl-story ctl-story-icon ctl-story-left even\"  data-story-index=\"76\" role=\"article\"><!-- Post Label --><div class=\"ctl-labels\"><div class=\"ctl-label-big story-date\">18. September , 2009<\/div><\/div><!-- Post Icon --><div class=\"ctl-icon\"><svg xmlns=\"http:\/\/www.w3.org\/2000\/svg\" height=\"1em\" viewBox=\"0 0 512 512\">\r\n\t\t\t\t<path d=\"M256 8C119 8 8 119 8 256s111 248 248 248 248-111 248-248S393 8 256 8zm0 448c-110.5 0-200-89.5-200-200S145.5 56 256 56s200 89.5 200 200-89.5 200-200 200zm61.8-104.4l-84.9-61.7c-3.1-2.3-4.9-5.9-4.9-9.7V116c0-6.6 5.4-12 12-12h32c6.6 0 12 5.4 12 12v141.7l66.8 48.6c5.4 3.9 6.5 11.4 2.6 16.8L334.6 349c-3.9 5.3-11.4 6.5-16.8 2.6z\"\/>\r\n\t\t\t\t<\/svg><\/div> <!-- Post Arrow --><div class=\"ctl-arrow\"><\/div>\r\n\t\t\t<!-- Post Content --><div class=\"ctl-content\"><!-- Post Title --><div class=\"ctl-title story-242\" aria-label=\"Es startet das Projekt \u201eDeutsche Samstagsschule der SKGD im Oppelner Schlesien\u201c\"><a target=\"_self\" title=\"Es startet das Projekt \u201eDeutsche Samstagsschule der SKGD im Oppelner Schlesien\u201c\" href=\"https:\/\/wirtualnemuzeum.skgd.pl\/de\/es-startet-das-projekt-deutsche-samstagsschule-der-skgd-im-oppelner-schlesien\/\" class=\"story-link\">Es startet das Projekt \u201eDeutsche Samstagsschule der SKGD im Oppelner Schlesien\u201c<\/a><\/div><!-- Post Media --><div class=\"ctl-media full\"><a data-glightbox=\"Es startet das Projekt \u201eDeutsche Samstagsschule der SKGD im Oppelner Schlesien\u201c\" href=\"https:\/\/wirtualnemuzeum.skgd.pl\/wp-content\/uploads\/2021\/03\/Podpis_3-scaled.jpg\" class=\"ctl_glightbox\"><img loading=\"lazy\" decoding=\"async\" width=\"1024\" height=\"768\" src=\"https:\/\/wirtualnemuzeum.skgd.pl\/wp-content\/uploads\/2021\/03\/Podpis_3-1024x768.jpg\" class=\"story-img wp-post-image\" alt=\"Es startet das Projekt \u201eDeutsche Samstagsschule der SKGD im Oppelner Schlesien\u201c\" srcset=\"https:\/\/wirtualnemuzeum.skgd.pl\/wp-content\/uploads\/2021\/03\/Podpis_3-1024x768.jpg 1024w, https:\/\/wirtualnemuzeum.skgd.pl\/wp-content\/uploads\/2021\/03\/Podpis_3-300x225.jpg 300w, https:\/\/wirtualnemuzeum.skgd.pl\/wp-content\/uploads\/2021\/03\/Podpis_3-768x576.jpg 768w, https:\/\/wirtualnemuzeum.skgd.pl\/wp-content\/uploads\/2021\/03\/Podpis_3-1536x1152.jpg 1536w, https:\/\/wirtualnemuzeum.skgd.pl\/wp-content\/uploads\/2021\/03\/Podpis_3-2048x1536.jpg 2048w\" sizes=\"auto, (max-width: 1024px) 100vw, 1024px\" \/><\/a><\/div><\/div><\/div><!-- Post Year Section --><div data-cls=\"sc-nv-light vertical\" class=\"timeline-year scrollable-section ctl-year ctl-year-container light-year\" data-section-title=\"2008\" id=\"year-2008\"><div class=\"ctl-year-label ctl-year-text\"><span>2008<\/span><\/div><\/div><!-- Timeline Content --><div  id=\"ctl-post-548\" class=\"ctl-story ctl-story-icon ctl-story-right odd\"  data-story-index=\"77\" role=\"article\"><!-- Post Label --><div class=\"ctl-labels\"><div class=\"ctl-label-big story-date\">11. September , 2008<\/div><\/div><!-- Post Icon --><div class=\"ctl-icon\"><svg xmlns=\"http:\/\/www.w3.org\/2000\/svg\" height=\"1em\" viewBox=\"0 0 512 512\">\r\n\t\t\t\t<path d=\"M256 8C119 8 8 119 8 256s111 248 248 248 248-111 248-248S393 8 256 8zm0 448c-110.5 0-200-89.5-200-200S145.5 56 256 56s200 89.5 200 200-89.5 200-200 200zm61.8-104.4l-84.9-61.7c-3.1-2.3-4.9-5.9-4.9-9.7V116c0-6.6 5.4-12 12-12h32c6.6 0 12 5.4 12 12v141.7l66.8 48.6c5.4 3.9 6.5 11.4 2.6 16.8L334.6 349c-3.9 5.3-11.4 6.5-16.8 2.6z\"\/>\r\n\t\t\t\t<\/svg><\/div> <!-- Post Arrow --><div class=\"ctl-arrow\"><\/div>\r\n\t\t\t<!-- Post Content --><div class=\"ctl-content\"><!-- Post Title --><div class=\"ctl-title story-548\" aria-label=\"Aufstellung des ersten deutsch-polnischen Ortsschildes in der Woiwodschaft Oppeln\"><a target=\"_self\" title=\"Aufstellung des ersten deutsch-polnischen Ortsschildes in der Woiwodschaft Oppeln\" href=\"https:\/\/wirtualnemuzeum.skgd.pl\/de\/aufstellung-des-ersten-deutsch-polnischen-ortsschildes-in-der-woiwodschaft-oppeln\/\" class=\"story-link\">Aufstellung des ersten deutsch-polnischen Ortsschildes in der Woiwodschaft Oppeln<\/a><\/div><!-- Post Media --><div class=\"ctl-media full\"><a data-glightbox=\"Aufstellung des ersten deutsch-polnischen Ortsschildes in der Woiwodschaft Oppeln\" href=\"https:\/\/wirtualnemuzeum.skgd.pl\/wp-content\/uploads\/2021\/03\/Podpis_49-scaled.jpg\" class=\"ctl_glightbox\"><img loading=\"lazy\" decoding=\"async\" width=\"1024\" height=\"768\" src=\"https:\/\/wirtualnemuzeum.skgd.pl\/wp-content\/uploads\/2021\/03\/Podpis_49-1024x768.jpg\" class=\"story-img wp-post-image\" alt=\"Aufstellung des ersten deutsch-polnischen Ortsschildes in der Woiwodschaft Oppeln\" srcset=\"https:\/\/wirtualnemuzeum.skgd.pl\/wp-content\/uploads\/2021\/03\/Podpis_49-1024x768.jpg 1024w, https:\/\/wirtualnemuzeum.skgd.pl\/wp-content\/uploads\/2021\/03\/Podpis_49-300x225.jpg 300w, https:\/\/wirtualnemuzeum.skgd.pl\/wp-content\/uploads\/2021\/03\/Podpis_49-768x576.jpg 768w, https:\/\/wirtualnemuzeum.skgd.pl\/wp-content\/uploads\/2021\/03\/Podpis_49-1536x1152.jpg 1536w, https:\/\/wirtualnemuzeum.skgd.pl\/wp-content\/uploads\/2021\/03\/Podpis_49-2048x1536.jpg 2048w\" sizes=\"auto, (max-width: 1024px) 100vw, 1024px\" \/><\/a><\/div><\/div><\/div><!-- Timeline Content --><div  id=\"ctl-post-541\" class=\"ctl-story ctl-story-icon ctl-story-left even\"  data-story-index=\"78\" role=\"article\"><!-- Post Label --><div class=\"ctl-labels\"><div class=\"ctl-label-big story-date\">26. April , 2008<\/div><\/div><!-- Post Icon --><div class=\"ctl-icon\"><svg xmlns=\"http:\/\/www.w3.org\/2000\/svg\" height=\"1em\" viewBox=\"0 0 512 512\">\r\n\t\t\t\t<path d=\"M256 8C119 8 8 119 8 256s111 248 248 248 248-111 248-248S393 8 256 8zm0 448c-110.5 0-200-89.5-200-200S145.5 56 256 56s200 89.5 200 200-89.5 200-200 200zm61.8-104.4l-84.9-61.7c-3.1-2.3-4.9-5.9-4.9-9.7V116c0-6.6 5.4-12 12-12h32c6.6 0 12 5.4 12 12v141.7l66.8 48.6c5.4 3.9 6.5 11.4 2.6 16.8L334.6 349c-3.9 5.3-11.4 6.5-16.8 2.6z\"\/>\r\n\t\t\t\t<\/svg><\/div> <!-- Post Arrow --><div class=\"ctl-arrow\"><\/div>\r\n\t\t\t<!-- Post Content --><div class=\"ctl-content\"><!-- Post Title --><div class=\"ctl-title story-541\" aria-label=\"Norbert Rasch aus Proskau wird zum neuen Vorsitzenden der SKGD gew\u00e4hlt\"><a target=\"_self\" title=\"Norbert Rasch aus Proskau wird zum neuen Vorsitzenden der SKGD gew\u00e4hlt\" href=\"https:\/\/wirtualnemuzeum.skgd.pl\/de\/norbert-rasch-aus-proskau-wird-zum-neuen-vorsitzenden-der-skgd-gewahlt\/\" class=\"story-link\">Norbert Rasch aus Proskau wird zum neuen Vorsitzenden der SKGD gew\u00e4hlt<\/a><\/div><!-- Post Media --><div class=\"ctl-media full\"><a data-glightbox=\"Norbert Rasch aus Proskau wird zum neuen Vorsitzenden der SKGD gew\u00e4hlt\" href=\"https:\/\/wirtualnemuzeum.skgd.pl\/wp-content\/uploads\/2021\/03\/Podpis_48-scaled.jpg\" class=\"ctl_glightbox\"><img loading=\"lazy\" decoding=\"async\" width=\"1024\" height=\"685\" src=\"https:\/\/wirtualnemuzeum.skgd.pl\/wp-content\/uploads\/2021\/03\/Podpis_48-1024x685.jpg\" class=\"story-img wp-post-image\" alt=\"Norbert Rasch aus Proskau wird zum neuen Vorsitzenden der SKGD gew\u00e4hlt\" srcset=\"https:\/\/wirtualnemuzeum.skgd.pl\/wp-content\/uploads\/2021\/03\/Podpis_48-1024x685.jpg 1024w, https:\/\/wirtualnemuzeum.skgd.pl\/wp-content\/uploads\/2021\/03\/Podpis_48-300x201.jpg 300w, https:\/\/wirtualnemuzeum.skgd.pl\/wp-content\/uploads\/2021\/03\/Podpis_48-768x514.jpg 768w, https:\/\/wirtualnemuzeum.skgd.pl\/wp-content\/uploads\/2021\/03\/Podpis_48-1536x1028.jpg 1536w, https:\/\/wirtualnemuzeum.skgd.pl\/wp-content\/uploads\/2021\/03\/Podpis_48-2048x1371.jpg 2048w\" sizes=\"auto, (max-width: 1024px) 100vw, 1024px\" \/><\/a><\/div><\/div><\/div><!-- Post Year Section --><div data-cls=\"sc-nv-light vertical\" class=\"timeline-year scrollable-section ctl-year ctl-year-container light-year\" data-section-title=\"2007\" id=\"year-2007\"><div class=\"ctl-year-label ctl-year-text\"><span>2007<\/span><\/div><\/div><!-- Timeline Content --><div  id=\"ctl-post-403\" class=\"ctl-story ctl-story-icon ctl-story-right odd\"  data-story-index=\"79\" role=\"article\"><!-- Post Label --><div class=\"ctl-labels\"><div class=\"ctl-label-big story-date\">30. September , 2007<\/div><\/div><!-- Post Icon --><div class=\"ctl-icon\"><svg xmlns=\"http:\/\/www.w3.org\/2000\/svg\" height=\"1em\" viewBox=\"0 0 512 512\">\r\n\t\t\t\t<path d=\"M256 8C119 8 8 119 8 256s111 248 248 248 248-111 248-248S393 8 256 8zm0 448c-110.5 0-200-89.5-200-200S145.5 56 256 56s200 89.5 200 200-89.5 200-200 200zm61.8-104.4l-84.9-61.7c-3.1-2.3-4.9-5.9-4.9-9.7V116c0-6.6 5.4-12 12-12h32c6.6 0 12 5.4 12 12v141.7l66.8 48.6c5.4 3.9 6.5 11.4 2.6 16.8L334.6 349c-3.9 5.3-11.4 6.5-16.8 2.6z\"\/>\r\n\t\t\t\t<\/svg><\/div> <!-- Post Arrow --><div class=\"ctl-arrow\"><\/div>\r\n\t\t\t<!-- Post Content --><div class=\"ctl-content\"><!-- Post Title --><div class=\"ctl-title story-403\" aria-label=\"In Neisse fand die Seligsprechung der Ordensgr\u00fcnderin Maria Luise Merkert statt\"><a target=\"_self\" title=\"In Neisse fand die Seligsprechung der Ordensgr\u00fcnderin Maria Luise Merkert statt\" href=\"https:\/\/wirtualnemuzeum.skgd.pl\/de\/in-neisse-fand-die-seligsprechung-der-ordensgrunderin-maria-luise-merkert-statt\/\" class=\"story-link\">In Neisse fand die Seligsprechung der Ordensgr\u00fcnderin Maria Luise Merkert statt<\/a><\/div><!-- Post Media --><div class=\"ctl-media full\"><a data-glightbox=\"In Neisse fand die Seligsprechung der Ordensgr\u00fcnderin Maria Luise Merkert statt\" href=\"https:\/\/wirtualnemuzeum.skgd.pl\/wp-content\/uploads\/2021\/03\/Podpis_27-scaled.jpg\" class=\"ctl_glightbox\"><img loading=\"lazy\" decoding=\"async\" width=\"1024\" height=\"683\" src=\"https:\/\/wirtualnemuzeum.skgd.pl\/wp-content\/uploads\/2021\/03\/Podpis_27-1024x683.jpg\" class=\"story-img wp-post-image\" alt=\"In Neisse fand die Seligsprechung der Ordensgr\u00fcnderin Maria Luise Merkert statt\" srcset=\"https:\/\/wirtualnemuzeum.skgd.pl\/wp-content\/uploads\/2021\/03\/Podpis_27-1024x683.jpg 1024w, https:\/\/wirtualnemuzeum.skgd.pl\/wp-content\/uploads\/2021\/03\/Podpis_27-300x200.jpg 300w, https:\/\/wirtualnemuzeum.skgd.pl\/wp-content\/uploads\/2021\/03\/Podpis_27-768x512.jpg 768w, https:\/\/wirtualnemuzeum.skgd.pl\/wp-content\/uploads\/2021\/03\/Podpis_27-1536x1024.jpg 1536w, https:\/\/wirtualnemuzeum.skgd.pl\/wp-content\/uploads\/2021\/03\/Podpis_27-2048x1365.jpg 2048w\" sizes=\"auto, (max-width: 1024px) 100vw, 1024px\" \/><\/a><\/div><\/div><\/div><!-- Post Year Section --><div data-cls=\"sc-nv-light vertical\" class=\"timeline-year scrollable-section ctl-year ctl-year-container light-year\" data-section-title=\"2006\" id=\"year-2006\"><div class=\"ctl-year-label ctl-year-text\"><span>2006<\/span><\/div><\/div><!-- Timeline Content --><div  id=\"ctl-post-755\" class=\"ctl-story ctl-story-icon ctl-story-left even\"  data-story-index=\"80\" role=\"article\"><!-- Post Label --><div class=\"ctl-labels\"><div class=\"ctl-label-big story-date\">6. Dezember , 2006<\/div><\/div><!-- Post Icon --><div class=\"ctl-icon\"><svg xmlns=\"http:\/\/www.w3.org\/2000\/svg\" height=\"1em\" viewBox=\"0 0 512 512\">\r\n\t\t\t\t<path d=\"M256 8C119 8 8 119 8 256s111 248 248 248 248-111 248-248S393 8 256 8zm0 448c-110.5 0-200-89.5-200-200S145.5 56 256 56s200 89.5 200 200-89.5 200-200 200zm61.8-104.4l-84.9-61.7c-3.1-2.3-4.9-5.9-4.9-9.7V116c0-6.6 5.4-12 12-12h32c6.6 0 12 5.4 12 12v141.7l66.8 48.6c5.4 3.9 6.5 11.4 2.6 16.8L334.6 349c-3.9 5.3-11.4 6.5-16.8 2.6z\"\/>\r\n\t\t\t\t<\/svg><\/div> <!-- Post Arrow --><div class=\"ctl-arrow\"><\/div>\r\n\t\t\t<!-- Post Content --><div class=\"ctl-content\"><!-- Post Title --><div class=\"ctl-title story-755\" aria-label=\"Die Tanzgruppe  \u201eHoffnung&#8220; aus Himmelwitz wurde von der Pr\u00e4sidentengattin Maria Kaczy\u0144ska empfangen\"><a target=\"_self\" title=\"Die Tanzgruppe  \u201eHoffnung&#8220; aus Himmelwitz wurde von der Pr\u00e4sidentengattin Maria Kaczy\u0144ska empfangen\" href=\"https:\/\/wirtualnemuzeum.skgd.pl\/de\/die-tanzgruppe-hoffnung-aus-himmelwitz-wurde-von-der-prasidentengattin-maria-kaczynska-empfangen\/\" class=\"story-link\">Die Tanzgruppe  \u201eHoffnung&#8220; aus Himmelwitz wurde von der Pr\u00e4sidentengattin Maria Kaczy\u0144ska empfangen<\/a><\/div><!-- Post Media --><div class=\"ctl-media full\"><a data-glightbox=\"Die Tanzgruppe  \u201eHoffnung&#8220; aus Himmelwitz wurde von der Pr\u00e4sidentengattin Maria Kaczy\u0144ska empfangen\" href=\"https:\/\/wirtualnemuzeum.skgd.pl\/wp-content\/uploads\/2021\/03\/Podpis_83.jpg\" class=\"ctl_glightbox\"><img loading=\"lazy\" decoding=\"async\" width=\"1024\" height=\"681\" src=\"https:\/\/wirtualnemuzeum.skgd.pl\/wp-content\/uploads\/2021\/03\/Podpis_83-1024x681.jpg\" class=\"story-img wp-post-image\" alt=\"Die Tanzgruppe  \u201eHoffnung&#8220; aus Himmelwitz wurde von der Pr\u00e4sidentengattin Maria Kaczy\u0144ska empfangen\" srcset=\"https:\/\/wirtualnemuzeum.skgd.pl\/wp-content\/uploads\/2021\/03\/Podpis_83-1024x681.jpg 1024w, https:\/\/wirtualnemuzeum.skgd.pl\/wp-content\/uploads\/2021\/03\/Podpis_83-300x200.jpg 300w, https:\/\/wirtualnemuzeum.skgd.pl\/wp-content\/uploads\/2021\/03\/Podpis_83-768x511.jpg 768w, https:\/\/wirtualnemuzeum.skgd.pl\/wp-content\/uploads\/2021\/03\/Podpis_83-1536x1022.jpg 1536w, https:\/\/wirtualnemuzeum.skgd.pl\/wp-content\/uploads\/2021\/03\/Podpis_83-2048x1362.jpg 2048w\" sizes=\"auto, (max-width: 1024px) 100vw, 1024px\" \/><\/a><\/div><\/div><\/div><!-- Post Year Section --><div data-cls=\"sc-nv-light vertical\" class=\"timeline-year scrollable-section ctl-year ctl-year-container light-year\" data-section-title=\"2005\" id=\"year-2005\"><div class=\"ctl-year-label ctl-year-text\"><span>2005<\/span><\/div><\/div><!-- Timeline Content --><div  id=\"ctl-post-935\" class=\"ctl-story ctl-story-icon ctl-story-right odd\"  data-story-index=\"81\" role=\"article\"><!-- Post Label --><div class=\"ctl-labels\"><div class=\"ctl-label-big story-date\">25. September , 2005<\/div><\/div><!-- Post Icon --><div class=\"ctl-icon\"><svg xmlns=\"http:\/\/www.w3.org\/2000\/svg\" height=\"1em\" viewBox=\"0 0 512 512\">\r\n\t\t\t\t<path d=\"M256 8C119 8 8 119 8 256s111 248 248 248 248-111 248-248S393 8 256 8zm0 448c-110.5 0-200-89.5-200-200S145.5 56 256 56s200 89.5 200 200-89.5 200-200 200zm61.8-104.4l-84.9-61.7c-3.1-2.3-4.9-5.9-4.9-9.7V116c0-6.6 5.4-12 12-12h32c6.6 0 12 5.4 12 12v141.7l66.8 48.6c5.4 3.9 6.5 11.4 2.6 16.8L334.6 349c-3.9 5.3-11.4 6.5-16.8 2.6z\"\/>\r\n\t\t\t\t<\/svg><\/div> <!-- Post Arrow --><div class=\"ctl-arrow\"><\/div>\r\n\t\t\t<!-- Post Content --><div class=\"ctl-content\"><!-- Post Title --><div class=\"ctl-title story-935\" aria-label=\"Richard Galla &#8211; Sejmabgeordneter aus den Reihen der deutschen Minderheit\"><a target=\"_self\" title=\"Richard Galla &#8211; Sejmabgeordneter aus den Reihen der deutschen Minderheit\" href=\"https:\/\/wirtualnemuzeum.skgd.pl\/de\/richard-galla-sejmabgeordneter-aus-den-reihen-der-deutschen-minderheit\/\" class=\"story-link\">Richard Galla &#8211; Sejmabgeordneter aus den Reihen der deutschen Minderheit<\/a><\/div><!-- Post Media --><div class=\"ctl-media full\"><a data-glightbox=\"Richard Galla &#8211; Sejmabgeordneter aus den Reihen der deutschen Minderheit\" href=\"https:\/\/wirtualnemuzeum.skgd.pl\/wp-content\/uploads\/2021\/03\/Podpis_113.jpg\" class=\"ctl_glightbox\"><img loading=\"lazy\" decoding=\"async\" width=\"682\" height=\"1024\" src=\"https:\/\/wirtualnemuzeum.skgd.pl\/wp-content\/uploads\/2021\/03\/Podpis_113-682x1024.jpg\" class=\"story-img wp-post-image\" alt=\"Richard Galla &#8211; Sejmabgeordneter aus den Reihen der deutschen Minderheit\" srcset=\"https:\/\/wirtualnemuzeum.skgd.pl\/wp-content\/uploads\/2021\/03\/Podpis_113-682x1024.jpg 682w, https:\/\/wirtualnemuzeum.skgd.pl\/wp-content\/uploads\/2021\/03\/Podpis_113-200x300.jpg 200w, https:\/\/wirtualnemuzeum.skgd.pl\/wp-content\/uploads\/2021\/03\/Podpis_113-768x1153.jpg 768w, https:\/\/wirtualnemuzeum.skgd.pl\/wp-content\/uploads\/2021\/03\/Podpis_113-1023x1536.jpg 1023w, https:\/\/wirtualnemuzeum.skgd.pl\/wp-content\/uploads\/2021\/03\/Podpis_113-1364x2048.jpg 1364w, https:\/\/wirtualnemuzeum.skgd.pl\/wp-content\/uploads\/2021\/03\/Podpis_113.jpg 1421w\" sizes=\"auto, (max-width: 682px) 100vw, 682px\" \/><\/a><\/div><\/div><\/div><!-- Post Year Section --><div data-cls=\"sc-nv-light vertical\" class=\"timeline-year scrollable-section ctl-year ctl-year-container light-year\" data-section-title=\"2004\" id=\"year-2004\"><div class=\"ctl-year-label ctl-year-text\"><span>2004<\/span><\/div><\/div><!-- Timeline Content --><div  id=\"ctl-post-535\" class=\"ctl-story ctl-story-icon ctl-story-left even\"  data-story-index=\"82\" role=\"article\"><!-- Post Label --><div class=\"ctl-labels\"><div class=\"ctl-label-big story-date\">22. Oktober , 2004<\/div><\/div><!-- Post Icon --><div class=\"ctl-icon\"><svg xmlns=\"http:\/\/www.w3.org\/2000\/svg\" height=\"1em\" viewBox=\"0 0 512 512\">\r\n\t\t\t\t<path d=\"M256 8C119 8 8 119 8 256s111 248 248 248 248-111 248-248S393 8 256 8zm0 448c-110.5 0-200-89.5-200-200S145.5 56 256 56s200 89.5 200 200-89.5 200-200 200zm61.8-104.4l-84.9-61.7c-3.1-2.3-4.9-5.9-4.9-9.7V116c0-6.6 5.4-12 12-12h32c6.6 0 12 5.4 12 12v141.7l66.8 48.6c5.4 3.9 6.5 11.4 2.6 16.8L334.6 349c-3.9 5.3-11.4 6.5-16.8 2.6z\"\/>\r\n\t\t\t\t<\/svg><\/div> <!-- Post Arrow --><div class=\"ctl-arrow\"><\/div>\r\n\t\t\t<!-- Post Content --><div class=\"ctl-content\"><!-- Post Title --><div class=\"ctl-title story-535\" aria-label=\"Er\u00f6ffnung und Einweihung des neuen SKGD-Sitzes in Oppeln in der Konopnicka-Stra\u00dfe 6\"><a target=\"_self\" title=\"Er\u00f6ffnung und Einweihung des neuen SKGD-Sitzes in Oppeln in der Konopnicka-Stra\u00dfe 6\" href=\"https:\/\/wirtualnemuzeum.skgd.pl\/de\/eroffnung-und-einweihung-des-neuen-skgd-sitzes-in-oppeln-in-der-konopnicka-strasse-6\/\" class=\"story-link\">Er\u00f6ffnung und Einweihung des neuen SKGD-Sitzes in Oppeln in der Konopnicka-Stra\u00dfe 6<\/a><\/div><!-- Post Media --><div class=\"ctl-media full\"><a data-glightbox=\"Er\u00f6ffnung und Einweihung des neuen SKGD-Sitzes in Oppeln in der Konopnicka-Stra\u00dfe 6\" href=\"https:\/\/wirtualnemuzeum.skgd.pl\/wp-content\/uploads\/2021\/03\/Podpis_47.jpg\" class=\"ctl_glightbox\"><img loading=\"lazy\" decoding=\"async\" width=\"1024\" height=\"681\" src=\"https:\/\/wirtualnemuzeum.skgd.pl\/wp-content\/uploads\/2021\/03\/Podpis_47-1024x681.jpg\" class=\"story-img wp-post-image\" alt=\"Er\u00f6ffnung und Einweihung des neuen SKGD-Sitzes in Oppeln in der Konopnicka-Stra\u00dfe 6\" srcset=\"https:\/\/wirtualnemuzeum.skgd.pl\/wp-content\/uploads\/2021\/03\/Podpis_47-1024x681.jpg 1024w, https:\/\/wirtualnemuzeum.skgd.pl\/wp-content\/uploads\/2021\/03\/Podpis_47-300x199.jpg 300w, https:\/\/wirtualnemuzeum.skgd.pl\/wp-content\/uploads\/2021\/03\/Podpis_47-768x510.jpg 768w, https:\/\/wirtualnemuzeum.skgd.pl\/wp-content\/uploads\/2021\/03\/Podpis_47-1536x1021.jpg 1536w, https:\/\/wirtualnemuzeum.skgd.pl\/wp-content\/uploads\/2021\/03\/Podpis_47-2048x1361.jpg 2048w\" sizes=\"auto, (max-width: 1024px) 100vw, 1024px\" \/><\/a><\/div><\/div><\/div><!-- Post Year Section --><div data-cls=\"sc-nv-light vertical\" class=\"timeline-year scrollable-section ctl-year ctl-year-container light-year\" data-section-title=\"2003\" id=\"year-2003\"><div class=\"ctl-year-label ctl-year-text\"><span>2003<\/span><\/div><\/div><!-- Timeline Content --><div  id=\"ctl-post-391\" class=\"ctl-story ctl-story-icon ctl-story-right odd\"  data-story-index=\"83\" role=\"article\"><!-- Post Label --><div class=\"ctl-labels\"><div class=\"ctl-label-big story-date\">11. Dezember , 2003<\/div><\/div><!-- Post Icon --><div class=\"ctl-icon\"><svg xmlns=\"http:\/\/www.w3.org\/2000\/svg\" height=\"1em\" viewBox=\"0 0 512 512\">\r\n\t\t\t\t<path d=\"M256 8C119 8 8 119 8 256s111 248 248 248 248-111 248-248S393 8 256 8zm0 448c-110.5 0-200-89.5-200-200S145.5 56 256 56s200 89.5 200 200-89.5 200-200 200zm61.8-104.4l-84.9-61.7c-3.1-2.3-4.9-5.9-4.9-9.7V116c0-6.6 5.4-12 12-12h32c6.6 0 12 5.4 12 12v141.7l66.8 48.6c5.4 3.9 6.5 11.4 2.6 16.8L334.6 349c-3.9 5.3-11.4 6.5-16.8 2.6z\"\/>\r\n\t\t\t\t<\/svg><\/div> <!-- Post Arrow --><div class=\"ctl-arrow\"><\/div>\r\n\t\t\t<!-- Post Content --><div class=\"ctl-content\"><!-- Post Title --><div class=\"ctl-title story-391\" aria-label=\"Weihnachtsmarkt der Deutschen Minderheit\"><a target=\"_self\" title=\"Weihnachtsmarkt der Deutschen Minderheit\" href=\"https:\/\/wirtualnemuzeum.skgd.pl\/de\/weihnachtsmarkt-der-deutschen-minderheit\/\" class=\"story-link\">Weihnachtsmarkt der Deutschen Minderheit<\/a><\/div><!-- Post Media --><div class=\"ctl-media full\"><a data-glightbox=\"Weihnachtsmarkt der Deutschen Minderheit\" href=\"https:\/\/wirtualnemuzeum.skgd.pl\/wp-content\/uploads\/2021\/03\/Podpis_25-scaled.jpg\" class=\"ctl_glightbox\"><img loading=\"lazy\" decoding=\"async\" width=\"1024\" height=\"681\" src=\"https:\/\/wirtualnemuzeum.skgd.pl\/wp-content\/uploads\/2021\/03\/Podpis_25-1024x681.jpg\" class=\"story-img wp-post-image\" alt=\"Weihnachtsmarkt der Deutschen Minderheit\" srcset=\"https:\/\/wirtualnemuzeum.skgd.pl\/wp-content\/uploads\/2021\/03\/Podpis_25-1024x681.jpg 1024w, https:\/\/wirtualnemuzeum.skgd.pl\/wp-content\/uploads\/2021\/03\/Podpis_25-300x199.jpg 300w, https:\/\/wirtualnemuzeum.skgd.pl\/wp-content\/uploads\/2021\/03\/Podpis_25-768x511.jpg 768w, https:\/\/wirtualnemuzeum.skgd.pl\/wp-content\/uploads\/2021\/03\/Podpis_25-1536x1021.jpg 1536w, https:\/\/wirtualnemuzeum.skgd.pl\/wp-content\/uploads\/2021\/03\/Podpis_25-2048x1362.jpg 2048w\" sizes=\"auto, (max-width: 1024px) 100vw, 1024px\" \/><\/a><\/div><\/div><\/div><!-- Timeline Content --><div  id=\"ctl-post-348\" class=\"ctl-story ctl-story-icon ctl-story-left even\"  data-story-index=\"84\" role=\"article\"><!-- Post Label --><div class=\"ctl-labels\"><div class=\"ctl-label-big story-date\">11. Dezember , 2003<\/div><\/div><!-- Post Icon --><div class=\"ctl-icon\"><svg xmlns=\"http:\/\/www.w3.org\/2000\/svg\" height=\"1em\" viewBox=\"0 0 512 512\">\r\n\t\t\t\t<path d=\"M256 8C119 8 8 119 8 256s111 248 248 248 248-111 248-248S393 8 256 8zm0 448c-110.5 0-200-89.5-200-200S145.5 56 256 56s200 89.5 200 200-89.5 200-200 200zm61.8-104.4l-84.9-61.7c-3.1-2.3-4.9-5.9-4.9-9.7V116c0-6.6 5.4-12 12-12h32c6.6 0 12 5.4 12 12v141.7l66.8 48.6c5.4 3.9 6.5 11.4 2.6 16.8L334.6 349c-3.9 5.3-11.4 6.5-16.8 2.6z\"\/>\r\n\t\t\t\t<\/svg><\/div> <!-- Post Arrow --><div class=\"ctl-arrow\"><\/div>\r\n\t\t\t<!-- Post Content --><div class=\"ctl-content\"><!-- Post Title --><div class=\"ctl-title story-348\" aria-label=\"Der erste Weihnachtsmarkt der Deutschen Minderheit\"><a target=\"_self\" title=\"Der erste Weihnachtsmarkt der Deutschen Minderheit\" href=\"https:\/\/wirtualnemuzeum.skgd.pl\/de\/der-erste-weihnachtsmarkt-der-deutschen-minderheit\/\" class=\"story-link\">Der erste Weihnachtsmarkt der Deutschen Minderheit<\/a><\/div><!-- Post Media --><div class=\"ctl-media full\"><a data-glightbox=\"Der erste Weihnachtsmarkt der Deutschen Minderheit\" href=\"https:\/\/wirtualnemuzeum.skgd.pl\/wp-content\/uploads\/2021\/03\/Podpis_18-scaled.jpg\" class=\"ctl_glightbox\"><img loading=\"lazy\" decoding=\"async\" width=\"1024\" height=\"681\" src=\"https:\/\/wirtualnemuzeum.skgd.pl\/wp-content\/uploads\/2021\/03\/Podpis_18-1024x681.jpg\" class=\"story-img wp-post-image\" alt=\"Der erste Weihnachtsmarkt der Deutschen Minderheit\" srcset=\"https:\/\/wirtualnemuzeum.skgd.pl\/wp-content\/uploads\/2021\/03\/Podpis_18-1024x681.jpg 1024w, https:\/\/wirtualnemuzeum.skgd.pl\/wp-content\/uploads\/2021\/03\/Podpis_18-300x199.jpg 300w, https:\/\/wirtualnemuzeum.skgd.pl\/wp-content\/uploads\/2021\/03\/Podpis_18-768x511.jpg 768w, https:\/\/wirtualnemuzeum.skgd.pl\/wp-content\/uploads\/2021\/03\/Podpis_18-1536x1021.jpg 1536w, https:\/\/wirtualnemuzeum.skgd.pl\/wp-content\/uploads\/2021\/03\/Podpis_18-2048x1362.jpg 2048w\" sizes=\"auto, (max-width: 1024px) 100vw, 1024px\" \/><\/a><\/div><\/div><\/div><!-- Timeline Content --><div  id=\"ctl-post-805\" class=\"ctl-story ctl-story-icon ctl-story-right odd\"  data-story-index=\"85\" role=\"article\"><!-- Post Label --><div class=\"ctl-labels\"><div class=\"ctl-label-big story-date\">28. Mai , 2003<\/div><\/div><!-- Post Icon --><div class=\"ctl-icon\"><svg xmlns=\"http:\/\/www.w3.org\/2000\/svg\" height=\"1em\" viewBox=\"0 0 512 512\">\r\n\t\t\t\t<path d=\"M256 8C119 8 8 119 8 256s111 248 248 248 248-111 248-248S393 8 256 8zm0 448c-110.5 0-200-89.5-200-200S145.5 56 256 56s200 89.5 200 200-89.5 200-200 200zm61.8-104.4l-84.9-61.7c-3.1-2.3-4.9-5.9-4.9-9.7V116c0-6.6 5.4-12 12-12h32c6.6 0 12 5.4 12 12v141.7l66.8 48.6c5.4 3.9 6.5 11.4 2.6 16.8L334.6 349c-3.9 5.3-11.4 6.5-16.8 2.6z\"\/>\r\n\t\t\t\t<\/svg><\/div> <!-- Post Arrow --><div class=\"ctl-arrow\"><\/div>\r\n\t\t\t<!-- Post Content --><div class=\"ctl-content\"><!-- Post Title --><div class=\"ctl-title story-805\" aria-label=\"Treffen des Pr\u00e4sidenten Aleksander Kwa\u015bniewski und des deutschen Au\u00dfenministers Joschka Fischer mit den Vertretern der DMI\"><a target=\"_self\" title=\"Treffen des Pr\u00e4sidenten Aleksander Kwa\u015bniewski und des deutschen Au\u00dfenministers Joschka Fischer mit den Vertretern der DMI\" href=\"https:\/\/wirtualnemuzeum.skgd.pl\/de\/treffen-des-prasidenten-aleksander-kwasniewski-und-des-deutschen-aussenministers-joschka-fischer-mit-den-vertretern-der-dmi\/\" class=\"story-link\">Treffen des Pr\u00e4sidenten Aleksander Kwa\u015bniewski und des deutschen Au\u00dfenministers Joschka Fischer mit den Vertretern der DMI<\/a><\/div><!-- Post Media --><div class=\"ctl-media full\"><a data-glightbox=\"Treffen des Pr\u00e4sidenten Aleksander Kwa\u015bniewski und des deutschen Au\u00dfenministers Joschka Fischer mit den Vertretern der DMI\" href=\"https:\/\/wirtualnemuzeum.skgd.pl\/wp-content\/uploads\/2021\/03\/Podpis_91.jpg\" class=\"ctl_glightbox\"><img loading=\"lazy\" decoding=\"async\" width=\"800\" height=\"472\" src=\"https:\/\/wirtualnemuzeum.skgd.pl\/wp-content\/uploads\/2021\/03\/Podpis_91.jpg\" class=\"story-img wp-post-image\" alt=\"Treffen des Pr\u00e4sidenten Aleksander Kwa\u015bniewski und des deutschen Au\u00dfenministers Joschka Fischer mit den Vertretern der DMI\" srcset=\"https:\/\/wirtualnemuzeum.skgd.pl\/wp-content\/uploads\/2021\/03\/Podpis_91.jpg 800w, https:\/\/wirtualnemuzeum.skgd.pl\/wp-content\/uploads\/2021\/03\/Podpis_91-300x177.jpg 300w, https:\/\/wirtualnemuzeum.skgd.pl\/wp-content\/uploads\/2021\/03\/Podpis_91-768x453.jpg 768w\" sizes=\"auto, (max-width: 800px) 100vw, 800px\" \/><\/a><\/div><\/div><\/div><!-- Post Year Section --><div data-cls=\"sc-nv-light vertical\" class=\"timeline-year scrollable-section ctl-year ctl-year-container light-year\" data-section-title=\"2002\" id=\"year-2002\"><div class=\"ctl-year-label ctl-year-text\"><span>2002<\/span><\/div><\/div><!-- Timeline Content --><div  id=\"ctl-post-421\" class=\"ctl-story ctl-story-icon ctl-story-left even\"  data-story-index=\"86\" role=\"article\"><!-- Post Label --><div class=\"ctl-labels\"><div class=\"ctl-label-big story-date\">16. September , 2002<\/div><\/div><!-- Post Icon --><div class=\"ctl-icon\"><svg xmlns=\"http:\/\/www.w3.org\/2000\/svg\" height=\"1em\" viewBox=\"0 0 512 512\">\r\n\t\t\t\t<path d=\"M256 8C119 8 8 119 8 256s111 248 248 248 248-111 248-248S393 8 256 8zm0 448c-110.5 0-200-89.5-200-200S145.5 56 256 56s200 89.5 200 200-89.5 200-200 200zm61.8-104.4l-84.9-61.7c-3.1-2.3-4.9-5.9-4.9-9.7V116c0-6.6 5.4-12 12-12h32c6.6 0 12 5.4 12 12v141.7l66.8 48.6c5.4 3.9 6.5 11.4 2.6 16.8L334.6 349c-3.9 5.3-11.4 6.5-16.8 2.6z\"\/>\r\n\t\t\t\t<\/svg><\/div> <!-- Post Arrow --><div class=\"ctl-arrow\"><\/div>\r\n\t\t\t<!-- Post Content --><div class=\"ctl-content\"><!-- Post Title --><div class=\"ctl-title story-421\" aria-label=\"Der Friedhof der Opfer des Gefangenenlagers in Lamsdorf wird er\u00f6ffnet\"><a target=\"_self\" title=\"Der Friedhof der Opfer des Gefangenenlagers in Lamsdorf wird er\u00f6ffnet\" href=\"https:\/\/wirtualnemuzeum.skgd.pl\/de\/der-friedhof-der-opfer-des-gefangenenlagers-in-lamsdorf-wird-eroffnet\/\" class=\"story-link\">Der Friedhof der Opfer des Gefangenenlagers in Lamsdorf wird er\u00f6ffnet<\/a><\/div><!-- Post Media --><div class=\"ctl-media full\"><a data-glightbox=\"Der Friedhof der Opfer des Gefangenenlagers in Lamsdorf wird er\u00f6ffnet\" href=\"https:\/\/wirtualnemuzeum.skgd.pl\/wp-content\/uploads\/2021\/03\/Podpis_30.jpg\" class=\"ctl_glightbox\"><img loading=\"lazy\" decoding=\"async\" width=\"1024\" height=\"916\" src=\"https:\/\/wirtualnemuzeum.skgd.pl\/wp-content\/uploads\/2021\/03\/Podpis_30-1024x916.jpg\" class=\"story-img wp-post-image\" alt=\"Der Friedhof der Opfer des Gefangenenlagers in Lamsdorf wird er\u00f6ffnet\" srcset=\"https:\/\/wirtualnemuzeum.skgd.pl\/wp-content\/uploads\/2021\/03\/Podpis_30-1024x916.jpg 1024w, https:\/\/wirtualnemuzeum.skgd.pl\/wp-content\/uploads\/2021\/03\/Podpis_30-300x269.jpg 300w, https:\/\/wirtualnemuzeum.skgd.pl\/wp-content\/uploads\/2021\/03\/Podpis_30-768x687.jpg 768w, https:\/\/wirtualnemuzeum.skgd.pl\/wp-content\/uploads\/2021\/03\/Podpis_30-1536x1375.jpg 1536w, https:\/\/wirtualnemuzeum.skgd.pl\/wp-content\/uploads\/2021\/03\/Podpis_30.jpg 1781w\" sizes=\"auto, (max-width: 1024px) 100vw, 1024px\" \/><\/a><\/div><\/div><\/div><!-- Timeline Content --><div  id=\"ctl-post-835\" class=\"ctl-story ctl-story-icon ctl-story-right odd\"  data-story-index=\"87\" role=\"article\"><!-- Post Label --><div class=\"ctl-labels\"><div class=\"ctl-label-big story-date\">19. April , 2002<\/div><\/div><!-- Post Icon --><div class=\"ctl-icon\"><svg xmlns=\"http:\/\/www.w3.org\/2000\/svg\" height=\"1em\" viewBox=\"0 0 512 512\">\r\n\t\t\t\t<path d=\"M256 8C119 8 8 119 8 256s111 248 248 248 248-111 248-248S393 8 256 8zm0 448c-110.5 0-200-89.5-200-200S145.5 56 256 56s200 89.5 200 200-89.5 200-200 200zm61.8-104.4l-84.9-61.7c-3.1-2.3-4.9-5.9-4.9-9.7V116c0-6.6 5.4-12 12-12h32c6.6 0 12 5.4 12 12v141.7l66.8 48.6c5.4 3.9 6.5 11.4 2.6 16.8L334.6 349c-3.9 5.3-11.4 6.5-16.8 2.6z\"\/>\r\n\t\t\t\t<\/svg><\/div> <!-- Post Arrow --><div class=\"ctl-arrow\"><\/div>\r\n\t\t\t<!-- Post Content --><div class=\"ctl-content\"><!-- Post Title --><div class=\"ctl-title story-835\" aria-label=\"Ryszard Galla wird zum ersten Marschall der Oppelner Woiwodschaft aus den Reihen der Deutschen Minderheit gew\u00e4hlt\"><a target=\"_self\" title=\"Ryszard Galla wird zum ersten Marschall der Oppelner Woiwodschaft aus den Reihen der Deutschen Minderheit gew\u00e4hlt\" href=\"https:\/\/wirtualnemuzeum.skgd.pl\/de\/ryszard-galla-wird-zum-ersten-marschall-der-oppelner-woiwodschaft-aus-den-reihen-der-deutschen-minderheit-gewahlt\/\" class=\"story-link\">Ryszard Galla wird zum ersten Marschall der Oppelner Woiwodschaft aus den Reihen der Deutschen Minderheit gew\u00e4hlt<\/a><\/div><!-- Post Media --><div class=\"ctl-media full\"><a data-glightbox=\"Ryszard Galla wird zum ersten Marschall der Oppelner Woiwodschaft aus den Reihen der Deutschen Minderheit gew\u00e4hlt\" href=\"https:\/\/wirtualnemuzeum.skgd.pl\/wp-content\/uploads\/2021\/03\/Podpis_96.jpg\" class=\"ctl_glightbox\"><img loading=\"lazy\" decoding=\"async\" width=\"709\" height=\"1024\" src=\"https:\/\/wirtualnemuzeum.skgd.pl\/wp-content\/uploads\/2021\/03\/Podpis_96-709x1024.jpg\" class=\"story-img wp-post-image\" alt=\"Ryszard Galla wird zum ersten Marschall der Oppelner Woiwodschaft aus den Reihen der Deutschen Minderheit gew\u00e4hlt\" srcset=\"https:\/\/wirtualnemuzeum.skgd.pl\/wp-content\/uploads\/2021\/03\/Podpis_96-709x1024.jpg 709w, https:\/\/wirtualnemuzeum.skgd.pl\/wp-content\/uploads\/2021\/03\/Podpis_96-208x300.jpg 208w, https:\/\/wirtualnemuzeum.skgd.pl\/wp-content\/uploads\/2021\/03\/Podpis_96-768x1109.jpg 768w, https:\/\/wirtualnemuzeum.skgd.pl\/wp-content\/uploads\/2021\/03\/Podpis_96-1063x1536.jpg 1063w, https:\/\/wirtualnemuzeum.skgd.pl\/wp-content\/uploads\/2021\/03\/Podpis_96.jpg 1411w\" sizes=\"auto, (max-width: 709px) 100vw, 709px\" \/><\/a><\/div><\/div><\/div><!-- Post Year Section --><div data-cls=\"sc-nv-light vertical\" class=\"timeline-year scrollable-section ctl-year ctl-year-container light-year\" data-section-title=\"1999\" id=\"year-1999\"><div class=\"ctl-year-label ctl-year-text\"><span>1999<\/span><\/div><\/div><!-- Timeline Content --><div  id=\"ctl-post-493\" class=\"ctl-story ctl-story-icon ctl-story-left even\"  data-story-index=\"88\" role=\"article\"><!-- Post Label --><div class=\"ctl-labels\"><div class=\"ctl-label-big story-date\">27. M\u00e4rz , 1999<\/div><\/div><!-- Post Icon --><div class=\"ctl-icon\"><svg xmlns=\"http:\/\/www.w3.org\/2000\/svg\" height=\"1em\" viewBox=\"0 0 512 512\">\r\n\t\t\t\t<path d=\"M256 8C119 8 8 119 8 256s111 248 248 248 248-111 248-248S393 8 256 8zm0 448c-110.5 0-200-89.5-200-200S145.5 56 256 56s200 89.5 200 200-89.5 200-200 200zm61.8-104.4l-84.9-61.7c-3.1-2.3-4.9-5.9-4.9-9.7V116c0-6.6 5.4-12 12-12h32c6.6 0 12 5.4 12 12v141.7l66.8 48.6c5.4 3.9 6.5 11.4 2.6 16.8L334.6 349c-3.9 5.3-11.4 6.5-16.8 2.6z\"\/>\r\n\t\t\t\t<\/svg><\/div> <!-- Post Arrow --><div class=\"ctl-arrow\"><\/div>\r\n\t\t\t<!-- Post Content --><div class=\"ctl-content\"><!-- Post Title --><div class=\"ctl-title story-493\" aria-label=\"Jahresversammlung der SKGD in Proskau\"><a target=\"_self\" title=\"Jahresversammlung der SKGD in Proskau\" href=\"https:\/\/wirtualnemuzeum.skgd.pl\/de\/jahresversammlung-der-skgd-in-proskau\/\" class=\"story-link\">Jahresversammlung der SKGD in Proskau<\/a><\/div><!-- Post Media --><div class=\"ctl-media full\"><a data-glightbox=\"Jahresversammlung der SKGD in Proskau\" href=\"https:\/\/wirtualnemuzeum.skgd.pl\/wp-content\/uploads\/2021\/03\/Podpis_41.jpg\" class=\"ctl_glightbox\"><img loading=\"lazy\" decoding=\"async\" width=\"1024\" height=\"624\" src=\"https:\/\/wirtualnemuzeum.skgd.pl\/wp-content\/uploads\/2021\/03\/Podpis_41-1024x624.jpg\" class=\"story-img wp-post-image\" alt=\"Jahresversammlung der SKGD in Proskau\" srcset=\"https:\/\/wirtualnemuzeum.skgd.pl\/wp-content\/uploads\/2021\/03\/Podpis_41-1024x624.jpg 1024w, https:\/\/wirtualnemuzeum.skgd.pl\/wp-content\/uploads\/2021\/03\/Podpis_41-300x183.jpg 300w, https:\/\/wirtualnemuzeum.skgd.pl\/wp-content\/uploads\/2021\/03\/Podpis_41-768x468.jpg 768w, https:\/\/wirtualnemuzeum.skgd.pl\/wp-content\/uploads\/2021\/03\/Podpis_41-1536x936.jpg 1536w, https:\/\/wirtualnemuzeum.skgd.pl\/wp-content\/uploads\/2021\/03\/Podpis_41.jpg 1777w\" sizes=\"auto, (max-width: 1024px) 100vw, 1024px\" \/><\/a><\/div><\/div><\/div><!-- Timeline Content --><div  id=\"ctl-post-893\" class=\"ctl-story ctl-story-icon ctl-story-right odd\"  data-story-index=\"89\" role=\"article\"><!-- Post Label --><div class=\"ctl-labels\"><div class=\"ctl-label-big story-date\">10. M\u00e4rz , 1999<\/div><\/div><!-- Post Icon --><div class=\"ctl-icon\"><svg xmlns=\"http:\/\/www.w3.org\/2000\/svg\" height=\"1em\" viewBox=\"0 0 512 512\">\r\n\t\t\t\t<path d=\"M256 8C119 8 8 119 8 256s111 248 248 248 248-111 248-248S393 8 256 8zm0 448c-110.5 0-200-89.5-200-200S145.5 56 256 56s200 89.5 200 200-89.5 200-200 200zm61.8-104.4l-84.9-61.7c-3.1-2.3-4.9-5.9-4.9-9.7V116c0-6.6 5.4-12 12-12h32c6.6 0 12 5.4 12 12v141.7l66.8 48.6c5.4 3.9 6.5 11.4 2.6 16.8L334.6 349c-3.9 5.3-11.4 6.5-16.8 2.6z\"\/>\r\n\t\t\t\t<\/svg><\/div> <!-- Post Arrow --><div class=\"ctl-arrow\"><\/div>\r\n\t\t\t<!-- Post Content --><div class=\"ctl-content\"><!-- Post Title --><div class=\"ctl-title story-893\" aria-label=\"Wettbewerb der Kinder und Jugendgrupen der deutschen Minderheit. Auf dem Foto Ryszard Galla, Edyta Gola und Hubert Kurza\u0142\"><a target=\"_self\" title=\"Wettbewerb der Kinder und Jugendgrupen der deutschen Minderheit. Auf dem Foto Ryszard Galla, Edyta Gola und Hubert Kurza\u0142\" href=\"https:\/\/wirtualnemuzeum.skgd.pl\/de\/wettbewerb-der-kinder-und-jugendgrupen-der-deutschen-minderheit-auf-dem-foto-ryszard-galla-edyta-gola-und-hubert-kurzal\/\" class=\"story-link\">Wettbewerb der Kinder und Jugendgrupen der deutschen Minderheit. Auf dem Foto Ryszard Galla, Edyta Gola und Hubert Kurza\u0142<\/a><\/div><!-- Post Media --><div class=\"ctl-media full\"><a data-glightbox=\"Wettbewerb der Kinder und Jugendgrupen der deutschen Minderheit. Auf dem Foto Ryszard Galla, Edyta Gola und Hubert Kurza\u0142\" href=\"https:\/\/wirtualnemuzeum.skgd.pl\/wp-content\/uploads\/2021\/03\/Podpis_106-scaled.jpg\" class=\"ctl_glightbox\"><img loading=\"lazy\" decoding=\"async\" width=\"1024\" height=\"724\" src=\"https:\/\/wirtualnemuzeum.skgd.pl\/wp-content\/uploads\/2021\/03\/Podpis_106-1024x724.jpg\" class=\"story-img wp-post-image\" alt=\"Wettbewerb der Kinder und Jugendgrupen der deutschen Minderheit. Auf dem Foto Ryszard Galla, Edyta Gola und Hubert Kurza\u0142\" srcset=\"https:\/\/wirtualnemuzeum.skgd.pl\/wp-content\/uploads\/2021\/03\/Podpis_106-1024x724.jpg 1024w, https:\/\/wirtualnemuzeum.skgd.pl\/wp-content\/uploads\/2021\/03\/Podpis_106-300x212.jpg 300w, https:\/\/wirtualnemuzeum.skgd.pl\/wp-content\/uploads\/2021\/03\/Podpis_106-768x543.jpg 768w, https:\/\/wirtualnemuzeum.skgd.pl\/wp-content\/uploads\/2021\/03\/Podpis_106-1536x1086.jpg 1536w, https:\/\/wirtualnemuzeum.skgd.pl\/wp-content\/uploads\/2021\/03\/Podpis_106-2048x1448.jpg 2048w\" sizes=\"auto, (max-width: 1024px) 100vw, 1024px\" \/><\/a><\/div><\/div><\/div><!-- Timeline Content --><div  id=\"ctl-post-521\" class=\"ctl-story ctl-story-icon ctl-story-left even\"  data-story-index=\"90\" role=\"article\"><!-- Post Label --><div class=\"ctl-labels\"><div class=\"ctl-label-big story-date\">3. M\u00e4rz , 1999<\/div><\/div><!-- Post Icon --><div class=\"ctl-icon\"><svg xmlns=\"http:\/\/www.w3.org\/2000\/svg\" height=\"1em\" viewBox=\"0 0 512 512\">\r\n\t\t\t\t<path d=\"M256 8C119 8 8 119 8 256s111 248 248 248 248-111 248-248S393 8 256 8zm0 448c-110.5 0-200-89.5-200-200S145.5 56 256 56s200 89.5 200 200-89.5 200-200 200zm61.8-104.4l-84.9-61.7c-3.1-2.3-4.9-5.9-4.9-9.7V116c0-6.6 5.4-12 12-12h32c6.6 0 12 5.4 12 12v141.7l66.8 48.6c5.4 3.9 6.5 11.4 2.6 16.8L334.6 349c-3.9 5.3-11.4 6.5-16.8 2.6z\"\/>\r\n\t\t\t\t<\/svg><\/div> <!-- Post Arrow --><div class=\"ctl-arrow\"><\/div>\r\n\t\t\t<!-- Post Content --><div class=\"ctl-content\"><!-- Post Title --><div class=\"ctl-title story-521\" aria-label=\"Johann Kroll wird das Bundesverdienstkreuz am Bande \u00fcberreicht\"><a target=\"_self\" title=\"Johann Kroll wird das Bundesverdienstkreuz am Bande \u00fcberreicht\" href=\"https:\/\/wirtualnemuzeum.skgd.pl\/de\/johann-kroll-wird-das-bundesverdienstkreuz-am-bande-uberreicht\/\" class=\"story-link\">Johann Kroll wird das Bundesverdienstkreuz am Bande \u00fcberreicht<\/a><\/div><!-- Post Media --><div class=\"ctl-media full\"><a data-glightbox=\"Johann Kroll wird das Bundesverdienstkreuz am Bande \u00fcberreicht\" href=\"https:\/\/wirtualnemuzeum.skgd.pl\/wp-content\/uploads\/2021\/03\/Podpis_45.jpg\" class=\"ctl_glightbox\"><img loading=\"lazy\" decoding=\"async\" width=\"1024\" height=\"721\" src=\"https:\/\/wirtualnemuzeum.skgd.pl\/wp-content\/uploads\/2021\/03\/Podpis_45-1024x721.jpg\" class=\"story-img wp-post-image\" alt=\"Johann Kroll wird das Bundesverdienstkreuz am Bande \u00fcberreicht\" srcset=\"https:\/\/wirtualnemuzeum.skgd.pl\/wp-content\/uploads\/2021\/03\/Podpis_45-1024x721.jpg 1024w, https:\/\/wirtualnemuzeum.skgd.pl\/wp-content\/uploads\/2021\/03\/Podpis_45-300x211.jpg 300w, https:\/\/wirtualnemuzeum.skgd.pl\/wp-content\/uploads\/2021\/03\/Podpis_45-768x541.jpg 768w, https:\/\/wirtualnemuzeum.skgd.pl\/wp-content\/uploads\/2021\/03\/Podpis_45-1536x1082.jpg 1536w, https:\/\/wirtualnemuzeum.skgd.pl\/wp-content\/uploads\/2021\/03\/Podpis_45-2048x1443.jpg 2048w\" sizes=\"auto, (max-width: 1024px) 100vw, 1024px\" \/><\/a><\/div><\/div><\/div><!-- Post Year Section --><div data-cls=\"sc-nv-light vertical\" class=\"timeline-year scrollable-section ctl-year ctl-year-container light-year\" data-section-title=\"1998\" id=\"year-1998\"><div class=\"ctl-year-label ctl-year-text\"><span>1998<\/span><\/div><\/div><!-- Timeline Content --><div  id=\"ctl-post-511\" class=\"ctl-story ctl-story-icon ctl-story-right odd\"  data-story-index=\"91\" role=\"article\"><!-- Post Label --><div class=\"ctl-labels\"><div class=\"ctl-label-big story-date\">10. M\u00e4rz , 1998<\/div><\/div><!-- Post Icon --><div class=\"ctl-icon\"><svg xmlns=\"http:\/\/www.w3.org\/2000\/svg\" height=\"1em\" viewBox=\"0 0 512 512\">\r\n\t\t\t\t<path d=\"M256 8C119 8 8 119 8 256s111 248 248 248 248-111 248-248S393 8 256 8zm0 448c-110.5 0-200-89.5-200-200S145.5 56 256 56s200 89.5 200 200-89.5 200-200 200zm61.8-104.4l-84.9-61.7c-3.1-2.3-4.9-5.9-4.9-9.7V116c0-6.6 5.4-12 12-12h32c6.6 0 12 5.4 12 12v141.7l66.8 48.6c5.4 3.9 6.5 11.4 2.6 16.8L334.6 349c-3.9 5.3-11.4 6.5-16.8 2.6z\"\/>\r\n\t\t\t\t<\/svg><\/div> <!-- Post Arrow --><div class=\"ctl-arrow\"><\/div>\r\n\t\t\t<!-- Post Content --><div class=\"ctl-content\"><!-- Post Title --><div class=\"ctl-title story-511\" aria-label=\"Die Deutsche Minderheit beteiligte sich aktiv an der Verteidigung des Bestehens der Oppelner Woiwodschaft\"><a target=\"_self\" title=\"Die Deutsche Minderheit beteiligte sich aktiv an der Verteidigung des Bestehens der Oppelner Woiwodschaft\" href=\"https:\/\/wirtualnemuzeum.skgd.pl\/de\/die-deutsche-minderheit-beteiligte-sich-aktiv-an-der-verteidigung-des-bestehens-der-oppelner-woiwodschaft\/\" class=\"story-link\">Die Deutsche Minderheit beteiligte sich aktiv an der Verteidigung des Bestehens der Oppelner Woiwodschaft<\/a><\/div><!-- Post Media --><div class=\"ctl-media full\"><a data-glightbox=\"Die Deutsche Minderheit beteiligte sich aktiv an der Verteidigung des Bestehens der Oppelner Woiwodschaft\" href=\"https:\/\/wirtualnemuzeum.skgd.pl\/wp-content\/uploads\/2021\/03\/Podpis_44.jpg\" class=\"ctl_glightbox\"><img loading=\"lazy\" decoding=\"async\" width=\"1024\" height=\"739\" src=\"https:\/\/wirtualnemuzeum.skgd.pl\/wp-content\/uploads\/2021\/03\/Podpis_44-1024x739.jpg\" class=\"story-img wp-post-image\" alt=\"Die Deutsche Minderheit beteiligte sich aktiv an der Verteidigung des Bestehens der Oppelner Woiwodschaft\" srcset=\"https:\/\/wirtualnemuzeum.skgd.pl\/wp-content\/uploads\/2021\/03\/Podpis_44-1024x739.jpg 1024w, https:\/\/wirtualnemuzeum.skgd.pl\/wp-content\/uploads\/2021\/03\/Podpis_44-300x216.jpg 300w, https:\/\/wirtualnemuzeum.skgd.pl\/wp-content\/uploads\/2021\/03\/Podpis_44-768x554.jpg 768w, https:\/\/wirtualnemuzeum.skgd.pl\/wp-content\/uploads\/2021\/03\/Podpis_44-1536x1108.jpg 1536w, https:\/\/wirtualnemuzeum.skgd.pl\/wp-content\/uploads\/2021\/03\/Podpis_44.jpg 1839w\" sizes=\"auto, (max-width: 1024px) 100vw, 1024px\" \/><\/a><\/div><\/div><\/div><!-- Post Year Section --><div data-cls=\"sc-nv-light vertical\" class=\"timeline-year scrollable-section ctl-year ctl-year-container light-year\" data-section-title=\"1997\" id=\"year-1997\"><div class=\"ctl-year-label ctl-year-text\"><span>1997<\/span><\/div><\/div><!-- Timeline Content --><div  id=\"ctl-post-234\" class=\"ctl-story ctl-story-icon ctl-story-left even\"  data-story-index=\"92\" role=\"article\"><!-- Post Label --><div class=\"ctl-labels\"><div class=\"ctl-label-big story-date\">13. Dezember , 1997<\/div><\/div><!-- Post Icon --><div class=\"ctl-icon\"><svg xmlns=\"http:\/\/www.w3.org\/2000\/svg\" height=\"1em\" viewBox=\"0 0 512 512\">\r\n\t\t\t\t<path d=\"M256 8C119 8 8 119 8 256s111 248 248 248 248-111 248-248S393 8 256 8zm0 448c-110.5 0-200-89.5-200-200S145.5 56 256 56s200 89.5 200 200-89.5 200-200 200zm61.8-104.4l-84.9-61.7c-3.1-2.3-4.9-5.9-4.9-9.7V116c0-6.6 5.4-12 12-12h32c6.6 0 12 5.4 12 12v141.7l66.8 48.6c5.4 3.9 6.5 11.4 2.6 16.8L334.6 349c-3.9 5.3-11.4 6.5-16.8 2.6z\"\/>\r\n\t\t\t\t<\/svg><\/div> <!-- Post Arrow --><div class=\"ctl-arrow\"><\/div>\r\n\t\t\t<!-- Post Content --><div class=\"ctl-content\"><!-- Post Title --><div class=\"ctl-title story-234\" aria-label=\"Die Grundschule aus Wengern belegt den f\u00fcnften Preis im deutschen Geschichtswettbewerb, der von Pr\u00e4sidenten der BRD Roman Herzog ausgeschrieben wurde\"><a target=\"_self\" title=\"Die Grundschule aus Wengern belegt den f\u00fcnften Preis im deutschen Geschichtswettbewerb, der von Pr\u00e4sidenten der BRD Roman Herzog ausgeschrieben wurde\" href=\"https:\/\/wirtualnemuzeum.skgd.pl\/de\/die-grundschule-aus-wengern-belegt-den-funften-preis-im-deutschen-geschichtswettbewerb-der-von-prasidenten-der-brd-roman-herzog-ausgeschrieben-wurde\/\" class=\"story-link\">Die Grundschule aus Wengern belegt den f\u00fcnften Preis im deutschen Geschichtswettbewerb, der von Pr\u00e4sidenten der BRD Roman Herzog ausgeschrieben wurde<\/a><\/div><!-- Post Media --><div class=\"ctl-media full\"><a data-glightbox=\"Die Grundschule aus Wengern belegt den f\u00fcnften Preis im deutschen Geschichtswettbewerb, der von Pr\u00e4sidenten der BRD Roman Herzog ausgeschrieben wurde\" href=\"https:\/\/wirtualnemuzeum.skgd.pl\/wp-content\/uploads\/2021\/03\/Podpis_2.jpg\" class=\"ctl_glightbox\"><img loading=\"lazy\" decoding=\"async\" width=\"1024\" height=\"745\" src=\"https:\/\/wirtualnemuzeum.skgd.pl\/wp-content\/uploads\/2021\/03\/Podpis_2-1024x745.jpg\" class=\"story-img wp-post-image\" alt=\"Die Grundschule aus Wengern belegt den f\u00fcnften Preis im deutschen Geschichtswettbewerb, der von Pr\u00e4sidenten der BRD Roman Herzog ausgeschrieben wurde\" srcset=\"https:\/\/wirtualnemuzeum.skgd.pl\/wp-content\/uploads\/2021\/03\/Podpis_2-1024x745.jpg 1024w, https:\/\/wirtualnemuzeum.skgd.pl\/wp-content\/uploads\/2021\/03\/Podpis_2-300x218.jpg 300w, https:\/\/wirtualnemuzeum.skgd.pl\/wp-content\/uploads\/2021\/03\/Podpis_2-768x559.jpg 768w, https:\/\/wirtualnemuzeum.skgd.pl\/wp-content\/uploads\/2021\/03\/Podpis_2-1536x1118.jpg 1536w, https:\/\/wirtualnemuzeum.skgd.pl\/wp-content\/uploads\/2021\/03\/Podpis_2.jpg 1773w\" sizes=\"auto, (max-width: 1024px) 100vw, 1024px\" \/><\/a><\/div><\/div><\/div><!-- Timeline Content --><div  id=\"ctl-post-811\" class=\"ctl-story ctl-story-icon ctl-story-right odd\"  data-story-index=\"93\" role=\"article\"><!-- Post Label --><div class=\"ctl-labels\"><div class=\"ctl-label-big story-date\">2. Dezember , 1997<\/div><\/div><!-- Post Icon --><div class=\"ctl-icon\"><svg xmlns=\"http:\/\/www.w3.org\/2000\/svg\" height=\"1em\" viewBox=\"0 0 512 512\">\r\n\t\t\t\t<path d=\"M256 8C119 8 8 119 8 256s111 248 248 248 248-111 248-248S393 8 256 8zm0 448c-110.5 0-200-89.5-200-200S145.5 56 256 56s200 89.5 200 200-89.5 200-200 200zm61.8-104.4l-84.9-61.7c-3.1-2.3-4.9-5.9-4.9-9.7V116c0-6.6 5.4-12 12-12h32c6.6 0 12 5.4 12 12v141.7l66.8 48.6c5.4 3.9 6.5 11.4 2.6 16.8L334.6 349c-3.9 5.3-11.4 6.5-16.8 2.6z\"\/>\r\n\t\t\t\t<\/svg><\/div> <!-- Post Arrow --><div class=\"ctl-arrow\"><\/div>\r\n\t\t\t<!-- Post Content --><div class=\"ctl-content\"><!-- Post Title --><div class=\"ctl-title story-811\" aria-label=\"Heinrich Kroll und Jacek Kuro\u0144\"><a target=\"_self\" title=\"Heinrich Kroll und Jacek Kuro\u0144\" href=\"https:\/\/wirtualnemuzeum.skgd.pl\/de\/heinrich-kroll-und-jacek-kuron\/\" class=\"story-link\">Heinrich Kroll und Jacek Kuro\u0144<\/a><\/div><!-- Post Media --><div class=\"ctl-media full\"><a data-glightbox=\"Heinrich Kroll und Jacek Kuro\u0144\" href=\"https:\/\/wirtualnemuzeum.skgd.pl\/wp-content\/uploads\/2021\/03\/Podpis_92.jpg\" class=\"ctl_glightbox\"><img loading=\"lazy\" decoding=\"async\" width=\"1024\" height=\"700\" src=\"https:\/\/wirtualnemuzeum.skgd.pl\/wp-content\/uploads\/2021\/03\/Podpis_92-1024x700.jpg\" class=\"story-img wp-post-image\" alt=\"Heinrich Kroll und Jacek Kuro\u0144\" srcset=\"https:\/\/wirtualnemuzeum.skgd.pl\/wp-content\/uploads\/2021\/03\/Podpis_92-1024x700.jpg 1024w, https:\/\/wirtualnemuzeum.skgd.pl\/wp-content\/uploads\/2021\/03\/Podpis_92-300x205.jpg 300w, https:\/\/wirtualnemuzeum.skgd.pl\/wp-content\/uploads\/2021\/03\/Podpis_92-768x525.jpg 768w, https:\/\/wirtualnemuzeum.skgd.pl\/wp-content\/uploads\/2021\/03\/Podpis_92-1536x1050.jpg 1536w, https:\/\/wirtualnemuzeum.skgd.pl\/wp-content\/uploads\/2021\/03\/Podpis_92-2048x1400.jpg 2048w\" sizes=\"auto, (max-width: 1024px) 100vw, 1024px\" \/><\/a><\/div><\/div><\/div><!-- Timeline Content --><div  id=\"ctl-post-505\" class=\"ctl-story ctl-story-icon ctl-story-left even\"  data-story-index=\"94\" role=\"article\"><!-- Post Label --><div class=\"ctl-labels\"><div class=\"ctl-label-big story-date\">10. Juli , 1997<\/div><\/div><!-- Post Icon --><div class=\"ctl-icon\"><svg xmlns=\"http:\/\/www.w3.org\/2000\/svg\" height=\"1em\" viewBox=\"0 0 512 512\">\r\n\t\t\t\t<path d=\"M256 8C119 8 8 119 8 256s111 248 248 248 248-111 248-248S393 8 256 8zm0 448c-110.5 0-200-89.5-200-200S145.5 56 256 56s200 89.5 200 200-89.5 200-200 200zm61.8-104.4l-84.9-61.7c-3.1-2.3-4.9-5.9-4.9-9.7V116c0-6.6 5.4-12 12-12h32c6.6 0 12 5.4 12 12v141.7l66.8 48.6c5.4 3.9 6.5 11.4 2.6 16.8L334.6 349c-3.9 5.3-11.4 6.5-16.8 2.6z\"\/>\r\n\t\t\t\t<\/svg><\/div> <!-- Post Arrow --><div class=\"ctl-arrow\"><\/div>\r\n\t\t\t<!-- Post Content --><div class=\"ctl-content\"><!-- Post Title --><div class=\"ctl-title story-505\" aria-label=\"Durch die Stiftung f\u00fcr die Entwicklung Schlesiens wird den von der Flut Betroffenen finanzielle Unterst\u00fctzung ausgezahlt\"><a target=\"_self\" title=\"Durch die Stiftung f\u00fcr die Entwicklung Schlesiens wird den von der Flut Betroffenen finanzielle Unterst\u00fctzung ausgezahlt\" href=\"https:\/\/wirtualnemuzeum.skgd.pl\/de\/durch-die-stiftung-fur-die-entwicklung-schlesiens-wird-den-von-der-flut-betroffenen-finanzielle-unterstutzung-ausgezahlt\/\" class=\"story-link\">Durch die Stiftung f\u00fcr die Entwicklung Schlesiens wird den von der Flut Betroffenen finanzielle Unterst\u00fctzung ausgezahlt<\/a><\/div><!-- Post Media --><div class=\"ctl-media full\"><a data-glightbox=\"Durch die Stiftung f\u00fcr die Entwicklung Schlesiens wird den von der Flut Betroffenen finanzielle Unterst\u00fctzung ausgezahlt\" href=\"https:\/\/wirtualnemuzeum.skgd.pl\/wp-content\/uploads\/2021\/03\/Podpis_43.jpg\" class=\"ctl_glightbox\"><img loading=\"lazy\" decoding=\"async\" width=\"1024\" height=\"659\" src=\"https:\/\/wirtualnemuzeum.skgd.pl\/wp-content\/uploads\/2021\/03\/Podpis_43-1024x659.jpg\" class=\"story-img wp-post-image\" alt=\"Durch die Stiftung f\u00fcr die Entwicklung Schlesiens wird den von der Flut Betroffenen finanzielle Unterst\u00fctzung ausgezahlt\" srcset=\"https:\/\/wirtualnemuzeum.skgd.pl\/wp-content\/uploads\/2021\/03\/Podpis_43-1024x659.jpg 1024w, https:\/\/wirtualnemuzeum.skgd.pl\/wp-content\/uploads\/2021\/03\/Podpis_43-300x193.jpg 300w, https:\/\/wirtualnemuzeum.skgd.pl\/wp-content\/uploads\/2021\/03\/Podpis_43-768x494.jpg 768w, https:\/\/wirtualnemuzeum.skgd.pl\/wp-content\/uploads\/2021\/03\/Podpis_43-1536x989.jpg 1536w, https:\/\/wirtualnemuzeum.skgd.pl\/wp-content\/uploads\/2021\/03\/Podpis_43.jpg 2018w\" sizes=\"auto, (max-width: 1024px) 100vw, 1024px\" \/><\/a><\/div><\/div><\/div><!-- Timeline Content --><div  id=\"ctl-post-528\" class=\"ctl-story ctl-story-icon ctl-story-right odd\"  data-story-index=\"95\" role=\"article\"><!-- Post Label --><div class=\"ctl-labels\"><div class=\"ctl-label-big story-date\">10. M\u00e4rz , 1997<\/div><\/div><!-- Post Icon --><div class=\"ctl-icon\"><svg xmlns=\"http:\/\/www.w3.org\/2000\/svg\" height=\"1em\" viewBox=\"0 0 512 512\">\r\n\t\t\t\t<path d=\"M256 8C119 8 8 119 8 256s111 248 248 248 248-111 248-248S393 8 256 8zm0 448c-110.5 0-200-89.5-200-200S145.5 56 256 56s200 89.5 200 200-89.5 200-200 200zm61.8-104.4l-84.9-61.7c-3.1-2.3-4.9-5.9-4.9-9.7V116c0-6.6 5.4-12 12-12h32c6.6 0 12 5.4 12 12v141.7l66.8 48.6c5.4 3.9 6.5 11.4 2.6 16.8L334.6 349c-3.9 5.3-11.4 6.5-16.8 2.6z\"\/>\r\n\t\t\t\t<\/svg><\/div> <!-- Post Arrow --><div class=\"ctl-arrow\"><\/div>\r\n\t\t\t<!-- Post Content --><div class=\"ctl-content\"><!-- Post Title --><div class=\"ctl-title story-528\" aria-label=\"Er\u00f6ffnung der Begegnungst\u00e4tte in Ottmuth\"><a target=\"_self\" title=\"Er\u00f6ffnung der Begegnungst\u00e4tte in Ottmuth\" href=\"https:\/\/wirtualnemuzeum.skgd.pl\/de\/eroffnung-der-begegnungstatte-in-ottmuth\/\" class=\"story-link\">Er\u00f6ffnung der Begegnungst\u00e4tte in Ottmuth<\/a><\/div><!-- Post Media --><div class=\"ctl-media full\"><a data-glightbox=\"Er\u00f6ffnung der Begegnungst\u00e4tte in Ottmuth\" href=\"https:\/\/wirtualnemuzeum.skgd.pl\/wp-content\/uploads\/2021\/03\/Podpis_46.jpg\" class=\"ctl_glightbox\"><img loading=\"lazy\" decoding=\"async\" width=\"1024\" height=\"736\" src=\"https:\/\/wirtualnemuzeum.skgd.pl\/wp-content\/uploads\/2021\/03\/Podpis_46-1024x736.jpg\" class=\"story-img wp-post-image\" alt=\"Er\u00f6ffnung der Begegnungst\u00e4tte in Ottmuth\" srcset=\"https:\/\/wirtualnemuzeum.skgd.pl\/wp-content\/uploads\/2021\/03\/Podpis_46-1024x736.jpg 1024w, https:\/\/wirtualnemuzeum.skgd.pl\/wp-content\/uploads\/2021\/03\/Podpis_46-300x215.jpg 300w, https:\/\/wirtualnemuzeum.skgd.pl\/wp-content\/uploads\/2021\/03\/Podpis_46-768x552.jpg 768w, https:\/\/wirtualnemuzeum.skgd.pl\/wp-content\/uploads\/2021\/03\/Podpis_46-1536x1103.jpg 1536w, https:\/\/wirtualnemuzeum.skgd.pl\/wp-content\/uploads\/2021\/03\/Podpis_46-2048x1471.jpg 2048w\" sizes=\"auto, (max-width: 1024px) 100vw, 1024px\" \/><\/a><\/div><\/div><\/div><!-- Post Year Section --><div data-cls=\"sc-nv-light vertical\" class=\"timeline-year scrollable-section ctl-year ctl-year-container light-year\" data-section-title=\"1996\" id=\"year-1996\"><div class=\"ctl-year-label ctl-year-text\"><span>1996<\/span><\/div><\/div><!-- Timeline Content --><div  id=\"ctl-post-446\" class=\"ctl-story ctl-story-icon ctl-story-left even\"  data-story-index=\"96\" role=\"article\"><!-- Post Label --><div class=\"ctl-labels\"><div class=\"ctl-label-big story-date\">10. September , 1996<\/div><\/div><!-- Post Icon --><div class=\"ctl-icon\"><svg xmlns=\"http:\/\/www.w3.org\/2000\/svg\" height=\"1em\" viewBox=\"0 0 512 512\">\r\n\t\t\t\t<path d=\"M256 8C119 8 8 119 8 256s111 248 248 248 248-111 248-248S393 8 256 8zm0 448c-110.5 0-200-89.5-200-200S145.5 56 256 56s200 89.5 200 200-89.5 200-200 200zm61.8-104.4l-84.9-61.7c-3.1-2.3-4.9-5.9-4.9-9.7V116c0-6.6 5.4-12 12-12h32c6.6 0 12 5.4 12 12v141.7l66.8 48.6c5.4 3.9 6.5 11.4 2.6 16.8L334.6 349c-3.9 5.3-11.4 6.5-16.8 2.6z\"\/>\r\n\t\t\t\t<\/svg><\/div> <!-- Post Arrow --><div class=\"ctl-arrow\"><\/div>\r\n\t\t\t<!-- Post Content --><div class=\"ctl-content\"><!-- Post Title --><div class=\"ctl-title story-446\" aria-label=\"Erste Wallfahrt der Nationen zum Sanktuarium Maria Hilf bei Zuckmantel\"><a target=\"_self\" title=\"Erste Wallfahrt der Nationen zum Sanktuarium Maria Hilf bei Zuckmantel\" href=\"https:\/\/wirtualnemuzeum.skgd.pl\/de\/erste-wallfahrt-der-nationen-zum-sanktuarium-maria-hilf-bei-zuckmantel\/\" class=\"story-link\">Erste Wallfahrt der Nationen zum Sanktuarium Maria Hilf bei Zuckmantel<\/a><\/div><!-- Post Media --><div class=\"ctl-media full\"><a data-glightbox=\"Erste Wallfahrt der Nationen zum Sanktuarium Maria Hilf bei Zuckmantel\" href=\"https:\/\/wirtualnemuzeum.skgd.pl\/wp-content\/uploads\/2021\/03\/Podpis_34-scaled.jpg\" class=\"ctl_glightbox\"><img loading=\"lazy\" decoding=\"async\" width=\"1024\" height=\"768\" src=\"https:\/\/wirtualnemuzeum.skgd.pl\/wp-content\/uploads\/2021\/03\/Podpis_34-1024x768.jpg\" class=\"story-img wp-post-image\" alt=\"Erste Wallfahrt der Nationen zum Sanktuarium Maria Hilf bei Zuckmantel\" srcset=\"https:\/\/wirtualnemuzeum.skgd.pl\/wp-content\/uploads\/2021\/03\/Podpis_34-1024x768.jpg 1024w, https:\/\/wirtualnemuzeum.skgd.pl\/wp-content\/uploads\/2021\/03\/Podpis_34-300x225.jpg 300w, https:\/\/wirtualnemuzeum.skgd.pl\/wp-content\/uploads\/2021\/03\/Podpis_34-768x576.jpg 768w, https:\/\/wirtualnemuzeum.skgd.pl\/wp-content\/uploads\/2021\/03\/Podpis_34-1536x1152.jpg 1536w, https:\/\/wirtualnemuzeum.skgd.pl\/wp-content\/uploads\/2021\/03\/Podpis_34-2048x1536.jpg 2048w\" sizes=\"auto, (max-width: 1024px) 100vw, 1024px\" \/><\/a><\/div><\/div><\/div><!-- Timeline Content --><div  id=\"ctl-post-385\" class=\"ctl-story ctl-story-icon ctl-story-right odd\"  data-story-index=\"97\" role=\"article\"><!-- Post Label --><div class=\"ctl-labels\"><div class=\"ctl-label-big story-date\">2. Juni , 1996<\/div><\/div><!-- Post Icon --><div class=\"ctl-icon\"><svg xmlns=\"http:\/\/www.w3.org\/2000\/svg\" height=\"1em\" viewBox=\"0 0 512 512\">\r\n\t\t\t\t<path d=\"M256 8C119 8 8 119 8 256s111 248 248 248 248-111 248-248S393 8 256 8zm0 448c-110.5 0-200-89.5-200-200S145.5 56 256 56s200 89.5 200 200-89.5 200-200 200zm61.8-104.4l-84.9-61.7c-3.1-2.3-4.9-5.9-4.9-9.7V116c0-6.6 5.4-12 12-12h32c6.6 0 12 5.4 12 12v141.7l66.8 48.6c5.4 3.9 6.5 11.4 2.6 16.8L334.6 349c-3.9 5.3-11.4 6.5-16.8 2.6z\"\/>\r\n\t\t\t\t<\/svg><\/div> <!-- Post Arrow --><div class=\"ctl-arrow\"><\/div>\r\n\t\t\t<!-- Post Content --><div class=\"ctl-content\"><!-- Post Title --><div class=\"ctl-title story-385\" aria-label=\"Die erste Wallfahrt der nationalen und ethnischen Minderheiten zum Sankt Annaberg\"><a target=\"_self\" title=\"Die erste Wallfahrt der nationalen und ethnischen Minderheiten zum Sankt Annaberg\" href=\"https:\/\/wirtualnemuzeum.skgd.pl\/de\/die-erste-wallfahrt-der-nationalen-und-ethnischen-minderheiten-zum-sankt-annaberg-2\/\" class=\"story-link\">Die erste Wallfahrt der nationalen und ethnischen Minderheiten zum Sankt Annaberg<\/a><\/div><!-- Post Media --><div class=\"ctl-media full\"><a data-glightbox=\"Die erste Wallfahrt der nationalen und ethnischen Minderheiten zum Sankt Annaberg\" href=\"https:\/\/wirtualnemuzeum.skgd.pl\/wp-content\/uploads\/2021\/03\/Podpis_24.jpg\" class=\"ctl_glightbox\"><img loading=\"lazy\" decoding=\"async\" width=\"768\" height=\"1024\" src=\"https:\/\/wirtualnemuzeum.skgd.pl\/wp-content\/uploads\/2021\/03\/Podpis_24-768x1024.jpg\" class=\"story-img wp-post-image\" alt=\"Die erste Wallfahrt der nationalen und ethnischen Minderheiten zum Sankt Annaberg\" srcset=\"https:\/\/wirtualnemuzeum.skgd.pl\/wp-content\/uploads\/2021\/03\/Podpis_24-768x1024.jpg 768w, https:\/\/wirtualnemuzeum.skgd.pl\/wp-content\/uploads\/2021\/03\/Podpis_24-225x300.jpg 225w, https:\/\/wirtualnemuzeum.skgd.pl\/wp-content\/uploads\/2021\/03\/Podpis_24-1152x1536.jpg 1152w, https:\/\/wirtualnemuzeum.skgd.pl\/wp-content\/uploads\/2021\/03\/Podpis_24-1536x2048.jpg 1536w, https:\/\/wirtualnemuzeum.skgd.pl\/wp-content\/uploads\/2021\/03\/Podpis_24.jpg 1920w\" sizes=\"auto, (max-width: 768px) 100vw, 768px\" \/><\/a><\/div><\/div><\/div><!-- Timeline Content --><div  id=\"ctl-post-379\" class=\"ctl-story ctl-story-icon ctl-story-left even\"  data-story-index=\"98\" role=\"article\"><!-- Post Label --><div class=\"ctl-labels\"><div class=\"ctl-label-big story-date\">2. Juni , 1996<\/div><\/div><!-- Post Icon --><div class=\"ctl-icon\"><svg xmlns=\"http:\/\/www.w3.org\/2000\/svg\" height=\"1em\" viewBox=\"0 0 512 512\">\r\n\t\t\t\t<path d=\"M256 8C119 8 8 119 8 256s111 248 248 248 248-111 248-248S393 8 256 8zm0 448c-110.5 0-200-89.5-200-200S145.5 56 256 56s200 89.5 200 200-89.5 200-200 200zm61.8-104.4l-84.9-61.7c-3.1-2.3-4.9-5.9-4.9-9.7V116c0-6.6 5.4-12 12-12h32c6.6 0 12 5.4 12 12v141.7l66.8 48.6c5.4 3.9 6.5 11.4 2.6 16.8L334.6 349c-3.9 5.3-11.4 6.5-16.8 2.6z\"\/>\r\n\t\t\t\t<\/svg><\/div> <!-- Post Arrow --><div class=\"ctl-arrow\"><\/div>\r\n\t\t\t<!-- Post Content --><div class=\"ctl-content\"><!-- Post Title --><div class=\"ctl-title story-379\" aria-label=\"Die erste Wallfahrt der nationalen und ethnischen Minderheiten zum Sankt Annaberg\"><a target=\"_self\" title=\"Die erste Wallfahrt der nationalen und ethnischen Minderheiten zum Sankt Annaberg\" href=\"https:\/\/wirtualnemuzeum.skgd.pl\/de\/die-erste-wallfahrt-der-nationalen-und-ethnischen-minderheiten-zum-sankt-annaberg\/\" class=\"story-link\">Die erste Wallfahrt der nationalen und ethnischen Minderheiten zum Sankt Annaberg<\/a><\/div><!-- Post Media --><div class=\"ctl-media full\"><a data-glightbox=\"Die erste Wallfahrt der nationalen und ethnischen Minderheiten zum Sankt Annaberg\" href=\"https:\/\/wirtualnemuzeum.skgd.pl\/wp-content\/uploads\/2021\/03\/Podpis_23.jpg\" class=\"ctl_glightbox\"><img loading=\"lazy\" decoding=\"async\" width=\"1024\" height=\"768\" src=\"https:\/\/wirtualnemuzeum.skgd.pl\/wp-content\/uploads\/2021\/03\/Podpis_23-1024x768.jpg\" class=\"story-img wp-post-image\" alt=\"Die erste Wallfahrt der nationalen und ethnischen Minderheiten zum Sankt Annaberg\" srcset=\"https:\/\/wirtualnemuzeum.skgd.pl\/wp-content\/uploads\/2021\/03\/Podpis_23-1024x768.jpg 1024w, https:\/\/wirtualnemuzeum.skgd.pl\/wp-content\/uploads\/2021\/03\/Podpis_23-300x225.jpg 300w, https:\/\/wirtualnemuzeum.skgd.pl\/wp-content\/uploads\/2021\/03\/Podpis_23-768x576.jpg 768w, https:\/\/wirtualnemuzeum.skgd.pl\/wp-content\/uploads\/2021\/03\/Podpis_23-1536x1152.jpg 1536w, https:\/\/wirtualnemuzeum.skgd.pl\/wp-content\/uploads\/2021\/03\/Podpis_23-2048x1536.jpg 2048w\" sizes=\"auto, (max-width: 1024px) 100vw, 1024px\" \/><\/a><\/div><\/div><\/div><!-- Post Year Section --><div data-cls=\"sc-nv-light vertical\" class=\"timeline-year scrollable-section ctl-year ctl-year-container light-year\" data-section-title=\"1994\" id=\"year-1994\"><div class=\"ctl-year-label ctl-year-text\"><span>1994<\/span><\/div><\/div><!-- Timeline Content --><div  id=\"ctl-post-329\" class=\"ctl-story ctl-story-icon ctl-story-right odd\"  data-story-index=\"99\" role=\"article\"><!-- Post Label --><div class=\"ctl-labels\"><div class=\"ctl-label-big story-date\">18. September , 1994<\/div><\/div><!-- Post Icon --><div class=\"ctl-icon\"><svg xmlns=\"http:\/\/www.w3.org\/2000\/svg\" height=\"1em\" viewBox=\"0 0 512 512\">\r\n\t\t\t\t<path d=\"M256 8C119 8 8 119 8 256s111 248 248 248 248-111 248-248S393 8 256 8zm0 448c-110.5 0-200-89.5-200-200S145.5 56 256 56s200 89.5 200 200-89.5 200-200 200zm61.8-104.4l-84.9-61.7c-3.1-2.3-4.9-5.9-4.9-9.7V116c0-6.6 5.4-12 12-12h32c6.6 0 12 5.4 12 12v141.7l66.8 48.6c5.4 3.9 6.5 11.4 2.6 16.8L334.6 349c-3.9 5.3-11.4 6.5-16.8 2.6z\"\/>\r\n\t\t\t\t<\/svg><\/div> <!-- Post Arrow --><div class=\"ctl-arrow\"><\/div>\r\n\t\t\t<!-- Post Content --><div class=\"ctl-content\"><!-- Post Title --><div class=\"ctl-title story-329\" aria-label=\"In Zuzella fand das Zentrale Erntedankfest der Deutschen Minderheit statt\"><a target=\"_self\" title=\"In Zuzella fand das Zentrale Erntedankfest der Deutschen Minderheit statt\" href=\"https:\/\/wirtualnemuzeum.skgd.pl\/de\/in-zuzella-fand-das-zentrale-erntedankfest-der-deutschen-minderheit-statt\/\" class=\"story-link\">In Zuzella fand das Zentrale Erntedankfest der Deutschen Minderheit statt<\/a><\/div><!-- Post Media --><div class=\"ctl-media full\"><a data-glightbox=\"In Zuzella fand das Zentrale Erntedankfest der Deutschen Minderheit statt\" href=\"https:\/\/wirtualnemuzeum.skgd.pl\/wp-content\/uploads\/2021\/03\/Podpis_15.jpg\" class=\"ctl_glightbox\"><img loading=\"lazy\" decoding=\"async\" width=\"1024\" height=\"736\" src=\"https:\/\/wirtualnemuzeum.skgd.pl\/wp-content\/uploads\/2021\/03\/Podpis_15-1024x736.jpg\" class=\"story-img wp-post-image\" alt=\"In Zuzella fand das Zentrale Erntedankfest der Deutschen Minderheit statt\" srcset=\"https:\/\/wirtualnemuzeum.skgd.pl\/wp-content\/uploads\/2021\/03\/Podpis_15-1024x736.jpg 1024w, https:\/\/wirtualnemuzeum.skgd.pl\/wp-content\/uploads\/2021\/03\/Podpis_15-300x215.jpg 300w, https:\/\/wirtualnemuzeum.skgd.pl\/wp-content\/uploads\/2021\/03\/Podpis_15-768x552.jpg 768w, https:\/\/wirtualnemuzeum.skgd.pl\/wp-content\/uploads\/2021\/03\/Podpis_15-1536x1103.jpg 1536w, https:\/\/wirtualnemuzeum.skgd.pl\/wp-content\/uploads\/2021\/03\/Podpis_15-2048x1471.jpg 2048w\" sizes=\"auto, (max-width: 1024px) 100vw, 1024px\" \/><\/a><\/div><\/div><\/div><!-- Post Year Section --><div data-cls=\"sc-nv-light vertical\" class=\"timeline-year scrollable-section ctl-year ctl-year-container light-year\" data-section-title=\"1993\" id=\"year-1993\"><div class=\"ctl-year-label ctl-year-text\"><span>1993<\/span><\/div><\/div><!-- Timeline Content --><div  id=\"ctl-post-336\" class=\"ctl-story ctl-story-icon ctl-story-left even\"  data-story-index=\"100\" role=\"article\"><!-- Post Label --><div class=\"ctl-labels\"><div class=\"ctl-label-big story-date\">6. Juni , 1993<\/div><\/div><!-- Post Icon --><div class=\"ctl-icon\"><svg xmlns=\"http:\/\/www.w3.org\/2000\/svg\" height=\"1em\" viewBox=\"0 0 512 512\">\r\n\t\t\t\t<path d=\"M256 8C119 8 8 119 8 256s111 248 248 248 248-111 248-248S393 8 256 8zm0 448c-110.5 0-200-89.5-200-200S145.5 56 256 56s200 89.5 200 200-89.5 200-200 200zm61.8-104.4l-84.9-61.7c-3.1-2.3-4.9-5.9-4.9-9.7V116c0-6.6 5.4-12 12-12h32c6.6 0 12 5.4 12 12v141.7l66.8 48.6c5.4 3.9 6.5 11.4 2.6 16.8L334.6 349c-3.9 5.3-11.4 6.5-16.8 2.6z\"\/>\r\n\t\t\t\t<\/svg><\/div> <!-- Post Arrow --><div class=\"ctl-arrow\"><\/div>\r\n\t\t\t<!-- Post Content --><div class=\"ctl-content\"><!-- Post Title --><div class=\"ctl-title story-336\" aria-label=\"Kulturgruppen der SKGD\"><a target=\"_self\" title=\"Kulturgruppen der SKGD\" href=\"https:\/\/wirtualnemuzeum.skgd.pl\/de\/kulturgruppen-der-skgd-2\/\" class=\"story-link\">Kulturgruppen der SKGD<\/a><\/div><!-- Post Media --><div class=\"ctl-media full\"><a data-glightbox=\"Kulturgruppen der SKGD\" href=\"https:\/\/wirtualnemuzeum.skgd.pl\/wp-content\/uploads\/2021\/03\/Podpis_16.jpg\" class=\"ctl_glightbox\"><img loading=\"lazy\" decoding=\"async\" width=\"1024\" height=\"736\" src=\"https:\/\/wirtualnemuzeum.skgd.pl\/wp-content\/uploads\/2021\/03\/Podpis_16-1024x736.jpg\" class=\"story-img wp-post-image\" alt=\"Kulturgruppen der SKGD\" srcset=\"https:\/\/wirtualnemuzeum.skgd.pl\/wp-content\/uploads\/2021\/03\/Podpis_16-1024x736.jpg 1024w, https:\/\/wirtualnemuzeum.skgd.pl\/wp-content\/uploads\/2021\/03\/Podpis_16-300x215.jpg 300w, https:\/\/wirtualnemuzeum.skgd.pl\/wp-content\/uploads\/2021\/03\/Podpis_16-768x552.jpg 768w, https:\/\/wirtualnemuzeum.skgd.pl\/wp-content\/uploads\/2021\/03\/Podpis_16-1536x1103.jpg 1536w, https:\/\/wirtualnemuzeum.skgd.pl\/wp-content\/uploads\/2021\/03\/Podpis_16-2048x1471.jpg 2048w\" sizes=\"auto, (max-width: 1024px) 100vw, 1024px\" \/><\/a><\/div><\/div><\/div><!-- Timeline Content --><div  id=\"ctl-post-798\" class=\"ctl-story ctl-story-icon ctl-story-right odd\"  data-story-index=\"101\" role=\"article\"><!-- Post Label --><div class=\"ctl-labels\"><div class=\"ctl-label-big story-date\">14. M\u00e4rz , 1993<\/div><\/div><!-- Post Icon --><div class=\"ctl-icon\"><svg xmlns=\"http:\/\/www.w3.org\/2000\/svg\" height=\"1em\" viewBox=\"0 0 512 512\">\r\n\t\t\t\t<path d=\"M256 8C119 8 8 119 8 256s111 248 248 248 248-111 248-248S393 8 256 8zm0 448c-110.5 0-200-89.5-200-200S145.5 56 256 56s200 89.5 200 200-89.5 200-200 200zm61.8-104.4l-84.9-61.7c-3.1-2.3-4.9-5.9-4.9-9.7V116c0-6.6 5.4-12 12-12h32c6.6 0 12 5.4 12 12v141.7l66.8 48.6c5.4 3.9 6.5 11.4 2.6 16.8L334.6 349c-3.9 5.3-11.4 6.5-16.8 2.6z\"\/>\r\n\t\t\t\t<\/svg><\/div> <!-- Post Arrow --><div class=\"ctl-arrow\"><\/div>\r\n\t\t\t<!-- Post Content --><div class=\"ctl-content\"><!-- Post Title --><div class=\"ctl-title story-798\" aria-label=\"Treffen der Premierministerin Polens Hanna Suchocka mit der Deutschen Minderheit\"><a target=\"_self\" title=\"Treffen der Premierministerin Polens Hanna Suchocka mit der Deutschen Minderheit\" href=\"https:\/\/wirtualnemuzeum.skgd.pl\/de\/treffen-der-premierministerin-polens-hanna-suchocka-mit-der-deutschen-minderhit\/\" class=\"story-link\">Treffen der Premierministerin Polens Hanna Suchocka mit der Deutschen Minderheit<\/a><\/div><!-- Post Media --><div class=\"ctl-media full\"><a data-glightbox=\"Treffen der Premierministerin Polens Hanna Suchocka mit der Deutschen Minderheit\" href=\"https:\/\/wirtualnemuzeum.skgd.pl\/wp-content\/uploads\/2021\/03\/Podpis_90.jpg\" class=\"ctl_glightbox\"><img loading=\"lazy\" decoding=\"async\" width=\"1024\" height=\"736\" src=\"https:\/\/wirtualnemuzeum.skgd.pl\/wp-content\/uploads\/2021\/03\/Podpis_90-1024x736.jpg\" class=\"story-img wp-post-image\" alt=\"Treffen der Premierministerin Polens Hanna Suchocka mit der Deutschen Minderheit\" srcset=\"https:\/\/wirtualnemuzeum.skgd.pl\/wp-content\/uploads\/2021\/03\/Podpis_90-1024x736.jpg 1024w, https:\/\/wirtualnemuzeum.skgd.pl\/wp-content\/uploads\/2021\/03\/Podpis_90-300x215.jpg 300w, https:\/\/wirtualnemuzeum.skgd.pl\/wp-content\/uploads\/2021\/03\/Podpis_90-768x552.jpg 768w, https:\/\/wirtualnemuzeum.skgd.pl\/wp-content\/uploads\/2021\/03\/Podpis_90-1536x1103.jpg 1536w, https:\/\/wirtualnemuzeum.skgd.pl\/wp-content\/uploads\/2021\/03\/Podpis_90-2048x1471.jpg 2048w\" sizes=\"auto, (max-width: 1024px) 100vw, 1024px\" \/><\/a><\/div><\/div><\/div><!-- Timeline Content --><div  id=\"ctl-post-367\" class=\"ctl-story ctl-story-icon ctl-story-left even\"  data-story-index=\"102\" role=\"article\"><!-- Post Label --><div class=\"ctl-labels\"><div class=\"ctl-label-big story-date\">10. M\u00e4rz , 1993<\/div><\/div><!-- Post Icon --><div class=\"ctl-icon\"><svg xmlns=\"http:\/\/www.w3.org\/2000\/svg\" height=\"1em\" viewBox=\"0 0 512 512\">\r\n\t\t\t\t<path d=\"M256 8C119 8 8 119 8 256s111 248 248 248 248-111 248-248S393 8 256 8zm0 448c-110.5 0-200-89.5-200-200S145.5 56 256 56s200 89.5 200 200-89.5 200-200 200zm61.8-104.4l-84.9-61.7c-3.1-2.3-4.9-5.9-4.9-9.7V116c0-6.6 5.4-12 12-12h32c6.6 0 12 5.4 12 12v141.7l66.8 48.6c5.4 3.9 6.5 11.4 2.6 16.8L334.6 349c-3.9 5.3-11.4 6.5-16.8 2.6z\"\/>\r\n\t\t\t\t<\/svg><\/div> <!-- Post Arrow --><div class=\"ctl-arrow\"><\/div>\r\n\t\t\t<!-- Post Content --><div class=\"ctl-content\"><!-- Post Title --><div class=\"ctl-title story-367\" aria-label=\"Kulturgruppen der SKGD &#8211; die Tanzgruppe WalNak\"><a target=\"_self\" title=\"Kulturgruppen der SKGD &#8211; die Tanzgruppe WalNak\" href=\"https:\/\/wirtualnemuzeum.skgd.pl\/de\/kulturgruppen-der-skgd-die-tanzgruppe-walnak\/\" class=\"story-link\">Kulturgruppen der SKGD &#8211; die Tanzgruppe WalNak<\/a><\/div><!-- Post Media --><div class=\"ctl-media full\"><a data-glightbox=\"Kulturgruppen der SKGD &#8211; die Tanzgruppe WalNak\" href=\"https:\/\/wirtualnemuzeum.skgd.pl\/wp-content\/uploads\/2021\/03\/Podpis_21.jpg\" class=\"ctl_glightbox\"><img loading=\"lazy\" decoding=\"async\" width=\"1024\" height=\"742\" src=\"https:\/\/wirtualnemuzeum.skgd.pl\/wp-content\/uploads\/2021\/03\/Podpis_21-1024x742.jpg\" class=\"story-img wp-post-image\" alt=\"Kulturgruppen der SKGD &#8211; die Tanzgruppe WalNak\" srcset=\"https:\/\/wirtualnemuzeum.skgd.pl\/wp-content\/uploads\/2021\/03\/Podpis_21-1024x742.jpg 1024w, https:\/\/wirtualnemuzeum.skgd.pl\/wp-content\/uploads\/2021\/03\/Podpis_21-300x217.jpg 300w, https:\/\/wirtualnemuzeum.skgd.pl\/wp-content\/uploads\/2021\/03\/Podpis_21-768x556.jpg 768w, https:\/\/wirtualnemuzeum.skgd.pl\/wp-content\/uploads\/2021\/03\/Podpis_21-1536x1113.jpg 1536w, https:\/\/wirtualnemuzeum.skgd.pl\/wp-content\/uploads\/2021\/03\/Podpis_21.jpg 2000w\" sizes=\"auto, (max-width: 1024px) 100vw, 1024px\" \/><\/a><\/div><\/div><\/div><!-- Timeline Content --><div  id=\"ctl-post-289\" class=\"ctl-story ctl-story-icon ctl-story-right odd\"  data-story-index=\"103\" role=\"article\"><!-- Post Label --><div class=\"ctl-labels\"><div class=\"ctl-label-big story-date\">10. M\u00e4rz , 1993<\/div><\/div><!-- Post Icon --><div class=\"ctl-icon\"><svg xmlns=\"http:\/\/www.w3.org\/2000\/svg\" height=\"1em\" viewBox=\"0 0 512 512\">\r\n\t\t\t\t<path d=\"M256 8C119 8 8 119 8 256s111 248 248 248 248-111 248-248S393 8 256 8zm0 448c-110.5 0-200-89.5-200-200S145.5 56 256 56s200 89.5 200 200-89.5 200-200 200zm61.8-104.4l-84.9-61.7c-3.1-2.3-4.9-5.9-4.9-9.7V116c0-6.6 5.4-12 12-12h32c6.6 0 12 5.4 12 12v141.7l66.8 48.6c5.4 3.9 6.5 11.4 2.6 16.8L334.6 349c-3.9 5.3-11.4 6.5-16.8 2.6z\"\/>\r\n\t\t\t\t<\/svg><\/div> <!-- Post Arrow --><div class=\"ctl-arrow\"><\/div>\r\n\t\t\t<!-- Post Content --><div class=\"ctl-content\"><!-- Post Title --><div class=\"ctl-title story-289\" aria-label=\"Es werden viele Kulturgruppen gegr\u00fcndet. Dazu geh\u00f6ren u.a. das Proskauer Echo, Dialog, das Leschnitzer Orchester und viele andere, die bis heute t\u00e4tig sind\"><a target=\"_self\" title=\"Es werden viele Kulturgruppen gegr\u00fcndet. Dazu geh\u00f6ren u.a. das Proskauer Echo, Dialog, das Leschnitzer Orchester und viele andere, die bis heute t\u00e4tig sind\" href=\"https:\/\/wirtualnemuzeum.skgd.pl\/de\/es-werden-viele-kulturgruppen-gegrundet-dazu-gehoren-u-a-das-proskauer-echo-dialog-das-leschnitzer-orchester-und-viele-andere-die-bis-heute-tatig-sind\/\" class=\"story-link\">Es werden viele Kulturgruppen gegr\u00fcndet. Dazu geh\u00f6ren u.a. das Proskauer Echo, Dialog, das Leschnitzer Orchester und viele andere, die bis heute t\u00e4tig sind<\/a><\/div><!-- Post Media --><div class=\"ctl-media full\"><a data-glightbox=\"Es werden viele Kulturgruppen gegr\u00fcndet. Dazu geh\u00f6ren u.a. das Proskauer Echo, Dialog, das Leschnitzer Orchester und viele andere, die bis heute t\u00e4tig sind\" href=\"https:\/\/wirtualnemuzeum.skgd.pl\/wp-content\/uploads\/2021\/03\/Podpis_9.jpg\" class=\"ctl_glightbox\"><img loading=\"lazy\" decoding=\"async\" width=\"1024\" height=\"682\" src=\"https:\/\/wirtualnemuzeum.skgd.pl\/wp-content\/uploads\/2021\/03\/Podpis_9-1024x682.jpg\" class=\"story-img wp-post-image\" alt=\"Es werden viele Kulturgruppen gegr\u00fcndet. Dazu geh\u00f6ren u.a. das Proskauer Echo, Dialog, das Leschnitzer Orchester und viele andere, die bis heute t\u00e4tig sind\" srcset=\"https:\/\/wirtualnemuzeum.skgd.pl\/wp-content\/uploads\/2021\/03\/Podpis_9-1024x682.jpg 1024w, https:\/\/wirtualnemuzeum.skgd.pl\/wp-content\/uploads\/2021\/03\/Podpis_9-300x200.jpg 300w, https:\/\/wirtualnemuzeum.skgd.pl\/wp-content\/uploads\/2021\/03\/Podpis_9-768x512.jpg 768w, https:\/\/wirtualnemuzeum.skgd.pl\/wp-content\/uploads\/2021\/03\/Podpis_9-1536x1024.jpg 1536w, https:\/\/wirtualnemuzeum.skgd.pl\/wp-content\/uploads\/2021\/03\/Podpis_9.jpg 2000w\" sizes=\"auto, (max-width: 1024px) 100vw, 1024px\" \/><\/a><\/div><\/div><\/div><!-- Post Year Section --><div data-cls=\"sc-nv-light vertical\" class=\"timeline-year scrollable-section ctl-year ctl-year-container light-year\" data-section-title=\"1992\" id=\"year-1992\"><div class=\"ctl-year-label ctl-year-text\"><span>1992<\/span><\/div><\/div><!-- Timeline Content --><div  id=\"ctl-post-487\" class=\"ctl-story ctl-story-icon ctl-story-left even\"  data-story-index=\"104\" role=\"article\"><!-- Post Label --><div class=\"ctl-labels\"><div class=\"ctl-label-big story-date\">19. Dezember , 1992<\/div><\/div><!-- Post Icon --><div class=\"ctl-icon\"><svg xmlns=\"http:\/\/www.w3.org\/2000\/svg\" height=\"1em\" viewBox=\"0 0 512 512\">\r\n\t\t\t\t<path d=\"M256 8C119 8 8 119 8 256s111 248 248 248 248-111 248-248S393 8 256 8zm0 448c-110.5 0-200-89.5-200-200S145.5 56 256 56s200 89.5 200 200-89.5 200-200 200zm61.8-104.4l-84.9-61.7c-3.1-2.3-4.9-5.9-4.9-9.7V116c0-6.6 5.4-12 12-12h32c6.6 0 12 5.4 12 12v141.7l66.8 48.6c5.4 3.9 6.5 11.4 2.6 16.8L334.6 349c-3.9 5.3-11.4 6.5-16.8 2.6z\"\/>\r\n\t\t\t\t<\/svg><\/div> <!-- Post Arrow --><div class=\"ctl-arrow\"><\/div>\r\n\t\t\t<!-- Post Content --><div class=\"ctl-content\"><!-- Post Title --><div class=\"ctl-title story-487\" aria-label=\"Jahresversammlung der SKGD in Krappitz\"><a target=\"_self\" title=\"Jahresversammlung der SKGD in Krappitz\" href=\"https:\/\/wirtualnemuzeum.skgd.pl\/de\/jahresversammlung-der-skgd-in-krappitz\/\" class=\"story-link\">Jahresversammlung der SKGD in Krappitz<\/a><\/div><!-- Post Media --><div class=\"ctl-media full\"><a data-glightbox=\"Jahresversammlung der SKGD in Krappitz\" href=\"https:\/\/wirtualnemuzeum.skgd.pl\/wp-content\/uploads\/2021\/03\/Podpis_40.jpg\" class=\"ctl_glightbox\"><img loading=\"lazy\" decoding=\"async\" width=\"1024\" height=\"736\" src=\"https:\/\/wirtualnemuzeum.skgd.pl\/wp-content\/uploads\/2021\/03\/Podpis_40-1024x736.jpg\" class=\"story-img wp-post-image\" alt=\"Jahresversammlung der SKGD in Krappitz\" srcset=\"https:\/\/wirtualnemuzeum.skgd.pl\/wp-content\/uploads\/2021\/03\/Podpis_40-1024x736.jpg 1024w, https:\/\/wirtualnemuzeum.skgd.pl\/wp-content\/uploads\/2021\/03\/Podpis_40-300x215.jpg 300w, https:\/\/wirtualnemuzeum.skgd.pl\/wp-content\/uploads\/2021\/03\/Podpis_40-768x552.jpg 768w, https:\/\/wirtualnemuzeum.skgd.pl\/wp-content\/uploads\/2021\/03\/Podpis_40-1536x1103.jpg 1536w, https:\/\/wirtualnemuzeum.skgd.pl\/wp-content\/uploads\/2021\/03\/Podpis_40-2048x1471.jpg 2048w\" sizes=\"auto, (max-width: 1024px) 100vw, 1024px\" \/><\/a><\/div><\/div><\/div><!-- Timeline Content --><div  id=\"ctl-post-409\" class=\"ctl-story ctl-story-icon ctl-story-right odd\"  data-story-index=\"105\" role=\"article\"><!-- Post Label --><div class=\"ctl-labels\"><div class=\"ctl-label-big story-date\">10. Oktober , 1992<\/div><\/div><!-- Post Icon --><div class=\"ctl-icon\"><svg xmlns=\"http:\/\/www.w3.org\/2000\/svg\" height=\"1em\" viewBox=\"0 0 512 512\">\r\n\t\t\t\t<path d=\"M256 8C119 8 8 119 8 256s111 248 248 248 248-111 248-248S393 8 256 8zm0 448c-110.5 0-200-89.5-200-200S145.5 56 256 56s200 89.5 200 200-89.5 200-200 200zm61.8-104.4l-84.9-61.7c-3.1-2.3-4.9-5.9-4.9-9.7V116c0-6.6 5.4-12 12-12h32c6.6 0 12 5.4 12 12v141.7l66.8 48.6c5.4 3.9 6.5 11.4 2.6 16.8L334.6 349c-3.9 5.3-11.4 6.5-16.8 2.6z\"\/>\r\n\t\t\t\t<\/svg><\/div> <!-- Post Arrow --><div class=\"ctl-arrow\"><\/div>\r\n\t\t\t<!-- Post Content --><div class=\"ctl-content\"><!-- Post Title --><div class=\"ctl-title story-409\" aria-label=\"In Gro\u00df D\u00f6bern wird die erste Caritas-Station in Polen er\u00f6ffnet\"><a target=\"_self\" title=\"In Gro\u00df D\u00f6bern wird die erste Caritas-Station in Polen er\u00f6ffnet\" href=\"https:\/\/wirtualnemuzeum.skgd.pl\/de\/in-gross-dobern-wird-die-erste-caritas-station-in-polen-eroffnet\/\" class=\"story-link\">In Gro\u00df D\u00f6bern wird die erste Caritas-Station in Polen er\u00f6ffnet<\/a><\/div><!-- Post Media --><div class=\"ctl-media full\"><a data-glightbox=\"In Gro\u00df D\u00f6bern wird die erste Caritas-Station in Polen er\u00f6ffnet\" href=\"https:\/\/wirtualnemuzeum.skgd.pl\/wp-content\/uploads\/2021\/03\/Podpis_28.jpg\" class=\"ctl_glightbox\"><img loading=\"lazy\" decoding=\"async\" width=\"1024\" height=\"682\" src=\"https:\/\/wirtualnemuzeum.skgd.pl\/wp-content\/uploads\/2021\/03\/Podpis_28.jpg\" class=\"story-img wp-post-image\" alt=\"In Gro\u00df D\u00f6bern wird die erste Caritas-Station in Polen er\u00f6ffnet\" srcset=\"https:\/\/wirtualnemuzeum.skgd.pl\/wp-content\/uploads\/2021\/03\/Podpis_28.jpg 1024w, https:\/\/wirtualnemuzeum.skgd.pl\/wp-content\/uploads\/2021\/03\/Podpis_28-300x200.jpg 300w, https:\/\/wirtualnemuzeum.skgd.pl\/wp-content\/uploads\/2021\/03\/Podpis_28-768x512.jpg 768w\" sizes=\"auto, (max-width: 1024px) 100vw, 1024px\" \/><\/a><\/div><\/div><\/div><!-- Timeline Content --><div  id=\"ctl-post-499\" class=\"ctl-story ctl-story-icon ctl-story-left even\"  data-story-index=\"106\" role=\"article\"><!-- Post Label --><div class=\"ctl-labels\"><div class=\"ctl-label-big story-date\">10. Juni , 1992<\/div><\/div><!-- Post Icon --><div class=\"ctl-icon\"><svg xmlns=\"http:\/\/www.w3.org\/2000\/svg\" height=\"1em\" viewBox=\"0 0 512 512\">\r\n\t\t\t\t<path d=\"M256 8C119 8 8 119 8 256s111 248 248 248 248-111 248-248S393 8 256 8zm0 448c-110.5 0-200-89.5-200-200S145.5 56 256 56s200 89.5 200 200-89.5 200-200 200zm61.8-104.4l-84.9-61.7c-3.1-2.3-4.9-5.9-4.9-9.7V116c0-6.6 5.4-12 12-12h32c6.6 0 12 5.4 12 12v141.7l66.8 48.6c5.4 3.9 6.5 11.4 2.6 16.8L334.6 349c-3.9 5.3-11.4 6.5-16.8 2.6z\"\/>\r\n\t\t\t\t<\/svg><\/div> <!-- Post Arrow --><div class=\"ctl-arrow\"><\/div>\r\n\t\t\t<!-- Post Content --><div class=\"ctl-content\"><!-- Post Title --><div class=\"ctl-title story-499\" aria-label=\"In Oppeln wird das deutsche Vizekonsulat er\u00f6ffnet\"><a target=\"_self\" title=\"In Oppeln wird das deutsche Vizekonsulat er\u00f6ffnet\" href=\"https:\/\/wirtualnemuzeum.skgd.pl\/de\/in-oppeln-wird-das-deutsche-vizekonsulat-eroffnet\/\" class=\"story-link\">In Oppeln wird das deutsche Vizekonsulat er\u00f6ffnet<\/a><\/div><!-- Post Media --><div class=\"ctl-media full\"><a data-glightbox=\"In Oppeln wird das deutsche Vizekonsulat er\u00f6ffnet\" href=\"https:\/\/wirtualnemuzeum.skgd.pl\/wp-content\/uploads\/2021\/03\/Podpis_42.jpg\" class=\"ctl_glightbox\"><img loading=\"lazy\" decoding=\"async\" width=\"1024\" height=\"736\" src=\"https:\/\/wirtualnemuzeum.skgd.pl\/wp-content\/uploads\/2021\/03\/Podpis_42-1024x736.jpg\" class=\"story-img wp-post-image\" alt=\"In Oppeln wird das deutsche Vizekonsulat er\u00f6ffnet\" srcset=\"https:\/\/wirtualnemuzeum.skgd.pl\/wp-content\/uploads\/2021\/03\/Podpis_42-1024x736.jpg 1024w, https:\/\/wirtualnemuzeum.skgd.pl\/wp-content\/uploads\/2021\/03\/Podpis_42-300x215.jpg 300w, https:\/\/wirtualnemuzeum.skgd.pl\/wp-content\/uploads\/2021\/03\/Podpis_42-768x552.jpg 768w, https:\/\/wirtualnemuzeum.skgd.pl\/wp-content\/uploads\/2021\/03\/Podpis_42-1536x1103.jpg 1536w, https:\/\/wirtualnemuzeum.skgd.pl\/wp-content\/uploads\/2021\/03\/Podpis_42-2048x1471.jpg 2048w\" sizes=\"auto, (max-width: 1024px) 100vw, 1024px\" \/><\/a><\/div><\/div><\/div><!-- Post Year Section --><div data-cls=\"sc-nv-light vertical\" class=\"timeline-year scrollable-section ctl-year ctl-year-container light-year\" data-section-title=\"1991\" id=\"year-1991\"><div class=\"ctl-year-label ctl-year-text\"><span>1991<\/span><\/div><\/div><!-- Timeline Content --><div  id=\"ctl-post-792\" class=\"ctl-story ctl-story-icon ctl-story-right odd\"  data-story-index=\"107\" role=\"article\"><!-- Post Label --><div class=\"ctl-labels\"><div class=\"ctl-label-big story-date\">27. Oktober , 1991<\/div><\/div><!-- Post Icon --><div class=\"ctl-icon\"><svg xmlns=\"http:\/\/www.w3.org\/2000\/svg\" height=\"1em\" viewBox=\"0 0 512 512\">\r\n\t\t\t\t<path d=\"M256 8C119 8 8 119 8 256s111 248 248 248 248-111 248-248S393 8 256 8zm0 448c-110.5 0-200-89.5-200-200S145.5 56 256 56s200 89.5 200 200-89.5 200-200 200zm61.8-104.4l-84.9-61.7c-3.1-2.3-4.9-5.9-4.9-9.7V116c0-6.6 5.4-12 12-12h32c6.6 0 12 5.4 12 12v141.7l66.8 48.6c5.4 3.9 6.5 11.4 2.6 16.8L334.6 349c-3.9 5.3-11.4 6.5-16.8 2.6z\"\/>\r\n\t\t\t\t<\/svg><\/div> <!-- Post Arrow --><div class=\"ctl-arrow\"><\/div>\r\n\t\t\t<!-- Post Content --><div class=\"ctl-content\"><!-- Post Title --><div class=\"ctl-title story-792\" aria-label=\"Bei den ersten freien Parlamentswahlen erzielt die Deutsche Minderheit sieben Mandate, darunter f\u00fcnf aus der Oppelner Woiwodschaft und au\u00dferdem wurde ein Abgeordneter f\u00fcr den Senat gew\u00e4hlt\"><a target=\"_self\" title=\"Bei den ersten freien Parlamentswahlen erzielt die Deutsche Minderheit sieben Mandate, darunter f\u00fcnf aus der Oppelner Woiwodschaft und au\u00dferdem wurde ein Abgeordneter f\u00fcr den Senat gew\u00e4hlt\" href=\"https:\/\/wirtualnemuzeum.skgd.pl\/de\/bei-den-ersten-freien-parlamentswahlen-erzielt-die-deutsche-minderheit-sieben-mandate-darunter-funf-aus-der-oppelner-woiwodschaft-und-ausserdem-wurde-ein-abgeordneter-fur-den-senat-gewahlt\/\" class=\"story-link\">Bei den ersten freien Parlamentswahlen erzielt die Deutsche Minderheit sieben Mandate, darunter f\u00fcnf aus der Oppelner Woiwodschaft und au\u00dferdem wurde ein Abgeordneter f\u00fcr den Senat gew\u00e4hlt<\/a><\/div><!-- Post Media --><div class=\"ctl-media full\"><a data-glightbox=\"Bei den ersten freien Parlamentswahlen erzielt die Deutsche Minderheit sieben Mandate, darunter f\u00fcnf aus der Oppelner Woiwodschaft und au\u00dferdem wurde ein Abgeordneter f\u00fcr den Senat gew\u00e4hlt\" href=\"https:\/\/wirtualnemuzeum.skgd.pl\/wp-content\/uploads\/2021\/03\/Podpis_89.jpg\" class=\"ctl_glightbox\"><img loading=\"lazy\" decoding=\"async\" width=\"1024\" height=\"679\" src=\"https:\/\/wirtualnemuzeum.skgd.pl\/wp-content\/uploads\/2021\/03\/Podpis_89-1024x679.jpg\" class=\"story-img wp-post-image\" alt=\"Bei den ersten freien Parlamentswahlen erzielt die Deutsche Minderheit sieben Mandate, darunter f\u00fcnf aus der Oppelner Woiwodschaft und au\u00dferdem wurde ein Abgeordneter f\u00fcr den Senat gew\u00e4hlt\" srcset=\"https:\/\/wirtualnemuzeum.skgd.pl\/wp-content\/uploads\/2021\/03\/Podpis_89-1024x679.jpg 1024w, https:\/\/wirtualnemuzeum.skgd.pl\/wp-content\/uploads\/2021\/03\/Podpis_89-300x199.jpg 300w, https:\/\/wirtualnemuzeum.skgd.pl\/wp-content\/uploads\/2021\/03\/Podpis_89-768x509.jpg 768w, https:\/\/wirtualnemuzeum.skgd.pl\/wp-content\/uploads\/2021\/03\/Podpis_89-1536x1018.jpg 1536w, https:\/\/wirtualnemuzeum.skgd.pl\/wp-content\/uploads\/2021\/03\/Podpis_89.jpg 1932w\" sizes=\"auto, (max-width: 1024px) 100vw, 1024px\" \/><\/a><\/div><\/div><\/div><!-- Timeline Content --><div  id=\"ctl-post-481\" class=\"ctl-story ctl-story-icon ctl-story-left even\"  data-story-index=\"108\" role=\"article\"><!-- Post Label --><div class=\"ctl-labels\"><div class=\"ctl-label-big story-date\">27. August , 1991<\/div><\/div><!-- Post Icon --><div class=\"ctl-icon\"><svg xmlns=\"http:\/\/www.w3.org\/2000\/svg\" height=\"1em\" viewBox=\"0 0 512 512\">\r\n\t\t\t\t<path d=\"M256 8C119 8 8 119 8 256s111 248 248 248 248-111 248-248S393 8 256 8zm0 448c-110.5 0-200-89.5-200-200S145.5 56 256 56s200 89.5 200 200-89.5 200-200 200zm61.8-104.4l-84.9-61.7c-3.1-2.3-4.9-5.9-4.9-9.7V116c0-6.6 5.4-12 12-12h32c6.6 0 12 5.4 12 12v141.7l66.8 48.6c5.4 3.9 6.5 11.4 2.6 16.8L334.6 349c-3.9 5.3-11.4 6.5-16.8 2.6z\"\/>\r\n\t\t\t\t<\/svg><\/div> <!-- Post Arrow --><div class=\"ctl-arrow\"><\/div>\r\n\t\t\t<!-- Post Content --><div class=\"ctl-content\"><!-- Post Title --><div class=\"ctl-title story-481\" aria-label=\"Der \u201eVerband der Deutschen Sozial-Kulturellen Gesellschaften in Polen&#8220; (VdG) mit Sitz in Oppeln wird registriert\"><a target=\"_self\" title=\"Der \u201eVerband der Deutschen Sozial-Kulturellen Gesellschaften in Polen&#8220; (VdG) mit Sitz in Oppeln wird registriert\" href=\"https:\/\/wirtualnemuzeum.skgd.pl\/de\/der-verband-der-deutschen-sozial-kulturellen-gesellschaften-in-polen-vdg-mit-sitz-in-oppeln-wird-registriert\/\" class=\"story-link\">Der \u201eVerband der Deutschen Sozial-Kulturellen Gesellschaften in Polen&#8220; (VdG) mit Sitz in Oppeln wird registriert<\/a><\/div><!-- Post Media --><div class=\"ctl-media full\"><a data-glightbox=\"Der \u201eVerband der Deutschen Sozial-Kulturellen Gesellschaften in Polen&#8220; (VdG) mit Sitz in Oppeln wird registriert\" href=\"https:\/\/wirtualnemuzeum.skgd.pl\/wp-content\/uploads\/2021\/03\/Podpis_39.jpg\" class=\"ctl_glightbox\"><img loading=\"lazy\" decoding=\"async\" width=\"1024\" height=\"693\" src=\"https:\/\/wirtualnemuzeum.skgd.pl\/wp-content\/uploads\/2021\/03\/Podpis_39-1024x693.jpg\" class=\"story-img wp-post-image\" alt=\"Der \u201eVerband der Deutschen Sozial-Kulturellen Gesellschaften in Polen&#8220; (VdG) mit Sitz in Oppeln wird registriert\" srcset=\"https:\/\/wirtualnemuzeum.skgd.pl\/wp-content\/uploads\/2021\/03\/Podpis_39-1024x693.jpg 1024w, https:\/\/wirtualnemuzeum.skgd.pl\/wp-content\/uploads\/2021\/03\/Podpis_39-300x203.jpg 300w, https:\/\/wirtualnemuzeum.skgd.pl\/wp-content\/uploads\/2021\/03\/Podpis_39-768x519.jpg 768w, https:\/\/wirtualnemuzeum.skgd.pl\/wp-content\/uploads\/2021\/03\/Podpis_39.jpg 1471w\" sizes=\"auto, (max-width: 1024px) 100vw, 1024px\" \/><\/a><\/div><\/div><\/div><!-- Post Year Section --><div data-cls=\"sc-nv-light vertical\" class=\"timeline-year scrollable-section ctl-year ctl-year-container light-year\" data-section-title=\"1990\" id=\"year-1990\"><div class=\"ctl-year-label ctl-year-text\"><span>1990<\/span><\/div><\/div><!-- Timeline Content --><div  id=\"ctl-post-823\" class=\"ctl-story ctl-story-icon ctl-story-right odd\"  data-story-index=\"109\" role=\"article\"><!-- Post Label --><div class=\"ctl-labels\"><div class=\"ctl-label-big story-date\">27. Mai , 1990<\/div><\/div><!-- Post Icon --><div class=\"ctl-icon\"><svg xmlns=\"http:\/\/www.w3.org\/2000\/svg\" height=\"1em\" viewBox=\"0 0 512 512\">\r\n\t\t\t\t<path d=\"M256 8C119 8 8 119 8 256s111 248 248 248 248-111 248-248S393 8 256 8zm0 448c-110.5 0-200-89.5-200-200S145.5 56 256 56s200 89.5 200 200-89.5 200-200 200zm61.8-104.4l-84.9-61.7c-3.1-2.3-4.9-5.9-4.9-9.7V116c0-6.6 5.4-12 12-12h32c6.6 0 12 5.4 12 12v141.7l66.8 48.6c5.4 3.9 6.5 11.4 2.6 16.8L334.6 349c-3.9 5.3-11.4 6.5-16.8 2.6z\"\/>\r\n\t\t\t\t<\/svg><\/div> <!-- Post Arrow --><div class=\"ctl-arrow\"><\/div>\r\n\t\t\t<!-- Post Content --><div class=\"ctl-content\"><!-- Post Title --><div class=\"ctl-title story-823\" aria-label=\"Die Deutsche Minderheit nimmt an den ersten Kommunalwahlen nach der politischen Wende teil\"><a target=\"_self\" title=\"Die Deutsche Minderheit nimmt an den ersten Kommunalwahlen nach der politischen Wende teil\" href=\"https:\/\/wirtualnemuzeum.skgd.pl\/de\/die-deutsche-minderheit-nimmt-an-den-ersten-kommunalwahlen-nach-der-politischen-wende-teil\/\" class=\"story-link\">Die Deutsche Minderheit nimmt an den ersten Kommunalwahlen nach der politischen Wende teil<\/a><\/div><!-- Post Media --><div class=\"ctl-media full\"><a data-glightbox=\"Die Deutsche Minderheit nimmt an den ersten Kommunalwahlen nach der politischen Wende teil\" href=\"https:\/\/wirtualnemuzeum.skgd.pl\/wp-content\/uploads\/2021\/03\/Podpis_94-scaled.jpg\" class=\"ctl_glightbox\"><img loading=\"lazy\" decoding=\"async\" width=\"1024\" height=\"724\" src=\"https:\/\/wirtualnemuzeum.skgd.pl\/wp-content\/uploads\/2021\/03\/Podpis_94-1024x724.jpg\" class=\"story-img wp-post-image\" alt=\"Die Deutsche Minderheit nimmt an den ersten Kommunalwahlen nach der politischen Wende teil\" srcset=\"https:\/\/wirtualnemuzeum.skgd.pl\/wp-content\/uploads\/2021\/03\/Podpis_94-1024x724.jpg 1024w, https:\/\/wirtualnemuzeum.skgd.pl\/wp-content\/uploads\/2021\/03\/Podpis_94-300x212.jpg 300w, https:\/\/wirtualnemuzeum.skgd.pl\/wp-content\/uploads\/2021\/03\/Podpis_94-768x543.jpg 768w, https:\/\/wirtualnemuzeum.skgd.pl\/wp-content\/uploads\/2021\/03\/Podpis_94-1536x1086.jpg 1536w, https:\/\/wirtualnemuzeum.skgd.pl\/wp-content\/uploads\/2021\/03\/Podpis_94-2048x1448.jpg 2048w\" sizes=\"auto, (max-width: 1024px) 100vw, 1024px\" \/><\/a><\/div><\/div><\/div><!-- Timeline Content --><div  id=\"ctl-post-857\" class=\"ctl-story ctl-story-icon ctl-story-left even\"  data-story-index=\"110\" role=\"article\"><!-- Post Label --><div class=\"ctl-labels\"><div class=\"ctl-label-big story-date\">3. Mai , 1990<\/div><\/div><!-- Post Icon --><div class=\"ctl-icon\"><svg xmlns=\"http:\/\/www.w3.org\/2000\/svg\" height=\"1em\" viewBox=\"0 0 512 512\">\r\n\t\t\t\t<path d=\"M256 8C119 8 8 119 8 256s111 248 248 248 248-111 248-248S393 8 256 8zm0 448c-110.5 0-200-89.5-200-200S145.5 56 256 56s200 89.5 200 200-89.5 200-200 200zm61.8-104.4l-84.9-61.7c-3.1-2.3-4.9-5.9-4.9-9.7V116c0-6.6 5.4-12 12-12h32c6.6 0 12 5.4 12 12v141.7l66.8 48.6c5.4 3.9 6.5 11.4 2.6 16.8L334.6 349c-3.9 5.3-11.4 6.5-16.8 2.6z\"\/>\r\n\t\t\t\t<\/svg><\/div> <!-- Post Arrow --><div class=\"ctl-arrow\"><\/div>\r\n\t\t\t<!-- Post Content --><div class=\"ctl-content\"><!-- Post Title --><div class=\"ctl-title story-857\" aria-label=\"Bundespr\u00e4sident Richard von Weizs\u00e4cker trifft sich mit Vertretern der Deutschen Minderheit\"><a target=\"_self\" title=\"Bundespr\u00e4sident Richard von Weizs\u00e4cker trifft sich mit Vertretern der Deutschen Minderheit\" href=\"https:\/\/wirtualnemuzeum.skgd.pl\/de\/bundesprasident-richard-von-weizsacker-trifft-sich-mit-vertretern-der-deutschen-minderheit\/\" class=\"story-link\">Bundespr\u00e4sident Richard von Weizs\u00e4cker trifft sich mit Vertretern der Deutschen Minderheit<\/a><\/div><!-- Post Media --><div class=\"ctl-media full\"><a data-glightbox=\"Bundespr\u00e4sident Richard von Weizs\u00e4cker trifft sich mit Vertretern der Deutschen Minderheit\" href=\"https:\/\/wirtualnemuzeum.skgd.pl\/wp-content\/uploads\/2021\/03\/Podpis_100-scaled.jpg\" class=\"ctl_glightbox\"><img loading=\"lazy\" decoding=\"async\" width=\"1024\" height=\"701\" src=\"https:\/\/wirtualnemuzeum.skgd.pl\/wp-content\/uploads\/2021\/03\/Podpis_100-1024x701.jpg\" class=\"story-img wp-post-image\" alt=\"Bundespr\u00e4sident Richard von Weizs\u00e4cker trifft sich mit Vertretern der Deutschen Minderheit\" srcset=\"https:\/\/wirtualnemuzeum.skgd.pl\/wp-content\/uploads\/2021\/03\/Podpis_100-1024x701.jpg 1024w, https:\/\/wirtualnemuzeum.skgd.pl\/wp-content\/uploads\/2021\/03\/Podpis_100-300x205.jpg 300w, https:\/\/wirtualnemuzeum.skgd.pl\/wp-content\/uploads\/2021\/03\/Podpis_100-768x525.jpg 768w, https:\/\/wirtualnemuzeum.skgd.pl\/wp-content\/uploads\/2021\/03\/Podpis_100-1536x1051.jpg 1536w, https:\/\/wirtualnemuzeum.skgd.pl\/wp-content\/uploads\/2021\/03\/Podpis_100-2048x1401.jpg 2048w\" sizes=\"auto, (max-width: 1024px) 100vw, 1024px\" \/><\/a><\/div><\/div><\/div><!-- Timeline Content --><div  id=\"ctl-post-475\" class=\"ctl-story ctl-story-icon ctl-story-right odd\"  data-story-index=\"111\" role=\"article\"><!-- Post Label --><div class=\"ctl-labels\"><div class=\"ctl-label-big story-date\">7. April , 1990<\/div><\/div><!-- Post Icon --><div class=\"ctl-icon\"><svg xmlns=\"http:\/\/www.w3.org\/2000\/svg\" height=\"1em\" viewBox=\"0 0 512 512\">\r\n\t\t\t\t<path d=\"M256 8C119 8 8 119 8 256s111 248 248 248 248-111 248-248S393 8 256 8zm0 448c-110.5 0-200-89.5-200-200S145.5 56 256 56s200 89.5 200 200-89.5 200-200 200zm61.8-104.4l-84.9-61.7c-3.1-2.3-4.9-5.9-4.9-9.7V116c0-6.6 5.4-12 12-12h32c6.6 0 12 5.4 12 12v141.7l66.8 48.6c5.4 3.9 6.5 11.4 2.6 16.8L334.6 349c-3.9 5.3-11.4 6.5-16.8 2.6z\"\/>\r\n\t\t\t\t<\/svg><\/div> <!-- Post Arrow --><div class=\"ctl-arrow\"><\/div>\r\n\t\t\t<!-- Post Content --><div class=\"ctl-content\"><!-- Post Title --><div class=\"ctl-title story-475\" aria-label=\"Die erste Jahresversammlung der SKGD in Straduna\"><a target=\"_self\" title=\"Die erste Jahresversammlung der SKGD in Straduna\" href=\"https:\/\/wirtualnemuzeum.skgd.pl\/de\/die-erste-jahresversammlung-der-skgd-in-straduna\/\" class=\"story-link\">Die erste Jahresversammlung der SKGD in Straduna<\/a><\/div><!-- Post Media --><div class=\"ctl-media full\"><a data-glightbox=\"Die erste Jahresversammlung der SKGD in Straduna\" href=\"https:\/\/wirtualnemuzeum.skgd.pl\/wp-content\/uploads\/2021\/03\/Podpis_38.jpg\" class=\"ctl_glightbox\"><img loading=\"lazy\" decoding=\"async\" width=\"1024\" height=\"736\" src=\"https:\/\/wirtualnemuzeum.skgd.pl\/wp-content\/uploads\/2021\/03\/Podpis_38-1024x736.jpg\" class=\"story-img wp-post-image\" alt=\"Die erste Jahresversammlung der SKGD in Straduna\" srcset=\"https:\/\/wirtualnemuzeum.skgd.pl\/wp-content\/uploads\/2021\/03\/Podpis_38-1024x736.jpg 1024w, https:\/\/wirtualnemuzeum.skgd.pl\/wp-content\/uploads\/2021\/03\/Podpis_38-300x215.jpg 300w, https:\/\/wirtualnemuzeum.skgd.pl\/wp-content\/uploads\/2021\/03\/Podpis_38-768x552.jpg 768w, https:\/\/wirtualnemuzeum.skgd.pl\/wp-content\/uploads\/2021\/03\/Podpis_38-1536x1103.jpg 1536w, https:\/\/wirtualnemuzeum.skgd.pl\/wp-content\/uploads\/2021\/03\/Podpis_38-2048x1471.jpg 2048w\" sizes=\"auto, (max-width: 1024px) 100vw, 1024px\" \/><\/a><\/div><\/div><\/div><!-- Timeline Content --><div  id=\"ctl-post-829\" class=\"ctl-story ctl-story-icon ctl-story-left even\"  data-story-index=\"112\" role=\"article\"><!-- Post Label --><div class=\"ctl-labels\"><div class=\"ctl-label-big story-date\">18. Februar , 1990<\/div><\/div><!-- Post Icon --><div class=\"ctl-icon\"><svg xmlns=\"http:\/\/www.w3.org\/2000\/svg\" height=\"1em\" viewBox=\"0 0 512 512\">\r\n\t\t\t\t<path d=\"M256 8C119 8 8 119 8 256s111 248 248 248 248-111 248-248S393 8 256 8zm0 448c-110.5 0-200-89.5-200-200S145.5 56 256 56s200 89.5 200 200-89.5 200-200 200zm61.8-104.4l-84.9-61.7c-3.1-2.3-4.9-5.9-4.9-9.7V116c0-6.6 5.4-12 12-12h32c6.6 0 12 5.4 12 12v141.7l66.8 48.6c5.4 3.9 6.5 11.4 2.6 16.8L334.6 349c-3.9 5.3-11.4 6.5-16.8 2.6z\"\/>\r\n\t\t\t\t<\/svg><\/div> <!-- Post Arrow --><div class=\"ctl-arrow\"><\/div>\r\n\t\t\t<!-- Post Content --><div class=\"ctl-content\"><!-- Post Title --><div class=\"ctl-title story-829\" aria-label=\"Erg\u00e4nzungswahlen zum Senat, an denen Heinrich Kroll teilgenommen hat\"><a target=\"_self\" title=\"Erg\u00e4nzungswahlen zum Senat, an denen Heinrich Kroll teilgenommen hat\" href=\"https:\/\/wirtualnemuzeum.skgd.pl\/de\/erganzungswahlen-zum-senat-an-denen-heinrich-kroll-teilgenommen-hat\/\" class=\"story-link\">Erg\u00e4nzungswahlen zum Senat, an denen Heinrich Kroll teilgenommen hat<\/a><\/div><!-- Post Media --><div class=\"ctl-media full\"><a data-glightbox=\"Erg\u00e4nzungswahlen zum Senat, an denen Heinrich Kroll teilgenommen hat\" href=\"https:\/\/wirtualnemuzeum.skgd.pl\/wp-content\/uploads\/2021\/03\/Podpis_95.jpg\" class=\"ctl_glightbox\"><img loading=\"lazy\" decoding=\"async\" width=\"755\" height=\"1024\" src=\"https:\/\/wirtualnemuzeum.skgd.pl\/wp-content\/uploads\/2021\/03\/Podpis_95-755x1024.jpg\" class=\"story-img wp-post-image\" alt=\"Erg\u00e4nzungswahlen zum Senat, an denen Heinrich Kroll teilgenommen hat\" srcset=\"https:\/\/wirtualnemuzeum.skgd.pl\/wp-content\/uploads\/2021\/03\/Podpis_95-755x1024.jpg 755w, https:\/\/wirtualnemuzeum.skgd.pl\/wp-content\/uploads\/2021\/03\/Podpis_95-221x300.jpg 221w, https:\/\/wirtualnemuzeum.skgd.pl\/wp-content\/uploads\/2021\/03\/Podpis_95-768x1042.jpg 768w, https:\/\/wirtualnemuzeum.skgd.pl\/wp-content\/uploads\/2021\/03\/Podpis_95-1132x1536.jpg 1132w, https:\/\/wirtualnemuzeum.skgd.pl\/wp-content\/uploads\/2021\/03\/Podpis_95.jpg 1249w\" sizes=\"auto, (max-width: 755px) 100vw, 755px\" \/><\/a><\/div><\/div><\/div><!-- Timeline Content --><div  id=\"ctl-post-468\" class=\"ctl-story ctl-story-icon ctl-story-right odd\"  data-story-index=\"113\" role=\"article\"><!-- Post Label --><div class=\"ctl-labels\"><div class=\"ctl-label-big story-date\">16. Februar , 1990<\/div><\/div><!-- Post Icon --><div class=\"ctl-icon\"><svg xmlns=\"http:\/\/www.w3.org\/2000\/svg\" height=\"1em\" viewBox=\"0 0 512 512\">\r\n\t\t\t\t<path d=\"M256 8C119 8 8 119 8 256s111 248 248 248 248-111 248-248S393 8 256 8zm0 448c-110.5 0-200-89.5-200-200S145.5 56 256 56s200 89.5 200 200-89.5 200-200 200zm61.8-104.4l-84.9-61.7c-3.1-2.3-4.9-5.9-4.9-9.7V116c0-6.6 5.4-12 12-12h32c6.6 0 12 5.4 12 12v141.7l66.8 48.6c5.4 3.9 6.5 11.4 2.6 16.8L334.6 349c-3.9 5.3-11.4 6.5-16.8 2.6z\"\/>\r\n\t\t\t\t<\/svg><\/div> <!-- Post Arrow --><div class=\"ctl-arrow\"><\/div>\r\n\t\t\t<!-- Post Content --><div class=\"ctl-content\"><!-- Post Title --><div class=\"ctl-title story-468\" aria-label=\"Registrierung der \u201eSozial-Kulturellen Gesellschaft der Deutschen Minderheit im Oppelner Schlesien&#8220;\"><a target=\"_self\" title=\"Registrierung der \u201eSozial-Kulturellen Gesellschaft der Deutschen Minderheit im Oppelner Schlesien&#8220;\" href=\"https:\/\/wirtualnemuzeum.skgd.pl\/de\/registrierung-der-sozial-kulturellen-gesellschaft-der-deutschen-minderheit-im-oppelner-schlesien\/\" class=\"story-link\">Registrierung der \u201eSozial-Kulturellen Gesellschaft der Deutschen Minderheit im Oppelner Schlesien&#8220;<\/a><\/div><!-- Post Media --><div class=\"ctl-media full\"><a data-glightbox=\"Registrierung der \u201eSozial-Kulturellen Gesellschaft der Deutschen Minderheit im Oppelner Schlesien&#8220;\" href=\"https:\/\/wirtualnemuzeum.skgd.pl\/wp-content\/uploads\/2021\/03\/Podpis_37.jpg\" class=\"ctl_glightbox\"><img loading=\"lazy\" decoding=\"async\" width=\"698\" height=\"1024\" src=\"https:\/\/wirtualnemuzeum.skgd.pl\/wp-content\/uploads\/2021\/03\/Podpis_37-698x1024.jpg\" class=\"story-img wp-post-image\" alt=\"Registrierung der \u201eSozial-Kulturellen Gesellschaft der Deutschen Minderheit im Oppelner Schlesien&#8220;\" srcset=\"https:\/\/wirtualnemuzeum.skgd.pl\/wp-content\/uploads\/2021\/03\/Podpis_37-698x1024.jpg 698w, https:\/\/wirtualnemuzeum.skgd.pl\/wp-content\/uploads\/2021\/03\/Podpis_37-205x300.jpg 205w, https:\/\/wirtualnemuzeum.skgd.pl\/wp-content\/uploads\/2021\/03\/Podpis_37-768x1126.jpg 768w, https:\/\/wirtualnemuzeum.skgd.pl\/wp-content\/uploads\/2021\/03\/Podpis_37-1047x1536.jpg 1047w, https:\/\/wirtualnemuzeum.skgd.pl\/wp-content\/uploads\/2021\/03\/Podpis_37.jpg 1119w\" sizes=\"auto, (max-width: 698px) 100vw, 698px\" \/><\/a><\/div><\/div><\/div><!-- Post Year Section --><div data-cls=\"sc-nv-light vertical\" class=\"timeline-year scrollable-section ctl-year ctl-year-container light-year\" data-section-title=\"1989\" id=\"year-1989\"><div class=\"ctl-year-label ctl-year-text\"><span>1989<\/span><\/div><\/div><!-- Timeline Content --><div  id=\"ctl-post-851\" class=\"ctl-story ctl-story-icon ctl-story-left even\"  data-story-index=\"114\" role=\"article\"><!-- Post Label --><div class=\"ctl-labels\"><div class=\"ctl-label-big story-date\">14. November , 1989<\/div><\/div><!-- Post Icon --><div class=\"ctl-icon\"><svg xmlns=\"http:\/\/www.w3.org\/2000\/svg\" height=\"1em\" viewBox=\"0 0 512 512\">\r\n\t\t\t\t<path d=\"M256 8C119 8 8 119 8 256s111 248 248 248 248-111 248-248S393 8 256 8zm0 448c-110.5 0-200-89.5-200-200S145.5 56 256 56s200 89.5 200 200-89.5 200-200 200zm61.8-104.4l-84.9-61.7c-3.1-2.3-4.9-5.9-4.9-9.7V116c0-6.6 5.4-12 12-12h32c6.6 0 12 5.4 12 12v141.7l66.8 48.6c5.4 3.9 6.5 11.4 2.6 16.8L334.6 349c-3.9 5.3-11.4 6.5-16.8 2.6z\"\/>\r\n\t\t\t\t<\/svg><\/div> <!-- Post Arrow --><div class=\"ctl-arrow\"><\/div>\r\n\t\t\t<!-- Post Content --><div class=\"ctl-content\"><!-- Post Title --><div class=\"ctl-title story-851\" aria-label=\"Treffen des Bundeskanzlers Helmut Kohl mit Aktivisten der Deutschen Minderheit\"><a target=\"_self\" title=\"Treffen des Bundeskanzlers Helmut Kohl mit Aktivisten der Deutschen Minderheit\" href=\"https:\/\/wirtualnemuzeum.skgd.pl\/de\/treffen-des-bundeskanzlers-helmut-kohl-mit-aktivisten-der-deutschen-minderheit\/\" class=\"story-link\">Treffen des Bundeskanzlers Helmut Kohl mit Aktivisten der Deutschen Minderheit<\/a><\/div><!-- Post Media --><div class=\"ctl-media full\"><a data-glightbox=\"Treffen des Bundeskanzlers Helmut Kohl mit Aktivisten der Deutschen Minderheit\" href=\"https:\/\/wirtualnemuzeum.skgd.pl\/wp-content\/uploads\/1989\/11\/1989-KOHL-spotkanie.jpg\" class=\"ctl_glightbox\"><img loading=\"lazy\" decoding=\"async\" width=\"1024\" height=\"624\" src=\"https:\/\/wirtualnemuzeum.skgd.pl\/wp-content\/uploads\/1989\/11\/1989-KOHL-spotkanie-1024x624.jpg\" class=\"story-img wp-post-image\" alt=\"Treffen des Bundeskanzlers Helmut Kohl mit Aktivisten der Deutschen Minderheit\" srcset=\"https:\/\/wirtualnemuzeum.skgd.pl\/wp-content\/uploads\/1989\/11\/1989-KOHL-spotkanie-1024x624.jpg 1024w, https:\/\/wirtualnemuzeum.skgd.pl\/wp-content\/uploads\/1989\/11\/1989-KOHL-spotkanie-300x183.jpg 300w, https:\/\/wirtualnemuzeum.skgd.pl\/wp-content\/uploads\/1989\/11\/1989-KOHL-spotkanie-768x468.jpg 768w, https:\/\/wirtualnemuzeum.skgd.pl\/wp-content\/uploads\/1989\/11\/1989-KOHL-spotkanie.jpg 1368w\" sizes=\"auto, (max-width: 1024px) 100vw, 1024px\" \/><\/a><\/div><\/div><\/div><!-- Timeline Content --><div  id=\"ctl-post-462\" class=\"ctl-story ctl-story-icon ctl-story-right odd\"  data-story-index=\"115\" role=\"article\"><!-- Post Label --><div class=\"ctl-labels\"><div class=\"ctl-label-big story-date\">24. M\u00e4rz , 1989<\/div><\/div><!-- Post Icon --><div class=\"ctl-icon\"><svg xmlns=\"http:\/\/www.w3.org\/2000\/svg\" height=\"1em\" viewBox=\"0 0 512 512\">\r\n\t\t\t\t<path d=\"M256 8C119 8 8 119 8 256s111 248 248 248 248-111 248-248S393 8 256 8zm0 448c-110.5 0-200-89.5-200-200S145.5 56 256 56s200 89.5 200 200-89.5 200-200 200zm61.8-104.4l-84.9-61.7c-3.1-2.3-4.9-5.9-4.9-9.7V116c0-6.6 5.4-12 12-12h32c6.6 0 12 5.4 12 12v141.7l66.8 48.6c5.4 3.9 6.5 11.4 2.6 16.8L334.6 349c-3.9 5.3-11.4 6.5-16.8 2.6z\"\/>\r\n\t\t\t\t<\/svg><\/div> <!-- Post Arrow --><div class=\"ctl-arrow\"><\/div>\r\n\t\t\t<!-- Post Content --><div class=\"ctl-content\"><!-- Post Title --><div class=\"ctl-title story-462\" aria-label=\"Das Protokoll vom ersten offiziellen Treffen der Gr\u00fcndergruppe\"><a target=\"_self\" title=\"Das Protokoll vom ersten offiziellen Treffen der Gr\u00fcndergruppe\" href=\"https:\/\/wirtualnemuzeum.skgd.pl\/de\/das-protokoll-vom-ersten-offiziellen-treffen-der-grundergruppe\/\" class=\"story-link\">Das Protokoll vom ersten offiziellen Treffen der Gr\u00fcndergruppe<\/a><\/div><!-- Post Media --><div class=\"ctl-media full\"><a data-glightbox=\"Das Protokoll vom ersten offiziellen Treffen der Gr\u00fcndergruppe\" href=\"https:\/\/wirtualnemuzeum.skgd.pl\/wp-content\/uploads\/2021\/03\/Podpis_36.jpg\" class=\"ctl_glightbox\"><img loading=\"lazy\" decoding=\"async\" width=\"774\" height=\"1024\" src=\"https:\/\/wirtualnemuzeum.skgd.pl\/wp-content\/uploads\/2021\/03\/Podpis_36-774x1024.jpg\" class=\"story-img wp-post-image\" alt=\"Das Protokoll vom ersten offiziellen Treffen der Gr\u00fcndergruppe\" srcset=\"https:\/\/wirtualnemuzeum.skgd.pl\/wp-content\/uploads\/2021\/03\/Podpis_36-774x1024.jpg 774w, https:\/\/wirtualnemuzeum.skgd.pl\/wp-content\/uploads\/2021\/03\/Podpis_36-227x300.jpg 227w, https:\/\/wirtualnemuzeum.skgd.pl\/wp-content\/uploads\/2021\/03\/Podpis_36-768x1016.jpg 768w, https:\/\/wirtualnemuzeum.skgd.pl\/wp-content\/uploads\/2021\/03\/Podpis_36.jpg 1141w\" sizes=\"auto, (max-width: 774px) 100vw, 774px\" \/><\/a><\/div><\/div><\/div><!-- Timeline Content --><div  id=\"ctl-post-456\" class=\"ctl-story ctl-story-icon ctl-story-left even\"  data-story-index=\"116\" role=\"article\"><!-- Post Label --><div class=\"ctl-labels\"><div class=\"ctl-label-big story-date\">24. M\u00e4rz , 1989<\/div><\/div><!-- Post Icon --><div class=\"ctl-icon\"><svg xmlns=\"http:\/\/www.w3.org\/2000\/svg\" height=\"1em\" viewBox=\"0 0 512 512\">\r\n\t\t\t\t<path d=\"M256 8C119 8 8 119 8 256s111 248 248 248 248-111 248-248S393 8 256 8zm0 448c-110.5 0-200-89.5-200-200S145.5 56 256 56s200 89.5 200 200-89.5 200-200 200zm61.8-104.4l-84.9-61.7c-3.1-2.3-4.9-5.9-4.9-9.7V116c0-6.6 5.4-12 12-12h32c6.6 0 12 5.4 12 12v141.7l66.8 48.6c5.4 3.9 6.5 11.4 2.6 16.8L334.6 349c-3.9 5.3-11.4 6.5-16.8 2.6z\"\/>\r\n\t\t\t\t<\/svg><\/div> <!-- Post Arrow --><div class=\"ctl-arrow\"><\/div>\r\n\t\t\t<!-- Post Content --><div class=\"ctl-content\"><!-- Post Title --><div class=\"ctl-title story-456\" aria-label=\"Das erste offizielle Treffen der Gr\u00fcndergruppe der Deutschen Minderheit in der Oppelner Region\"><a target=\"_self\" title=\"Das erste offizielle Treffen der Gr\u00fcndergruppe der Deutschen Minderheit in der Oppelner Region\" href=\"https:\/\/wirtualnemuzeum.skgd.pl\/de\/das-erste-offizielle-treffen-der-grundergruppe-der-deutschen-minderheit-in-der-oppelner-region\/\" class=\"story-link\">Das erste offizielle Treffen der Gr\u00fcndergruppe der Deutschen Minderheit in der Oppelner Region<\/a><\/div><!-- Post Media --><div class=\"ctl-media full\"><a data-glightbox=\"Das erste offizielle Treffen der Gr\u00fcndergruppe der Deutschen Minderheit in der Oppelner Region\" href=\"https:\/\/wirtualnemuzeum.skgd.pl\/wp-content\/uploads\/1989\/03\/Podpis_35.jpg\" class=\"ctl_glightbox\"><img loading=\"lazy\" decoding=\"async\" width=\"1024\" height=\"663\" src=\"https:\/\/wirtualnemuzeum.skgd.pl\/wp-content\/uploads\/1989\/03\/Podpis_35-1024x663.jpg\" class=\"story-img wp-post-image\" alt=\"Das erste offizielle Treffen der Gr\u00fcndergruppe der Deutschen Minderheit in der Oppelner Region\" srcset=\"https:\/\/wirtualnemuzeum.skgd.pl\/wp-content\/uploads\/1989\/03\/Podpis_35-1024x663.jpg 1024w, https:\/\/wirtualnemuzeum.skgd.pl\/wp-content\/uploads\/1989\/03\/Podpis_35-300x194.jpg 300w, https:\/\/wirtualnemuzeum.skgd.pl\/wp-content\/uploads\/1989\/03\/Podpis_35-768x498.jpg 768w, https:\/\/wirtualnemuzeum.skgd.pl\/wp-content\/uploads\/1989\/03\/Podpis_35.jpg 1326w\" sizes=\"auto, (max-width: 1024px) 100vw, 1024px\" \/><\/a><\/div><\/div><\/div>\t\t\t\t\t<\/div>\r\n\t\t\t\t\t<div class=\"ctl-end\"><\/div>\r\n\t\t\t\t\t\t\t\t\t<\/div>\r\n\t\t\t<\/div>\r\n\t\t\t\n\n\n<div style=\"height:24px\" aria-hidden=\"true\" class=\"wp-block-spacer\"><\/div>\n\n\n\n<p class=\"has-text-align-center info has-medium-font-size\"> <i class=\"fas fa-info-circle\"><\/i> Wenn Sie sich alle Ereignisse ohne Kategorisierung anschauen m\u00f6chten, gehen Sie <a href=\"https:\/\/wirtualnemuzeum.skgd.pl\">zur Hauptseite <\/a>unseres Portals.<\/p>\n\n\n\n<div style=\"height:41px\" aria-hidden=\"true\" class=\"wp-block-spacer\"><\/div>\n\n\n\n<p><\/p>\n","protected":false},"excerpt":{"rendered":"<p>Wir pr\u00e4sentieren eine Zeitleiste mit Bildern von Ereignissen, die mit der deutschen Minderheit verbunden sind: Wenn Sie sich alle Ereignisse ohne Kategorisierung anschauen m\u00f6chten, gehen Sie zur Hauptseite unseres Portals.<\/p>\n","protected":false},"author":1,"featured_media":0,"parent":0,"menu_order":0,"comment_status":"closed","ping_status":"closed","template":"","meta":{"footnotes":""},"class_list":["post-291","page","type-page","status-publish","hentry"],"_links":{"self":[{"href":"https:\/\/wirtualnemuzeum.skgd.pl\/de\/wp-json\/wp\/v2\/pages\/291","targetHints":{"allow":["GET"]}}],"collection":[{"href":"https:\/\/wirtualnemuzeum.skgd.pl\/de\/wp-json\/wp\/v2\/pages"}],"about":[{"href":"https:\/\/wirtualnemuzeum.skgd.pl\/de\/wp-json\/wp\/v2\/types\/page"}],"author":[{"embeddable":true,"href":"https:\/\/wirtualnemuzeum.skgd.pl\/de\/wp-json\/wp\/v2\/users\/1"}],"replies":[{"embeddable":true,"href":"https:\/\/wirtualnemuzeum.skgd.pl\/de\/wp-json\/wp\/v2\/comments?post=291"}],"version-history":[{"count":3,"href":"https:\/\/wirtualnemuzeum.skgd.pl\/de\/wp-json\/wp\/v2\/pages\/291\/revisions"}],"predecessor-version":[{"id":1357,"href":"https:\/\/wirtualnemuzeum.skgd.pl\/de\/wp-json\/wp\/v2\/pages\/291\/revisions\/1357"}],"wp:attachment":[{"href":"https:\/\/wirtualnemuzeum.skgd.pl\/de\/wp-json\/wp\/v2\/media?parent=291"}],"curies":[{"name":"wp","href":"https:\/\/api.w.org\/{rel}","templated":true}]}}